{"id":42976,"date":"2019-04-06T00:14:02","date_gmt":"2019-04-05T22:14:02","guid":{"rendered":"https:\/\/shamengo-vps1.tetedecom.pro\/?page_id=42976"},"modified":"2019-04-16T18:48:58","modified_gmt":"2019-04-16T16:48:58","slug":"media-centre","status":"publish","type":"page","link":"https:\/\/shamengo-vps1.tetedecom.pro\/en\/media-centre\/","title":{"rendered":"Media centre"},"content":{"rendered":"<p>[vc_section full_width=&#8221;stretch_row_content&#8221; el_class=&#8221;header-image-section&#8221; css=&#8221;.vc_custom_1532557230229{background-image: url(\/\/shamengo-vps1.tetedecom.pro\/wp-content\/uploads\/2018\/07\/bandeau-espace-presse.jpg?id=37059) !important;}&#8221;][\/vc_section][vc_section css=&#8221;.vc_custom_1532451925120{margin-bottom: 0px !important;padding-bottom: 0px !important;}&#8221;][vc_row el_id=&#8221;site-title&#8221;][vc_column][vc_column_text]<\/p>\n<h1 style=\"text-align: center;\">MEDIA CENTRE<\/h1>\n<h3 style=\"text-align: center;\">It is a display area for reading, downloading or streaming content related to the Shamengo Association.<\/h3>\n<p>[\/vc_column_text][\/vc_column][\/vc_row][\/vc_section][vc_section css=&#8221;.vc_custom_1532627270095{margin-top: 0px !important;margin-bottom: 20px !important;padding-top: 0px !important;}&#8221;][vc_row][vc_column]<div class='open toggle-section' data-element-type='press_release'><i class='icon-toggle fa fa-file-text-o' aria-hidden='true'><\/i><div class='separator-vertical'><\/div><h3 class='title-toggle'>Press release<\/h3><i class='fa fa-chevron-down' aria-hidden='true'><\/i><i class='fa fa-chevron-right' aria-hidden='true'><\/i><\/div><div class='section-content press_release opened'><div class='year-box'><span class='year-text'>2015<\/span><\/div><div class='line-press'><a href='https:\/\/shamengo-vps1.tetedecom.pro\/en\/press\/shamengo-devoile-sa-premiere-villa-du-futur-a-loccasion-de-la-cop21\/'><div class='preview_img'><img loading=\"lazy\" decoding=\"async\" width=\"350\" height=\"139\" src=\"\/\/shamengo-vps1.tetedecom.pro\/wp-content\/uploads\/2018\/07\/Maison-futur-Shamengo-350x139.jpg\" class=\"attachment-medium size-medium wp-post-image\" alt=\"\" srcset=\"\/\/shamengo-vps1.tetedecom.pro\/wp-content\/uploads\/2018\/07\/Maison-futur-Shamengo-350x139.jpg 350w, \/\/shamengo-vps1.tetedecom.pro\/wp-content\/uploads\/2018\/07\/Maison-futur-Shamengo-768x305.jpg 768w, \/\/shamengo-vps1.tetedecom.pro\/wp-content\/uploads\/2018\/07\/Maison-futur-Shamengo-1024x406.jpg 1024w, \/\/shamengo-vps1.tetedecom.pro\/wp-content\/uploads\/2018\/07\/Maison-futur-Shamengo-600x238.jpg 600w, \/\/shamengo-vps1.tetedecom.pro\/wp-content\/uploads\/2018\/07\/Maison-futur-Shamengo.jpg 1290w\" sizes=\"(max-width: 350px) 100vw, 350px\" \/><\/div><\/a><div class='info-box'><h4 class='title'><a href='https:\/\/shamengo-vps1.tetedecom.pro\/en\/press\/shamengo-devoile-sa-premiere-villa-du-futur-a-loccasion-de-la-cop21\/'>Shamengo d\u00e9voile sa premi\u00e8re Villa du futur \u00e0 l\u2019occasion de la COP21<\/a><\/h4><div class='meta-data-box'><span class='location-date'>Paris, 09 November 2015<\/span><a class='file-download' download target='_blank' href='\/\/shamengo-vps1.tetedecom.pro\/wp-content\/uploads\/2018\/07\/Communiqu\u00e9_de_presse_VillaShamengo_COP21.pdf'><i class='fa fa-file-pdf-o' aria-hidden='true'><\/i><\/a><\/div><div class='intro-text'>Du 30 novembre au 11 d\u00e9cembre 2015, Shamengo, la fabrique du nouveau monde, investit l\u2019espace G\u00e9n\u00e9ration Climat du Bourget avec une Villa de 150m2 enti\u00e8rement con\u00e7ue \u00e0 partir de 50 innovations vertes et sociales et de mat\u00e9riaux recycl\u00e9s. <\/div><\/div><\/div><div class='bt-container hidden'><button class='loadmore-bt press_release' data-element-type='press_release'>More<\/button><\/div><\/div><div class='open toggle-section' data-element-type='press_kit'><i class='icon-toggle fa fa-folder-open' aria-hidden='true'><\/i><div class='separator-vertical'><\/div><h3 class='title-toggle'>Press kit<\/h3><i class='fa fa-chevron-down' aria-hidden='true'><\/i><i class='fa fa-chevron-right' aria-hidden='true'><\/i><\/div><div class='section-content press_kit opened'><div class='bt-container hidden'><button class='loadmore-bt press_kit' data-element-type='press_kit'>More<\/button><\/div><\/div><div class='open toggle-section' data-element-type='picture'><i class='icon-toggle fa fa-picture-o' aria-hidden='true'><\/i><div class='separator-vertical'><\/div><h3 class='title-toggle'>Pictures<\/h3><i class='fa fa-chevron-down' aria-hidden='true'><\/i><i class='fa fa-chevron-right' aria-hidden='true'><\/i><\/div><div class='section-content picture opened'><div class='category-filter-container'><a class='category-filter active' href='#all-photo' data-category-id='null'>All<\/a><a class='category-filter' href='#Catherine BERTHILLIER-photo' data-category-id='4400'>Catherine BERTHILLIER<\/a><a class='category-filter' href='#Shamengo-photo' data-category-id='4401'>Shamengo<\/a><\/div><div class='picture-container'><div class='square-picture-container' style='background-image: url(\/\/shamengo-vps1.tetedecom.pro\/wp-content\/uploads\/2018\/07\/logo_Shamengo.jpg)'><div class='hover-message-container'><div class='hover-text'>Shamengo logo | 2018 | Paris<\/div><\/div><a class='download-picture' download target='_blank' href='\/\/shamengo-vps1.tetedecom.pro\/wp-content\/uploads\/2018\/07\/Logos_Shamengo_Kit_Presse.zip'><i class='fa fa-download' aria-hidden='true'><\/i><\/a><\/div><div class='square-picture-container' style='background-image: url(\/\/shamengo-vps1.tetedecom.pro\/wp-content\/uploads\/2018\/07\/IMG_0866-300x300.jpg)'><div class='hover-message-container'><div class='hover-text'>Catherine Berthillier in India | 2017 | Vanarasi<\/div><\/div><a class='download-picture' download target='_blank' href='\/\/shamengo-vps1.tetedecom.pro\/wp-content\/uploads\/2018\/07\/IMG_0866.jpg'><i class='fa fa-download' aria-hidden='true'><\/i><\/a><\/div><div class='square-picture-container' style='background-image: url(\/\/shamengo-vps1.tetedecom.pro\/wp-content\/uploads\/2018\/07\/Catherine-Gange-Vanarasi-300x300.jpg)'><div class='hover-message-container'><div class='hover-text'>Catherine Berthillier in India | 2017 | Vanarasi<\/div><\/div><a class='download-picture' download target='_blank' href='\/\/shamengo-vps1.tetedecom.pro\/wp-content\/uploads\/2018\/07\/Catherine-Gange-Vanarasi.jpg'><i class='fa fa-download' aria-hidden='true'><\/i><\/a><\/div><div class='square-picture-container' style='background-image: url(\/\/shamengo-vps1.tetedecom.pro\/wp-content\/uploads\/2018\/07\/Chatrine-Berthillier-300x300.jpg)'><div class='hover-message-container'><div class='hover-text'>Catherine Berthillier | 2018 | Paris<\/div><\/div><a class='download-picture' download target='_blank' href='\/\/shamengo-vps1.tetedecom.pro\/wp-content\/uploads\/2018\/07\/Chatrine-Berthillier.jpg'><i class='fa fa-download' aria-hidden='true'><\/i><\/a><\/div><\/div><div class='bt-container hidden'><button class='loadmore-bt picture' data-element-type='picture'>More<\/button><\/div><\/div><div class='open toggle-section' data-element-type='video'><i class='icon-toggle fa fa-video-camera' aria-hidden='true'><\/i><div class='separator-vertical'><\/div><h3 class='title-toggle'>Videos<\/h3><i class='fa fa-chevron-down' aria-hidden='true'><\/i><i class='fa fa-chevron-right' aria-hidden='true'><\/i><\/div><div class='section-content video opened'><div class='videos-container'><div class='box-video-single'><div class='thumbnail-container'><img loading=\"lazy\" decoding=\"async\" width=\"350\" height=\"176\" src=\"\/\/shamengo-vps1.tetedecom.pro\/wp-content\/uploads\/2018\/07\/Vid\u00e9o-pr\u00e9sentation-shamengo-350x176.jpg\" class=\"attachment-medium size-medium wp-post-image\" alt=\"\" srcset=\"\/\/shamengo-vps1.tetedecom.pro\/wp-content\/uploads\/2018\/07\/Vid\u00e9o-pr\u00e9sentation-shamengo-350x176.jpg 350w, \/\/shamengo-vps1.tetedecom.pro\/wp-content\/uploads\/2018\/07\/Vid\u00e9o-pr\u00e9sentation-shamengo-600x302.jpg 600w, \/\/shamengo-vps1.tetedecom.pro\/wp-content\/uploads\/2018\/07\/Vid\u00e9o-pr\u00e9sentation-shamengo.jpg 626w\" sizes=\"(max-width: 350px) 100vw, 350px\" \/><a class='play-button' data-video-type='shamengo' data-video-id='597'><i class='fa fa-play-circle' aria-hidden='true'><\/i><\/a><\/div><div class='text-container'><span class='video-title'>Pr\u00e9sentation de Shamengo (03:00)<\/span><a class='download-picture' download target='_blank' href='\/\/shamengo-vps1.tetedecom.pro\/wp-content\/uploads\/2018\/07\/Pr\u00e9sentation-Shamengo.mp4'><i class='fa fa-download' aria-hidden='true'><\/i><\/a><\/div><\/div><div class='box-video-single'><div class='thumbnail-container'><img loading=\"lazy\" decoding=\"async\" width=\"350\" height=\"195\" src=\"\/\/shamengo-vps1.tetedecom.pro\/wp-content\/uploads\/2018\/07\/Shamengo-Cop-21-Paris-350x195.jpg\" class=\"attachment-medium size-medium wp-post-image\" alt=\"Shamengo Cop 21 Paris\" srcset=\"\/\/shamengo-vps1.tetedecom.pro\/wp-content\/uploads\/2018\/07\/Shamengo-Cop-21-Paris-350x195.jpg 350w, \/\/shamengo-vps1.tetedecom.pro\/wp-content\/uploads\/2018\/07\/Shamengo-Cop-21-Paris-600x334.jpg 600w, \/\/shamengo-vps1.tetedecom.pro\/wp-content\/uploads\/2018\/07\/Shamengo-Cop-21-Paris.jpg 637w\" sizes=\"(max-width: 350px) 100vw, 350px\" \/><a class='play-button' data-video-type='shamengo' data-video-id='512'><i class='fa fa-play-circle' aria-hidden='true'><\/i><\/a><\/div><div class='text-container'><span class='video-title'>Shamengo \u00e0 la COP 21 (01:02) \u2013 d\u00e9c. 2015<\/span><a class='download-picture' download target='_blank' href='\/\/shamengo-vps1.tetedecom.pro\/wp-content\/uploads\/2018\/07\/Cop21-Courte-pr\u00e9sentation.mp4'><i class='fa fa-download' aria-hidden='true'><\/i><\/a><\/div><\/div><div class='box-video-single'><div class='thumbnail-container'><img loading=\"lazy\" decoding=\"async\" width=\"350\" height=\"197\" src=\"\/\/shamengo-vps1.tetedecom.pro\/wp-content\/uploads\/2018\/07\/Soir\u00e9e-Shamengo-Liter-of-Light-BQ-350x197.jpg\" class=\"attachment-medium size-medium wp-post-image\" alt=\"Soir\u00e9e Shamengo - Liter of Light (BQ)\" srcset=\"\/\/shamengo-vps1.tetedecom.pro\/wp-content\/uploads\/2018\/07\/Soir\u00e9e-Shamengo-Liter-of-Light-BQ-350x197.jpg 350w, \/\/shamengo-vps1.tetedecom.pro\/wp-content\/uploads\/2018\/07\/Soir\u00e9e-Shamengo-Liter-of-Light-BQ-768x432.jpg 768w, \/\/shamengo-vps1.tetedecom.pro\/wp-content\/uploads\/2018\/07\/Soir\u00e9e-Shamengo-Liter-of-Light-BQ-1024x576.jpg 1024w, \/\/shamengo-vps1.tetedecom.pro\/wp-content\/uploads\/2018\/07\/Soir\u00e9e-Shamengo-Liter-of-Light-BQ-600x338.jpg 600w, \/\/shamengo-vps1.tetedecom.pro\/wp-content\/uploads\/2018\/07\/Soir\u00e9e-Shamengo-Liter-of-Light-BQ.jpg 1280w\" sizes=\"(max-width: 350px) 100vw, 350px\" \/><a class='play-button' data-video-type='youtube' data-video-id='LJZdKrkqHGo'><i class='fa fa-play-circle' aria-hidden='true'><\/i><\/a><\/div><div class='text-container'><span class='video-title'>Liter of Light \u00e0 la soir\u00e9e Shamengo COP21 au CESE Paris (02:04) \u2013 d\u00e9c. 2015<\/span><a class='download-picture' download target='_blank' href='\/\/shamengo-vps1.tetedecom.pro\/wp-content\/uploads\/2018\/07\/Soir\u00e9e-Shamengo-Liter-of-Light-1080p_25fps_H264-128kbit_AAC.mp4'><i class='fa fa-download' aria-hidden='true'><\/i><\/a><\/div><\/div><div class='box-video-single'><div class='thumbnail-container'><img loading=\"lazy\" decoding=\"async\" width=\"350\" height=\"197\" src=\"\/\/shamengo-vps1.tetedecom.pro\/wp-content\/uploads\/2018\/07\/timelapse-construction-Villa-Shamengo-COP21-BQ-350x197.jpg\" class=\"attachment-medium size-medium wp-post-image\" alt=\"timelapse construction Villa Shamengo COP21 (BQ)\" srcset=\"\/\/shamengo-vps1.tetedecom.pro\/wp-content\/uploads\/2018\/07\/timelapse-construction-Villa-Shamengo-COP21-BQ-350x197.jpg 350w, \/\/shamengo-vps1.tetedecom.pro\/wp-content\/uploads\/2018\/07\/timelapse-construction-Villa-Shamengo-COP21-BQ-768x432.jpg 768w, \/\/shamengo-vps1.tetedecom.pro\/wp-content\/uploads\/2018\/07\/timelapse-construction-Villa-Shamengo-COP21-BQ-1024x576.jpg 1024w, \/\/shamengo-vps1.tetedecom.pro\/wp-content\/uploads\/2018\/07\/timelapse-construction-Villa-Shamengo-COP21-BQ-600x338.jpg 600w, \/\/shamengo-vps1.tetedecom.pro\/wp-content\/uploads\/2018\/07\/timelapse-construction-Villa-Shamengo-COP21-BQ.jpg 1920w\" sizes=\"(max-width: 350px) 100vw, 350px\" \/><a class='play-button' data-video-type='youtube' data-video-id='Zdk5zqsq_qI'><i class='fa fa-play-circle' aria-hidden='true'><\/i><\/a><\/div><div class='text-container'><span class='video-title'>Construction du stand Villa Shamengo \u00e0 la COP21 (00:32) \u2013 nov. 2015<\/span><a class='download-picture' download target='_blank' href='\/\/shamengo-vps1.tetedecom.pro\/wp-content\/uploads\/2018\/07\/timelapse-construction-Villa-Shamengo-COP21-1080p_25fps_H264-128kbit_AAC.mp4'><i class='fa fa-download' aria-hidden='true'><\/i><\/a><\/div><\/div><div class='box-video-single'><div class='thumbnail-container'><img loading=\"lazy\" decoding=\"async\" width=\"350\" height=\"197\" src=\"\/\/shamengo-vps1.tetedecom.pro\/wp-content\/uploads\/2018\/07\/Journ\u00e9e-Internationale-du-bonheur-BQ-350x197.jpg\" class=\"attachment-medium size-medium wp-post-image\" alt=\"Journ\u00e9e Internationale du bonheur (BQ)\" srcset=\"\/\/shamengo-vps1.tetedecom.pro\/wp-content\/uploads\/2018\/07\/Journ\u00e9e-Internationale-du-bonheur-BQ-350x197.jpg 350w, \/\/shamengo-vps1.tetedecom.pro\/wp-content\/uploads\/2018\/07\/Journ\u00e9e-Internationale-du-bonheur-BQ-768x432.jpg 768w, \/\/shamengo-vps1.tetedecom.pro\/wp-content\/uploads\/2018\/07\/Journ\u00e9e-Internationale-du-bonheur-BQ-1024x576.jpg 1024w, \/\/shamengo-vps1.tetedecom.pro\/wp-content\/uploads\/2018\/07\/Journ\u00e9e-Internationale-du-bonheur-BQ-600x338.jpg 600w, \/\/shamengo-vps1.tetedecom.pro\/wp-content\/uploads\/2018\/07\/Journ\u00e9e-Internationale-du-bonheur-BQ.jpg 1920w\" sizes=\"(max-width: 350px) 100vw, 350px\" \/><a class='play-button' data-video-type='youtube' data-video-id='8k0wSYmVw_s'><i class='fa fa-play-circle' aria-hidden='true'><\/i><\/a><\/div><div class='text-container'><span class='video-title'>Journ\u00e9e internationale du Bonheur (03:01) \u2013 oct. 2015<\/span><a class='download-picture' download target='_blank' href='\/\/shamengo-vps1.tetedecom.pro\/wp-content\/uploads\/2018\/07\/Journ\u00e9e-Internationale-du-bonheur-1080p_25fps_H264-128kbit_AAC.mp4'><i class='fa fa-download' aria-hidden='true'><\/i><\/a><\/div><\/div><div class='box-video-single'><div class='thumbnail-container'><img loading=\"lazy\" decoding=\"async\" width=\"350\" height=\"180\" src=\"\/\/shamengo-vps1.tetedecom.pro\/wp-content\/uploads\/2018\/07\/Mandala-Shamengo-350x180.jpg\" class=\"attachment-medium size-medium wp-post-image\" alt=\"\" srcset=\"\/\/shamengo-vps1.tetedecom.pro\/wp-content\/uploads\/2018\/07\/Mandala-Shamengo-350x180.jpg 350w, \/\/shamengo-vps1.tetedecom.pro\/wp-content\/uploads\/2018\/07\/Mandala-Shamengo-768x395.jpg 768w, \/\/shamengo-vps1.tetedecom.pro\/wp-content\/uploads\/2018\/07\/Mandala-Shamengo-600x308.jpg 600w, \/\/shamengo-vps1.tetedecom.pro\/wp-content\/uploads\/2018\/07\/Mandala-Shamengo.jpg 827w\" sizes=\"(max-width: 350px) 100vw, 350px\" \/><a class='play-button' data-video-type='youtube' data-video-id='l9-mF2bnOmQ'><i class='fa fa-play-circle' aria-hidden='true'><\/i><\/a><\/div><div class='text-container'><span class='video-title'>Mandala \u00e0 la mani\u00e8re du pionnier Shamengo Joe Mangrum (01:10) \u2013 oct. 2015<\/span><a class='download-picture' download target='_blank' href='\/\/shamengo-vps1.tetedecom.pro\/wp-content\/uploads\/2018\/07\/Mandala-SO-192kbit_AAC.m4a'><i class='fa fa-download' aria-hidden='true'><\/i><\/a><\/div><\/div><\/div><div class='bt-container'><button class='loadmore-bt video' data-element-type='video'>More<\/button><\/div><\/div><input type='hidden' id='data_press_release' data-max-page='1'\/><input type='hidden' id='data_press_kit' data-max-page='0'\/><input type='hidden' id='data_picture' data-max-page='1'\/><input type='hidden' id='data_video' data-max-page='3'\/><div class='container-overlay-video'><div class='mask-overlay'><\/div><div class='overlay-video-content'><a class=\"close-overlay\"><i class=\"fa fa-times\" aria-hidden=\"true\"><\/i><\/a><\/div><\/div>[\/vc_column][\/vc_row][\/vc_section][vc_section full_width=&#8221;stretch_row&#8221; css=&#8221;.vc_custom_1532627394485{margin-top: 30px !important;padding-top: 0px !important;background-color: #f7f7f7 !important;}&#8221;][vc_row][vc_column][vc_column_text]<\/p>\n<h2 style=\"text-align: center;\">Distribution rights<\/h2>\n<p style=\"text-align: center;\">If you are a media (TV, radio, newspaper, website or blog) and would like for example to broadcast a video of one of our Shamengo Pioneer Portraits, we offer you different options: a partnership, an exchange for visibility, a purchase of pictures, unused rushes and more.<\/p>\n<p style=\"text-align: center;\">Please contact us via <a href=\"mailto:contact@shamengo.com\">contact@shamengo.com<\/a>\u00a0to review your request.<\/p>\n<p>[\/vc_column_text][\/vc_column][\/vc_row][\/vc_section]<\/p>\n","protected":false},"excerpt":{"rendered":"<p>[vc_section full_width=&#8221;stretch_row_content&#8221; el_class=&#8221;header-image-section&#8221; css=&#8221;.vc_custom_1532557230229{background-image: url(\/\/shamengo-vps1.tetedecom.pro\/wp-content\/uploads\/2018\/07\/bandeau-espace-presse.jpg?id=37059) !important;}&#8221;][\/vc_section][vc_section css=&#8221;.vc_custom_1532451925120{margin-bottom: 0px !important;padding-bottom: 0px !important;}&#8221;][vc_row el_id=&#8221;site-title&#8221;][vc_column][vc_column_text] MEDIA CENTRE It is a display area for reading, downloading or streaming content related to the Shamengo Association. [\/vc_column_text][\/vc_column][\/vc_row][\/vc_section][vc_section css=&#8221;.vc_custom_1532627270095{margin-top: 0px !important;margin-bottom: 20px !important;padding-top: 0px !important;}&#8221;][vc_row][vc_column][\/vc_column][\/vc_row][\/vc_section][vc_section full_width=&#8221;stretch_row&#8221; css=&#8221;.vc_custom_1532627394485{margin-top: 30px !important;padding-top: 0px !important;background-color: #f7f7f7 !important;}&#8221;][vc_row][vc_column][vc_column_text] Distribution rights If you are a media (TV, radio, [&hellip;]<\/p>\n","protected":false},"author":5148,"featured_media":0,"parent":0,"menu_order":0,"comment_status":"closed","ping_status":"closed","template":"","meta":{"_acf_changed":false,"footnotes":""},"thematique":[],"class_list":["post-42976","page","type-page","status-publish","hentry"],"acf":false,"_links":{"self":[{"href":"https:\/\/shamengo-vps1.tetedecom.pro\/en\/wp-json\/wp\/v2\/pages\/42976"}],"collection":[{"href":"https:\/\/shamengo-vps1.tetedecom.pro\/en\/wp-json\/wp\/v2\/pages"}],"about":[{"href":"https:\/\/shamengo-vps1.tetedecom.pro\/en\/wp-json\/wp\/v2\/types\/page"}],"author":[{"embeddable":true,"href":"https:\/\/shamengo-vps1.tetedecom.pro\/en\/wp-json\/wp\/v2\/users\/5148"}],"replies":[{"embeddable":true,"href":"https:\/\/shamengo-vps1.tetedecom.pro\/en\/wp-json\/wp\/v2\/comments?post=42976"}],"version-history":[{"count":4,"href":"https:\/\/shamengo-vps1.tetedecom.pro\/en\/wp-json\/wp\/v2\/pages\/42976\/revisions"}],"predecessor-version":[{"id":47698,"href":"https:\/\/shamengo-vps1.tetedecom.pro\/en\/wp-json\/wp\/v2\/pages\/42976\/revisions\/47698"}],"wp:attachment":[{"href":"https:\/\/shamengo-vps1.tetedecom.pro\/en\/wp-json\/wp\/v2\/media?parent=42976"}],"wp:term":[{"taxonomy":"thematique","embeddable":true,"href":"https:\/\/shamengo-vps1.tetedecom.pro\/en\/wp-json\/wp\/v2\/thematique?post=42976"}],"curies":[{"name":"wp","href":"https:\/\/api.w.org\/{rel}","templated":true}]}}