{"id":47112,"date":"2019-04-03T18:07:53","date_gmt":"2019-04-03T16:07:53","guid":{"rendered":"https:\/\/shamengo-vps1.tetedecom.pro\/?page_id=47112"},"modified":"2019-10-04T17:00:12","modified_gmt":"2019-10-04T15:00:12","slug":"tv-channel-they-support-us","status":"publish","type":"page","link":"https:\/\/shamengo-vps1.tetedecom.pro\/en\/tv-channel-they-support-us\/","title":{"rendered":"TV Channel: They support us"},"content":{"rendered":"<p>[vc_section full_width=&#8221;stretch_row_content&#8221; el_class=&#8221;header-image-section&#8221; css=&#8221;.vc_custom_1536573527852{background-image: url(\/\/shamengo-vps1.tetedecom.pro\/wp-content\/uploads\/2018\/04\/Laure-Meryam-Afrique-Sud.jpg?id=22030) !important;}&#8221;][vc_row][vc_column][\/vc_column][\/vc_row][\/vc_section][vc_section full_width=&#8221;stretch_row_content&#8221;][vc_row][vc_column]\n\t\t<div id=\"vc_so_video_channel_889540\" class=\"vc_so_video_channel  \">\n\t\t<p>[vc_section][vc_row el_id=&#8221;site-title&#8221;][vc_column][vc_column_text]<\/p>\n<h1 style=\"text-align: center;\">They support us<\/h1>\n<p>\t\t[\/vc_column_text][\/vc_column][\/vc_row][\/vc_section]<\/p>\n\n\n\t\t<div id=\"vc_so_video_channel_content\" class=\"so-wrapper\">\n\n\t\t<div class=\"playing_video_area\">\n\t\t\n\t\t<div id=\"video_player\">\n\t\t<script type=\"text\/javascript\">\n\n\t\tfunction loadJavaScriptSync(filePath){\n\t\t\tvar req = new XMLHttpRequest();\n\t\t\treq.open(\"GET\", filePath, false);\n\t\t\treq.send(null);\n\n\t\t\tvar headElement = document.getElementsByTagName(\"head\")[0];\n\t\t\tvar newScriptElement = document.createElement(\"script\");\n\t\t\tnewScriptElement.type = \"text\/javascript\";\n\t\t\tnewScriptElement.text = req.responseText;\n\t\t\tif (headElement) { headElement.appendChild(newScriptElement); }\n\t\t}\n\n\t\tloadJavaScriptSync(\"\/\/shamengo.streameo.tv\/getembed.js?custom_playlist=playlist&ids_prods=687&lang=fr&id_app=186\");\n\n\t\t<\/script>\n\t\t<div class=\"video_poster\" style=\"background-image:url(\/\/shamengo-vps1.tetedecom.pro\/wp-content\/uploads\/2019\/06\/Charles-Edouard-vignette.jpg)\"><i class=\"fa fa-play\" aria-hidden=\"true\"><\/i><\/div>\n\t\t<\/div>\n\t\t\n\t<div id=\"video_infos\">\n\n\t<div id=\"video_header\">\n\n\t<div id=\"video_title\">\n\t\n\t\n\t<h1>Hommage \u00e0 Charles-Edouard Oksenhendler, fondateur de la Ferme de la Glutamine<\/h1>\n\t<\/div>\n\n\t<div id=\"video_actions\">\n\n\t\n\t<div id=\"social_actions\">\n\t<div id=\"video_likes\">\n\t<span class=\"lb-wrapper\"><a href=\"https:\/\/shamengo-vps1.tetedecom.pro\/wp-admin\/admin-ajax.php?action=process_like_button&post_id=48927&nonce=2f1f53a9da&is_comment=0&disabled=true\" class=\"lb-button lb-button-48927\" data-nonce=\"2f1f53a9da\" data-post-id=\"48927\" data-iscomment=\"0\" title=\"Like\"><i class=\"fa fa-heart\"><\/i><\/a><span id=\"lb-loader\"><\/span><span class=\"lb-count\">0<\/span> Like<\/span>\n\t<\/div>\n\t<div id=\"video_share\">\n\t<span>\n\t<i class=\"fa fa-share-alt\" aria-hidden=\"true\"><\/i>\n\tPartager\n\t<\/span>\n\t<div class=\"sharing_box\">\n\t<a target=\"_blank\" title=\"Facebook\" href=\"https:\/\/www.facebook.com\/sharer\/sharer.php?u=https%3A%2F%2Fshamengo-vps1.tetedecom.pro%2Fen%2Fvideo%2Fhommage-a-charles-edouard-oksenhendler-fondateur-de-la-ferme-de-la-glutamine%2F\">\n\t<i class=\"fa fa-facebook-official\" aria-hidden=\"true\"><\/i>\n\t<\/a>\n\t<a target=\"_blank\" title=\"Twitter\" href=\"https:\/\/twitter.com\/intent\/tweet\/?url=https%3A%2F%2Fshamengo-vps1.tetedecom.pro%2Fen%2Fvideo%2Fhommage-a-charles-edouard-oksenhendler-fondateur-de-la-ferme-de-la-glutamine%2F&amp;text=Hommage+%C3%A0+Charles-Edouard+Oksenhendler%2C+fondateur+de+la+Ferme+de+la+Glutamine\">\n\t<i class=\"fa fa-twitter\" aria-hidden=\"true\"><\/i>\n\t<\/a>\n\t<\/div>\n\t<\/div>\n\t<\/div>\n\n\t<\/div>\n\n\t<\/div>\n\n\t<div class=\"video_description\"><p>La Villa Shamengo sera construite sous le haut\u00a0patronage\u00a0spirituel de deux pionniers Shamengo, que j&#8217;ai eu l&#8217;immense honneur de conna\u00eetre avant qu&#8217;ils ne partent pour l&#8217;au-del\u00e0. Le premier, Nek Chand, dont vous pouvez voir la vid\u00e9o sur nos cha\u00eenes TV. Le deuxi\u00e8me, Charles-Edouard Oksenhendler, fondateur de la Ferme de la Glutamine que nous enterrons ce vendredi 21 juin 2019. En f\u00e9vrier dernier, nous avions commenc\u00e9 \u00e0 tourner son portrait \u00e0 l&#8217;occasion du Salon de l&#8217;Agriculture, o\u00f9 il exposait son concept, en miniature\u2026 Il avait tenu \u00e0 m&#8217;interviewer\u2026 nous avions tant de projets en commun. Je pleure.<\/p>\n<\/div>\n\t<\/div>\n\n\t\n\t\t<\/div>\n\n\t\t<div class=\"related_videos_area\">\n\n\t\t<div id=\"play-mode\">\n\t\t<div class=\"toggle-bt\">\n\t\t<label for=\"play-mode-bt\">\n\t\t<span>Lecture al\u00e9atoire<\/span>\n\t\t<input id=\"play-mode-bt\" type=\"checkbox\"  >\n\t\t<div class=\"toggle-switch\"><\/div>\n\t\t<\/label>\n\t\t<\/div>\n\t\t<\/div>\n\n\t\t<div id=\"related-items\" data-simplebar>\n\t\t<ul id=\"related_videos\" ><li>\n\t\t\t<a href=\"https:\/\/shamengo-vps1.tetedecom.pro\/en\/video\/hommage-a-charles-edouard-oksenhendler-fondateur-de-la-ferme-de-la-glutamine\/\" class=\"active\" data-video-id=\"687\" data-wp-video-id=\"48927\">\n\n\t\t\t<div class=\"related_video_container\">\n\n\t\t\t<div class=\"video_poster\"><img loading=\"lazy\" decoding=\"async\" width=\"256\" height=\"142\" src=\"\/\/shamengo-vps1.tetedecom.pro\/wp-content\/uploads\/2019\/06\/Charles-Edouard-vignette-256x142.jpg\" class=\"attachment-video-thumb size-video-thumb wp-post-image\" alt=\"\" srcset=\"\/\/shamengo-vps1.tetedecom.pro\/wp-content\/uploads\/2019\/06\/Charles-Edouard-vignette-256x142.jpg 256w, \/\/shamengo-vps1.tetedecom.pro\/wp-content\/uploads\/2019\/06\/Charles-Edouard-vignette-350x195.jpg 350w, \/\/shamengo-vps1.tetedecom.pro\/wp-content\/uploads\/2019\/06\/Charles-Edouard-vignette.jpg 500w\" sizes=\"(max-width: 256px) 100vw, 256px\" \/><\/div>\n\n\t\t\t<div class=\"video_infos \">\n\t\t\t\n\t\t\t<div class=\"video_subtitle\">Hommage \u00e0 Charles-Edouard Oksenhendler, fondateur de la Ferme de la Glutamine<\/div>\n\t\t\t<\/div>\n\n\t\t\t<\/div>\n\n\t\t\t<\/a>\n\t\t\t<\/li><\/ul>\n\t\t<\/div>\n\t\t<\/div>\n\n\t\t<\/div>\n\n\t\t<div id=\"back_to_channel_listing\">\n\t\t<div class=\"so-wrapper\">\n\t\t<a href=\"https:\/\/shamengo-vps1.tetedecom.pro\/en\/?page_id=80619&t_body=1\"><i class=\"fa fa-caret-left\" aria-hidden=\"true\"><\/i>Back to the video channels<\/a>\n\t\t<\/div>\n\t\t<\/div>\n\n\t\t<\/div>\n\t\t[\/vc_column][\/vc_row][\/vc_section][vc_section full_width=&#8221;stretch_row_content&#8221; el_class=&#8221;image-banner-text-box cta-soutenir-shamengo&#8221; css=&#8221;.vc_custom_1569932359909{background-image: url(\/\/shamengo-vps1.tetedecom.pro\/wp-content\/uploads\/2019\/10\/CTA-Dons_villa_lounge-zoom.jpg?id=50495) !important;background-position: center !important;background-repeat: no-repeat !important;background-size: cover !important;}&#8221;][vc_row][vc_column][vc_column_text]<\/p>\n<h2 style=\"text-align: center; margin-bottom: 10px;\"><img loading=\"lazy\" decoding=\"async\" class=\"aligncenter wp-image-37745\" src=\"\/\/shamengo-vps1.tetedecom.pro\/wp-content\/uploads\/2018\/08\/don.png\" alt=\"\" width=\"110\" height=\"96\" \/><\/h2>\n<h2 style=\"text-align: center;\">I SUPPORT SHAMENGO<\/h2>\n<h3 style=\"text-align: center;\">Your donation is precious. It will allow us to continue this incredible adventure.<\/h3>\n<p>[\/vc_column_text][vc_btn title=&#8221;LEARN MORE&#8221; color=&#8221;so-white&#8221; align=&#8221;center&#8221; link=&#8221;url:https%3A%2F%2Fshamengo-vps1.tetedecom.pro%2Fen%2Fsupport-shamengo%2F|&#8221;][\/vc_column][\/vc_row][\/vc_section]<\/p>\n","protected":false},"excerpt":{"rendered":"<p>[vc_section full_width=&#8221;stretch_row_content&#8221; el_class=&#8221;header-image-section&#8221; css=&#8221;.vc_custom_1536573527852{background-image: url(\/\/shamengo-vps1.tetedecom.pro\/wp-content\/uploads\/2018\/04\/Laure-Meryam-Afrique-Sud.jpg?id=22030) !important;}&#8221;][vc_row][vc_column][\/vc_column][\/vc_row][\/vc_section][vc_section full_width=&#8221;stretch_row_content&#8221;][vc_row][vc_column][\/vc_column][\/vc_row][\/vc_section][vc_section full_width=&#8221;stretch_row_content&#8221; el_class=&#8221;image-banner-text-box cta-soutenir-shamengo&#8221; css=&#8221;.vc_custom_1569932359909{background-image: url(\/\/shamengo-vps1.tetedecom.pro\/wp-content\/uploads\/2019\/10\/CTA-Dons_villa_lounge-zoom.jpg?id=50495) !important;background-position: center !important;background-repeat: no-repeat !important;background-size: cover !important;}&#8221;][vc_row][vc_column][vc_column_text] I SUPPORT SHAMENGO Your donation is precious. It will allow us to continue this incredible adventure. [\/vc_column_text][vc_btn title=&#8221;LEARN MORE&#8221; color=&#8221;so-white&#8221; align=&#8221;center&#8221; link=&#8221;url:https%3A%2F%2Fshamengo-vps1.tetedecom.pro%2Fen%2Fsupport-shamengo%2F|&#8221;][\/vc_column][\/vc_row][\/vc_section]<\/p>\n","protected":false},"author":5148,"featured_media":0,"parent":0,"menu_order":0,"comment_status":"closed","ping_status":"closed","template":"","meta":{"_acf_changed":false,"footnotes":""},"thematique":[],"class_list":["post-47112","page","type-page","status-publish","hentry"],"acf":false,"_links":{"self":[{"href":"https:\/\/shamengo-vps1.tetedecom.pro\/en\/wp-json\/wp\/v2\/pages\/47112"}],"collection":[{"href":"https:\/\/shamengo-vps1.tetedecom.pro\/en\/wp-json\/wp\/v2\/pages"}],"about":[{"href":"https:\/\/shamengo-vps1.tetedecom.pro\/en\/wp-json\/wp\/v2\/types\/page"}],"author":[{"embeddable":true,"href":"https:\/\/shamengo-vps1.tetedecom.pro\/en\/wp-json\/wp\/v2\/users\/5148"}],"replies":[{"embeddable":true,"href":"https:\/\/shamengo-vps1.tetedecom.pro\/en\/wp-json\/wp\/v2\/comments?post=47112"}],"version-history":[{"count":5,"href":"https:\/\/shamengo-vps1.tetedecom.pro\/en\/wp-json\/wp\/v2\/pages\/47112\/revisions"}],"predecessor-version":[{"id":50550,"href":"https:\/\/shamengo-vps1.tetedecom.pro\/en\/wp-json\/wp\/v2\/pages\/47112\/revisions\/50550"}],"wp:attachment":[{"href":"https:\/\/shamengo-vps1.tetedecom.pro\/en\/wp-json\/wp\/v2\/media?parent=47112"}],"wp:term":[{"taxonomy":"thematique","embeddable":true,"href":"https:\/\/shamengo-vps1.tetedecom.pro\/en\/wp-json\/wp\/v2\/thematique?post=47112"}],"curies":[{"name":"wp","href":"https:\/\/api.w.org\/{rel}","templated":true}]}}