{"id":46894,"date":"2019-03-29T15:31:16","date_gmt":"2019-03-29T14:31:16","guid":{"rendered":"https:\/\/shamengo-vps1.tetedecom.pro\/?page_id=46894"},"modified":"2019-10-04T16:49:59","modified_gmt":"2019-10-04T14:49:59","slug":"chaine-tv-toutes-nos-dernieres-videos","status":"publish","type":"page","link":"https:\/\/shamengo-vps1.tetedecom.pro\/fr\/chaine-tv-toutes-nos-dernieres-videos\/","title":{"rendered":"Cha\u00eene TV : Toutes nos derni\u00e8res vid\u00e9os"},"content":{"rendered":"<p>[vc_section full_width=&#8221;stretch_row_content&#8221; el_class=&#8221;header-image-section&#8221; css=&#8221;.vc_custom_1532454310136{background-image: url(\/\/shamengo-vps1.tetedecom.pro\/wp-content\/uploads\/2018\/04\/Laure-Meryam-Afrique-Sud.jpg?id=22030) !important;}&#8221;][\/vc_section][vc_section][vc_row el_id=&#8221;site-title&#8221;][vc_column][vc_column_text]<\/p>\n<h1 style=\"text-align: center;\">Toutes nos derni\u00e8res vid\u00e9os<\/h1>\n<p style=\"text-align: center;\">Une minute ou une heure devant vous ? Faites une pause inspirante !<\/p>\n<p>[\/vc_column_text][\/vc_column][\/vc_row][\/vc_section][vc_section][vc_row][vc_column]<style type=\"text\/css\"><\/style>\n\n\t\t<div id=\"vc_so_video_grid_channel_26332\" class=\"vc_so_video_grid_channel \" data-elem-id=\"26332\" data-nb_videos_per_page=\"15\" data-index=\"1\" data-playlist_page_url=\"\">\n\n\t\t<div class=\"section_filters\"><select name=\"thematique\" data-select-label=\"Toutes les valeurs\" data-filter-label=\"Filtrer\" data-cancel-label=\"Annuler\"><option value=\"\">Toutes les valeurs<\/option><option value=\"prendre-soin-de-soi\"  >Prendre soin de soi<\/option><option value=\"creer-dans-l-ethique\"  >Cr\u00e9er dans l'\u00e9thique<\/option><option value=\"preserver-la-planete\"  >Pr\u00e9server la plan\u00e8te<\/option><option value=\"s-engager-pour-les-autres\"  >S'engager pour les autres<\/option><\/select><select name=\"video_cat\" data-select-label=\"Toutes les vid\u00e9os\" data-filter-label=\"Filtrer\" data-cancel-label=\"Annuler\"><option value=\"\">Toutes les vid\u00e9os<\/option><option value=\"ils-partagent-leurs-connaissances\"  >Ils partagent leurs connaissances<\/option><option value=\"in-vivo-shamengo\"  >In Vivo Shamengo<\/option><option value=\"shamengo-events\"  >Shamengo Events<\/option><\/select><select name=\"video_tag\" data-select-label=\"Tous les types de vid\u00e9o\" data-filter-label=\"Filtrer\" data-cancel-label=\"Annuler\"><option value=\"\">Tous les types de vid\u00e9o<\/option><option value=\"portrait\"  >Portrait<\/option><option value=\"reportage\"  >Reportage<\/option><option value=\"temoignage\"  >T\u00e9moignage<\/option><\/select><\/div>\n\n\t\t<div class=\"section_videos\">\n\n\t\t<div class=\"videos_container\">\n\t\t<a href=\"https:\/\/shamengo-vps1.tetedecom.pro\/fr\/video\/a-la-decouverte-des-innovations-durables-pour-eco-renover-le-foncier-de-la-nouvelle-aquitaine\/\" class=\"video-item first-video\"><div class=\"visual_container\"><div class=\"thumb_container\"><div style=\"background-image:url(\/\/shamengo-vps1.tetedecom.pro\/wp-content\/uploads\/2024\/03\/Evenement-Region-24-Janvier-2024-192x144.jpg)\"><\/div><\/div><div class=\"thumb_overlay_container\"><div class=\"video-tag\">Ev\u00e8nement<\/div><\/div><\/div><div class=\"infos_container\"><div class=\"video_title\">\u00c0 la d\u00e9couverte des innovations durables pour \u00e9co-r\u00e9nover le foncier de la Nouvelle-Aquitaine<\/div><\/div><\/a><a href=\"https:\/\/shamengo-vps1.tetedecom.pro\/fr\/video\/video-of-eco-delegates-from-high-school-francois-mauriac\/\" class=\"video-item \"><div class=\"visual_container\"><div class=\"thumb_container\"><div style=\"background-image:url(\/\/shamengo-vps1.tetedecom.pro\/wp-content\/uploads\/2019\/03\/video-default-thumb.jpg)\"><\/div><\/div><div class=\"thumb_overlay_container\"><div class=\"video-tag\">Ev\u00e8nement<\/div><\/div><\/div><div class=\"infos_container\"><div class=\"video_title\">Video of eco-delegates from High School Fran\u00e7ois Mauriac<\/div><\/div><\/a><a href=\"https:\/\/shamengo-vps1.tetedecom.pro\/fr\/video\/1-se-nourrir-partie-1\/\" class=\"video-item \"><div class=\"visual_container\"><div class=\"thumb_container\"><div style=\"background-image:url(\/\/shamengo-vps1.tetedecom.pro\/wp-content\/uploads\/2019\/03\/video-default-thumb.jpg)\"><\/div><\/div><div class=\"thumb_overlay_container\"><div class=\"video-tag\">Reportage<\/div><div class=\"video-duration\">48:30<\/div><\/div><\/div><div class=\"infos_container\"><div class=\"video_title\">#1 Se nourrir Partie 1<\/div><\/div><\/a><a href=\"https:\/\/shamengo-vps1.tetedecom.pro\/fr\/video\/philippe-ouaki-skyverde\/\" class=\"video-item \"><div class=\"visual_container\"><div class=\"thumb_container\"><div style=\"background-image:url(\/\/shamengo-vps1.tetedecom.pro\/wp-content\/uploads\/2019\/03\/video-default-thumb.jpg)\"><\/div><\/div><div class=\"thumb_overlay_container\"><div class=\"video-tag\">Reportage<\/div><div class=\"video-duration\">02:29<\/div><\/div><\/div><div class=\"infos_container\"><div class=\"video_title\">Philippe Ouaki Di Giorno - Skyverde<\/div><\/div><\/a><a href=\"https:\/\/shamengo-vps1.tetedecom.pro\/fr\/video\/les-jeux-barjos\/\" class=\"video-item \"><div class=\"visual_container\"><div class=\"thumb_container\"><div style=\"background-image:url(\/\/shamengo-vps1.tetedecom.pro\/wp-content\/uploads\/2023\/09\/Vignette-Les-Jeux-Barjos-256x144.png)\"><\/div><\/div><div class=\"thumb_overlay_container\"><\/div><\/div><div class=\"infos_container\"><div class=\"video_title\">Les Jeux Barjos<\/div><\/div><\/a><a href=\"https:\/\/shamengo-vps1.tetedecom.pro\/fr\/video\/la-planche\/\" class=\"video-item \"><div class=\"visual_container\"><div class=\"thumb_container\"><div style=\"background-image:url(\/\/shamengo-vps1.tetedecom.pro\/wp-content\/uploads\/2023\/09\/Vignette-La-Planche-247x144.png)\"><\/div><\/div><div class=\"thumb_overlay_container\"><\/div><\/div><div class=\"infos_container\"><div class=\"video_title\">La planche<\/div><\/div><\/a><a href=\"https:\/\/shamengo-vps1.tetedecom.pro\/fr\/video\/les-recoltants\/\" class=\"video-item \"><div class=\"visual_container\"><div class=\"thumb_container\"><div style=\"background-image:url(\/\/shamengo-vps1.tetedecom.pro\/wp-content\/uploads\/2023\/09\/Vignette-les-recoltants-234x144.png)\"><\/div><\/div><div class=\"thumb_overlay_container\"><\/div><\/div><div class=\"infos_container\"><div class=\"video_title\">Les R\u00e9coltants<\/div><\/div><\/a><a href=\"https:\/\/shamengo-vps1.tetedecom.pro\/fr\/video\/larmoire-poetique\/\" class=\"video-item \"><div class=\"visual_container\"><div class=\"thumb_container\"><div style=\"background-image:url(\/\/shamengo-vps1.tetedecom.pro\/wp-content\/uploads\/2023\/09\/Vignette-Armoire-poethique-256x144.png)\"><\/div><\/div><div class=\"thumb_overlay_container\"><\/div><\/div><div class=\"infos_container\"><div class=\"video_title\">L'armoire po\u00e9tique<\/div><\/div><\/a><a href=\"https:\/\/shamengo-vps1.tetedecom.pro\/fr\/video\/wash-bar\/\" class=\"video-item \"><div class=\"visual_container\"><div class=\"thumb_container\"><div style=\"background-image:url(\/\/shamengo-vps1.tetedecom.pro\/wp-content\/uploads\/2023\/09\/Vignette-Wash-Bar-232x144.png)\"><\/div><\/div><div class=\"thumb_overlay_container\"><\/div><\/div><div class=\"infos_container\"><div class=\"video_title\">Wash Bar<\/div><\/div><\/a><a href=\"https:\/\/shamengo-vps1.tetedecom.pro\/fr\/video\/lancement-du-chantier-de-la-maison-ecole-shamengo\/\" class=\"video-item \"><div class=\"visual_container\"><div class=\"thumb_container\"><div style=\"background-image:url(\/\/shamengo-vps1.tetedecom.pro\/wp-content\/uploads\/2023\/09\/Capture-decran-2023-10-03-a-15.17.45-256x144.png)\"><\/div><\/div><div class=\"thumb_overlay_container\"><\/div><\/div><div class=\"infos_container\"><div class=\"video_title\">Lancement du chantier de la Maison \u00c9cole Shamengo !<\/div><\/div><\/a><a href=\"https:\/\/shamengo-vps1.tetedecom.pro\/fr\/video\/nous-maintenons-les-capacites-physiques-malgre-lage-avance-le-handicap-ou-la-maladie-chronique\/\" class=\"video-item \"><div class=\"visual_container\"><div class=\"thumb_container\"><div style=\"background-image:url(\/\/shamengo-vps1.tetedecom.pro\/wp-content\/uploads\/2023\/09\/Image-16-6-JD-Muller-Ricard-256x144.png)\"><\/div><\/div><div class=\"thumb_overlay_container\"><div class=\"video-tag\">Portrait<\/div><div class=\"video-duration\">02:45<\/div><\/div><\/div><div class=\"infos_container\"><div class=\"video_extra_title\" style=\"color:#25bced\">Jean Daniel Muller et Jean Michel Ricard<\/div><div class=\"video_title\">Pratiquez avec nous l'activit\u00e9 physique adapt\u00e9e, le passeport sant\u00e9 du XXI\u00e8me si\u00e8cle\u00a0!<\/div><\/div><\/a><a href=\"https:\/\/shamengo-vps1.tetedecom.pro\/fr\/video\/presentation-des-eco-delegues-du-module-se-loger\/\" class=\"video-item \"><div class=\"visual_container\"><div class=\"thumb_container\"><div style=\"background-image:url(\/\/shamengo-vps1.tetedecom.pro\/wp-content\/uploads\/2019\/03\/video-default-thumb.jpg)\"><\/div><\/div><div class=\"thumb_overlay_container\"><\/div><\/div><div class=\"infos_container\"><div class=\"video_title\">Pr\u00e9sentation des \u00e9co-d\u00e9l\u00e9gu\u00e9s du module Se loger<\/div><\/div><\/a><a href=\"https:\/\/shamengo-vps1.tetedecom.pro\/fr\/video\/booster-son-ecocitoyennete-a-travers-8-activites-de-la-vie-quotidienne\/\" class=\"video-item \"><div class=\"visual_container\"><div class=\"thumb_container\"><div style=\"background-image:url(\/\/shamengo-vps1.tetedecom.pro\/wp-content\/uploads\/2023\/05\/Booster-son-ecocitoyennete-couverture-256x144.jpg)\"><\/div><\/div><div class=\"thumb_overlay_container\"><\/div><\/div><div class=\"infos_container\"><div class=\"video_title\">Booster son \u00e9cocitoyennet\u00e9 \u00e0 travers 8 activit\u00e9s de la vie quotidienne<\/div><\/div><\/a><a href=\"https:\/\/shamengo-vps1.tetedecom.pro\/fr\/video\/2-se-loger-partie-2-habiter-durablement-le-monde\/\" class=\"video-item \"><div class=\"visual_container\"><div class=\"thumb_container\"><div style=\"background-image:url(\/\/shamengo-vps1.tetedecom.pro\/wp-content\/uploads\/2019\/03\/video-default-thumb.jpg)\"><\/div><\/div><div class=\"thumb_overlay_container\"><div class=\"video-duration\">27:45<\/div><\/div><\/div><div class=\"infos_container\"><div class=\"video_title\">#2 Se loger Partie 2: Habiter durablement le monde<\/div><\/div><\/a><a href=\"https:\/\/shamengo-vps1.tetedecom.pro\/fr\/video\/2-se-loger-partie-1-un-monde-en-beton-arme\/\" class=\"video-item \"><div class=\"visual_container\"><div class=\"thumb_container\"><div style=\"background-image:url(\/\/shamengo-vps1.tetedecom.pro\/wp-content\/uploads\/2019\/03\/video-default-thumb.jpg)\"><\/div><\/div><div class=\"thumb_overlay_container\"><div class=\"video-duration\">24:27<\/div><\/div><\/div><div class=\"infos_container\"><div class=\"video_title\">#2 Se loger Partie 1 : Un monde en b\u00e9ton arm\u00e9<\/div><\/div><\/a>\n\t\t<\/div>\n\t\t\n\t\t\t\t<div class=\"vc_so_video_grid_loader\"><i class=\"fa fa-circle-o-notch fa-spin fa-3x fa-fw\"><\/i><\/div>\n\t\t\t\t<div class=\"loadmore-bt-container\"><a href=\"\/fr\/wp-json\/wp\/v2\/pages\/46894?index=2\">Voir plus<\/a><\/div>\n\t\t<\/div>\n\n\t\t<\/div>\n\t\t[\/vc_column][\/vc_row][\/vc_section][vc_section full_width=&#8221;stretch_row_content&#8221; el_class=&#8221;image-banner-text-box cta-soutenir-shamengo&#8221; css=&#8221;.vc_custom_1569930893506{background-image: url(\/\/shamengo-vps1.tetedecom.pro\/wp-content\/uploads\/2019\/09\/CTA-Dons_villa_lounge-zoom.jpg?id=50150) !important;background-position: center !important;background-repeat: no-repeat !important;background-size: cover !important;}&#8221;][vc_row][vc_column][vc_column_text]<\/p>\n<h2 style=\"text-align: center; margin-bottom: 10px;\"><img loading=\"lazy\" decoding=\"async\" class=\"aligncenter wp-image-37745\" src=\"\/\/shamengo-vps1.tetedecom.pro\/wp-content\/uploads\/2018\/08\/don.png\" alt=\"\" width=\"110\" height=\"96\" \/><\/h2>\n<h2 style=\"text-align: center;\">JE SOUTIENS SHAMENGO<\/h2>\n<h3 style=\"text-align: center;\">Votre don est pr\u00e9cieux. Il nous permettra de continuer cette incroyable aventure.<\/h3>\n<p>[\/vc_column_text][vc_btn title=&#8221;EN SAVOIR PLUS&#8221; color=&#8221;so-white&#8221; align=&#8221;center&#8221; link=&#8221;url:https%3A%2F%2Fshamengo-vps1.tetedecom.pro%2Ffr%2Fsoutenir-shamengo%2F|||&#8221;][\/vc_column][\/vc_row][\/vc_section]<\/p>\n","protected":false},"excerpt":{"rendered":"<p>[vc_section full_width=&#8221;stretch_row_content&#8221; el_class=&#8221;header-image-section&#8221; css=&#8221;.vc_custom_1532454310136{background-image: url(\/\/shamengo-vps1.tetedecom.pro\/wp-content\/uploads\/2018\/04\/Laure-Meryam-Afrique-Sud.jpg?id=22030) !important;}&#8221;][\/vc_section][vc_section][vc_row el_id=&#8221;site-title&#8221;][vc_column][vc_column_text] Toutes nos derni\u00e8res vid\u00e9os Une minute ou une heure devant vous ? Faites une pause inspirante ! [\/vc_column_text][\/vc_column][\/vc_row][\/vc_section][vc_section][vc_row][vc_column][\/vc_column][\/vc_row][\/vc_section][vc_section full_width=&#8221;stretch_row_content&#8221; el_class=&#8221;image-banner-text-box cta-soutenir-shamengo&#8221; css=&#8221;.vc_custom_1569930893506{background-image: url(\/\/shamengo-vps1.tetedecom.pro\/wp-content\/uploads\/2019\/09\/CTA-Dons_villa_lounge-zoom.jpg?id=50150) !important;background-position: center !important;background-repeat: no-repeat !important;background-size: cover !important;}&#8221;][vc_row][vc_column][vc_column_text] JE SOUTIENS SHAMENGO Votre don est pr\u00e9cieux. Il nous permettra de continuer cette incroyable aventure. [\/vc_column_text][vc_btn title=&#8221;EN SAVOIR [&hellip;]<\/p>\n","protected":false},"author":7,"featured_media":0,"parent":0,"menu_order":0,"comment_status":"closed","ping_status":"closed","template":"","meta":{"_acf_changed":false,"footnotes":""},"thematique":[],"class_list":["post-46894","page","type-page","status-publish","hentry"],"acf":false,"_links":{"self":[{"href":"https:\/\/shamengo-vps1.tetedecom.pro\/fr\/wp-json\/wp\/v2\/pages\/46894"}],"collection":[{"href":"https:\/\/shamengo-vps1.tetedecom.pro\/fr\/wp-json\/wp\/v2\/pages"}],"about":[{"href":"https:\/\/shamengo-vps1.tetedecom.pro\/fr\/wp-json\/wp\/v2\/types\/page"}],"author":[{"embeddable":true,"href":"https:\/\/shamengo-vps1.tetedecom.pro\/fr\/wp-json\/wp\/v2\/users\/7"}],"replies":[{"embeddable":true,"href":"https:\/\/shamengo-vps1.tetedecom.pro\/fr\/wp-json\/wp\/v2\/comments?post=46894"}],"version-history":[{"count":13,"href":"https:\/\/shamengo-vps1.tetedecom.pro\/fr\/wp-json\/wp\/v2\/pages\/46894\/revisions"}],"predecessor-version":[{"id":47058,"href":"https:\/\/shamengo-vps1.tetedecom.pro\/fr\/wp-json\/wp\/v2\/pages\/46894\/revisions\/47058"}],"wp:attachment":[{"href":"https:\/\/shamengo-vps1.tetedecom.pro\/fr\/wp-json\/wp\/v2\/media?parent=46894"}],"wp:term":[{"taxonomy":"thematique","embeddable":true,"href":"https:\/\/shamengo-vps1.tetedecom.pro\/fr\/wp-json\/wp\/v2\/thematique?post=46894"}],"curies":[{"name":"wp","href":"https:\/\/api.w.org\/{rel}","templated":true}]}}