{"id":76161,"date":"2022-09-22T15:47:54","date_gmt":"2022-09-22T14:47:54","guid":{"rendered":"https:\/\/shamengo-vps1.tetedecom.pro\/?page_id=76161"},"modified":"2024-01-18T12:10:37","modified_gmt":"2024-01-18T11:10:37","slug":"partenaires-ecole","status":"publish","type":"page","link":"https:\/\/shamengo-vps1.tetedecom.pro\/fr\/partenaires-ecole\/","title":{"rendered":"Nos Partenaires Fondateurs"},"content":{"rendered":"<p>[vc_section full_width=&#8221;stretch_row_content&#8221; el_class=&#8221;header-image-section&#8221; css=&#8221;.vc_custom_1536573989848{background-image: url(\/\/shamengo-vps1.tetedecom.pro\/wp-content\/uploads\/2018\/09\/Partenaires-villa-Shamengo.jpg?id=37884) !important;}&#8221;][\/vc_section][vc_section][vc_row el_id=&#8221;site-title&#8221;][vc_column][vc_column_text]<\/p>\n<h1 style=\"text-align: center;\">LES PARTENAIRES FONDATEURS DE L&#8217;\u00c9COLE SHAMENGO<\/h1>\n<p style=\"text-align: center;\">Ils apportent leurs comp\u00e9tences, leur expertise ou leur innovation<\/p>\n<p>[\/vc_column_text][\/vc_column][\/vc_row][\/vc_section][vc_section full_width=&#8221;stretch_row&#8221; css=&#8221;.vc_custom_1529357943633{background-color: #f7f7f7 !important;}&#8221; el_class=&#8221;grey-bg-header&#8221;][vc_row][vc_column][vc_column_text]<\/p>\n<h2 style=\"text-align: center;\">Qui sont les Partenaires Fondateurs ?<\/h2>\n<p>&nbsp;<\/p>\n<p style=\"font-weight: 400;\">Un Partenaire Fondateur, est une entit\u00e9 morale ou physique qui s\u2019implique dans <strong>la construction du monde de demain<\/strong> en partageant l\u2019ADN Shamengo et la philosophie de vie enseign\u00e9e \u00e0 l\u2019\u00c9cole Shamengo\u00a0 \u00e0 savoir\u00a0: Prendre soin de soi, cr\u00e9er dans l\u2019\u00e9thique, pr\u00e9server la plan\u00e8te et s\u2019engager pour les autres.<\/p>\n<p style=\"font-weight: 400;\">Compos\u00e9s d\u2019entreprises, inventeurs, chercheurs, enseignants, \u00e9tablissement publics ou priv\u00e9s ainsi que des institutions et des particuliers activement engag\u00e9s, les Partenaires Fondateurs forment <strong>un r\u00e9seau \u00e0 vocation internationale<\/strong> en veillant \u00e0 ce que l\u2019engagement social, et environnemental soit au c\u0153ur de leur raison d\u2019\u00eatre et de leur politique d\u2019am\u00e9lioration constante de leurs activit\u00e9s.<\/p>\n<p>Les Partenaires Fondateurs ont pour mission de contribuer au d\u00e9veloppement de l&#8217;\u00c9cole Shamengo en <strong>favorisant\u00a0<\/strong><span style=\"font-weight: 400;\"><strong>les \u00e9changes entre acteurs \u00e9conomiques et acad\u00e9miques<\/strong> afin de mener <strong>des actions concr\u00e8tes vers un progr\u00e8s social et environnementa<\/strong>l. Les synergies entre membres <\/span><span style=\"font-weight: 400;\">fondateurs permettent de cr\u00e9er des cercles vertueux autour de la transmission de savoir-faire et de savoir-\u00eatre.<\/span><\/p>\n<p><span style=\"font-weight: 400;\">Le r\u00e9seau permet d\u2019aller \u00e0 la rencontre de nouveaux innovateurs poss\u00e9dant l\u2019ADN Shamengo et d\u2019offrir <strong>un terrain d\u2019exp\u00e9rimentation d\u2019innovations vertueuses<\/strong>. <\/span><span style=\"font-weight: 400;\">Ces cercles vertueux s\u2019\u00e9tendent jusqu\u2019aux \u00e9tudiants qui pourront ainsi b\u00e9n\u00e9ficier d\u2019un march\u00e9 du travail attractif et ancr\u00e9 dans l\u2019\u00e9conomie responsable.<\/span><\/p>\n<p>&nbsp;<\/p>\n<p>&nbsp;<\/p>\n<p>&nbsp;<\/p>\n<p>[\/vc_column_text][\/vc_column][\/vc_row][\/vc_section][vc_section full_width=&#8221;stretch_row&#8221; css=&#8221;.vc_custom_1529357943633{background-color: #f7f7f7 !important;}&#8221; el_class=&#8221;grey-bg-header&#8221;][vc_row][vc_column][vc_column_text]<\/p>\n<h2 style=\"text-align: center;\">PARTENAIRES PIONNIERS<\/h2>\n<p>[\/vc_column_text][\/vc_column][\/vc_row][\/vc_section][vc_section el_class=&#8221;partner_listing&#8221;][vc_row][vc_column]<style><\/style>\n\t\t<div id=\"vc_so_partner_list_147605\" class=\"vc_so_partner_list \">\n\n\t\t<div class=\"vc_so_partner_list_items\"><div class=\"vc_so_partner_row\">\n\t\t\t<div class=\"partner_item \">\n\t\t\t\t<div class=\"partner_infos\">\n\t\t\t\t\t<div class=\"partner_title\"><h3>Siel Bleu<\/h3><\/div>\n\t\t\t\t\t<div class=\"partner_content\"><p>Siel Bleu est une association \u00e0 but non-lucratif, qui donne la possibilit\u00e9 \u00e0 chacun, quelles que soient ses capacit\u00e9s,<br \/>\nson lieu de vie et sa situation financi\u00e8re, d\u2019am\u00e9liorer sa sant\u00e9 et son bien-\u00eatre tout au long de sa Vie.<br \/>\nL\u2019activit\u00e9 physique, la sensibilisation \u00e0 une meilleure alimentation et au comportement \u00e9co-responsable<br \/>\nsont les principaux outils de cet accompagnement, cr\u00e9ateur de lien social.<\/p>\n<\/div>\n\t\t\t\t<\/div>\n\t\t\t\t<div class=\"partner_logo\"><a href=\"https:\/\/www.sielbleu.org\" target=\"_blank\" ><img loading=\"lazy\" decoding=\"async\" width=\"350\" height=\"350\" src=\"\/\/shamengo-vps1.tetedecom.pro\/wp-content\/uploads\/2023\/07\/Siel-Bleu-350x350.jpeg\" class=\"attachment-medium size-medium\" alt=\"\" srcset=\"\/\/shamengo-vps1.tetedecom.pro\/wp-content\/uploads\/2023\/07\/Siel-Bleu-350x350.jpeg 350w, \/\/shamengo-vps1.tetedecom.pro\/wp-content\/uploads\/2023\/07\/Siel-Bleu-150x150.jpeg 150w, \/\/shamengo-vps1.tetedecom.pro\/wp-content\/uploads\/2023\/07\/Siel-Bleu-144x144.jpeg 144w, \/\/shamengo-vps1.tetedecom.pro\/wp-content\/uploads\/2023\/07\/Siel-Bleu-300x300.jpeg 300w, \/\/shamengo-vps1.tetedecom.pro\/wp-content\/uploads\/2023\/07\/Siel-Bleu-100x100.jpeg 100w, \/\/shamengo-vps1.tetedecom.pro\/wp-content\/uploads\/2023\/07\/Siel-Bleu.jpeg 474w\" sizes=\"(max-width: 350px) 100vw, 350px\" \/><\/a><\/div>\n\t\t\t\t<div class=\"toolbox\"><\/div>\n\t\t\t<\/div>\n\t\t\t\n\t\t\t<div class=\"partner_item \">\n\t\t\t\t<div class=\"partner_infos\">\n\t\t\t\t\t<div class=\"partner_title\"><h3>Mur Tronic<\/h3><\/div>\n\t\t\t\t\t<div class=\"partner_content\"><p>Mur Tronic est une entreprise d\u00e9veloppant un proc\u00e9d\u00e9 innovant d&#8217;ass\u00e8chement qui\u00a0supprime d\u00e9finitivement et naturellement l\u2019origine des remont\u00e9es capillaires.<\/p>\n<\/div>\n\t\t\t\t<\/div>\n\t\t\t\t<div class=\"partner_logo\"><a href=\"https:\/\/www.mur-tronic.com\" target=\"_blank\" ><img loading=\"lazy\" decoding=\"async\" width=\"350\" height=\"234\" src=\"\/\/shamengo-vps1.tetedecom.pro\/wp-content\/uploads\/2023\/07\/Mur-Tronic-2023-350x234.jpg\" class=\"attachment-medium size-medium\" alt=\"\" srcset=\"\/\/shamengo-vps1.tetedecom.pro\/wp-content\/uploads\/2023\/07\/Mur-Tronic-2023-350x234.jpg 350w, \/\/shamengo-vps1.tetedecom.pro\/wp-content\/uploads\/2023\/07\/Mur-Tronic-2023-768x513.jpg 768w, \/\/shamengo-vps1.tetedecom.pro\/wp-content\/uploads\/2023\/07\/Mur-Tronic-2023-216x144.jpg 216w, \/\/shamengo-vps1.tetedecom.pro\/wp-content\/uploads\/2023\/07\/Mur-Tronic-2023-600x401.jpg 600w, \/\/shamengo-vps1.tetedecom.pro\/wp-content\/uploads\/2023\/07\/Mur-Tronic-2023.jpg 886w\" sizes=\"(max-width: 350px) 100vw, 350px\" \/><\/a><\/div>\n\t\t\t\t<div class=\"toolbox\"><\/div>\n\t\t\t<\/div>\n\t\t\t\n\t\t\t<div class=\"partner_item \">\n\t\t\t\t<div class=\"partner_infos\">\n\t\t\t\t\t<div class=\"partner_title\"><h3>Minealithe<\/h3><\/div>\n\t\t\t\t\t<div class=\"partner_content\"><p>Ce laboratoire priv\u00e9 de R&amp;D,\u00a0fond\u00e9 en mars 2005 par Fran\u00e7ois WAENDENDRIES<br \/>\net le Dr Fabrice\u00a0VISOCEKAS d\u00e9veloppe une<strong> nouvelle g\u00e9n\u00e9ration de liant min\u00e9ral, <\/strong>issue de la\u00a0<strong>chimie douce permettant de fabriquer des mat\u00e9riaux\/min\u00e9raux solides \u00e0 froid !<\/strong><\/p>\n<p>&nbsp;<\/p>\n<\/div>\n\t\t\t\t<\/div>\n\t\t\t\t<div class=\"partner_logo\"><a href=\"https:\/\/aneist.com\/people\/minealithe\/\" target=\"_blank\" ><img loading=\"lazy\" decoding=\"async\" width=\"350\" height=\"72\" src=\"\/\/shamengo-vps1.tetedecom.pro\/wp-content\/uploads\/2023\/07\/Minealithe-350x72.jpeg\" class=\"attachment-medium size-medium\" alt=\"\" srcset=\"\/\/shamengo-vps1.tetedecom.pro\/wp-content\/uploads\/2023\/07\/Minealithe-350x72.jpeg 350w, \/\/shamengo-vps1.tetedecom.pro\/wp-content\/uploads\/2023\/07\/Minealithe-256x52.jpeg 256w, \/\/shamengo-vps1.tetedecom.pro\/wp-content\/uploads\/2023\/07\/Minealithe.jpeg 474w\" sizes=\"(max-width: 350px) 100vw, 350px\" \/><\/a><\/div>\n\t\t\t\t<div class=\"toolbox\"><\/div>\n\t\t\t<\/div>\n\t\t\t\n\t\t\t<div class=\"partner_item \">\n\t\t\t\t<div class=\"partner_infos\">\n\t\t\t\t\t<div class=\"partner_title\"><h3>PGS<\/h3><\/div>\n\t\t\t\t\t<div class=\"partner_content\"><p>PGS Group est leader fran\u00e7ais de la production, du reconditionnement et de la location de palettes. PGS est \u00e9galement acteur du d\u00e9veloppement durable de ce secteur.<\/p>\n<\/div>\n\t\t\t\t<\/div>\n\t\t\t\t<div class=\"partner_logo\"><a href=\"https:\/\/www.pgsgroup.com\/en\/\" target=\"_blank\" ><img loading=\"lazy\" decoding=\"async\" width=\"350\" height=\"346\" src=\"\/\/shamengo-vps1.tetedecom.pro\/wp-content\/uploads\/2022\/11\/PGS-groupe-350x346.jpeg\" class=\"attachment-medium size-medium\" alt=\"\" srcset=\"\/\/shamengo-vps1.tetedecom.pro\/wp-content\/uploads\/2022\/11\/PGS-groupe-350x346.jpeg 350w, \/\/shamengo-vps1.tetedecom.pro\/wp-content\/uploads\/2022\/11\/PGS-groupe-146x144.jpeg 146w, \/\/shamengo-vps1.tetedecom.pro\/wp-content\/uploads\/2022\/11\/PGS-groupe-100x100.jpeg 100w, \/\/shamengo-vps1.tetedecom.pro\/wp-content\/uploads\/2022\/11\/PGS-groupe.jpeg 474w\" sizes=\"(max-width: 350px) 100vw, 350px\" \/><\/a><\/div>\n\t\t\t\t<div class=\"toolbox\"><\/div>\n\t\t\t<\/div>\n\t\t\t<\/div><div class=\"vc_so_partner_row\">\n\t\t\t<div class=\"partner_item \">\n\t\t\t\t<div class=\"partner_infos\">\n\t\t\t\t\t<div class=\"partner_title\"><h3>Polyter<\/h3><\/div>\n\t\t\t\t\t<div class=\"partner_content\"><p>Polyter est une entreprise qui d\u00e9veloppe et commercialise la technologie innovante, Polyter, un hydro-r\u00e9tenteur, fertilisant et naturellement d\u00e9gradable. Une entreprise majeure dans la r\u00e9g\u00e9n\u00e9ration de nos sols.<\/p>\n<\/div>\n\t\t\t\t<\/div>\n\t\t\t\t<div class=\"partner_logo\"><a href=\"http:\/\/www.polyter.org\" target=\"_blank\" ><img loading=\"lazy\" decoding=\"async\" width=\"300\" height=\"72\" src=\"\/\/shamengo-vps1.tetedecom.pro\/wp-content\/uploads\/2022\/11\/logo-polyter-300x72-1.png\" class=\"attachment-medium size-medium\" alt=\"\" srcset=\"\/\/shamengo-vps1.tetedecom.pro\/wp-content\/uploads\/2022\/11\/logo-polyter-300x72-1.png 300w, \/\/shamengo-vps1.tetedecom.pro\/wp-content\/uploads\/2022\/11\/logo-polyter-300x72-1-256x61.png 256w\" sizes=\"(max-width: 300px) 100vw, 300px\" \/><\/a><\/div>\n\t\t\t\t<div class=\"toolbox\"><\/div>\n\t\t\t<\/div>\n\t\t\t\n\t\t\t<div class=\"partner_item \">\n\t\t\t\t<div class=\"partner_infos\">\n\t\t\t\t\t<div class=\"partner_title\"><h3>Ecomicro<\/h3><\/div>\n\t\t\t\t\t<div class=\"partner_content\"><p>EcoMicro\u00a0bas\u00e9 \u00e0 Saint-Loub\u00e8s, pr\u00e8s de Bordeaux (Gironde)\u00a0<a href=\"https:\/\/www.ecomicro.fr\/collecte\/\">collecte<\/a>, <a href=\"https:\/\/www.ecomicro.fr\/reconditionnement\/\">reconditionne<\/a> et <a href=\"https:\/\/www.ecomicro.fr\/recyclage\/\">recycle<\/a> les D3E des entreprises publiques et priv\u00e9es. Cette entreprise\u00a0participe au d\u00e9veloppement d\u2019une \u00e9conomie circulaire, cr\u00e9atrice d\u2019emplois locaux et profitable \u00e0 l\u2019environnement.<\/p>\n<p>&nbsp;<\/p>\n<\/div>\n\t\t\t\t<\/div>\n\t\t\t\t<div class=\"partner_logo\"><a href=\"https:\/\/www.ecomicro.fr\" target=\"_blank\" ><img loading=\"lazy\" decoding=\"async\" width=\"340\" height=\"172\" src=\"\/\/shamengo-vps1.tetedecom.pro\/wp-content\/uploads\/2022\/11\/ecomicro-logo-site-2.png\" class=\"attachment-medium size-medium\" alt=\"\" srcset=\"\/\/shamengo-vps1.tetedecom.pro\/wp-content\/uploads\/2022\/11\/ecomicro-logo-site-2.png 340w, \/\/shamengo-vps1.tetedecom.pro\/wp-content\/uploads\/2022\/11\/ecomicro-logo-site-2-256x130.png 256w\" sizes=\"(max-width: 340px) 100vw, 340px\" \/><\/a><\/div>\n\t\t\t\t<div class=\"toolbox\"><\/div>\n\t\t\t<\/div>\n\t\t\t\n\t\t\t<div class=\"partner_item \">\n\t\t\t\t<div class=\"partner_infos\">\n\t\t\t\t\t<div class=\"partner_title\"><h3>Novamont\u200b<\/h3><\/div>\n\t\t\t\t\t<div class=\"partner_content\"><div class=\"page\" title=\"Page 3\">\n<div class=\"section\">\n<div class=\"layoutArea\">\n<div class=\"column\">\n<p>La socie\u0301te\u0301 Novamont est leader dans le secteur des produits bioplastiques issus de la biochimie. Elle promeut un nouveau mode\u0300le de bioe\u0301conomie dans la logique d\u2019une e\u0301conomie circulaire non seulement base\u0301e sur l\u2019efficacite\u0301 et l\u2019utilisation durable de ressources renouvelables, mais aussi en tant que facteur pour la revitalisation territoriale.<\/p>\n<\/div>\n<\/div>\n<\/div>\n<\/div>\n<\/div>\n\t\t\t\t<\/div>\n\t\t\t\t<div class=\"partner_logo\"><a href=\"http:\/\/france.novamont.com\/\u200b\" target=\"_blank\" ><img loading=\"lazy\" decoding=\"async\" width=\"261\" height=\"54\" src=\"\/\/shamengo-vps1.tetedecom.pro\/wp-content\/uploads\/2018\/06\/logo-Novamont.jpg\" class=\"attachment-medium size-medium\" alt=\"\" \/><\/a><\/div>\n\t\t\t\t<div class=\"toolbox\"><\/div>\n\t\t\t<\/div>\n\t\t\t<\/div><\/div>\n\n\t\t<\/div>\n\t\t[\/vc_column][\/vc_row][\/vc_section][vc_section full_width=&#8221;stretch_row&#8221; css=&#8221;.vc_custom_1529357943633{background-color: #f7f7f7 !important;}&#8221; el_class=&#8221;grey-bg-header&#8221;][vc_row][vc_column][vc_column_text]<\/p>\n<h2 style=\"text-align: center;\">PARTENAIRES ENTREPRENEURS<\/h2>\n<p>[\/vc_column_text][\/vc_column][\/vc_row][\/vc_section][vc_section el_class=&#8221;partner_listing&#8221;][vc_row][vc_column]<style><\/style>\n\t\t<div id=\"vc_so_partner_list_621478\" class=\"vc_so_partner_list \">\n\n\t\t<div class=\"vc_so_partner_list_items\"><div class=\"vc_so_partner_row\">\n\t\t\t<div class=\"partner_item \">\n\t\t\t\t<div class=\"partner_infos\">\n\t\t\t\t\t<div class=\"partner_title\"><h3>Algo'Tech<\/h3><\/div>\n\t\t\t\t\t<div class=\"partner_content\"><div class=\"page\" title=\"Page 2\">\n<div class=\"section\">\n<div class=\"layoutArea\">\n<div class=\"column\">\n<p>Algo\u2019Tech place l\u2019innovation au c\u0153ur de ses pre\u0301occupations et propose des solutions toujours plus performantes et de plus en plus automatise\u0301es aux acteurs du ba\u0302timent et de l\u2019industrie. Cette entreprise a a\u0300 coeur de soutenir une transition nume\u0301rique responsable au sein de l&#8217;e\u0301conomie, ce qui correspond a\u0300 notre approche globale de la transition e\u0301cologique et e\u0301conomique de nos socie\u0301te\u0301s.<\/p>\n<\/div>\n<\/div>\n<\/div>\n<\/div>\n<\/div>\n\t\t\t\t<\/div>\n\t\t\t\t<div class=\"partner_logo\"><a href=\"https:\/\/www.algotech-informatique.com\" target=\"_blank\" ><img loading=\"lazy\" decoding=\"async\" width=\"350\" height=\"189\" src=\"\/\/shamengo-vps1.tetedecom.pro\/wp-content\/uploads\/2023\/07\/Algotech-350x189.jpeg\" class=\"attachment-medium size-medium\" alt=\"\" srcset=\"\/\/shamengo-vps1.tetedecom.pro\/wp-content\/uploads\/2023\/07\/Algotech-350x189.jpeg 350w, \/\/shamengo-vps1.tetedecom.pro\/wp-content\/uploads\/2023\/07\/Algotech-256x138.jpeg 256w, \/\/shamengo-vps1.tetedecom.pro\/wp-content\/uploads\/2023\/07\/Algotech.jpeg 474w\" sizes=\"(max-width: 350px) 100vw, 350px\" \/><\/a><\/div>\n\t\t\t\t<div class=\"toolbox\"><\/div>\n\t\t\t<\/div>\n\t\t\t\n\t\t\t<div class=\"partner_item \">\n\t\t\t\t<div class=\"partner_infos\">\n\t\t\t\t\t<div class=\"partner_title\"><h3>Exalt-You<\/h3><\/div>\n\t\t\t\t\t<div class=\"partner_content\"><p>Exalt-you est un cabinet de coachs engag\u00e9s dans la cr\u00e9ation de valeurs durables et sp\u00e9cialis\u00e9 dans le design organisationnel et l\u2019innovation manag\u00e9riale. Il est sp\u00e9cialis\u00e9 dans l&#8217;accompagnement au changement.<\/p>\n<\/div>\n\t\t\t\t<\/div>\n\t\t\t\t<div class=\"partner_logo\"><a href=\"https:\/\/exaltyou.com\" target=\"_blank\" ><img loading=\"lazy\" decoding=\"async\" width=\"200\" height=\"200\" src=\"\/\/shamengo-vps1.tetedecom.pro\/wp-content\/uploads\/2023\/07\/Exalt-You.jpeg\" class=\"attachment-medium size-medium\" alt=\"\" srcset=\"\/\/shamengo-vps1.tetedecom.pro\/wp-content\/uploads\/2023\/07\/Exalt-You.jpeg 200w, \/\/shamengo-vps1.tetedecom.pro\/wp-content\/uploads\/2023\/07\/Exalt-You-150x150.jpeg 150w, \/\/shamengo-vps1.tetedecom.pro\/wp-content\/uploads\/2023\/07\/Exalt-You-144x144.jpeg 144w, \/\/shamengo-vps1.tetedecom.pro\/wp-content\/uploads\/2023\/07\/Exalt-You-100x100.jpeg 100w\" sizes=\"(max-width: 200px) 100vw, 200px\" \/><\/a><\/div>\n\t\t\t\t<div class=\"toolbox\"><\/div>\n\t\t\t<\/div>\n\t\t\t\n\t\t\t<div class=\"partner_item \">\n\t\t\t\t<div class=\"partner_infos\">\n\t\t\t\t\t<div class=\"partner_title\"><h3>SIG France<\/h3><\/div>\n\t\t\t\t\t<div class=\"partner_content\"><p>SIG est le distributeur europ\u00e9en de solutions de solutions techniques pour les professionnels de l&#8217;am\u00e9nagement int\u00e9rieur, de l&#8217;isolation technique, de la ventilation et de l&#8217;efficacit\u00e9 \u00e9nerg\u00e9tique ainsi que des \u00e9quipements de protection et de s\u00e9curit\u00e9 du b\u00e2timent.<\/p>\n<\/div>\n\t\t\t\t<\/div>\n\t\t\t\t<div class=\"partner_logo\"><a href=\"https:\/\/sigplc-france.fr\" target=\"_blank\" ><img loading=\"lazy\" decoding=\"async\" width=\"350\" height=\"143\" src=\"\/\/shamengo-vps1.tetedecom.pro\/wp-content\/uploads\/2022\/11\/SIG-France--350x143.jpeg\" class=\"attachment-medium size-medium\" alt=\"\" srcset=\"\/\/shamengo-vps1.tetedecom.pro\/wp-content\/uploads\/2022\/11\/SIG-France--350x143.jpeg 350w, \/\/shamengo-vps1.tetedecom.pro\/wp-content\/uploads\/2022\/11\/SIG-France--1024x417.jpeg 1024w, \/\/shamengo-vps1.tetedecom.pro\/wp-content\/uploads\/2022\/11\/SIG-France--768x313.jpeg 768w, \/\/shamengo-vps1.tetedecom.pro\/wp-content\/uploads\/2022\/11\/SIG-France--1536x626.jpeg 1536w, \/\/shamengo-vps1.tetedecom.pro\/wp-content\/uploads\/2022\/11\/SIG-France--256x104.jpeg 256w, \/\/shamengo-vps1.tetedecom.pro\/wp-content\/uploads\/2022\/11\/SIG-France--600x244.jpeg 600w, \/\/shamengo-vps1.tetedecom.pro\/wp-content\/uploads\/2022\/11\/SIG-France-.jpeg 1618w\" sizes=\"(max-width: 350px) 100vw, 350px\" \/><\/a><\/div>\n\t\t\t\t<div class=\"toolbox\"><\/div>\n\t\t\t<\/div>\n\t\t\t\n\t\t\t<div class=\"partner_item \">\n\t\t\t\t<div class=\"partner_infos\">\n\t\t\t\t\t<div class=\"partner_title\"><h3>Groupe Aquitem<\/h3><\/div>\n\t\t\t\t\t<div class=\"partner_content\"><p>Cr\u00e9\u00e9e en 1987 par Agn\u00e8s PASSAULT et Philippe PASSAULT, Groupe Aquitem accompagne leurs clients\u00a0sur tout ce qui tourne autour de la DATA, des services Web et du Retail. Aquitem accompagne aussi sur les modalit\u00e9s de la sobri\u00e9t\u00e9 num\u00e9rique au sein des entreprises.<\/p>\n<\/div>\n\t\t\t\t<\/div>\n\t\t\t\t<div class=\"partner_logo\"><a href=\"https:\/\/www.groupe-aquitem.fr\" target=\"_blank\" ><img loading=\"lazy\" decoding=\"async\" width=\"300\" height=\"201\" src=\"\/\/shamengo-vps1.tetedecom.pro\/wp-content\/uploads\/2022\/03\/Aquitem.jpeg\" class=\"attachment-medium size-medium\" alt=\"\" srcset=\"\/\/shamengo-vps1.tetedecom.pro\/wp-content\/uploads\/2022\/03\/Aquitem.jpeg 300w, \/\/shamengo-vps1.tetedecom.pro\/wp-content\/uploads\/2022\/03\/Aquitem-215x144.jpeg 215w\" sizes=\"(max-width: 300px) 100vw, 300px\" \/><\/a><\/div>\n\t\t\t\t<div class=\"toolbox\"><\/div>\n\t\t\t<\/div>\n\t\t\t<\/div><div class=\"vc_so_partner_row\">\n\t\t\t<div class=\"partner_item \">\n\t\t\t\t<div class=\"partner_infos\">\n\t\t\t\t\t<div class=\"partner_title\"><h3>Silbo<\/h3><\/div>\n\t\t\t\t\t<div class=\"partner_content\"><p>Silbo, cabinet de conseil partenaire de Shamengo depuis 2015,\u00a0 met la communication au service de tous les acteurs du changement et de l&#8217;innovation !<\/p>\n<\/div>\n\t\t\t\t<\/div>\n\t\t\t\t<div class=\"partner_logo\"><a href=\"http:\/\/www.silbo.fr\/\" target=\"_blank\" ><img loading=\"lazy\" decoding=\"async\" width=\"350\" height=\"215\" src=\"\/\/shamengo-vps1.tetedecom.pro\/wp-content\/uploads\/2018\/05\/silbo_orange_FF6501_transparent-350x215.png\" class=\"attachment-medium size-medium\" alt=\"\" srcset=\"\/\/shamengo-vps1.tetedecom.pro\/wp-content\/uploads\/2018\/05\/silbo_orange_FF6501_transparent-350x215.png 350w, \/\/shamengo-vps1.tetedecom.pro\/wp-content\/uploads\/2018\/05\/silbo_orange_FF6501_transparent-768x472.png 768w, \/\/shamengo-vps1.tetedecom.pro\/wp-content\/uploads\/2018\/05\/silbo_orange_FF6501_transparent-234x144.png 234w, \/\/shamengo-vps1.tetedecom.pro\/wp-content\/uploads\/2018\/05\/silbo_orange_FF6501_transparent-600x369.png 600w, \/\/shamengo-vps1.tetedecom.pro\/wp-content\/uploads\/2018\/05\/silbo_orange_FF6501_transparent.png 814w\" sizes=\"(max-width: 350px) 100vw, 350px\" \/><\/a><\/div>\n\t\t\t\t<div class=\"toolbox\"><\/div>\n\t\t\t<\/div>\n\t\t\t<\/div><\/div>\n\n\t\t<\/div>\n\t\t[\/vc_column][\/vc_row][\/vc_section][vc_section full_width=&#8221;stretch_row&#8221; css=&#8221;.vc_custom_1529357943633{background-color: #f7f7f7 !important;}&#8221; el_class=&#8221;grey-bg-header&#8221;][vc_row][vc_column][vc_column_text]<\/p>\n<h2 style=\"text-align: center;\">PARTENAIRES P\u00c9DAGOGIQUES<\/h2>\n<p>[\/vc_column_text][\/vc_column][\/vc_row][\/vc_section][vc_section el_class=&#8221;partner_listing&#8221;][vc_row][vc_column]<style><\/style>\n\t\t<div id=\"vc_so_partner_list_503016\" class=\"vc_so_partner_list \">\n\n\t\t<div class=\"vc_so_partner_list_items\"><div class=\"vc_so_partner_row\">\n\t\t\t<div class=\"partner_item \">\n\t\t\t\t<div class=\"partner_infos\">\n\t\t\t\t\t<div class=\"partner_title\"><h3>HEC Montr\u00e9al<\/h3><\/div>\n\t\t\t\t\t<div class=\"partner_content\"><p>Misant sur son excellence en enseignement et en recherche, francophone, ouverte sur le monde et solidement implant\u00e9e dans la collectivit\u00e9 qu\u00e9b\u00e9coise, HEC\u00a0Montr\u00e9al forme des leaders en gestion qui contribuent de mani\u00e8re responsable au succ\u00e8s des organisations et au d\u00e9veloppement durable de la soci\u00e9t\u00e9.<\/p>\n<\/div>\n\t\t\t\t<\/div>\n\t\t\t\t<div class=\"partner_logo\"><a href=\"https:\/\/www.hec.ca\" target=\"_blank\" ><img loading=\"lazy\" decoding=\"async\" width=\"350\" height=\"350\" src=\"\/\/shamengo-vps1.tetedecom.pro\/wp-content\/uploads\/2023\/07\/HEC-Montreal-350x350.jpeg\" class=\"attachment-medium size-medium\" alt=\"\" srcset=\"\/\/shamengo-vps1.tetedecom.pro\/wp-content\/uploads\/2023\/07\/HEC-Montreal-350x350.jpeg 350w, \/\/shamengo-vps1.tetedecom.pro\/wp-content\/uploads\/2023\/07\/HEC-Montreal-150x150.jpeg 150w, \/\/shamengo-vps1.tetedecom.pro\/wp-content\/uploads\/2023\/07\/HEC-Montreal-144x144.jpeg 144w, \/\/shamengo-vps1.tetedecom.pro\/wp-content\/uploads\/2023\/07\/HEC-Montreal-300x300.jpeg 300w, \/\/shamengo-vps1.tetedecom.pro\/wp-content\/uploads\/2023\/07\/HEC-Montreal-100x100.jpeg 100w, \/\/shamengo-vps1.tetedecom.pro\/wp-content\/uploads\/2023\/07\/HEC-Montreal.jpeg 474w\" sizes=\"(max-width: 350px) 100vw, 350px\" \/><\/a><\/div>\n\t\t\t\t<div class=\"toolbox\"><\/div>\n\t\t\t<\/div>\n\t\t\t\n\t\t\t<div class=\"partner_item \">\n\t\t\t\t<div class=\"partner_infos\">\n\t\t\t\t\t<div class=\"partner_title\"><h3>Monarch Intelligence<\/h3><\/div>\n\t\t\t\t\t<div class=\"partner_content\"><p>Monarch Intelligence est une association qui f\u00e9d\u00e8re le monde \u00e9tudiant et celui des entreprises. Elle v\u00e9hicule des valeurs et des comp\u00e9tences autour de projets terrains li\u00e9s au d\u00e9veloppement durable et \u00e0 la responsabilit\u00e9 sociale des entreprises. L&#8217;association est un acc\u00e9l\u00e9rateur d&#8217;inclusion professionnelle dans le domaine de la transition \u00e9cologique.<\/p>\n<\/div>\n\t\t\t\t<\/div>\n\t\t\t\t<div class=\"partner_logo\"><a href=\"https:\/\/www.mymonarch.org\" target=\"_blank\" ><img loading=\"lazy\" decoding=\"async\" width=\"350\" height=\"309\" src=\"\/\/shamengo-vps1.tetedecom.pro\/wp-content\/uploads\/2023\/07\/Logo-MyMonarch-1536x1356-1-350x309.png\" class=\"attachment-medium size-medium\" alt=\"\" srcset=\"\/\/shamengo-vps1.tetedecom.pro\/wp-content\/uploads\/2023\/07\/Logo-MyMonarch-1536x1356-1-350x309.png 350w, \/\/shamengo-vps1.tetedecom.pro\/wp-content\/uploads\/2023\/07\/Logo-MyMonarch-1536x1356-1-1024x904.png 1024w, \/\/shamengo-vps1.tetedecom.pro\/wp-content\/uploads\/2023\/07\/Logo-MyMonarch-1536x1356-1-768x678.png 768w, \/\/shamengo-vps1.tetedecom.pro\/wp-content\/uploads\/2023\/07\/Logo-MyMonarch-1536x1356-1-163x144.png 163w, \/\/shamengo-vps1.tetedecom.pro\/wp-content\/uploads\/2023\/07\/Logo-MyMonarch-1536x1356-1-600x530.png 600w, \/\/shamengo-vps1.tetedecom.pro\/wp-content\/uploads\/2023\/07\/Logo-MyMonarch-1536x1356-1.png 1536w\" sizes=\"(max-width: 350px) 100vw, 350px\" \/><\/a><\/div>\n\t\t\t\t<div class=\"toolbox\"><\/div>\n\t\t\t<\/div>\n\t\t\t\n\t\t\t<div class=\"partner_item \">\n\t\t\t\t<div class=\"partner_infos\">\n\t\t\t\t\t<div class=\"partner_title\"><h3>TV5 Monde<\/h3><\/div>\n\t\t\t\t\t<div class=\"partner_content\"><div class=\"page\" title=\"Page 2\">\n<div class=\"section\">\n<div class=\"layoutArea\">\n<div class=\"column\">\n<p>Depuis les premie\u0300res diffusions des vide\u0301os de portraits, Shamengo me\u0300ne le plus long partenariat avec TV5 Monde en signant un contrat avec le de\u0301partement d&#8217;enseignement de la chai\u0302ne &#8220;Apprendre le franc\u0327ais&#8221;. C&#8217;est la ressource principale pe\u0301dagogique la plus appre\u0301cie\u0301e et la plus te\u0301le\u0301charge\u0301e et nous sommes fiers de pouvoir poursuivre ce partenariat pour continuer a\u0300 faire rayonner la francophonie et l&#8217;innovation durable a\u0300 travers le monde.<\/p>\n<\/div>\n<\/div>\n<\/div>\n<\/div>\n<\/div>\n\t\t\t\t<\/div>\n\t\t\t\t<div class=\"partner_logo\"><a href=\"\u200bwww.tv5monde.com\/\u200b\" target=\"_blank\" ><img loading=\"lazy\" decoding=\"async\" width=\"350\" height=\"184\" src=\"\/\/shamengo-vps1.tetedecom.pro\/wp-content\/uploads\/2018\/10\/4628002-logo-de-tv5-monde-opengraph_1200-4-350x184.jpeg\" class=\"attachment-medium size-medium\" alt=\"\" srcset=\"\/\/shamengo-vps1.tetedecom.pro\/wp-content\/uploads\/2018\/10\/4628002-logo-de-tv5-monde-opengraph_1200-4-350x184.jpeg 350w, \/\/shamengo-vps1.tetedecom.pro\/wp-content\/uploads\/2018\/10\/4628002-logo-de-tv5-monde-opengraph_1200-4-1024x538.jpeg 1024w, \/\/shamengo-vps1.tetedecom.pro\/wp-content\/uploads\/2018\/10\/4628002-logo-de-tv5-monde-opengraph_1200-4-768x403.jpeg 768w, \/\/shamengo-vps1.tetedecom.pro\/wp-content\/uploads\/2018\/10\/4628002-logo-de-tv5-monde-opengraph_1200-4-256x134.jpeg 256w, \/\/shamengo-vps1.tetedecom.pro\/wp-content\/uploads\/2018\/10\/4628002-logo-de-tv5-monde-opengraph_1200-4-600x315.jpeg 600w, \/\/shamengo-vps1.tetedecom.pro\/wp-content\/uploads\/2018\/10\/4628002-logo-de-tv5-monde-opengraph_1200-4.jpeg 1200w\" sizes=\"(max-width: 350px) 100vw, 350px\" \/><\/a><\/div>\n\t\t\t\t<div class=\"toolbox\"><\/div>\n\t\t\t<\/div>\n\t\t\t<\/div><\/div>\n\n\t\t<\/div>\n\t\t[\/vc_column][\/vc_row][\/vc_section]<\/p>\n","protected":false},"excerpt":{"rendered":"<p>[vc_section full_width=&#8221;stretch_row_content&#8221; el_class=&#8221;header-image-section&#8221; css=&#8221;.vc_custom_1536573989848{background-image: url(\/\/shamengo-vps1.tetedecom.pro\/wp-content\/uploads\/2018\/09\/Partenaires-villa-Shamengo.jpg?id=37884) !important;}&#8221;][\/vc_section][vc_section][vc_row el_id=&#8221;site-title&#8221;][vc_column][vc_column_text] LES PARTENAIRES FONDATEURS DE L&#8217;\u00c9COLE SHAMENGO Ils apportent leurs comp\u00e9tences, leur expertise ou leur innovation [\/vc_column_text][\/vc_column][\/vc_row][\/vc_section][vc_section full_width=&#8221;stretch_row&#8221; css=&#8221;.vc_custom_1529357943633{background-color: #f7f7f7 !important;}&#8221; el_class=&#8221;grey-bg-header&#8221;][vc_row][vc_column][vc_column_text] Qui sont les Partenaires Fondateurs ? &nbsp; Un Partenaire Fondateur, est une entit\u00e9 morale ou physique qui s\u2019implique dans la construction du monde de demain en partageant [&hellip;]<\/p>\n","protected":false},"author":12337,"featured_media":0,"parent":0,"menu_order":0,"comment_status":"closed","ping_status":"closed","template":"","meta":{"_acf_changed":false,"footnotes":""},"thematique":[],"class_list":["post-76161","page","type-page","status-publish","hentry"],"acf":{"top_page":false},"_links":{"self":[{"href":"https:\/\/shamengo-vps1.tetedecom.pro\/fr\/wp-json\/wp\/v2\/pages\/76161"}],"collection":[{"href":"https:\/\/shamengo-vps1.tetedecom.pro\/fr\/wp-json\/wp\/v2\/pages"}],"about":[{"href":"https:\/\/shamengo-vps1.tetedecom.pro\/fr\/wp-json\/wp\/v2\/types\/page"}],"author":[{"embeddable":true,"href":"https:\/\/shamengo-vps1.tetedecom.pro\/fr\/wp-json\/wp\/v2\/users\/12337"}],"replies":[{"embeddable":true,"href":"https:\/\/shamengo-vps1.tetedecom.pro\/fr\/wp-json\/wp\/v2\/comments?post=76161"}],"version-history":[{"count":9,"href":"https:\/\/shamengo-vps1.tetedecom.pro\/fr\/wp-json\/wp\/v2\/pages\/76161\/revisions"}],"predecessor-version":[{"id":88207,"href":"https:\/\/shamengo-vps1.tetedecom.pro\/fr\/wp-json\/wp\/v2\/pages\/76161\/revisions\/88207"}],"wp:attachment":[{"href":"https:\/\/shamengo-vps1.tetedecom.pro\/fr\/wp-json\/wp\/v2\/media?parent=76161"}],"wp:term":[{"taxonomy":"thematique","embeddable":true,"href":"https:\/\/shamengo-vps1.tetedecom.pro\/fr\/wp-json\/wp\/v2\/thematique?post=76161"}],"curies":[{"name":"wp","href":"https:\/\/api.w.org\/{rel}","templated":true}]}}