{"id":80618,"date":"2023-01-20T11:20:30","date_gmt":"2023-01-20T10:20:30","guid":{"rendered":"https:\/\/shamengo-vps1.tetedecom.pro\/?page_id=80618"},"modified":"2024-01-22T11:43:29","modified_gmt":"2024-01-22T10:43:29","slug":"les-chaines-tv","status":"publish","type":"page","link":"https:\/\/shamengo-vps1.tetedecom.pro\/fr\/les-chaines-tv\/","title":{"rendered":"Les cha\u00eenes TV"},"content":{"rendered":"<p>[vc_section full_width=&#8221;stretch_row_content&#8221; el_class=&#8221;header-image-section&#8221; css=&#8221;.vc_custom_1532454310136{background-image: url(\/\/shamengo-vps1.tetedecom.pro\/wp-content\/uploads\/2018\/04\/Laure-Meryam-Afrique-Sud.jpg?id=22030) !important;}&#8221;][vc_row][vc_column][smartslider3 slider=&#8221;16&#8243;][\/vc_column][\/vc_row][\/vc_section][vc_section][vc_row el_id=&#8221;site-title&#8221;][vc_column][vc_column_text]<\/p>\n<h1 style=\"text-align: center;\">LES CHAINES TV<\/h1>\n<p style=\"text-align: center;\">Une minute ou une heure devant vous ? Faites une pause inspirante !<\/p>\n<p>[\/vc_column_text][\/vc_column][\/vc_row][\/vc_section][vc_section el_id=&#8221;video_search_form&#8221;][vc_row][vc_column][vc_icon icon_fontawesome=&#8221;fas fa-search&#8221; color=&#8221;custom&#8221; size=&#8221;lg&#8221; align=&#8221;center&#8221; custom_color=&#8221;#666462&#8243; css=&#8221;.vc_custom_1655197355072{margin-bottom: 0px !important;}&#8221;][vc_column_text css=&#8221;.vc_custom_1655125292466{margin-bottom: 0px !important;}&#8221;]<\/p>\n<p style=\"text-align: center;\">Recherchez des vid\u00e9os parmi tout notre catalogue<\/p>\n<p>[\/vc_column_text][vc_column_text]\n\t<div class=\"page-content\">\n\t<form role=\"search\" method=\"get\" class=\"search-form\" action=\"https:\/\/shamengo-vps1.tetedecom.pro\/fr\/\">\n\t<label>\n\t<span class=\"screen-reader-text\">Rechercher&nbsp;:<\/span>\n\t<input type=\"search\" class=\"search-field\" placeholder=\"Rechercher\u2026\" value=\"\" name=\"s\" autocomplete=\"off\">\n\t<input type=\"hidden\" name=\"s_type\" value=\"video\">\n\t<\/label>\n\t<input type=\"submit\" class=\"search-submit\" value=\"Rechercher\">\n\t<\/div>\n\t<\/form>[\/vc_column_text][\/vc_column][\/vc_row][\/vc_section][vc_section][vc_row][vc_column]\n\t\t<div id=\"vc_so_top_video_360755\" class=\"vc_so_top_video  \">\n\n\t\t<div class=\"section_infos\">\n\t\t<div class=\"section_title\"><h2>\u00c0 la une<\/h2><\/div>\n\t\t<\/div>\n\n\t\t<div id=\"top_video_player\"><iframe loading=\"lazy\" width=\"780\" height=\"439\" src=\"\/\/shamengo.streameo.tv\/iframeplayer?id_prod=853&lang=fr&id_app=186&ec_w=100%&ec_aspectratio=16:9&ec_autoplay=false&mode=embed\" frameborder=\"0\" style=\"overflow: hidden\" allowfullscreen><\/iframe><\/div>\n\n\t\t<div id=\"top_video_infos\">\n\t\t<a href=\"https:\/\/shamengo-vps1.tetedecom.pro\/fr\/video\/nous-maintenons-les-capacites-physiques-malgre-lage-avance-le-handicap-ou-la-maladie-chronique\/\">\n\t\t<div id=\"top_video_subtite\" style=\"color:#25bced\">Jean Daniel Muller et Jean Michel Ricard<\/div>\n\t\t<h2 id=\"top_video_title\">Pratiquez avec nous l'activit\u00e9 physique adapt\u00e9e, le passeport sant\u00e9 du XXI\u00e8me si\u00e8cle\u00a0!<\/h2>\n\t\t<div id=\"top_video_description\"><p>NOUVEAUX PIONNIERS: Jean Daniel MULLER &amp; Jean Michel RICARD &#8211; Furdenheim, France<\/p>\n<\/div>\n\t\t<\/a>\n\t\t<\/div>\n\n\t\t<\/div>\n\t\t[vc_separator][\/vc_column][\/vc_row][\/vc_section][vc_section][vc_row disable_element=&#8221;yes&#8221;][vc_column]<style type=\"text\/css\"><\/style>\n\n\t\t<div id=\"vc_so_video_list_channel_923416\" class=\"vc_so_video_list_channel  \" data-elem-id=\"923416\" data-nb_videos_per_slide=\"5\">\n\n\t\t<div class=\"section_infos\">\n\t\t<div class=\"section_title\"><h2>Nos derni\u00e8res vid\u00e9os<\/h2><\/div>\n\t\t<div class=\"section_link\"><a href=\"https:\/\/shamengo-vps1.tetedecom.pro\/fr\/chaine-tv-toutes-nos-dernieres-videos\/\" target=\"\">VOIR TOUTES LES VID\u00c9OS<\/a><\/div>\n\t\t\n\n\t\t<\/div>\n\n\t\t<div class=\"section_videos\" style=\"display:flex;\">\n\t\t<a href=\"https:\/\/shamengo-vps1.tetedecom.pro\/fr\/chaine-tv-nos-dernieres-videos\/?video_id=90403\" class=\"video-item\" style=\"opacity:0;visibility:hidden;\"><div class=\"visual_container\"><div class=\"thumb_container\"><div style=\"background-image:url(\/\/shamengo-vps1.tetedecom.pro\/wp-content\/uploads\/2024\/03\/Evenement-Region-24-Janvier-2024-192x144.jpg)\"><\/div><\/div><div class=\"thumb_overlay_container\"><div class=\"video-tag\">Ev\u00e8nement<\/div><\/div><\/div><div class=\"infos_container\"><div class=\"video_title\">\u00c0 la d\u00e9couverte des innovations durables pour \u00e9co-r\u00e9nover le foncier de la Nouvelle-Aquitaine<\/div><\/div><\/a><a href=\"https:\/\/shamengo-vps1.tetedecom.pro\/fr\/chaine-tv-nos-dernieres-videos\/?video_id=87371\" class=\"video-item\" style=\"opacity:0;visibility:hidden;\"><div class=\"visual_container\"><div class=\"thumb_container\"><div style=\"background-image:url(\/\/shamengo-vps1.tetedecom.pro\/wp-content\/uploads\/2019\/03\/video-default-thumb.jpg)\"><\/div><\/div><div class=\"thumb_overlay_container\"><div class=\"video-tag\">Ev\u00e8nement<\/div><\/div><\/div><div class=\"infos_container\"><div class=\"video_title\">Video of eco-delegates from High School Fran\u00e7ois Mauriac<\/div><\/div><\/a><a href=\"https:\/\/shamengo-vps1.tetedecom.pro\/fr\/chaine-tv-nos-dernieres-videos\/?video_id=87271\" class=\"video-item\" style=\"opacity:0;visibility:hidden;\"><div class=\"visual_container\"><div class=\"thumb_container\"><div style=\"background-image:url(\/\/shamengo-vps1.tetedecom.pro\/wp-content\/uploads\/2019\/03\/video-default-thumb.jpg)\"><\/div><\/div><div class=\"thumb_overlay_container\"><div class=\"video-tag\">Reportage<\/div><div class=\"video-duration\">48:30<\/div><\/div><\/div><div class=\"infos_container\"><div class=\"video_title\">#1 Se nourrir Partie 1<\/div><\/div><\/a><a href=\"https:\/\/shamengo-vps1.tetedecom.pro\/fr\/chaine-tv-nos-dernieres-videos\/?video_id=86464\" class=\"video-item\" style=\"opacity:0;visibility:hidden;\"><div class=\"visual_container\"><div class=\"thumb_container\"><div style=\"background-image:url(\/\/shamengo-vps1.tetedecom.pro\/wp-content\/uploads\/2019\/03\/video-default-thumb.jpg)\"><\/div><\/div><div class=\"thumb_overlay_container\"><div class=\"video-tag\">Reportage<\/div><div class=\"video-duration\">02:29<\/div><\/div><\/div><div class=\"infos_container\"><div class=\"video_title\">Philippe Ouaki Di Giorno - Skyverde<\/div><\/div><\/a><a href=\"https:\/\/shamengo-vps1.tetedecom.pro\/fr\/chaine-tv-nos-dernieres-videos\/?video_id=86382\" class=\"video-item\" style=\"opacity:0;visibility:hidden;\"><div class=\"visual_container\"><div class=\"thumb_container\"><div style=\"background-image:url(\/\/shamengo-vps1.tetedecom.pro\/wp-content\/uploads\/2023\/09\/Vignette-Les-Jeux-Barjos-256x144.png)\"><\/div><\/div><div class=\"thumb_overlay_container\"><\/div><\/div><div class=\"infos_container\"><div class=\"video_title\">Les Jeux Barjos<\/div><\/div><\/a><a href=\"https:\/\/shamengo-vps1.tetedecom.pro\/fr\/chaine-tv-nos-dernieres-videos\/?video_id=86341\" class=\"video-item\" style=\"opacity:0;visibility:hidden;\"><div class=\"visual_container\"><div class=\"thumb_container\"><div style=\"background-image:url(\/\/shamengo-vps1.tetedecom.pro\/wp-content\/uploads\/2023\/09\/Vignette-La-Planche-247x144.png)\"><\/div><\/div><div class=\"thumb_overlay_container\"><\/div><\/div><div class=\"infos_container\"><div class=\"video_title\">La planche<\/div><\/div><\/a><a href=\"https:\/\/shamengo-vps1.tetedecom.pro\/fr\/chaine-tv-nos-dernieres-videos\/?video_id=86338\" class=\"video-item\" style=\"opacity:0;visibility:hidden;\"><div class=\"visual_container\"><div class=\"thumb_container\"><div style=\"background-image:url(\/\/shamengo-vps1.tetedecom.pro\/wp-content\/uploads\/2023\/09\/Vignette-les-recoltants-234x144.png)\"><\/div><\/div><div class=\"thumb_overlay_container\"><\/div><\/div><div class=\"infos_container\"><div class=\"video_title\">Les R\u00e9coltants<\/div><\/div><\/a><a href=\"https:\/\/shamengo-vps1.tetedecom.pro\/fr\/chaine-tv-nos-dernieres-videos\/?video_id=86335\" class=\"video-item\" style=\"opacity:0;visibility:hidden;\"><div class=\"visual_container\"><div class=\"thumb_container\"><div style=\"background-image:url(\/\/shamengo-vps1.tetedecom.pro\/wp-content\/uploads\/2023\/09\/Vignette-Armoire-poethique-256x144.png)\"><\/div><\/div><div class=\"thumb_overlay_container\"><\/div><\/div><div class=\"infos_container\"><div class=\"video_title\">L'armoire po\u00e9tique<\/div><\/div><\/a><a href=\"https:\/\/shamengo-vps1.tetedecom.pro\/fr\/chaine-tv-nos-dernieres-videos\/?video_id=86332\" class=\"video-item\" style=\"opacity:0;visibility:hidden;\"><div class=\"visual_container\"><div class=\"thumb_container\"><div style=\"background-image:url(\/\/shamengo-vps1.tetedecom.pro\/wp-content\/uploads\/2023\/09\/Vignette-Wash-Bar-232x144.png)\"><\/div><\/div><div class=\"thumb_overlay_container\"><\/div><\/div><div class=\"infos_container\"><div class=\"video_title\">Wash Bar<\/div><\/div><\/a><a href=\"https:\/\/shamengo-vps1.tetedecom.pro\/fr\/chaine-tv-nos-dernieres-videos\/?video_id=86322\" class=\"video-item\" style=\"opacity:0;visibility:hidden;\"><div class=\"visual_container\"><div class=\"thumb_container\"><div style=\"background-image:url(\/\/shamengo-vps1.tetedecom.pro\/wp-content\/uploads\/2023\/09\/Capture-decran-2023-10-03-a-15.17.45-256x144.png)\"><\/div><\/div><div class=\"thumb_overlay_container\"><\/div><\/div><div class=\"infos_container\"><div class=\"video_title\">Lancement du chantier de la Maison \u00c9cole Shamengo !<\/div><\/div><\/a><a href=\"https:\/\/shamengo-vps1.tetedecom.pro\/fr\/chaine-tv-nos-dernieres-videos\/?video_id=86265\" class=\"video-item\" style=\"opacity:0;visibility:hidden;\"><div class=\"visual_container\"><div class=\"thumb_container\"><div style=\"background-image:url(\/\/shamengo-vps1.tetedecom.pro\/wp-content\/uploads\/2023\/09\/Image-16-6-JD-Muller-Ricard-256x144.png)\"><\/div><\/div><div class=\"thumb_overlay_container\"><div class=\"video-tag\">Portrait<\/div><div class=\"video-duration\">02:45<\/div><\/div><\/div><div class=\"infos_container\"><div class=\"video_extra_title\" style=\"color:#25bced\">Jean Daniel Muller et Jean Michel Ricard<\/div><div class=\"video_title\">Pratiquez avec nous l'activit\u00e9 physique adapt\u00e9e, le passeport sant\u00e9 du XXI\u00e8me si\u00e8cle\u00a0!<\/div><\/div><\/a><a href=\"https:\/\/shamengo-vps1.tetedecom.pro\/fr\/chaine-tv-nos-dernieres-videos\/?video_id=84500\" class=\"video-item\" style=\"opacity:0;visibility:hidden;\"><div class=\"visual_container\"><div class=\"thumb_container\"><div style=\"background-image:url(\/\/shamengo-vps1.tetedecom.pro\/wp-content\/uploads\/2019\/03\/video-default-thumb.jpg)\"><\/div><\/div><div class=\"thumb_overlay_container\"><\/div><\/div><div class=\"infos_container\"><div class=\"video_title\">Pr\u00e9sentation des \u00e9co-d\u00e9l\u00e9gu\u00e9s du module Se loger<\/div><\/div><\/a><a href=\"https:\/\/shamengo-vps1.tetedecom.pro\/fr\/chaine-tv-nos-dernieres-videos\/?video_id=84497\" class=\"video-item\" style=\"opacity:0;visibility:hidden;\"><div class=\"visual_container\"><div class=\"thumb_container\"><div style=\"background-image:url(\/\/shamengo-vps1.tetedecom.pro\/wp-content\/uploads\/2023\/05\/Booster-son-ecocitoyennete-couverture-256x144.jpg)\"><\/div><\/div><div class=\"thumb_overlay_container\"><\/div><\/div><div class=\"infos_container\"><div class=\"video_title\">Booster son \u00e9cocitoyennet\u00e9 \u00e0 travers 8 activit\u00e9s de la vie quotidienne<\/div><\/div><\/a><a href=\"https:\/\/shamengo-vps1.tetedecom.pro\/fr\/chaine-tv-nos-dernieres-videos\/?video_id=84484\" class=\"video-item\" style=\"opacity:0;visibility:hidden;\"><div class=\"visual_container\"><div class=\"thumb_container\"><div style=\"background-image:url(\/\/shamengo-vps1.tetedecom.pro\/wp-content\/uploads\/2019\/03\/video-default-thumb.jpg)\"><\/div><\/div><div class=\"thumb_overlay_container\"><div class=\"video-duration\">27:45<\/div><\/div><\/div><div class=\"infos_container\"><div class=\"video_title\">#2 Se loger Partie 2: Habiter durablement le monde<\/div><\/div><\/a><a href=\"https:\/\/shamengo-vps1.tetedecom.pro\/fr\/chaine-tv-nos-dernieres-videos\/?video_id=84482\" class=\"video-item\" style=\"opacity:0;visibility:hidden;\"><div class=\"visual_container\"><div class=\"thumb_container\"><div style=\"background-image:url(\/\/shamengo-vps1.tetedecom.pro\/wp-content\/uploads\/2019\/03\/video-default-thumb.jpg)\"><\/div><\/div><div class=\"thumb_overlay_container\"><div class=\"video-duration\">24:27<\/div><\/div><\/div><div class=\"infos_container\"><div class=\"video_title\">#2 Se loger Partie 1 : Un monde en b\u00e9ton arm\u00e9<\/div><\/div><\/a>\n\t\t<\/div>\n\n\t\t<\/div>\n\t\t[\/vc_column][\/vc_row][vc_row disable_element=&#8221;yes&#8221;][vc_column][vc_separator]<style type=\"text\/css\"><\/style>\n\n\t\t<div id=\"vc_so_video_list_channel_571244\" class=\"vc_so_video_list_channel  \" data-elem-id=\"571244\" data-nb_videos_per_slide=\"5\">\n\n\t\t<div class=\"section_infos\">\n\t\t<div class=\"section_title\"><h2>Le pourquoi du comment<\/h2><\/div>\n\t\t<div class=\"section_link\"><a href=\"https:\/\/shamengo-vps1.tetedecom.pro\/fr\/chaine-tv-le-pourquoi-du-comment\/\" target=\"\">TOUT REGARDER<\/a><\/div>\n\t\t<div class=\"section_description\">Les d\u00e9fis qui nous attendent. Touchez du doigt les raisons qui nous ont pouss\u00e9 \u00e0 lancer Shamengo. Mieux comprendre les probl\u00e8mes pour mieux plonger dans les solutions. Mieux comprendre les motivations de Shamengo pour mieux quitter le probl\u00e8me et rejoindre la solution !<\/div>\n\n\t\t<\/div>\n\n\t\t<div class=\"section_videos\" style=\"display:flex;\">\n\t\t\n\t\t<\/div>\n\n\t\t<\/div>\n\t\t[\/vc_column][\/vc_row][vc_row][vc_column][vc_separator]<style type=\"text\/css\"><\/style>\n\n\t\t<div id=\"vc_so_video_list_channel_988839\" class=\"vc_so_video_list_channel  \" data-elem-id=\"988839\" data-nb_videos_per_slide=\"5\">\n\n\t\t<div class=\"section_infos\">\n\t\t<div class=\"section_title\"><h2>Les Pionniers<\/h2><\/div>\n\t\t<div class=\"section_link\"><a href=\"https:\/\/shamengo-vps1.tetedecom.pro\/fr\/chaine-tv-les-pionniers\/\" target=\"\">TOUT REGARDER<\/a><\/div>\n\t\t<div class=\"section_description\">Faite le tour du monde du meilleur de l\u2019innovation verte, sociale et digitale \u00e0 travers l\u2019histoire de ces entrepreneurs d\u2019exception, appel\u00e9s les Pionniers Shamengo.<\/div>\n\n\t\t<\/div>\n\n\t\t<div class=\"section_videos\" style=\"display:flex;\">\n\t\t<a href=\"https:\/\/shamengo-vps1.tetedecom.pro\/fr\/chaine-tv-les-pionniers\/?video_id=86265\" class=\"video-item\" style=\"opacity:0;visibility:hidden;\"><div class=\"visual_container\"><div class=\"thumb_container\"><div style=\"background-image:url(\/\/shamengo-vps1.tetedecom.pro\/wp-content\/uploads\/2023\/09\/Image-16-6-JD-Muller-Ricard-256x144.png)\"><\/div><\/div><div class=\"thumb_overlay_container\"><div class=\"video-tag\">Portrait<\/div><div class=\"video-duration\">02:45<\/div><\/div><\/div><div class=\"infos_container\"><div class=\"video_extra_title\" style=\"color:#25bced\">Jean Daniel Muller et Jean Michel Ricard<\/div><div class=\"video_title\">Pratiquez avec nous l'activit\u00e9 physique adapt\u00e9e, le passeport sant\u00e9 du XXI\u00e8me si\u00e8cle\u00a0!<\/div><\/div><\/a><a href=\"https:\/\/shamengo-vps1.tetedecom.pro\/fr\/chaine-tv-les-pionniers\/?video_id=82241\" class=\"video-item\" style=\"opacity:0;visibility:hidden;\"><div class=\"visual_container\"><div class=\"thumb_container\"><div style=\"background-image:url(\/\/shamengo-vps1.tetedecom.pro\/wp-content\/uploads\/2023\/03\/Olivier-Joffre-GP-234x144.png)\"><\/div><\/div><div class=\"thumb_overlay_container\"><div class=\"video-tag\">Portrait<\/div><div class=\"video-duration\">02:43<\/div><\/div><\/div><div class=\"infos_container\"><div class=\"video_extra_title\" style=\"color:#95c030\">Olivier Joffre<\/div><div class=\"video_title\">Je bloque naturellement vos remont\u00e9es capillaires<\/div><\/div><\/a><a href=\"https:\/\/shamengo-vps1.tetedecom.pro\/fr\/chaine-tv-les-pionniers\/?video_id=80190\" class=\"video-item\" style=\"opacity:0;visibility:hidden;\"><div class=\"visual_container\"><div class=\"thumb_container\"><div style=\"background-image:url(\/\/shamengo-vps1.tetedecom.pro\/wp-content\/uploads\/2023\/01\/Photo-Patrick-Blanc-pour-site-256x144.jpeg)\"><\/div><\/div><div class=\"thumb_overlay_container\"><div class=\"video-tag\">Portrait<\/div><div class=\"video-duration\">02:56<\/div><\/div><\/div><div class=\"infos_container\"><div class=\"video_extra_title\" style=\"color:#95c030\">Patrick Blanc<\/div><div class=\"video_title\">J'ai invent\u00e9 le mur v\u00e9g\u00e9tal<\/div><\/div><\/a><a href=\"https:\/\/shamengo-vps1.tetedecom.pro\/fr\/chaine-tv-les-pionniers\/?video_id=78963\" class=\"video-item\" style=\"opacity:0;visibility:hidden;\"><div class=\"visual_container\"><div class=\"thumb_container\"><div style=\"background-image:url(\/\/shamengo-vps1.tetedecom.pro\/wp-content\/uploads\/2022\/12\/Junior-Fritz-Jacquet-256x144.png)\"><\/div><\/div><div class=\"thumb_overlay_container\"><div class=\"video-tag\">Portrait<\/div><div class=\"video-duration\">02:31<\/div><\/div><\/div><div class=\"infos_container\"><div class=\"video_extra_title\" style=\"color:#25bced\">Junior Fritz Jacquet<\/div><div class=\"video_title\">Je sculpte du papier sulfuris\u00e9 en luminaire<\/div><\/div><\/a><a href=\"https:\/\/shamengo-vps1.tetedecom.pro\/fr\/chaine-tv-les-pionniers\/?video_id=78784\" class=\"video-item\" style=\"opacity:0;visibility:hidden;\"><div class=\"visual_container\"><div class=\"thumb_container\"><div style=\"background-image:url(\/\/shamengo-vps1.tetedecom.pro\/wp-content\/uploads\/2022\/12\/Nigel-Stanfield-Gros-plan-2-256x144.jpg)\"><\/div><\/div><div class=\"thumb_overlay_container\"><div class=\"video-tag\">Portrait<\/div><div class=\"video-duration\">02:32<\/div><\/div><\/div><div class=\"infos_container\"><div class=\"video_extra_title\" style=\"color:#cc096c\">Nigel Stansfield<\/div><div class=\"video_title\">Nigel Stanfield - Interface<\/div><\/div><\/a><a href=\"https:\/\/shamengo-vps1.tetedecom.pro\/fr\/chaine-tv-les-pionniers\/?video_id=73776\" class=\"video-item\" style=\"opacity:0;visibility:hidden;\"><div class=\"visual_container\"><div class=\"thumb_container\"><div style=\"background-image:url(\/\/shamengo-vps1.tetedecom.pro\/wp-content\/uploads\/2022\/06\/Michael-Roes-16_9-1-scaled-e1656348827841-256x93.jpg)\"><\/div><\/div><div class=\"thumb_overlay_container\"><div class=\"video-tag\">Portrait<\/div><div class=\"video-duration\">03:00<\/div><\/div><\/div><div class=\"infos_container\"><div class=\"video_extra_title\" style=\"color:#95c030\">Michael Roes<\/div><div class=\"video_title\">Je r\u00e9cup\u00e8re de l'urine pour faire de l'engrais<\/div><\/div><\/a><a href=\"https:\/\/shamengo-vps1.tetedecom.pro\/fr\/chaine-tv-les-pionniers\/?video_id=73505\" class=\"video-item\" style=\"opacity:0;visibility:hidden;\"><div class=\"visual_container\"><div class=\"thumb_container\"><div style=\"background-image:url(\/\/shamengo-vps1.tetedecom.pro\/wp-content\/uploads\/2022\/06\/photo-16-9-RondCarre-scaled-e1660740419124-256x92.jpg)\"><\/div><\/div><div class=\"thumb_overlay_container\"><div class=\"video-tag\">Portrait<\/div><div class=\"video-duration\">02:35<\/div><\/div><\/div><div class=\"infos_container\"><div class=\"video_extra_title\" style=\"color:#cc096c\">Cyrille Mazet Benoit Dervieux<\/div><div class=\"video_title\">La construction de vos escaliers devient un jeu d'enfant gr\u00e2ce \u00e0 nous<\/div><\/div><\/a><a href=\"https:\/\/shamengo-vps1.tetedecom.pro\/fr\/chaine-tv-les-pionniers\/?video_id=72086\" class=\"video-item\" style=\"opacity:0;visibility:hidden;\"><div class=\"visual_container\"><div class=\"thumb_container\"><div style=\"background-image:url(\/\/shamengo-vps1.tetedecom.pro\/wp-content\/uploads\/2022\/04\/Visuel-Servin-et-Cobb-16_9-plus-leger-1-e1650878456371-256x94.jpg)\"><\/div><\/div><div class=\"thumb_overlay_container\"><div class=\"video-duration\">02:46<\/div><\/div><\/div><div class=\"infos_container\"><div class=\"video_extra_title\" style=\"color:#95c030\">Paul Servin et Thomas Cobb<\/div><div class=\"video_title\">Vous allez faire d'\u00e9normes \u00e9conomies d'eau et de lessive avec notre machine \u00e0 laver<\/div><\/div><\/a><a href=\"https:\/\/shamengo-vps1.tetedecom.pro\/fr\/chaine-tv-les-pionniers\/?video_id=71813\" class=\"video-item\" style=\"opacity:0;visibility:hidden;\"><div class=\"visual_container\"><div class=\"thumb_container\"><div style=\"background-image:url(\/\/shamengo-vps1.tetedecom.pro\/wp-content\/uploads\/2022\/04\/Paul-Morey-16-9-2-scaled-e1649682436712-256x94.jpg)\"><\/div><\/div><div class=\"thumb_overlay_container\"><div class=\"video-tag\">Portrait<\/div><div class=\"video-duration\">02:36<\/div><\/div><\/div><div class=\"infos_container\"><div class=\"video_extra_title\" style=\"color:#cc096c\">Paul Morey<\/div><div class=\"video_title\">Mon radiateur s'inspire du soleil<\/div><\/div><\/a><a href=\"https:\/\/shamengo-vps1.tetedecom.pro\/fr\/chaine-tv-les-pionniers\/?video_id=71821\" class=\"video-item\" style=\"opacity:0;visibility:hidden;\"><div class=\"visual_container\"><div class=\"thumb_container\"><div style=\"background-image:url(\/\/shamengo-vps1.tetedecom.pro\/wp-content\/uploads\/2022\/04\/Paul-Morey-16-9-2-256x144.jpg)\"><\/div><\/div><div class=\"thumb_overlay_container\"><div class=\"video-tag\">Portrait<\/div><div class=\"video-duration\">02:36<\/div><\/div><\/div><div class=\"infos_container\"><div class=\"video_title\">Mon radiateur s'inspire du soleil<\/div><\/div><\/a><a href=\"https:\/\/shamengo-vps1.tetedecom.pro\/fr\/chaine-tv-les-pionniers\/?video_id=71516\" class=\"video-item\" style=\"opacity:0;visibility:hidden;\"><div class=\"visual_container\"><div class=\"thumb_container\"><div style=\"background-image:url(\/\/shamengo-vps1.tetedecom.pro\/wp-content\/uploads\/2022\/03\/Serge-Conesa-16-9-1-e1648822128588-256x93.jpg)\"><\/div><\/div><div class=\"thumb_overlay_container\"><div class=\"video-tag\">Portrait<\/div><div class=\"video-duration\">02:29<\/div><\/div><\/div><div class=\"infos_container\"><div class=\"video_extra_title\" style=\"color:#95c030\">Serge Conesa<\/div><div class=\"video_title\">Vos serveurs sont refroidis par mon huile<\/div><\/div><\/a><a href=\"https:\/\/shamengo-vps1.tetedecom.pro\/fr\/chaine-tv-les-pionniers\/?video_id=71448\" class=\"video-item\" style=\"opacity:0;visibility:hidden;\"><div class=\"visual_container\"><div class=\"thumb_container\"><div style=\"background-image:url(\/\/shamengo-vps1.tetedecom.pro\/wp-content\/uploads\/2022\/03\/Julien-Maranon-1-scaled-e1647941449109-256x94.jpg)\"><\/div><\/div><div class=\"thumb_overlay_container\"><div class=\"video-tag\">Portrait<\/div><div class=\"video-duration\">02:56<\/div><\/div><\/div><div class=\"infos_container\"><div class=\"video_extra_title\" style=\"color:#95c030\">Julien Maxime Maranon<\/div><div class=\"video_title\">Je recycle tous les d\u00e9chets \u00e9lectroniques en fin de vie<\/div><\/div><\/a><a href=\"https:\/\/shamengo-vps1.tetedecom.pro\/fr\/chaine-tv-les-pionniers\/?video_id=71189\" class=\"video-item\" style=\"opacity:0;visibility:hidden;\"><div class=\"visual_container\"><div class=\"thumb_container\"><div style=\"background-image:url(\/\/shamengo-vps1.tetedecom.pro\/wp-content\/uploads\/2022\/03\/Capture-decran-2022-03-08-a-07.38.27-e1646731365838-256x144.png)\"><\/div><\/div><div class=\"thumb_overlay_container\"><div class=\"video-tag\">Portrait<\/div><div class=\"video-duration\">02:37<\/div><\/div><\/div><div class=\"infos_container\"><div class=\"video_extra_title\" style=\"color:#95c030\">Cl\u00e9ment Houllier<\/div><div class=\"video_title\">Je lave votre verre en dix secondes \u00e0 la vapeur<\/div><\/div><\/a><a href=\"https:\/\/shamengo-vps1.tetedecom.pro\/fr\/chaine-tv-les-pionniers\/?video_id=70320\" class=\"video-item\" style=\"opacity:0;visibility:hidden;\"><div class=\"visual_container\"><div class=\"thumb_container\"><div style=\"background-image:url(\/\/shamengo-vps1.tetedecom.pro\/wp-content\/uploads\/2022\/02\/Joaquim_Hasch-256x142.png)\"><\/div><\/div><div class=\"thumb_overlay_container\"><div class=\"video-tag\">Portrait<\/div><div class=\"video-duration\">02:27<\/div><\/div><\/div><div class=\"infos_container\"><div class=\"video_extra_title\" style=\"color:#95c030\">Joaquim Hasch<\/div><div class=\"video_title\">J'ai mis au point un agglom\u00e9r\u00e9 100% biosourc\u00e9<\/div><\/div><\/a><a href=\"https:\/\/shamengo-vps1.tetedecom.pro\/fr\/chaine-tv-les-pionniers\/?video_id=70127\" class=\"video-item\" style=\"opacity:0;visibility:hidden;\"><div class=\"visual_container\"><div class=\"thumb_container\"><div style=\"background-image:url(\/\/shamengo-vps1.tetedecom.pro\/wp-content\/uploads\/2022\/02\/16-9-Kayli-Vee-Levitan-e1644317973336-256x110.png)\"><\/div><\/div><div class=\"thumb_overlay_container\"><div class=\"video-tag\">Portrait<\/div><div class=\"video-duration\">02:23<\/div><\/div><\/div><div class=\"infos_container\"><div class=\"video_extra_title\" style=\"color:#f19a2e\">Kayli Vee Levitan<\/div><div class=\"video_title\">Notre magasin de rue permet aux SDF de s'habiller gratuitement<\/div><\/div><\/a><a href=\"https:\/\/shamengo-vps1.tetedecom.pro\/fr\/chaine-tv-les-pionniers\/?video_id=68995\" class=\"video-item\" style=\"opacity:0;visibility:hidden;\"><div class=\"visual_container\"><div class=\"thumb_container\"><div style=\"background-image:url(\/\/shamengo-vps1.tetedecom.pro\/wp-content\/uploads\/2022\/01\/Photo-JL-Louvel-pour-site-SO-256x144.jpeg)\"><\/div><\/div><div class=\"thumb_overlay_container\"><div class=\"video-tag\">Portrait<\/div><div class=\"video-duration\">02:46<\/div><\/div><\/div><div class=\"infos_container\"><div class=\"video_extra_title\" style=\"color:#95c030\">Jean-Louis Louvel<\/div><div class=\"video_title\">L'\u00e9cologie est une valeur vis\u00e9e \u00e0 mes palettes<\/div><\/div><\/a><a href=\"https:\/\/shamengo-vps1.tetedecom.pro\/fr\/chaine-tv-les-pionniers\/?video_id=68966\" class=\"video-item\" style=\"opacity:0;visibility:hidden;\"><div class=\"visual_container\"><div class=\"thumb_container\"><div style=\"background-image:url(\/\/shamengo-vps1.tetedecom.pro\/wp-content\/uploads\/2022\/01\/Photo-Ulysse-16_9-pour-site-SO-e1641377576831-256x94.jpg)\"><\/div><\/div><div class=\"thumb_overlay_container\"><div class=\"video-tag\">Portrait<\/div><div class=\"video-duration\">02:25<\/div><\/div><\/div><div class=\"infos_container\"><div class=\"video_extra_title\" style=\"color:#95c030\">Ulysse Hellouin<\/div><div class=\"video_title\">Nous fabriquons des mat\u00e9riaux avec les biod\u00e9chets urbains<\/div><\/div><\/a><a href=\"https:\/\/shamengo-vps1.tetedecom.pro\/fr\/chaine-tv-les-pionniers\/?video_id=65146\" class=\"video-item\" style=\"opacity:0;visibility:hidden;\"><div class=\"visual_container\"><div class=\"thumb_container\"><div style=\"background-image:url(\/\/shamengo-vps1.tetedecom.pro\/wp-content\/uploads\/2021\/09\/unnamed-1-1-256x144.png)\"><\/div><\/div><div class=\"thumb_overlay_container\"><div class=\"video-tag\">Portrait<\/div><div class=\"video-duration\">02:22<\/div><\/div><\/div><div class=\"infos_container\"><div class=\"video_extra_title\" style=\"color:#f19a2e\">Ole Kassow<\/div><div class=\"video_title\">Je prom\u00e8ne les personnes \u00e2g\u00e9es sur des rickshaws<\/div><\/div><\/a><a href=\"https:\/\/shamengo-vps1.tetedecom.pro\/fr\/chaine-tv-les-pionniers\/?video_id=65135\" class=\"video-item\" style=\"opacity:0;visibility:hidden;\"><div class=\"visual_container\"><div class=\"thumb_container\"><div style=\"background-image:url(\/\/shamengo-vps1.tetedecom.pro\/wp-content\/uploads\/2021\/09\/unnamed-3-256x144.jpg)\"><\/div><\/div><div class=\"thumb_overlay_container\"><div class=\"video-tag\">Portrait<\/div><div class=\"video-duration\">01:57<\/div><\/div><\/div><div class=\"infos_container\"><div class=\"video_extra_title\" style=\"color:#cc096c\">Janos Terbe<\/div><div class=\"video_title\">Mes meubles font un carton !<\/div><\/div><\/a><a href=\"https:\/\/shamengo-vps1.tetedecom.pro\/fr\/chaine-tv-les-pionniers\/?video_id=62415\" class=\"video-item\" style=\"opacity:0;visibility:hidden;\"><div class=\"visual_container\"><div class=\"thumb_container\"><div style=\"background-image:url(\/\/shamengo-vps1.tetedecom.pro\/wp-content\/uploads\/2021\/07\/OLIKROM-VIDEO-256x94.jpg)\"><\/div><\/div><div class=\"thumb_overlay_container\"><div class=\"video-tag\">Portrait<\/div><div class=\"video-duration\">02:38<\/div><\/div><\/div><div class=\"infos_container\"><div class=\"video_extra_title\" style=\"color:#95c030\">Jean-Fran\u00e7ois L\u00e9tard<\/div><div class=\"video_title\">Ma peinture fait briller le soleil jusqu\u2019au bout de la nuit<\/div><\/div><\/a><a href=\"https:\/\/shamengo-vps1.tetedecom.pro\/fr\/chaine-tv-les-pionniers\/?video_id=62403\" class=\"video-item\" style=\"opacity:0;visibility:hidden;\"><div class=\"visual_container\"><div class=\"thumb_container\"><div style=\"background-image:url(\/\/shamengo-vps1.tetedecom.pro\/wp-content\/uploads\/2021\/07\/wanderdries-video-256x94.jpg)\"><\/div><\/div><div class=\"thumb_overlay_container\"><div class=\"video-tag\">Portrait<\/div><div class=\"video-duration\">02:55<\/div><\/div><\/div><div class=\"infos_container\"><div class=\"video_extra_title\" style=\"color:#95c030\">Fran\u00e7ois Waendendries<\/div><div class=\"video_title\">Mon liant permet de fabriquer des pierres \u00e0 froid, comme dans la nature<\/div><\/div><\/a><a href=\"https:\/\/shamengo-vps1.tetedecom.pro\/fr\/chaine-tv-les-pionniers\/?video_id=62391\" class=\"video-item\" style=\"opacity:0;visibility:hidden;\"><div class=\"visual_container\"><div class=\"thumb_container\"><div style=\"background-image:url(\/\/shamengo-vps1.tetedecom.pro\/wp-content\/uploads\/2021\/07\/CASUS-GRILL-VIDEO-256x94.jpg)\"><\/div><\/div><div class=\"thumb_overlay_container\"><div class=\"video-tag\">Portrait<\/div><div class=\"video-duration\">02:21<\/div><\/div><\/div><div class=\"infos_container\"><div class=\"video_extra_title\" style=\"color:#cc096c\">Carsten Br\u00f8gger<\/div><div class=\"video_title\">J\u2019ai cr\u00e9\u00e9 le premier grill \u00e0 usage unique en carton biod\u00e9gradable<\/div><\/div><\/a><a href=\"https:\/\/shamengo-vps1.tetedecom.pro\/fr\/chaine-tv-les-pionniers\/?video_id=62383\" class=\"video-item\" style=\"opacity:0;visibility:hidden;\"><div class=\"visual_container\"><div class=\"thumb_container\"><div style=\"background-image:url(\/\/shamengo-vps1.tetedecom.pro\/wp-content\/uploads\/2021\/07\/TdB-gazelle-02-256x94.jpg)\"><\/div><\/div><div class=\"thumb_overlay_container\"><div class=\"video-tag\">Portrait<\/div><div class=\"video-duration\">02:29<\/div><\/div><\/div><div class=\"infos_container\"><div class=\"video_extra_title\" style=\"color:#cc096c\">Ga\u00ebl Lavaud<\/div><div class=\"video_title\">En all\u00e9geant son poids, ma voiture all\u00e8ge son empreinte carbone<\/div><\/div><\/a><a href=\"https:\/\/shamengo-vps1.tetedecom.pro\/fr\/chaine-tv-les-pionniers\/?video_id=62368\" class=\"video-item\" style=\"opacity:0;visibility:hidden;\"><div class=\"visual_container\"><div class=\"thumb_container\"><div style=\"background-image:url(\/\/shamengo-vps1.tetedecom.pro\/wp-content\/uploads\/2021\/07\/Video-port-de-la-lune-256x94.jpg)\"><\/div><\/div><div class=\"thumb_overlay_container\"><div class=\"video-tag\">Portrait<\/div><div class=\"video-duration\">02:18<\/div><\/div><\/div><div class=\"infos_container\"><div class=\"video_extra_title\" style=\"color:#25bced\">Laurent Bordes<\/div><div class=\"video_title\">Notre vin de garage bio est assembl\u00e9 dans un bunker<\/div><\/div><\/a><a href=\"https:\/\/shamengo-vps1.tetedecom.pro\/fr\/chaine-tv-les-pionniers\/?video_id=62112\" class=\"video-item\" style=\"opacity:0;visibility:hidden;\"><div class=\"visual_container\"><div class=\"thumb_container\"><div style=\"background-image:url(\/\/shamengo-vps1.tetedecom.pro\/wp-content\/uploads\/2021\/06\/50-nuances-de-vert-bandeau-256x94.jpg)\"><\/div><\/div><div class=\"thumb_overlay_container\"><div class=\"video-tag\">Reportage<\/div><div class=\"video-duration\">51:44<\/div><\/div><\/div><div class=\"infos_container\"><div class=\"video_title\">Bordeaux, 50 nuances de vert<\/div><\/div><\/a><a href=\"https:\/\/shamengo-vps1.tetedecom.pro\/fr\/chaine-tv-les-pionniers\/?video_id=60142\" class=\"video-item\" style=\"opacity:0;visibility:hidden;\"><div class=\"visual_container\"><div class=\"thumb_container\"><div style=\"background-image:url(\/\/shamengo-vps1.tetedecom.pro\/wp-content\/uploads\/2021\/03\/Tony-Toniutti-16-9--256x144.png)\"><\/div><\/div><div class=\"thumb_overlay_container\"><div class=\"video-tag\">Portrait<\/div><div class=\"video-duration\">02:31<\/div><\/div><\/div><div class=\"infos_container\"><div class=\"video_extra_title\" style=\"color:#95c030\">Thierry Toniutti<\/div><div class=\"video_title\">Je r\u00e9cup\u00e8re vos journaux pour en faire un isolant tr\u00e8s performant<\/div><\/div><\/a><a href=\"https:\/\/shamengo-vps1.tetedecom.pro\/fr\/chaine-tv-les-pionniers\/?video_id=59971\" class=\"video-item\" style=\"opacity:0;visibility:hidden;\"><div class=\"visual_container\"><div class=\"thumb_container\"><div style=\"background-image:url(\/\/shamengo-vps1.tetedecom.pro\/wp-content\/uploads\/2021\/03\/unnamed-254x144.png)\"><\/div><\/div><div class=\"thumb_overlay_container\"><div class=\"video-tag\">Portrait<\/div><div class=\"video-duration\">03:00<\/div><\/div><\/div><div class=\"infos_container\"><div class=\"video_extra_title\" style=\"color:#95c030\">Lo\u00efc Barbot et Jean-Fran\u00e7ois Paradeise<\/div><div class=\"video_title\">Int\u00e9grez une batterie chauffante ou refroidissante \u00e0 vos murs, gr\u00e2ce \u00e0 notre peinture r\u00e9volutionnaire<\/div><\/div><\/a><a href=\"https:\/\/shamengo-vps1.tetedecom.pro\/fr\/chaine-tv-les-pionniers\/?video_id=53612\" class=\"video-item\" style=\"opacity:0;visibility:hidden;\"><div class=\"visual_container\"><div class=\"thumb_container\"><div style=\"background-image:url(\/\/shamengo-vps1.tetedecom.pro\/wp-content\/uploads\/2020\/04\/unnamed-1-256x144.jpg)\"><\/div><\/div><div class=\"thumb_overlay_container\"><div class=\"video-tag\">Portrait<\/div><div class=\"video-duration\">02:04<\/div><\/div><\/div><div class=\"infos_container\"><div class=\"video_extra_title\" style=\"color:#25bced\">Ludwick Marishane<\/div><div class=\"video_title\">J\u2019ai lanc\u00e9 la premi\u00e8re douche sans eau<\/div><\/div><\/a><a href=\"https:\/\/shamengo-vps1.tetedecom.pro\/fr\/chaine-tv-les-pionniers\/?video_id=53207\" class=\"video-item\" style=\"opacity:0;visibility:hidden;\"><div class=\"visual_container\"><div class=\"thumb_container\"><div style=\"background-image:url(\/\/shamengo-vps1.tetedecom.pro\/wp-content\/uploads\/2020\/03\/unnamed-256x144.jpg)\"><\/div><\/div><div class=\"thumb_overlay_container\"><div class=\"video-tag\">Portrait<\/div><div class=\"video-duration\">02:24<\/div><\/div><\/div><div class=\"infos_container\"><div class=\"video_extra_title\" style=\"color:#f19a2e\">Anthony Mutua<\/div><div class=\"video_title\">Vos chaussures peuvent recharger votre t\u00e9l\u00e9phone portable<\/div><\/div><\/a><a href=\"https:\/\/shamengo-vps1.tetedecom.pro\/fr\/chaine-tv-les-pionniers\/?video_id=53186\" class=\"video-item\" style=\"opacity:0;visibility:hidden;\"><div class=\"visual_container\"><div class=\"thumb_container\"><div style=\"background-image:url(\/\/shamengo-vps1.tetedecom.pro\/wp-content\/uploads\/2020\/03\/unnamed-1-256x144.jpg)\"><\/div><\/div><div class=\"thumb_overlay_container\"><div class=\"video-tag\">Portrait<\/div><div class=\"video-duration\">02:21<\/div><\/div><\/div><div class=\"infos_container\"><div class=\"video_extra_title\" style=\"color:#f19a2e\">Muru Arunachalam<\/div><div class=\"video_title\">Je suis le premier homme \u00e0 tester des serviettes hygi\u00e9niques<\/div><\/div><\/a><a href=\"https:\/\/shamengo-vps1.tetedecom.pro\/fr\/chaine-tv-les-pionniers\/?video_id=51859\" class=\"video-item\" style=\"opacity:0;visibility:hidden;\"><div class=\"visual_container\"><div class=\"thumb_container\"><div style=\"background-image:url(\/\/shamengo-vps1.tetedecom.pro\/wp-content\/uploads\/2019\/12\/unnamed-3-1-256x144.jpg)\"><\/div><\/div><div class=\"thumb_overlay_container\"><div class=\"video-tag\">Portrait<\/div><div class=\"video-duration\">02:29<\/div><\/div><\/div><div class=\"infos_container\"><div class=\"video_extra_title\" style=\"color:#cc096c\">Fran\u00e7ois Maurisse<\/div><div class=\"video_title\">Je revisite la beaut\u00e9 des petites herbes de prairie \u00e0 travers mon objectif<\/div><\/div><\/a><a href=\"https:\/\/shamengo-vps1.tetedecom.pro\/fr\/chaine-tv-les-pionniers\/?video_id=51852\" class=\"video-item\" style=\"opacity:0;visibility:hidden;\"><div class=\"visual_container\"><div class=\"thumb_container\"><div style=\"background-image:url(\/\/shamengo-vps1.tetedecom.pro\/wp-content\/uploads\/2019\/12\/escriva-vignette-216x144.jpg)\"><\/div><\/div><div class=\"thumb_overlay_container\"><div class=\"video-tag\">Portrait<\/div><div class=\"video-duration\">02:25<\/div><\/div><\/div><div class=\"infos_container\"><div class=\"video_extra_title\" style=\"color:#95c030\">Jean-Claude Escriva<\/div><div class=\"video_title\">Je construis des maisons en palettes recycl\u00e9es<\/div><\/div><\/a><a href=\"https:\/\/shamengo-vps1.tetedecom.pro\/fr\/chaine-tv-les-pionniers\/?video_id=51767\" class=\"video-item\" style=\"opacity:0;visibility:hidden;\"><div class=\"visual_container\"><div class=\"thumb_container\"><div style=\"background-image:url(\/\/shamengo-vps1.tetedecom.pro\/wp-content\/uploads\/2019\/12\/unnamed-2-256x144.jpg)\"><\/div><\/div><div class=\"thumb_overlay_container\"><div class=\"video-tag\">Portrait<\/div><div class=\"video-duration\">02:28<\/div><\/div><\/div><div class=\"infos_container\"><div class=\"video_extra_title\" style=\"color:#95c030\">Alexandra Neyroud<\/div><div class=\"video_title\">Nous rendons \u00e0 la terre ce qu'elle vous a donn\u00e9, en r\u00e9cup\u00e9rant \u00e0 domicile vos biod\u00e9chets<\/div><\/div><\/a><a href=\"https:\/\/shamengo-vps1.tetedecom.pro\/fr\/chaine-tv-les-pionniers\/?video_id=51758\" class=\"video-item\" style=\"opacity:0;visibility:hidden;\"><div class=\"visual_container\"><div class=\"thumb_container\"><div style=\"background-image:url(\/\/shamengo-vps1.tetedecom.pro\/wp-content\/uploads\/2021\/03\/DUPONCHEL-1063X604-254x144.jpg)\"><\/div><\/div><div class=\"thumb_overlay_container\"><div class=\"video-tag\">Portrait<\/div><div class=\"video-duration\">02:34<\/div><\/div><\/div><div class=\"infos_container\"><div class=\"video_extra_title\" style=\"color:#95c030\">pierre duponchel<\/div><div class=\"video_title\">J'utilise vos vieux jeans pour isoler vos maisons<\/div><\/div><\/a><a href=\"https:\/\/shamengo-vps1.tetedecom.pro\/fr\/chaine-tv-les-pionniers\/?video_id=48052\" class=\"video-item\" style=\"opacity:0;visibility:hidden;\"><div class=\"visual_container\"><div class=\"thumb_container\"><div style=\"background-image:url(\/\/shamengo-vps1.tetedecom.pro\/wp-content\/uploads\/2019\/05\/video-streameo-675_1-256x144.jpg)\"><\/div><\/div><div class=\"thumb_overlay_container\"><div class=\"video-tag\">Portrait<\/div><div class=\"video-duration\">02:29<\/div><\/div><\/div><div class=\"infos_container\"><div class=\"video_extra_title\" style=\"color:#95c030\">JOSE CARLOS VARGAS<\/div><div class=\"video_title\">J\u2019absorbe toute tache d\u2019huile, essence et p\u00e9trole avec ma fibre \u00e9cologique.<\/div><\/div><\/a><a href=\"https:\/\/shamengo-vps1.tetedecom.pro\/fr\/chaine-tv-les-pionniers\/?video_id=47397\" class=\"video-item\" style=\"opacity:0;visibility:hidden;\"><div class=\"visual_container\"><div class=\"thumb_container\"><div style=\"background-image:url(\/\/shamengo-vps1.tetedecom.pro\/wp-content\/uploads\/2019\/04\/video-streameo-669_1-256x144.jpg)\"><\/div><\/div><div class=\"thumb_overlay_container\"><div class=\"video-tag\">Portrait<\/div><div class=\"video-duration\">02:31<\/div><\/div><\/div><div class=\"infos_container\"><div class=\"video_extra_title\" style=\"color:#95c030\">alexandre dubernard<\/div><div class=\"video_title\">J\u2019installe des climatisations naturelles au dessus de vos t\u00eates<\/div><\/div><\/a><a href=\"https:\/\/shamengo-vps1.tetedecom.pro\/fr\/chaine-tv-les-pionniers\/?video_id=46588\" class=\"video-item\" style=\"opacity:0;visibility:hidden;\"><div class=\"visual_container\"><div class=\"thumb_container\"><div style=\"background-image:url(\/\/shamengo-vps1.tetedecom.pro\/wp-content\/uploads\/2019\/03\/665_1-256x144.jpg)\"><\/div><\/div><div class=\"thumb_overlay_container\"><div class=\"video-tag\">Portrait<\/div><div class=\"video-duration\">02:27<\/div><\/div><\/div><div class=\"infos_container\"><div class=\"video_extra_title\" style=\"color:#f19a2e\">Damien Vergnaud<\/div><div class=\"video_title\">Mon innovation prot\u00e8ge les rhinoc\u00e9ros du braconnage<\/div><\/div><\/a><a href=\"https:\/\/shamengo-vps1.tetedecom.pro\/fr\/chaine-tv-les-pionniers\/?video_id=46323\" class=\"video-item\" style=\"opacity:0;visibility:hidden;\"><div class=\"visual_container\"><div class=\"thumb_container\"><div style=\"background-image:url(\/\/shamengo-vps1.tetedecom.pro\/wp-content\/uploads\/2019\/03\/Howard-Weinstein-16-9.jpg)\"><\/div><\/div><div class=\"thumb_overlay_container\"><div class=\"video-tag\">Portrait<\/div><div class=\"video-duration\">02:26<\/div><\/div><\/div><div class=\"infos_container\"><div class=\"video_extra_title\" style=\"color:#f19a2e\">Howard Weinstein<\/div><div class=\"video_title\">J\u2019aide les malentendants des pays pauvres \u00e0 s\u2019appareiller<\/div><\/div><\/a><a href=\"https:\/\/shamengo-vps1.tetedecom.pro\/fr\/chaine-tv-les-pionniers\/?video_id=45882\" class=\"video-item\" style=\"opacity:0;visibility:hidden;\"><div class=\"visual_container\"><div class=\"thumb_container\"><div style=\"background-image:url(\/\/shamengo-vps1.tetedecom.pro\/wp-content\/uploads\/2019\/02\/Bertran-Auvert-16-9.jpg)\"><\/div><\/div><div class=\"thumb_overlay_container\"><div class=\"video-tag\">Portrait<\/div><\/div><\/div><div class=\"infos_container\"><div class=\"video_extra_title\" style=\"color:#25bced\">Bertran Auvert<\/div><div class=\"video_title\">Les quelques centim\u00e8tres de peau que j\u2019enl\u00e8ve vous aident \u00e0 vous prot\u00e9ger du SIDA<\/div><\/div><\/a><a href=\"https:\/\/shamengo-vps1.tetedecom.pro\/fr\/chaine-tv-les-pionniers\/?video_id=40008\" class=\"video-item\" style=\"opacity:0;visibility:hidden;\"><div class=\"visual_container\"><div class=\"thumb_container\"><div style=\"background-image:url(\/\/shamengo-vps1.tetedecom.pro\/wp-content\/uploads\/2019\/02\/640_1.jpg)\"><\/div><\/div><div class=\"thumb_overlay_container\"><div class=\"video-tag\">Portrait<\/div><div class=\"video-duration\">02:34<\/div><\/div><\/div><div class=\"infos_container\"><div class=\"video_extra_title\" style=\"color:#95c030\">benjamin CLOUET<\/div><div class=\"video_title\">Je valorise, gr\u00e2ce \u00e0 votre urine, le plus grand gisement de phosphate au monde<\/div><\/div><\/a><a href=\"https:\/\/shamengo-vps1.tetedecom.pro\/fr\/chaine-tv-les-pionniers\/?video_id=22863\" class=\"video-item\" style=\"opacity:0;visibility:hidden;\"><div class=\"visual_container\"><div class=\"thumb_container\"><div style=\"background-image:url(\/\/shamengo-vps1.tetedecom.pro\/wp-content\/uploads\/2018\/05\/8174.jpg)\"><\/div><\/div><div class=\"thumb_overlay_container\"><div class=\"video-tag\">Portrait<\/div><div class=\"video-duration\">02:32<\/div><\/div><\/div><div class=\"infos_container\"><div class=\"video_extra_title\" style=\"color:#cc096c\">Pedro Reyes<\/div><div class=\"video_title\">Je transforme des armes \u00e0 feu en instruments de paix<\/div><\/div><\/a><a href=\"https:\/\/shamengo-vps1.tetedecom.pro\/fr\/chaine-tv-les-pionniers\/?video_id=22848\" class=\"video-item\" style=\"opacity:0;visibility:hidden;\"><div class=\"visual_container\"><div class=\"thumb_container\"><div style=\"background-image:url(\/\/shamengo-vps1.tetedecom.pro\/wp-content\/uploads\/2018\/03\/8132.jpg)\"><\/div><\/div><div class=\"thumb_overlay_container\"><div class=\"video-tag\">Portrait<\/div><div class=\"video-duration\">02:25<\/div><\/div><\/div><div class=\"infos_container\"><div class=\"video_extra_title\" style=\"color:#cc096c\">Anke Domaske<\/div><div class=\"video_title\">Je fabrique du tissus avec les invendus de lait<\/div><\/div><\/a><a href=\"https:\/\/shamengo-vps1.tetedecom.pro\/fr\/chaine-tv-les-pionniers\/?video_id=22856\" class=\"video-item\" style=\"opacity:0;visibility:hidden;\"><div class=\"visual_container\"><div class=\"thumb_container\"><div style=\"background-image:url(\/\/shamengo-vps1.tetedecom.pro\/wp-content\/uploads\/2018\/03\/8100.jpg)\"><\/div><\/div><div class=\"thumb_overlay_container\"><div class=\"video-tag\">Portrait<\/div><div class=\"video-duration\">02:30<\/div><\/div><\/div><div class=\"infos_container\"><div class=\"video_extra_title\" style=\"color:#25bced\">Lucile Cornet-Vernet<\/div><div class=\"video_title\">Ma tisane gu\u00e9rit \u00e0 98 % le paludisme<\/div><\/div><\/a><a href=\"https:\/\/shamengo-vps1.tetedecom.pro\/fr\/chaine-tv-les-pionniers\/?video_id=22841\" class=\"video-item\" style=\"opacity:0;visibility:hidden;\"><div class=\"visual_container\"><div class=\"thumb_container\"><div style=\"background-image:url(\/\/shamengo-vps1.tetedecom.pro\/wp-content\/uploads\/2018\/02\/8059.jpg)\"><\/div><\/div><div class=\"thumb_overlay_container\"><div class=\"video-tag\">Portrait<\/div><div class=\"video-duration\">02:14<\/div><\/div><\/div><div class=\"infos_container\"><div class=\"video_extra_title\" style=\"color:#cc096c\">Renaud Josse<\/div><div class=\"video_title\">Vivez dans un jardin, gr\u00e2ce \u00e0 mes serres urbaines bioclimatiques<\/div><\/div><\/a><a href=\"https:\/\/shamengo-vps1.tetedecom.pro\/fr\/chaine-tv-les-pionniers\/?video_id=14548\" class=\"video-item\" style=\"opacity:0;visibility:hidden;\"><div class=\"visual_container\"><div class=\"thumb_container\"><div style=\"background-image:url(\/\/shamengo-vps1.tetedecom.pro\/wp-content\/uploads\/2017\/08\/7766.jpg)\"><\/div><\/div><div class=\"thumb_overlay_container\"><div class=\"video-tag\">Portrait<\/div><div class=\"video-duration\">02:08<\/div><\/div><\/div><div class=\"infos_container\"><div class=\"video_extra_title\" style=\"color:#f19a2e\">Grant Gibbs<\/div><div class=\"video_title\">L'eau roule gr\u00e2ce \u00e0 mon bidon<\/div><\/div><\/a><a href=\"https:\/\/shamengo-vps1.tetedecom.pro\/fr\/chaine-tv-les-pionniers\/?video_id=22833\" class=\"video-item\" style=\"opacity:0;visibility:hidden;\"><div class=\"visual_container\"><div class=\"thumb_container\"><div style=\"background-image:url(\/\/shamengo-vps1.tetedecom.pro\/wp-content\/uploads\/2017\/11\/7975.jpg)\"><\/div><\/div><div class=\"thumb_overlay_container\"><div class=\"video-tag\">Portrait<\/div><div class=\"video-duration\">02:26<\/div><\/div><\/div><div class=\"infos_container\"><div class=\"video_extra_title\" style=\"color:#95c030\">Francesca Miazzo Jessica Spadacini<\/div><div class=\"video_title\">Je transporte fruits et l\u00e9gumes sur le dernier kilom\u00e8tre<\/div><\/div><\/a><a href=\"https:\/\/shamengo-vps1.tetedecom.pro\/fr\/chaine-tv-les-pionniers\/?video_id=14619\" class=\"video-item\" style=\"opacity:0;visibility:hidden;\"><div class=\"visual_container\"><div class=\"thumb_container\"><div style=\"background-image:url(\/\/shamengo-vps1.tetedecom.pro\/wp-content\/uploads\/2017\/10\/7878.jpg)\"><\/div><\/div><div class=\"thumb_overlay_container\"><div class=\"video-tag\">Portrait<\/div><div class=\"video-duration\">02:29<\/div><\/div><\/div><div class=\"infos_container\"><div class=\"video_extra_title\" style=\"color:#25bced\">Vandana Shiva<\/div><div class=\"video_title\">Je redonne vie \u00e0 des semences ancestrales<\/div><\/div><\/a><a href=\"https:\/\/shamengo-vps1.tetedecom.pro\/fr\/chaine-tv-les-pionniers\/?video_id=14549\" class=\"video-item\" style=\"opacity:0;visibility:hidden;\"><div class=\"visual_container\"><div class=\"thumb_container\"><div style=\"background-image:url(\/\/shamengo-vps1.tetedecom.pro\/wp-content\/uploads\/2017\/10\/7873.jpg)\"><\/div><\/div><div class=\"thumb_overlay_container\"><div class=\"video-tag\">Portrait<\/div><div class=\"video-duration\">02:28<\/div><\/div><\/div><div class=\"infos_container\"><div class=\"video_extra_title\" style=\"color:#95c030\">Laurent Goudet<\/div><div class=\"video_title\">Je construis des maisons en b\u00e9ton v\u00e9g\u00e9tal<\/div><\/div><\/a><a href=\"https:\/\/shamengo-vps1.tetedecom.pro\/fr\/chaine-tv-les-pionniers\/?video_id=14544\" class=\"video-item\" style=\"opacity:0;visibility:hidden;\"><div class=\"visual_container\"><div class=\"thumb_container\"><div style=\"background-image:url(\/\/shamengo-vps1.tetedecom.pro\/wp-content\/uploads\/2017\/09\/7812.jpg)\"><\/div><\/div><div class=\"thumb_overlay_container\"><div class=\"video-tag\">Portrait<\/div><div class=\"video-duration\">02:30<\/div><\/div><\/div><div class=\"infos_container\"><div class=\"video_extra_title\" style=\"color:#f19a2e\">Rita Panicker<\/div><div class=\"video_title\">J'ai cr\u00e9\u00e9 la banque des enfants<\/div><\/div><\/a><a href=\"https:\/\/shamengo-vps1.tetedecom.pro\/fr\/chaine-tv-les-pionniers\/?video_id=14546\" class=\"video-item\" style=\"opacity:0;visibility:hidden;\"><div class=\"visual_container\"><div class=\"thumb_container\"><div style=\"background-image:url(\/\/shamengo-vps1.tetedecom.pro\/wp-content\/uploads\/2017\/08\/7756.jpg)\"><\/div><\/div><div class=\"thumb_overlay_container\"><div class=\"video-tag\">Portrait<\/div><div class=\"video-duration\">02:29<\/div><\/div><\/div><div class=\"infos_container\"><div class=\"video_extra_title\" style=\"color:#95c030\">Alain Marois<\/div><div class=\"video_title\">J\u2019ai cr\u00e9\u00e9 le premier supermarch\u00e9 d\u2019objets recycl\u00e9s<\/div><\/div><\/a><a href=\"https:\/\/shamengo-vps1.tetedecom.pro\/fr\/chaine-tv-les-pionniers\/?video_id=14542\" class=\"video-item\" style=\"opacity:0;visibility:hidden;\"><div class=\"visual_container\"><div class=\"thumb_container\"><div style=\"background-image:url(\/\/shamengo-vps1.tetedecom.pro\/wp-content\/uploads\/2017\/05\/7592.jpg)\"><\/div><\/div><div class=\"thumb_overlay_container\"><div class=\"video-tag\">Portrait<\/div><div class=\"video-duration\">02:11<\/div><\/div><\/div><div class=\"infos_container\"><div class=\"video_extra_title\" style=\"color:#cc096c\">C\u00e9dric Carles<\/div><div class=\"video_title\">J'utilise la nature pour faire tourner mes platines<\/div><\/div><\/a><a href=\"https:\/\/shamengo-vps1.tetedecom.pro\/fr\/chaine-tv-les-pionniers\/?video_id=14540\" class=\"video-item\" style=\"opacity:0;visibility:hidden;\"><div class=\"visual_container\"><div class=\"thumb_container\"><div style=\"background-image:url(\/\/shamengo-vps1.tetedecom.pro\/wp-content\/uploads\/2017\/03\/7483.jpg)\"><\/div><\/div><div class=\"thumb_overlay_container\"><div class=\"video-tag\">Portrait<\/div><div class=\"video-duration\">02:19<\/div><\/div><\/div><div class=\"infos_container\"><div class=\"video_extra_title\" style=\"color:#95c030\">George Madhavan<\/div><div class=\"video_title\">Mon syst\u00e8me permet de boire l'eau des toilettes<\/div><\/div><\/a><a href=\"https:\/\/shamengo-vps1.tetedecom.pro\/fr\/chaine-tv-les-pionniers\/?video_id=14538\" class=\"video-item\" style=\"opacity:0;visibility:hidden;\"><div class=\"visual_container\"><div class=\"thumb_container\"><div style=\"background-image:url(\/\/shamengo-vps1.tetedecom.pro\/wp-content\/uploads\/2017\/02\/7423.jpg)\"><\/div><\/div><div class=\"thumb_overlay_container\"><div class=\"video-tag\">Portrait<\/div><div class=\"video-duration\">02:09<\/div><\/div><\/div><div class=\"infos_container\"><div class=\"video_extra_title\" style=\"color:#cc096c\">Luc Jonveaux<\/div><div class=\"video_title\">J'exporte le Street Art Bangladais<\/div><\/div><\/a><a href=\"https:\/\/shamengo-vps1.tetedecom.pro\/fr\/chaine-tv-les-pionniers\/?video_id=14536\" class=\"video-item\" style=\"opacity:0;visibility:hidden;\"><div class=\"visual_container\"><div class=\"thumb_container\"><div style=\"background-image:url(\/\/shamengo-vps1.tetedecom.pro\/wp-content\/uploads\/2017\/01\/7374.jpg)\"><\/div><\/div><div class=\"thumb_overlay_container\"><div class=\"video-tag\">Portrait<\/div><div class=\"video-duration\">02:28<\/div><\/div><\/div><div class=\"infos_container\"><div class=\"video_extra_title\" style=\"color:#95c030\">Martine Postma<\/div><div class=\"video_title\">J\u2019ai cr\u00e9\u00e9 les Repair Caf\u00e9<\/div><\/div><\/a><a href=\"https:\/\/shamengo-vps1.tetedecom.pro\/fr\/chaine-tv-les-pionniers\/?video_id=14534\" class=\"video-item\" style=\"opacity:0;visibility:hidden;\"><div class=\"visual_container\"><div class=\"thumb_container\"><div style=\"background-image:url(\/\/shamengo-vps1.tetedecom.pro\/wp-content\/uploads\/2019\/03\/590_3-256x144.jpg)\"><\/div><\/div><div class=\"thumb_overlay_container\"><div class=\"video-tag\">Portrait<\/div><div class=\"video-duration\">02:17<\/div><\/div><\/div><div class=\"infos_container\"><div class=\"video_extra_title\" style=\"color:#95c030\">Anders Wilhelmson<\/div><div class=\"video_title\">J\u2019ai cr\u00e9\u00e9 les toilettes les plus simples du monde<\/div><\/div><\/a><a href=\"https:\/\/shamengo-vps1.tetedecom.pro\/fr\/chaine-tv-les-pionniers\/?video_id=14528\" class=\"video-item\" style=\"opacity:0;visibility:hidden;\"><div class=\"visual_container\"><div class=\"thumb_container\"><div style=\"background-image:url(\/\/shamengo-vps1.tetedecom.pro\/wp-content\/uploads\/2016\/12\/7132.jpg)\"><\/div><\/div><div class=\"thumb_overlay_container\"><div class=\"video-tag\">Portrait<\/div><div class=\"video-duration\">02:18<\/div><\/div><\/div><div class=\"infos_container\"><div class=\"video_extra_title\" style=\"color:#cc096c\">aurelia wolff<\/div><div class=\"video_title\">j'ai invent\u00e9 une machine pour teindre le tissus avec des d\u00e9chets organiques<\/div><\/div><\/a><a href=\"https:\/\/shamengo-vps1.tetedecom.pro\/fr\/chaine-tv-les-pionniers\/?video_id=14532\" class=\"video-item\" style=\"opacity:0;visibility:hidden;\"><div class=\"visual_container\"><div class=\"thumb_container\"><div style=\"background-image:url(\/\/shamengo-vps1.tetedecom.pro\/wp-content\/uploads\/2016\/11\/7241.jpg)\"><\/div><\/div><div class=\"thumb_overlay_container\"><div class=\"video-tag\">Portrait<\/div><div class=\"video-duration\">02:19<\/div><\/div><\/div><div class=\"infos_container\"><div class=\"video_extra_title\" style=\"color:#95c030\">Jacques Bremond<\/div><div class=\"video_title\">Ma technologie r\u00e9duit les \u00e9missions polluantes de la marine marchande<\/div><\/div><\/a><a href=\"https:\/\/shamengo-vps1.tetedecom.pro\/fr\/chaine-tv-les-pionniers\/?video_id=14530\" class=\"video-item\" style=\"opacity:0;visibility:hidden;\"><div class=\"visual_container\"><div class=\"thumb_container\"><div style=\"background-image:url(\/\/shamengo-vps1.tetedecom.pro\/wp-content\/uploads\/2016\/11\/7149.jpg)\"><\/div><\/div><div class=\"thumb_overlay_container\"><div class=\"video-tag\">Portrait<\/div><div class=\"video-duration\">02:35<\/div><\/div><\/div><div class=\"infos_container\"><div class=\"video_extra_title\" style=\"color:#95c030\">Patricia Dutreux<\/div><div class=\"video_title\">Mes briques en bois s'assemblent sans clou ni vis ni colle<\/div><\/div><\/a><a href=\"https:\/\/shamengo-vps1.tetedecom.pro\/fr\/chaine-tv-les-pionniers\/?video_id=14563\" class=\"video-item\" style=\"opacity:0;visibility:hidden;\"><div class=\"visual_container\"><div class=\"thumb_container\"><div style=\"background-image:url(\/\/shamengo-vps1.tetedecom.pro\/wp-content\/uploads\/2016\/10\/6960.jpg)\"><\/div><\/div><div class=\"thumb_overlay_container\"><div class=\"video-tag\">Portrait<\/div><div class=\"video-duration\">02:28<\/div><\/div><\/div><div class=\"infos_container\"><div class=\"video_extra_title\" style=\"color:#f19a2e\">Andrew Bastawrous<\/div><div class=\"video_title\">Je d\u00e9tecte la cataracte gr\u00e2ce au t\u00e9l\u00e9phone portable<\/div><\/div><\/a><a href=\"https:\/\/shamengo-vps1.tetedecom.pro\/fr\/chaine-tv-les-pionniers\/?video_id=14573\" class=\"video-item\" style=\"opacity:0;visibility:hidden;\"><div class=\"visual_container\"><div class=\"thumb_container\"><div style=\"background-image:url(\/\/shamengo-vps1.tetedecom.pro\/wp-content\/uploads\/2016\/09\/7016.jpg)\"><\/div><\/div><div class=\"thumb_overlay_container\"><div class=\"video-tag\">Portrait<\/div><div class=\"video-duration\">02:31<\/div><\/div><\/div><div class=\"infos_container\"><div class=\"video_extra_title\" style=\"color:#95c030\">R\u00e9mi Succoja<\/div><div class=\"video_title\">Mon v\u00e9lo \u00e9lectrique fonctionne \u00e0 l\u2019hydrog\u00e8ne<\/div><\/div><\/a><a href=\"https:\/\/shamengo-vps1.tetedecom.pro\/fr\/chaine-tv-les-pionniers\/?video_id=14559\" class=\"video-item\" style=\"opacity:0;visibility:hidden;\"><div class=\"visual_container\"><div class=\"thumb_container\"><div style=\"background-image:url(\/\/shamengo-vps1.tetedecom.pro\/wp-content\/uploads\/2016\/08\/6953.jpg)\"><\/div><\/div><div class=\"thumb_overlay_container\"><div class=\"video-tag\">Portrait<\/div><div class=\"video-duration\">02:31<\/div><\/div><\/div><div class=\"infos_container\"><div class=\"video_extra_title\" style=\"color:#95c030\">Javier Fernandez<\/div><div class=\"video_title\">J\u2019ai invent\u00e9 un bio-plastique \u00e0 base de crevettes<\/div><\/div><\/a><a href=\"https:\/\/shamengo-vps1.tetedecom.pro\/fr\/chaine-tv-les-pionniers\/?video_id=14565\" class=\"video-item\" style=\"opacity:0;visibility:hidden;\"><div class=\"visual_container\"><div class=\"thumb_container\"><div style=\"background-image:url(\/\/shamengo-vps1.tetedecom.pro\/wp-content\/uploads\/2016\/08\/6965.jpg)\"><\/div><\/div><div class=\"thumb_overlay_container\"><div class=\"video-tag\">Portrait<\/div><div class=\"video-duration\">02:18<\/div><\/div><\/div><div class=\"infos_container\"><div class=\"video_extra_title\" style=\"color:#cc096c\">Aurelia Wolf<\/div><div class=\"video_title\">J\u2019ai cr\u00e9\u00e9 une machine open source pour faire des teintures naturelles<\/div><\/div><\/a><a href=\"https:\/\/shamengo-vps1.tetedecom.pro\/fr\/chaine-tv-les-pionniers\/?video_id=14557\" class=\"video-item\" style=\"opacity:0;visibility:hidden;\"><div class=\"visual_container\"><div class=\"thumb_container\"><div style=\"background-image:url(\/\/shamengo-vps1.tetedecom.pro\/wp-content\/uploads\/2016\/06\/6866.jpg)\"><\/div><\/div><div class=\"thumb_overlay_container\"><div class=\"video-tag\">Portrait<\/div><div class=\"video-duration\">02:12<\/div><\/div><\/div><div class=\"infos_container\"><div class=\"video_extra_title\" style=\"color:#f19a2e\">Dhruv Lakra<\/div><div class=\"video_title\">Les coursiers que j\u2019embauche sont sourds et muets<\/div><\/div><\/a><a href=\"https:\/\/shamengo-vps1.tetedecom.pro\/fr\/chaine-tv-les-pionniers\/?video_id=14553\" class=\"video-item\" style=\"opacity:0;visibility:hidden;\"><div class=\"visual_container\"><div class=\"thumb_container\"><div style=\"background-image:url(\/\/shamengo-vps1.tetedecom.pro\/wp-content\/uploads\/2016\/05\/6790.jpg)\"><\/div><\/div><div class=\"thumb_overlay_container\"><div class=\"video-tag\">Portrait<\/div><div class=\"video-duration\">02:28<\/div><\/div><\/div><div class=\"infos_container\"><div class=\"video_extra_title\" style=\"color:#25bced\">David Edwards<\/div><div class=\"video_title\">Je confectionne des aliments \u00e0 emballage comestible<\/div><\/div><\/a><a href=\"https:\/\/shamengo-vps1.tetedecom.pro\/fr\/chaine-tv-les-pionniers\/?video_id=14551\" class=\"video-item\" style=\"opacity:0;visibility:hidden;\"><div class=\"visual_container\"><div class=\"thumb_container\"><div style=\"background-image:url(\/\/shamengo-vps1.tetedecom.pro\/wp-content\/uploads\/2016\/05\/6709.jpg)\"><\/div><\/div><div class=\"thumb_overlay_container\"><div class=\"video-tag\">Portrait<\/div><div class=\"video-duration\">02:19<\/div><\/div><\/div><div class=\"infos_container\"><div class=\"video_extra_title\" style=\"color:#cc096c\">wong Mun Summ<\/div><div class=\"video_title\">J\u2019ai doubl\u00e9 la surface d\u2019un jardin en construisant un h\u00f4tel<\/div><\/div><\/a><a href=\"https:\/\/shamengo-vps1.tetedecom.pro\/fr\/chaine-tv-les-pionniers\/?video_id=14589\" class=\"video-item\" style=\"opacity:0;visibility:hidden;\"><div class=\"visual_container\"><div class=\"thumb_container\"><div style=\"background-image:url(\/\/shamengo-vps1.tetedecom.pro\/wp-content\/uploads\/2016\/04\/6662.png)\"><\/div><\/div><div class=\"thumb_overlay_container\"><div class=\"video-tag\">Portrait<\/div><div class=\"video-duration\">02:24<\/div><\/div><\/div><div class=\"infos_container\"><div class=\"video_extra_title\" style=\"color:#f19a2e\">Salomon Raydan<\/div><div class=\"video_title\">J'ai cr\u00e9\u00e9 la banque des pauvres<\/div><\/div><\/a><a href=\"https:\/\/shamengo-vps1.tetedecom.pro\/fr\/chaine-tv-les-pionniers\/?video_id=14587\" class=\"video-item\" style=\"opacity:0;visibility:hidden;\"><div class=\"visual_container\"><div class=\"thumb_container\"><div style=\"background-image:url(\/\/shamengo-vps1.tetedecom.pro\/wp-content\/uploads\/2016\/04\/6627.jpg)\"><\/div><\/div><div class=\"thumb_overlay_container\"><div class=\"video-tag\">Portrait<\/div><div class=\"video-duration\">02:22<\/div><\/div><\/div><div class=\"infos_container\"><div class=\"video_extra_title\" style=\"color:#25bced\">Masaru Emoto<\/div><div class=\"video_title\">L\u2019eau parle \u00e0 travers les cristaux que je forme<\/div><\/div><\/a><a href=\"https:\/\/shamengo-vps1.tetedecom.pro\/fr\/chaine-tv-les-pionniers\/?video_id=14585\" class=\"video-item\" style=\"opacity:0;visibility:hidden;\"><div class=\"visual_container\"><div class=\"thumb_container\"><div style=\"background-image:url(\/\/shamengo-vps1.tetedecom.pro\/wp-content\/uploads\/2016\/03\/6564.jpg)\"><\/div><\/div><div class=\"thumb_overlay_container\"><div class=\"video-tag\">Portrait<\/div><div class=\"video-duration\">02:21<\/div><\/div><\/div><div class=\"infos_container\"><div class=\"video_extra_title\" style=\"color:#f19a2e\">SANJAY SACHDEV &amp; HARSH MALHOTRA<\/div><div class=\"video_title\">Nous sauvons de la mort ceux qui s\u2019aiment<\/div><\/div><\/a><a href=\"https:\/\/shamengo-vps1.tetedecom.pro\/fr\/chaine-tv-les-pionniers\/?video_id=14583\" class=\"video-item\" style=\"opacity:0;visibility:hidden;\"><div class=\"visual_container\"><div class=\"thumb_container\"><div style=\"background-image:url(\/\/shamengo-vps1.tetedecom.pro\/wp-content\/uploads\/2016\/03\/6483.jpg)\"><\/div><\/div><div class=\"thumb_overlay_container\"><div class=\"video-tag\">Portrait<\/div><div class=\"video-duration\">02:29<\/div><\/div><\/div><div class=\"infos_container\"><div class=\"video_extra_title\" style=\"color:#95c030\">Sten de Wit<\/div><div class=\"video_title\">J\u2019ai cr\u00e9\u00e9 la premi\u00e8re piste cyclable solaire au monde<\/div><\/div><\/a><a href=\"https:\/\/shamengo-vps1.tetedecom.pro\/fr\/chaine-tv-les-pionniers\/?video_id=14579\" class=\"video-item\" style=\"opacity:0;visibility:hidden;\"><div class=\"visual_container\"><div class=\"thumb_container\"><div style=\"background-image:url(\/\/shamengo-vps1.tetedecom.pro\/wp-content\/uploads\/2016\/01\/7001.jpg)\"><\/div><\/div><div class=\"thumb_overlay_container\"><div class=\"video-tag\">Portrait<\/div><div class=\"video-duration\">02:15<\/div><\/div><\/div><div class=\"infos_container\"><div class=\"video_extra_title\" style=\"color:#f19a2e\">Arnoud Raskin &amp; Ann Van Hellemont<\/div><div class=\"video_title\">Nous faisons l\u2019\u00e9cole dans la rue<\/div><\/div><\/a><a href=\"https:\/\/shamengo-vps1.tetedecom.pro\/fr\/chaine-tv-les-pionniers\/?video_id=14609\" class=\"video-item\" style=\"opacity:0;visibility:hidden;\"><div class=\"visual_container\"><div class=\"thumb_container\"><div style=\"background-image:url(\/\/shamengo-vps1.tetedecom.pro\/wp-content\/uploads\/2016\/01\/6249.jpg)\"><\/div><\/div><div class=\"thumb_overlay_container\"><div class=\"video-tag\">Portrait<\/div><div class=\"video-duration\">02:19<\/div><\/div><\/div><div class=\"infos_container\"><div class=\"video_extra_title\" style=\"color:#f19a2e\">Lente Roode<\/div><div class=\"video_title\">J\u2019aide les gu\u00e9pards \u00e0 se reproduire<\/div><\/div><\/a><a href=\"https:\/\/shamengo-vps1.tetedecom.pro\/fr\/chaine-tv-les-pionniers\/?video_id=14577\" class=\"video-item\" style=\"opacity:0;visibility:hidden;\"><div class=\"visual_container\"><div class=\"thumb_container\"><div style=\"background-image:url(\/\/shamengo-vps1.tetedecom.pro\/wp-content\/uploads\/2015\/12\/6216.jpg)\"><\/div><\/div><div class=\"thumb_overlay_container\"><div class=\"video-tag\">Portrait<\/div><div class=\"video-duration\">02:25<\/div><\/div><\/div><div class=\"infos_container\"><div class=\"video_extra_title\" style=\"color:#25bced\">Herv\u00e9 Thomas &amp; Pierrick Cl\u00e9ment<\/div><div class=\"video_title\">Nous revalorisons un mollusque invasif en fruit de mer festif<\/div><\/div><\/a><a href=\"https:\/\/shamengo-vps1.tetedecom.pro\/fr\/chaine-tv-les-pionniers\/?video_id=14615\" class=\"video-item\" style=\"opacity:0;visibility:hidden;\"><div class=\"visual_container\"><div class=\"thumb_container\"><div style=\"background-image:url(\/\/shamengo-vps1.tetedecom.pro\/wp-content\/uploads\/2019\/02\/498_3.jpg)\"><\/div><\/div><div class=\"thumb_overlay_container\"><div class=\"video-tag\">Portrait<\/div><div class=\"video-duration\">02:26<\/div><\/div><\/div><div class=\"infos_container\"><div class=\"video_extra_title\" style=\"color:#95c030\">Paul Benoit<\/div><div class=\"video_title\">Je chauffe votre appartement gr\u00e2ce \u00e0 mes calculs<\/div><\/div><\/a><a href=\"https:\/\/shamengo-vps1.tetedecom.pro\/fr\/chaine-tv-les-pionniers\/?video_id=14617\" class=\"video-item\" style=\"opacity:0;visibility:hidden;\"><div class=\"visual_container\"><div class=\"thumb_container\"><div style=\"background-image:url(\/\/shamengo-vps1.tetedecom.pro\/wp-content\/uploads\/2015\/12\/6092.jpg)\"><\/div><\/div><div class=\"thumb_overlay_container\"><div class=\"video-tag\">Portrait<\/div><div class=\"video-duration\">02:24<\/div><\/div><\/div><div class=\"infos_container\"><div class=\"video_extra_title\" style=\"color:#95c030\">Pierfrancesco Maran<\/div><div class=\"video_title\">Je r\u00e9cup\u00e8re au bas de votre immeuble, vos d\u00e9chets alimentaires pour les transformer en compost<\/div><\/div><\/a><a href=\"https:\/\/shamengo-vps1.tetedecom.pro\/fr\/chaine-tv-les-pionniers\/?video_id=14607\" class=\"video-item\" style=\"opacity:0;visibility:hidden;\"><div class=\"visual_container\"><div class=\"thumb_container\"><div style=\"background-image:url(\/\/shamengo-vps1.tetedecom.pro\/wp-content\/uploads\/2019\/02\/509_3.jpg)\"><\/div><\/div><div class=\"thumb_overlay_container\"><div class=\"video-tag\">Portrait<\/div><div class=\"video-duration\">02:27<\/div><\/div><\/div><div class=\"infos_container\"><div class=\"video_extra_title\" style=\"color:#25bced\">C\u00e9dric Auriol<\/div><div class=\"video_title\">Je vous cuisine des insectes \u00e0 la place de votre steak !<\/div><\/div><\/a><a href=\"https:\/\/shamengo-vps1.tetedecom.pro\/fr\/chaine-tv-les-pionniers\/?video_id=14605\" class=\"video-item\" style=\"opacity:0;visibility:hidden;\"><div class=\"visual_container\"><div class=\"thumb_container\"><div style=\"background-image:url(\/\/shamengo-vps1.tetedecom.pro\/wp-content\/uploads\/2019\/02\/482_3.jpg)\"><\/div><\/div><div class=\"thumb_overlay_container\"><div class=\"video-tag\">Portrait<\/div><div class=\"video-duration\">02:30<\/div><\/div><\/div><div class=\"infos_container\"><div class=\"video_extra_title\" style=\"color:#f19a2e\">Illac Diaz<\/div><div class=\"video_title\">J'\u00e9claire les bidonvilles avec nos vieilles bouteilles en plastique<\/div><\/div><\/a><a href=\"https:\/\/shamengo-vps1.tetedecom.pro\/fr\/chaine-tv-les-pionniers\/?video_id=14603\" class=\"video-item\" style=\"opacity:0;visibility:hidden;\"><div class=\"visual_container\"><div class=\"thumb_container\"><div style=\"background-image:url(\/\/shamengo-vps1.tetedecom.pro\/wp-content\/uploads\/2019\/02\/465_3.jpg)\"><\/div><\/div><div class=\"thumb_overlay_container\"><div class=\"video-tag\">Portrait<\/div><div class=\"video-duration\">02:30<\/div><\/div><\/div><div class=\"infos_container\"><div class=\"video_extra_title\" style=\"color:#25bced\">Jes\u00fas Manuel Aldrete<\/div><div class=\"video_title\">Je fabrique des chewing-gums 100% bio d\u00e9gradables<\/div><\/div><\/a><a href=\"https:\/\/shamengo-vps1.tetedecom.pro\/fr\/chaine-tv-les-pionniers\/?video_id=14601\" class=\"video-item\" style=\"opacity:0;visibility:hidden;\"><div class=\"visual_container\"><div class=\"thumb_container\"><div style=\"background-image:url(\/\/shamengo-vps1.tetedecom.pro\/wp-content\/uploads\/2015\/10\/5792.jpg)\"><\/div><\/div><div class=\"thumb_overlay_container\"><div class=\"video-tag\">Portrait<\/div><div class=\"video-duration\">02:29<\/div><\/div><\/div><div class=\"infos_container\"><div class=\"video_extra_title\" style=\"color:#95c030\">Henry Liang<\/div><div class=\"video_title\">Je fabrique du papier en pierre<\/div><\/div><\/a><a href=\"https:\/\/shamengo-vps1.tetedecom.pro\/fr\/chaine-tv-les-pionniers\/?video_id=14599\" class=\"video-item\" style=\"opacity:0;visibility:hidden;\"><div class=\"visual_container\"><div class=\"thumb_container\"><div style=\"background-image:url(\/\/shamengo-vps1.tetedecom.pro\/wp-content\/uploads\/2019\/02\/485_3.jpg)\"><\/div><\/div><div class=\"thumb_overlay_container\"><div class=\"video-tag\">Portrait<\/div><div class=\"video-duration\">02:22<\/div><\/div><\/div><div class=\"infos_container\"><div class=\"video_extra_title\" style=\"color:#25bced\">Peggy Pascal<\/div><div class=\"video_title\">J'ai cr\u00e9\u00e9 l'agriculture en sac<\/div><\/div><\/a><a href=\"https:\/\/shamengo-vps1.tetedecom.pro\/fr\/chaine-tv-les-pionniers\/?video_id=14597\" class=\"video-item\" style=\"opacity:0;visibility:hidden;\"><div class=\"visual_container\"><div class=\"thumb_container\"><div style=\"background-image:url(\/\/shamengo-vps1.tetedecom.pro\/wp-content\/uploads\/2019\/02\/494_3.jpg)\"><\/div><\/div><div class=\"thumb_overlay_container\"><div class=\"video-tag\">Portrait<\/div><div class=\"video-duration\">02:26<\/div><\/div><\/div><div class=\"infos_container\"><div class=\"video_extra_title\" style=\"color:#95c030\">Marcelo Villegas<\/div><div class=\"video_title\">J'ai cr\u00e9\u00e9 un bambou lamin\u00e9 moins cher que l'agglom\u00e9r\u00e9<\/div><\/div><\/a><a href=\"https:\/\/shamengo-vps1.tetedecom.pro\/fr\/chaine-tv-les-pionniers\/?video_id=14454\" class=\"video-item\" style=\"opacity:0;visibility:hidden;\"><div class=\"visual_container\"><div class=\"thumb_container\"><div style=\"background-image:url(\/\/shamengo-vps1.tetedecom.pro\/wp-content\/uploads\/2015\/10\/5503.jpg)\"><\/div><\/div><div class=\"thumb_overlay_container\"><div class=\"video-tag\">Portrait<\/div><div class=\"video-duration\">02:17<\/div><\/div><\/div><div class=\"infos_container\"><div class=\"video_extra_title\" style=\"color:#25bced\">Georgie Delaney<\/div><div class=\"video_title\">En faisant du sport, je recharge mon t\u00e9l\u00e9phone portable<\/div><\/div><\/a><a href=\"https:\/\/shamengo-vps1.tetedecom.pro\/fr\/chaine-tv-les-pionniers\/?video_id=14595\" class=\"video-item\" style=\"opacity:0;visibility:hidden;\"><div class=\"visual_container\"><div class=\"thumb_container\"><div style=\"background-image:url(\/\/shamengo-vps1.tetedecom.pro\/wp-content\/uploads\/2015\/09\/5450.jpg)\"><\/div><\/div><div class=\"thumb_overlay_container\"><div class=\"video-tag\">Portrait<\/div><div class=\"video-duration\">02:22<\/div><\/div><\/div><div class=\"infos_container\"><div class=\"video_extra_title\" style=\"color:#95c030\">Eric Scotto<\/div><div class=\"video_title\">Je construis des serres photovolta\u00efques pour marier \u00e9nergie verte et agriculture bio<\/div><\/div><\/a><a href=\"https:\/\/shamengo-vps1.tetedecom.pro\/fr\/chaine-tv-les-pionniers\/?video_id=14593\" class=\"video-item\" style=\"opacity:0;visibility:hidden;\"><div class=\"visual_container\"><div class=\"thumb_container\"><div style=\"background-image:url(\/\/shamengo-vps1.tetedecom.pro\/wp-content\/uploads\/2015\/09\/5394.jpg)\"><\/div><\/div><div class=\"thumb_overlay_container\"><div class=\"video-tag\">Portrait<\/div><div class=\"video-duration\">02:28<\/div><\/div><\/div><div class=\"infos_container\"><div class=\"video_extra_title\" style=\"color:#95c030\">Shane Chen<\/div><div class=\"video_title\">Mon invention r\u00e9volutionne vos d\u00e9placements individuels<\/div><\/div><\/a><a href=\"https:\/\/shamengo-vps1.tetedecom.pro\/fr\/chaine-tv-les-pionniers\/?video_id=14591\" class=\"video-item\" style=\"opacity:0;visibility:hidden;\"><div class=\"visual_container\"><div class=\"thumb_container\"><div style=\"background-image:url(\/\/shamengo-vps1.tetedecom.pro\/wp-content\/uploads\/2015\/09\/5327.jpg)\"><\/div><\/div><div class=\"thumb_overlay_container\"><div class=\"video-tag\">Portrait<\/div><div class=\"video-duration\">02:35<\/div><\/div><\/div><div class=\"infos_container\"><div class=\"video_extra_title\" style=\"color:#95c030\">Martha Delgado<\/div><div class=\"video_title\">J'\u00e9change vos d\u00e9chets contre de la nourriture bio<\/div><\/div><\/a><a href=\"https:\/\/shamengo-vps1.tetedecom.pro\/fr\/chaine-tv-les-pionniers\/?video_id=14524\" class=\"video-item\" style=\"opacity:0;visibility:hidden;\"><div class=\"visual_container\"><div class=\"thumb_container\"><div style=\"background-image:url(\/\/shamengo-vps1.tetedecom.pro\/wp-content\/uploads\/2015\/09\/5278.jpg)\"><\/div><\/div><div class=\"thumb_overlay_container\"><div class=\"video-tag\">Portrait<\/div><div class=\"video-duration\">02:26<\/div><\/div><\/div><div class=\"infos_container\"><div class=\"video_extra_title\" style=\"color:#95c030\">Catia Bastioli<\/div><div class=\"video_title\">Je r\u00e9colte des chardons en fleurs pour en faire du bio plastique<\/div><\/div><\/a><a href=\"https:\/\/shamengo-vps1.tetedecom.pro\/fr\/chaine-tv-les-pionniers\/?video_id=14298\" class=\"video-item\" style=\"opacity:0;visibility:hidden;\"><div class=\"visual_container\"><div class=\"thumb_container\"><div style=\"background-image:url(\/\/shamengo-vps1.tetedecom.pro\/wp-content\/uploads\/2015\/08\/2560.jpg)\"><\/div><\/div><div class=\"thumb_overlay_container\"><div class=\"video-tag\">Portrait<\/div><div class=\"video-duration\">01:52<\/div><\/div><\/div><div class=\"infos_container\"><div class=\"video_extra_title\" style=\"color:#25bced\">Tal Ben Shahar<\/div><div class=\"video_title\">Je vous apprends le bonheur<\/div><\/div><\/a><a href=\"https:\/\/shamengo-vps1.tetedecom.pro\/fr\/chaine-tv-les-pionniers\/?video_id=14348\" class=\"video-item\" style=\"opacity:0;visibility:hidden;\"><div class=\"visual_container\"><div class=\"thumb_container\"><div style=\"background-image:url(\/\/shamengo-vps1.tetedecom.pro\/wp-content\/uploads\/2015\/08\/2199.jpg)\"><\/div><\/div><div class=\"thumb_overlay_container\"><div class=\"video-tag\">Portrait<\/div><div class=\"video-duration\">02:03<\/div><\/div><\/div><div class=\"infos_container\"><div class=\"video_extra_title\" style=\"color:#f19a2e\">David Wadstr\u00f6m<\/div><div class=\"video_title\">je purifie l\u2019eau gr\u00e2ce \u00e0 l\u2019\u00e9nergie solaire<\/div><\/div><\/a><a href=\"https:\/\/shamengo-vps1.tetedecom.pro\/fr\/chaine-tv-les-pionniers\/?video_id=14408\" class=\"video-item\" style=\"opacity:0;visibility:hidden;\"><div class=\"visual_container\"><div class=\"thumb_container\"><div style=\"background-image:url(\/\/shamengo-vps1.tetedecom.pro\/wp-content\/uploads\/2015\/07\/2325.jpg)\"><\/div><\/div><div class=\"thumb_overlay_container\"><div class=\"video-tag\">Portrait<\/div><div class=\"video-duration\">02:07<\/div><\/div><\/div><div class=\"infos_container\"><div class=\"video_extra_title\" style=\"color:#f19a2e\">Agust\u00edn Wolff<\/div><div class=\"video_title\">J\u2019offre un toit \u00e0 des millions de personnes<\/div><\/div><\/a><a href=\"https:\/\/shamengo-vps1.tetedecom.pro\/fr\/chaine-tv-les-pionniers\/?video_id=14482\" class=\"video-item\" style=\"opacity:0;visibility:hidden;\"><div class=\"visual_container\"><div class=\"thumb_container\"><div style=\"background-image:url(\/\/shamengo-vps1.tetedecom.pro\/wp-content\/uploads\/2015\/07\/3755.jpg)\"><\/div><\/div><div class=\"thumb_overlay_container\"><div class=\"video-tag\">Portrait<\/div><div class=\"video-duration\">02:29<\/div><\/div><\/div><div class=\"infos_container\"><div class=\"video_extra_title\" style=\"color:#95c030\">Mansukh Prajapati<\/div><div class=\"video_title\">Mon r\u00e9frig\u00e9rateur fonctionne sans \u00e9lectricit\u00e9<\/div><\/div><\/a><a href=\"https:\/\/shamengo-vps1.tetedecom.pro\/fr\/chaine-tv-les-pionniers\/?video_id=14520\" class=\"video-item\" style=\"opacity:0;visibility:hidden;\"><div class=\"visual_container\"><div class=\"thumb_container\"><div style=\"background-image:url(\/\/shamengo-vps1.tetedecom.pro\/wp-content\/uploads\/2015\/07\/6922.jpg)\"><\/div><\/div><div class=\"thumb_overlay_container\"><div class=\"video-tag\">Portrait<\/div><div class=\"video-duration\">02:27<\/div><\/div><\/div><div class=\"infos_container\"><div class=\"video_extra_title\" style=\"color:#25bced\">Kanta Hani<\/div><div class=\"video_title\">J'ai cr\u00e9\u00e9 le festival zero d\u00e9chet<\/div><\/div><\/a><a href=\"https:\/\/shamengo-vps1.tetedecom.pro\/fr\/chaine-tv-les-pionniers\/?video_id=14378\" class=\"video-item\" style=\"opacity:0;visibility:hidden;\"><div class=\"visual_container\"><div class=\"thumb_container\"><div style=\"background-image:url(\/\/shamengo-vps1.tetedecom.pro\/wp-content\/uploads\/2015\/06\/2514.jpg)\"><\/div><\/div><div class=\"thumb_overlay_container\"><div class=\"video-tag\">Portrait<\/div><div class=\"video-duration\">02:10<\/div><\/div><\/div><div class=\"infos_container\"><div class=\"video_extra_title\" style=\"color:#25bced\">Ernesto Gramsh<\/div><div class=\"video_title\">Mon invention peut vous sauver la peau<\/div><\/div><\/a><a href=\"https:\/\/shamengo-vps1.tetedecom.pro\/fr\/chaine-tv-les-pionniers\/?video_id=14350\" class=\"video-item\" style=\"opacity:0;visibility:hidden;\"><div class=\"visual_container\"><div class=\"thumb_container\"><div style=\"background-image:url(\/\/shamengo-vps1.tetedecom.pro\/wp-content\/uploads\/2015\/06\/2202.jpg)\"><\/div><\/div><div class=\"thumb_overlay_container\"><div class=\"video-tag\">Portrait<\/div><div class=\"video-duration\">02:13<\/div><\/div><\/div><div class=\"infos_container\"><div class=\"video_extra_title\" style=\"color:#25bced\">Shaktimat Om Mokshananda<\/div><div class=\"video_title\">D\u00e9tendez vous sur mon tapis \u00e0 clous<\/div><\/div><\/a><a href=\"https:\/\/shamengo-vps1.tetedecom.pro\/fr\/chaine-tv-les-pionniers\/?video_id=14518\" class=\"video-item\" style=\"opacity:0;visibility:hidden;\"><div class=\"visual_container\"><div class=\"thumb_container\"><div style=\"background-image:url(\/\/shamengo-vps1.tetedecom.pro\/wp-content\/uploads\/2015\/06\/4903.jpg)\"><\/div><\/div><div class=\"thumb_overlay_container\"><div class=\"video-tag\">Portrait<\/div><div class=\"video-duration\">02:07<\/div><\/div><\/div><div class=\"infos_container\"><div class=\"video_extra_title\" style=\"color:#25bced\">Miguel Neiva<\/div><div class=\"video_title\">J\u2019aide les daltoniens \u00e0 voir les couleurs<\/div><\/div><\/a><a href=\"https:\/\/shamengo-vps1.tetedecom.pro\/fr\/chaine-tv-les-pionniers\/?video_id=14434\" class=\"video-item\" style=\"opacity:0;visibility:hidden;\"><div class=\"visual_container\"><div class=\"thumb_container\"><div style=\"background-image:url(\/\/shamengo-vps1.tetedecom.pro\/wp-content\/uploads\/2015\/06\/2485.jpg)\"><\/div><\/div><div class=\"thumb_overlay_container\"><div class=\"video-tag\">Portrait<\/div><div class=\"video-duration\">02:08<\/div><\/div><\/div><div class=\"infos_container\"><div class=\"video_extra_title\" style=\"color:#95c030\">Barth\u00e9l\u00e9my Dominici<\/div><div class=\"video_title\">J'installe des poubelles en mer<\/div><\/div><\/a><a href=\"https:\/\/shamengo-vps1.tetedecom.pro\/fr\/chaine-tv-les-pionniers\/?video_id=14516\" class=\"video-item\" style=\"opacity:0;visibility:hidden;\"><div class=\"visual_container\"><div class=\"thumb_container\"><div style=\"background-image:url(\/\/shamengo-vps1.tetedecom.pro\/wp-content\/uploads\/2015\/06\/4824.jpg)\"><\/div><\/div><div class=\"thumb_overlay_container\"><div class=\"video-tag\">Portrait<\/div><div class=\"video-duration\">02:13<\/div><\/div><\/div><div class=\"infos_container\"><div class=\"video_extra_title\" style=\"color:#25bced\">Andrea Coleman<\/div><div class=\"video_title\">Pour sauver des vies, mes pilotes sillonnent les pistes les plus improbables d\u2019Afrique<\/div><\/div><\/a><a href=\"https:\/\/shamengo-vps1.tetedecom.pro\/fr\/chaine-tv-les-pionniers\/?video_id=14400\" class=\"video-item\" style=\"opacity:0;visibility:hidden;\"><div class=\"visual_container\"><div class=\"thumb_container\"><div style=\"background-image:url(\/\/shamengo-vps1.tetedecom.pro\/wp-content\/uploads\/2015\/05\/2310.jpg)\"><\/div><\/div><div class=\"thumb_overlay_container\"><div class=\"video-tag\">Portrait<\/div><div class=\"video-duration\">01:52<\/div><\/div><\/div><div class=\"infos_container\"><div class=\"video_extra_title\" style=\"color:#25bced\">Olivier Desmoulin<\/div><div class=\"video_title\">Viens chez moi, c\u2019est mon voisin qui cuisine<\/div><\/div><\/a><a href=\"https:\/\/shamengo-vps1.tetedecom.pro\/fr\/chaine-tv-les-pionniers\/?video_id=14514\" class=\"video-item\" style=\"opacity:0;visibility:hidden;\"><div class=\"visual_container\"><div class=\"thumb_container\"><div style=\"background-image:url(\/\/shamengo-vps1.tetedecom.pro\/wp-content\/uploads\/2015\/05\/4780.jpg)\"><\/div><\/div><div class=\"thumb_overlay_container\"><div class=\"video-tag\">Portrait<\/div><div class=\"video-duration\">02:25<\/div><\/div><\/div><div class=\"infos_container\"><div class=\"video_extra_title\" style=\"color:#25bced\">Miguel Luengo<\/div><div class=\"video_title\">D\u00e9gommez le paludisme avec mon jeu vid\u00e9o<\/div><\/div><\/a><a href=\"https:\/\/shamengo-vps1.tetedecom.pro\/fr\/chaine-tv-les-pionniers\/?video_id=14412\" class=\"video-item\" style=\"opacity:0;visibility:hidden;\"><div class=\"visual_container\"><div class=\"thumb_container\"><div style=\"background-image:url(\/\/shamengo-vps1.tetedecom.pro\/wp-content\/uploads\/2015\/05\/2334.jpg)\"><\/div><\/div><div class=\"thumb_overlay_container\"><div class=\"video-tag\">Portrait<\/div><div class=\"video-duration\">02:11<\/div><\/div><\/div><div class=\"infos_container\"><div class=\"video_extra_title\" style=\"color:#25bced\">Dara O'Rourke<\/div><div class=\"video_title\">Mon application responsabilise vos achats<\/div><\/div><\/a><a href=\"https:\/\/shamengo-vps1.tetedecom.pro\/fr\/chaine-tv-les-pionniers\/?video_id=14512\" class=\"video-item\" style=\"opacity:0;visibility:hidden;\"><div class=\"visual_container\"><div class=\"thumb_container\"><div style=\"background-image:url(\/\/shamengo-vps1.tetedecom.pro\/wp-content\/uploads\/2015\/05\/4686.jpg)\"><\/div><\/div><div class=\"thumb_overlay_container\"><div class=\"video-tag\">Portrait<\/div><div class=\"video-duration\">02:09<\/div><\/div><\/div><div class=\"infos_container\"><div class=\"video_extra_title\" style=\"color:#25bced\">Mohammad Al-Ubaydli<\/div><div class=\"video_title\">J\u2019ai cr\u00e9\u00e9 le premier Facebook m\u00e9dical<\/div><\/div><\/a><a href=\"https:\/\/shamengo-vps1.tetedecom.pro\/fr\/chaine-tv-les-pionniers\/?video_id=14358\" class=\"video-item\" style=\"opacity:0;visibility:hidden;\"><div class=\"visual_container\"><div class=\"thumb_container\"><div style=\"background-image:url(\/\/shamengo-vps1.tetedecom.pro\/wp-content\/uploads\/2015\/04\/2218.jpg)\"><\/div><\/div><div class=\"thumb_overlay_container\"><div class=\"video-tag\">Portrait<\/div><div class=\"video-duration\">02:13<\/div><\/div><\/div><div class=\"infos_container\"><div class=\"video_extra_title\" style=\"color:#cc096c\">Nek Chand<\/div><div class=\"video_title\">J\u2019ai cr\u00e9\u00e9 la plus grande oeuvre d'art au monde, \u00e0 partir d\u2019objets recycl\u00e9s<\/div><\/div><\/a><a href=\"https:\/\/shamengo-vps1.tetedecom.pro\/fr\/chaine-tv-les-pionniers\/?video_id=14510\" class=\"video-item\" style=\"opacity:0;visibility:hidden;\"><div class=\"visual_container\"><div class=\"thumb_container\"><div style=\"background-image:url(\/\/shamengo-vps1.tetedecom.pro\/wp-content\/uploads\/2015\/04\/4734.jpg)\"><\/div><\/div><div class=\"thumb_overlay_container\"><div class=\"video-tag\">Portrait<\/div><div class=\"video-duration\">02:07<\/div><\/div><\/div><div class=\"infos_container\"><div class=\"video_extra_title\" style=\"color:#25bced\">Luh Suriyani<\/div><div class=\"video_title\">Je lib\u00e8re des malades mentaux encha\u00een\u00e9s comme des animaux<\/div><\/div><\/a><a href=\"https:\/\/shamengo-vps1.tetedecom.pro\/fr\/chaine-tv-les-pionniers\/?video_id=14508\" class=\"video-item\" style=\"opacity:0;visibility:hidden;\"><div class=\"visual_container\"><div class=\"thumb_container\"><div style=\"background-image:url(\/\/shamengo-vps1.tetedecom.pro\/wp-content\/uploads\/2015\/04\/4729.jpg)\"><\/div><\/div><div class=\"thumb_overlay_container\"><div class=\"video-tag\">Portrait<\/div><div class=\"video-duration\">02:00<\/div><\/div><\/div><div class=\"infos_container\"><div class=\"video_extra_title\" style=\"color:#25bced\">Josh Nesbit<\/div><div class=\"video_title\">Je sauve des vies gr\u00e2ce au t\u00e9l\u00e9phone portable<\/div><\/div><\/a><a href=\"https:\/\/shamengo-vps1.tetedecom.pro\/fr\/chaine-tv-les-pionniers\/?video_id=14506\" class=\"video-item\" style=\"opacity:0;visibility:hidden;\"><div class=\"visual_container\"><div class=\"thumb_container\"><div style=\"background-image:url(\/\/shamengo-vps1.tetedecom.pro\/wp-content\/uploads\/2015\/03\/4727.jpg)\"><\/div><\/div><div class=\"thumb_overlay_container\"><div class=\"video-tag\">Portrait<\/div><div class=\"video-duration\">02:10<\/div><\/div><\/div><div class=\"infos_container\"><div class=\"video_extra_title\" style=\"color:#f19a2e\">Ogo Maduewesi<\/div><div class=\"video_title\">Je lutte contre la maladie de Michael Jackson<\/div><\/div><\/a><a href=\"https:\/\/shamengo-vps1.tetedecom.pro\/fr\/chaine-tv-les-pionniers\/?video_id=14474\" class=\"video-item\" style=\"opacity:0;visibility:hidden;\"><div class=\"visual_container\"><div class=\"thumb_container\"><div style=\"background-image:url(\/\/shamengo-vps1.tetedecom.pro\/wp-content\/uploads\/2015\/03\/3444.jpg)\"><\/div><\/div><div class=\"thumb_overlay_container\"><div class=\"video-tag\">Portrait<\/div><div class=\"video-duration\">02:27<\/div><\/div><\/div><div class=\"infos_container\"><div class=\"video_extra_title\" style=\"color:#f19a2e\">Javier De Nicolo<\/div><div class=\"video_title\">J\u2019ai cr\u00e9\u00e9 la R\u00e9publique des Enfants pour les sortir de la rue<\/div><\/div><\/a><a href=\"https:\/\/shamengo-vps1.tetedecom.pro\/fr\/chaine-tv-les-pionniers\/?video_id=14504\" class=\"video-item\" style=\"opacity:0;visibility:hidden;\"><div class=\"visual_container\"><div class=\"thumb_container\"><div style=\"background-image:url(\/\/shamengo-vps1.tetedecom.pro\/wp-content\/uploads\/2015\/03\/4745.jpg)\"><\/div><\/div><div class=\"thumb_overlay_container\"><div class=\"video-tag\">Portrait<\/div><div class=\"video-duration\">02:25<\/div><\/div><\/div><div class=\"infos_container\"><div class=\"video_extra_title\" style=\"color:#25bced\">Katherine Freund<\/div><div class=\"video_title\">J'ai fond\u00e9 la premi\u00e8re compagnie d'auto-partage pour les seniors<\/div><\/div><\/a><a href=\"https:\/\/shamengo-vps1.tetedecom.pro\/fr\/chaine-tv-les-pionniers\/?video_id=14280\" class=\"video-item\" style=\"opacity:0;visibility:hidden;\"><div class=\"visual_container\"><div class=\"thumb_container\"><div style=\"background-image:url(\/\/shamengo-vps1.tetedecom.pro\/wp-content\/uploads\/2015\/03\/2457.jpg)\"><\/div><\/div><div class=\"thumb_overlay_container\"><div class=\"video-tag\">Portrait<\/div><div class=\"video-duration\">02:06<\/div><\/div><\/div><div class=\"infos_container\"><div class=\"video_extra_title\" style=\"color:#95c030\">Stephan Wrage<\/div><div class=\"video_title\">j\u2019ai invent\u00e9 un cerf-volant pour tracter les cargos<\/div><\/div><\/a><a href=\"https:\/\/shamengo-vps1.tetedecom.pro\/fr\/chaine-tv-les-pionniers\/?video_id=14502\" class=\"video-item\" style=\"opacity:0;visibility:hidden;\"><div class=\"visual_container\"><div class=\"thumb_container\"><div style=\"background-image:url(\/\/shamengo-vps1.tetedecom.pro\/wp-content\/uploads\/2015\/02\/4743.jpg)\"><\/div><\/div><div class=\"thumb_overlay_container\"><div class=\"video-tag\">Portrait<\/div><div class=\"video-duration\">02:17<\/div><\/div><\/div><div class=\"infos_container\"><div class=\"video_extra_title\" style=\"color:#95c030\">Masaki Takao<\/div><div class=\"video_title\">Je fais du bio\u00e9thanol avec vos vieux v\u00eatements<\/div><\/div><\/a><a href=\"https:\/\/shamengo-vps1.tetedecom.pro\/fr\/chaine-tv-les-pionniers\/?video_id=14500\" class=\"video-item\" style=\"opacity:0;visibility:hidden;\"><div class=\"visual_container\"><div class=\"thumb_container\"><div style=\"background-image:url(\/\/shamengo-vps1.tetedecom.pro\/wp-content\/uploads\/2015\/02\/4445.jpg)\"><\/div><\/div><div class=\"thumb_overlay_container\"><div class=\"video-tag\">Portrait<\/div><div class=\"video-duration\">02:12<\/div><\/div><\/div><div class=\"infos_container\"><div class=\"video_extra_title\" style=\"color:#25bced\">Junto Ohki<\/div><div class=\"video_title\">J\u2019ai cr\u00e9\u00e9 un langage universel pour les sourds et muets<\/div><\/div><\/a><a href=\"https:\/\/shamengo-vps1.tetedecom.pro\/fr\/chaine-tv-les-pionniers\/?video_id=14498\" class=\"video-item\" style=\"opacity:0;visibility:hidden;\"><div class=\"visual_container\"><div class=\"thumb_container\"><div style=\"background-image:url(\/\/shamengo-vps1.tetedecom.pro\/wp-content\/uploads\/2015\/02\/4449.jpg)\"><\/div><\/div><div class=\"thumb_overlay_container\"><div class=\"video-tag\">Portrait<\/div><div class=\"video-duration\">02:06<\/div><\/div><\/div><div class=\"infos_container\"><div class=\"video_extra_title\" style=\"color:#f19a2e\">Guillaume Bapst<\/div><div class=\"video_title\">J\u2019ai cr\u00e9\u00e9 les \u00e9piceries solidaires<\/div><\/div><\/a><a href=\"https:\/\/shamengo-vps1.tetedecom.pro\/fr\/chaine-tv-les-pionniers\/?video_id=14496\" class=\"video-item\" style=\"opacity:0;visibility:hidden;\"><div class=\"visual_container\"><div class=\"thumb_container\"><div style=\"background-image:url(\/\/shamengo-vps1.tetedecom.pro\/wp-content\/uploads\/2015\/01\/4486.jpg)\"><\/div><\/div><div class=\"thumb_overlay_container\"><div class=\"video-tag\">Portrait<\/div><div class=\"video-duration\">02:19<\/div><\/div><\/div><div class=\"infos_container\"><div class=\"video_extra_title\" style=\"color:#25bced\">Sam Agutu<\/div><div class=\"video_title\">J\u2019ai cr\u00e9\u00e9 une \u00e9pargne sant\u00e9 universelle pour les pays en d\u00e9veloppement<\/div><\/div><\/a><a href=\"https:\/\/shamengo-vps1.tetedecom.pro\/fr\/chaine-tv-les-pionniers\/?video_id=14494\" class=\"video-item\" style=\"opacity:0;visibility:hidden;\"><div class=\"visual_container\"><div class=\"thumb_container\"><div style=\"background-image:url(\/\/shamengo-vps1.tetedecom.pro\/wp-content\/uploads\/2015\/01\/4284.jpg)\"><\/div><\/div><div class=\"thumb_overlay_container\"><div class=\"video-tag\">Portrait<\/div><div class=\"video-duration\">02:02<\/div><\/div><\/div><div class=\"infos_container\"><div class=\"video_extra_title\" style=\"color:#25bced\">Hisham Kharma<\/div><div class=\"video_title\">Je contourne la mafia du sang avec ma plateforme gratuite<\/div><\/div><\/a><a href=\"https:\/\/shamengo-vps1.tetedecom.pro\/fr\/chaine-tv-les-pionniers\/?video_id=14492\" class=\"video-item\" style=\"opacity:0;visibility:hidden;\"><div class=\"visual_container\"><div class=\"thumb_container\"><div style=\"background-image:url(\/\/shamengo-vps1.tetedecom.pro\/wp-content\/uploads\/2014\/12\/4285.jpg)\"><\/div><\/div><div class=\"thumb_overlay_container\"><div class=\"video-tag\">Portrait<\/div><div class=\"video-duration\">02:53<\/div><\/div><\/div><div class=\"infos_container\"><div class=\"video_extra_title\" style=\"color:#f19a2e\">Bunker Roy<\/div><div class=\"video_title\">J\u2019ai cr\u00e9\u00e9 l\u2019universit\u00e9 des va-nu-pieds<\/div><\/div><\/a><a href=\"https:\/\/shamengo-vps1.tetedecom.pro\/fr\/chaine-tv-les-pionniers\/?video_id=14272\" class=\"video-item\" style=\"opacity:0;visibility:hidden;\"><div class=\"visual_container\"><div class=\"thumb_container\"><div style=\"background-image:url(\/\/shamengo-vps1.tetedecom.pro\/wp-content\/uploads\/2014\/12\/4286.jpg)\"><\/div><\/div><div class=\"thumb_overlay_container\"><div class=\"video-tag\">Portrait<\/div><div class=\"video-duration\">02:12<\/div><\/div><\/div><div class=\"infos_container\"><div class=\"video_extra_title\" style=\"color:#f19a2e\">Veronica Khosa<\/div><div class=\"video_title\">J\u2019accompagne jusqu\u2019\u00e0 leur dernier souffle, les victimes du SIDA<\/div><\/div><\/a><a href=\"https:\/\/shamengo-vps1.tetedecom.pro\/fr\/chaine-tv-les-pionniers\/?video_id=14490\" class=\"video-item\" style=\"opacity:0;visibility:hidden;\"><div class=\"visual_container\"><div class=\"thumb_container\"><div style=\"background-image:url(\/\/shamengo-vps1.tetedecom.pro\/wp-content\/uploads\/2014\/11\/4287.jpg)\"><\/div><\/div><div class=\"thumb_overlay_container\"><div class=\"video-tag\">Portrait<\/div><div class=\"video-duration\">02:22<\/div><\/div><\/div><div class=\"infos_container\"><div class=\"video_extra_title\" style=\"color:#f19a2e\">Sameer Sawarkar<\/div><div class=\"video_title\">Je fais des check-up complets en passant par une ligne t\u00e9l\u00e9phonique \u00e0 tr\u00e8s bas d\u00e9bit.<\/div><\/div><\/a><a href=\"https:\/\/shamengo-vps1.tetedecom.pro\/fr\/chaine-tv-les-pionniers\/?video_id=14486\" class=\"video-item\" style=\"opacity:0;visibility:hidden;\"><div class=\"visual_container\"><div class=\"thumb_container\"><div style=\"background-image:url(\/\/shamengo-vps1.tetedecom.pro\/wp-content\/uploads\/2014\/09\/3759.jpg)\"><\/div><\/div><div class=\"thumb_overlay_container\"><div class=\"video-tag\">Portrait<\/div><div class=\"video-duration\">02:24<\/div><\/div><\/div><div class=\"infos_container\"><div class=\"video_extra_title\" style=\"color:#95c030\">Yukihiro Kimura<\/div><div class=\"video_title\">Je recycle les couches culottes comme personne<\/div><\/div><\/a><a href=\"https:\/\/shamengo-vps1.tetedecom.pro\/fr\/chaine-tv-les-pionniers\/?video_id=14488\" class=\"video-item\" style=\"opacity:0;visibility:hidden;\"><div class=\"visual_container\"><div class=\"thumb_container\"><div style=\"background-image:url(\/\/shamengo-vps1.tetedecom.pro\/wp-content\/uploads\/2014\/09\/3804.jpg)\"><\/div><\/div><div class=\"thumb_overlay_container\"><div class=\"video-tag\">Portrait<\/div><div class=\"video-duration\">02:25<\/div><\/div><\/div><div class=\"infos_container\"><div class=\"video_extra_title\" style=\"color:#25bced\">C\u00e9dric P\u00e9chard<\/div><div class=\"video_title\">Mes champignons poussent gr\u00e2ce \u00e0 votre petit noir sur le zinc<\/div><\/div><\/a><a href=\"https:\/\/shamengo-vps1.tetedecom.pro\/fr\/chaine-tv-les-pionniers\/?video_id=14484\" class=\"video-item\" style=\"opacity:0;visibility:hidden;\"><div class=\"visual_container\"><div class=\"thumb_container\"><div style=\"background-image:url(\/\/shamengo-vps1.tetedecom.pro\/wp-content\/uploads\/2014\/09\/3757.jpg)\"><\/div><\/div><div class=\"thumb_overlay_container\"><div class=\"video-tag\">Portrait<\/div><div class=\"video-duration\">02:29<\/div><\/div><\/div><div class=\"infos_container\"><div class=\"video_extra_title\" style=\"color:#95c030\">Philippe Ouaki di Giorno<\/div><div class=\"video_title\">Mon eau s\u00e8che reverdit les d\u00e9serts<\/div><\/div><\/a><a href=\"https:\/\/shamengo-vps1.tetedecom.pro\/fr\/chaine-tv-les-pionniers\/?video_id=14420\" class=\"video-item\" style=\"opacity:0;visibility:hidden;\"><div class=\"visual_container\"><div class=\"thumb_container\"><div style=\"background-image:url(\/\/shamengo-vps1.tetedecom.pro\/wp-content\/uploads\/2014\/09\/2355.jpg)\"><\/div><\/div><div class=\"thumb_overlay_container\"><div class=\"video-tag\">Portrait<\/div><div class=\"video-duration\">02:10<\/div><\/div><\/div><div class=\"infos_container\"><div class=\"video_extra_title\" style=\"color:#25bced\">Jordi Marti<\/div><div class=\"video_title\">j\u2019ai invent\u00e9 la prise de sang sans aiguille<\/div><\/div><\/a><a href=\"https:\/\/shamengo-vps1.tetedecom.pro\/fr\/chaine-tv-les-pionniers\/?video_id=14480\" class=\"video-item\" style=\"opacity:0;visibility:hidden;\"><div class=\"visual_container\"><div class=\"thumb_container\"><div style=\"background-image:url(\/\/shamengo-vps1.tetedecom.pro\/wp-content\/uploads\/2014\/08\/4452.jpg)\"><\/div><\/div><div class=\"thumb_overlay_container\"><div class=\"video-tag\">Portrait<\/div><div class=\"video-duration\">02:29<\/div><\/div><\/div><div class=\"infos_container\"><div class=\"video_extra_title\" style=\"color:#cc096c\">Thomas Granier<\/div><div class=\"video_title\">Je construis des toits de terre pour remplacer la t\u00f4le ondul\u00e9e<\/div><\/div><\/a><a href=\"https:\/\/shamengo-vps1.tetedecom.pro\/fr\/chaine-tv-les-pionniers\/?video_id=14476\" class=\"video-item\" style=\"opacity:0;visibility:hidden;\"><div class=\"visual_container\"><div class=\"thumb_container\"><div style=\"background-image:url(\/\/shamengo-vps1.tetedecom.pro\/wp-content\/uploads\/2014\/06\/3615.jpg)\"><\/div><\/div><div class=\"thumb_overlay_container\"><div class=\"video-tag\">Portrait<\/div><div class=\"video-duration\">02:24<\/div><\/div><\/div><div class=\"infos_container\"><div class=\"video_extra_title\" style=\"color:#25bced\">Takao Furuno<\/div><div class=\"video_title\">Je mets des canards dans les rizi\u00e8res pour rendre le riz meilleur<\/div><\/div><\/a><a href=\"https:\/\/shamengo-vps1.tetedecom.pro\/fr\/chaine-tv-les-pionniers\/?video_id=13719\" class=\"video-item\" style=\"opacity:0;visibility:hidden;\"><div class=\"visual_container\"><div class=\"thumb_container\"><div style=\"background-image:url(\/\/shamengo-vps1.tetedecom.pro\/wp-content\/uploads\/2014\/04\/1983.png)\"><\/div><\/div><div class=\"thumb_overlay_container\"><div class=\"video-tag\">Portrait<\/div><div class=\"video-duration\">01:58<\/div><\/div><\/div><div class=\"infos_container\"><div class=\"video_extra_title\" style=\"color:#95c030\">Tammy Dunakin<\/div><div class=\"video_title\">Je loue mes ch\u00e8vres pour tondre vos pelouses<\/div><\/div><\/a><a href=\"https:\/\/shamengo-vps1.tetedecom.pro\/fr\/chaine-tv-les-pionniers\/?video_id=14470\" class=\"video-item\" style=\"opacity:0;visibility:hidden;\"><div class=\"visual_container\"><div class=\"thumb_container\"><div style=\"background-image:url(\/\/shamengo-vps1.tetedecom.pro\/wp-content\/uploads\/2014\/01\/3159.jpg)\"><\/div><\/div><div class=\"thumb_overlay_container\"><div class=\"video-tag\">Portrait<\/div><div class=\"video-duration\">02:18<\/div><\/div><\/div><div class=\"infos_container\"><div class=\"video_extra_title\" style=\"color:#95c030\">Yumi Somei<\/div><div class=\"video_title\">J\u2019ai d\u00e9couvert un in\u00e9puisable champs de p\u00e9trole \u00e0 Tokyo<\/div><\/div><\/a><a href=\"https:\/\/shamengo-vps1.tetedecom.pro\/fr\/chaine-tv-les-pionniers\/?video_id=14310\" class=\"video-item\" style=\"opacity:0;visibility:hidden;\"><div class=\"visual_container\"><div class=\"thumb_container\"><div style=\"background-image:url(\/\/shamengo-vps1.tetedecom.pro\/wp-content\/uploads\/2013\/12\/2128.png)\"><\/div><\/div><div class=\"thumb_overlay_container\"><div class=\"video-tag\">Portrait<\/div><div class=\"video-duration\">02:05<\/div><\/div><\/div><div class=\"infos_container\"><div class=\"video_extra_title\" style=\"color:#25bced\">Amit Goffer<\/div><div class=\"video_title\">Je permets aux parapl\u00e9giques de remarcher<\/div><\/div><\/a><a href=\"https:\/\/shamengo-vps1.tetedecom.pro\/fr\/chaine-tv-les-pionniers\/?video_id=14466\" class=\"video-item\" style=\"opacity:0;visibility:hidden;\"><div class=\"visual_container\"><div class=\"thumb_container\"><div style=\"background-image:url(\/\/shamengo-vps1.tetedecom.pro\/wp-content\/uploads\/2013\/12\/3114.jpg)\"><\/div><\/div><div class=\"thumb_overlay_container\"><div class=\"video-tag\">Portrait<\/div><div class=\"video-duration\">02:23<\/div><\/div><\/div><div class=\"infos_container\"><div class=\"video_extra_title\" style=\"color:#f19a2e\">Aline Mathilde Pelsers<\/div><div class=\"video_title\">Nous avons lanc\u00e9 le concours \"Mr SDF\"<\/div><\/div><\/a><a href=\"https:\/\/shamengo-vps1.tetedecom.pro\/fr\/chaine-tv-les-pionniers\/?video_id=14464\" class=\"video-item\" style=\"opacity:0;visibility:hidden;\"><div class=\"visual_container\"><div class=\"thumb_container\"><div style=\"background-image:url(\/\/shamengo-vps1.tetedecom.pro\/wp-content\/uploads\/2013\/11\/3102.jpg)\"><\/div><\/div><div class=\"thumb_overlay_container\"><div class=\"video-tag\">Portrait<\/div><div class=\"video-duration\">02:18<\/div><\/div><\/div><div class=\"infos_container\"><div class=\"video_extra_title\" style=\"color:#95c030\">Francisco Da Silva<\/div><div class=\"video_title\">Je fais du savon \u00e0 partir de vos huiles de friture<\/div><\/div><\/a><a href=\"https:\/\/shamengo-vps1.tetedecom.pro\/fr\/chaine-tv-les-pionniers\/?video_id=14462\" class=\"video-item\" style=\"opacity:0;visibility:hidden;\"><div class=\"visual_container\"><div class=\"thumb_container\"><div style=\"background-image:url(\/\/shamengo-vps1.tetedecom.pro\/wp-content\/uploads\/2013\/11\/3089.jpg)\"><\/div><\/div><div class=\"thumb_overlay_container\"><div class=\"video-tag\">Portrait<\/div><div class=\"video-duration\">02:09<\/div><\/div><\/div><div class=\"infos_container\"><div class=\"video_extra_title\" style=\"color:#f19a2e\">Trevor Field<\/div><div class=\"video_title\">Nos \u00e9coliers puisent de l\u2019eau potable en s\u2019amusant<\/div><\/div><\/a><a href=\"https:\/\/shamengo-vps1.tetedecom.pro\/fr\/chaine-tv-les-pionniers\/?video_id=14460\" class=\"video-item\" style=\"opacity:0;visibility:hidden;\"><div class=\"visual_container\"><div class=\"thumb_container\"><div style=\"background-image:url(\/\/shamengo-vps1.tetedecom.pro\/wp-content\/uploads\/2013\/11\/3078.jpg)\"><\/div><\/div><div class=\"thumb_overlay_container\"><div class=\"video-tag\">Portrait<\/div><div class=\"video-duration\">02:15<\/div><\/div><\/div><div class=\"infos_container\"><div class=\"video_extra_title\" style=\"color:#95c030\">Simon V\u00e9lez<\/div><div class=\"video_title\">J\u2019utilise le bambou comme d\u2019autres l\u2019acier<\/div><\/div><\/a><a href=\"https:\/\/shamengo-vps1.tetedecom.pro\/fr\/chaine-tv-les-pionniers\/?video_id=14458\" class=\"video-item\" style=\"opacity:0;visibility:hidden;\"><div class=\"visual_container\"><div class=\"thumb_container\"><div style=\"background-image:url(\/\/shamengo-vps1.tetedecom.pro\/wp-content\/uploads\/2013\/10\/3069.jpg)\"><\/div><\/div><div class=\"thumb_overlay_container\"><div class=\"video-tag\">Portrait<\/div><div class=\"video-duration\">02:13<\/div><\/div><\/div><div class=\"infos_container\"><div class=\"video_extra_title\" style=\"color:#25bced\">Guilhem Cheron, Marc-David Choukroun<\/div><div class=\"video_title\">J\u2019ouvre de plus en plus de ruches pour vous permettre d\u2019acheter des produits fermiers bon march\u00e9<\/div><\/div><\/a><a href=\"https:\/\/shamengo-vps1.tetedecom.pro\/fr\/chaine-tv-les-pionniers\/?video_id=14456\" class=\"video-item\" style=\"opacity:0;visibility:hidden;\"><div class=\"visual_container\"><div class=\"thumb_container\"><div style=\"background-image:url(\/\/shamengo-vps1.tetedecom.pro\/wp-content\/uploads\/2013\/10\/3053.jpg)\"><\/div><\/div><div class=\"thumb_overlay_container\"><div class=\"video-tag\">Portrait<\/div><div class=\"video-duration\">02:04<\/div><\/div><\/div><div class=\"infos_container\"><div class=\"video_extra_title\" style=\"color:#f19a2e\">Sandra Aguebor<\/div><div class=\"video_title\">Pour leur \u00e9viter le trottoir, je forme des femmes \u00e0 devenir m\u00e9caniciennes<\/div><\/div><\/a><a href=\"https:\/\/shamengo-vps1.tetedecom.pro\/fr\/chaine-tv-les-pionniers\/?video_id=14452\" class=\"video-item\" style=\"opacity:0;visibility:hidden;\"><div class=\"visual_container\"><div class=\"thumb_container\"><div style=\"background-image:url(\/\/shamengo-vps1.tetedecom.pro\/wp-content\/uploads\/2013\/10\/3030.jpg)\"><\/div><\/div><div class=\"thumb_overlay_container\"><div class=\"video-tag\">Portrait<\/div><div class=\"video-duration\">02:13<\/div><\/div><\/div><div class=\"infos_container\"><div class=\"video_extra_title\" style=\"color:#95c030\">Esteban Chornet<\/div><div class=\"video_title\">Je fais mon plein d\u2019essence dans vos poubelles<\/div><\/div><\/a><a href=\"https:\/\/shamengo-vps1.tetedecom.pro\/fr\/chaine-tv-les-pionniers\/?video_id=14450\" class=\"video-item\" style=\"opacity:0;visibility:hidden;\"><div class=\"visual_container\"><div class=\"thumb_container\"><div style=\"background-image:url(\/\/shamengo-vps1.tetedecom.pro\/wp-content\/uploads\/2013\/10\/3017.jpg)\"><\/div><\/div><div class=\"thumb_overlay_container\"><div class=\"video-tag\">Portrait<\/div><div class=\"video-duration\">02:12<\/div><\/div><\/div><div class=\"infos_container\"><div class=\"video_extra_title\" style=\"color:#95c030\">Thierry Jacquet<\/div><div class=\"video_title\">Je d\u00e9pollue les sols gr\u00e2ce aux plantes<\/div><\/div><\/a><a href=\"https:\/\/shamengo-vps1.tetedecom.pro\/fr\/chaine-tv-les-pionniers\/?video_id=14398\" class=\"video-item\" style=\"opacity:0;visibility:hidden;\"><div class=\"visual_container\"><div class=\"thumb_container\"><div style=\"background-image:url(\/\/shamengo-vps1.tetedecom.pro\/wp-content\/uploads\/2013\/10\/2305.jpg)\"><\/div><\/div><div class=\"thumb_overlay_container\"><div class=\"video-tag\">Portrait<\/div><div class=\"video-duration\">02:05<\/div><\/div><\/div><div class=\"infos_container\"><div class=\"video_extra_title\" style=\"color:#95c030\">Ursula Sladek<\/div><div class=\"video_title\">J\u2019ai cr\u00e9\u00e9 le premier r\u00e9seau d\u2019\u00e9nergie verte<\/div><\/div><\/a><a href=\"https:\/\/shamengo-vps1.tetedecom.pro\/fr\/chaine-tv-les-pionniers\/?video_id=14324\" class=\"video-item\" style=\"opacity:0;visibility:hidden;\"><div class=\"visual_container\"><div class=\"thumb_container\"><div style=\"background-image:url(\/\/shamengo-vps1.tetedecom.pro\/wp-content\/uploads\/2013\/10\/3006.jpg)\"><\/div><\/div><div class=\"thumb_overlay_container\"><div class=\"video-tag\">Portrait<\/div><div class=\"video-duration\">02:08<\/div><\/div><\/div><div class=\"infos_container\"><div class=\"video_extra_title\" style=\"color:#cc096c\">Heath Nash<\/div><div class=\"video_title\">je transforme vos bouteilles de lait en luminaire design<\/div><\/div><\/a><a href=\"https:\/\/shamengo-vps1.tetedecom.pro\/fr\/chaine-tv-les-pionniers\/?video_id=14448\" class=\"video-item\" style=\"opacity:0;visibility:hidden;\"><div class=\"visual_container\"><div class=\"thumb_container\"><div style=\"background-image:url(\/\/shamengo-vps1.tetedecom.pro\/wp-content\/uploads\/2013\/09\/2987.jpg)\"><\/div><\/div><div class=\"thumb_overlay_container\"><div class=\"video-tag\">Portrait<\/div><div class=\"video-duration\">02:20<\/div><\/div><\/div><div class=\"infos_container\"><div class=\"video_extra_title\" style=\"color:#95c030\">Corentin de Chatelperron<\/div><div class=\"video_title\">Je traverse les oc\u00e9ans sur un bateau en fibre de jute<\/div><\/div><\/a><a href=\"https:\/\/shamengo-vps1.tetedecom.pro\/fr\/chaine-tv-les-pionniers\/?video_id=14446\" class=\"video-item\" style=\"opacity:0;visibility:hidden;\"><div class=\"visual_container\"><div class=\"thumb_container\"><div style=\"background-image:url(\/\/shamengo-vps1.tetedecom.pro\/wp-content\/uploads\/2013\/09\/2975.jpg)\"><\/div><\/div><div class=\"thumb_overlay_container\"><div class=\"video-tag\">Portrait<\/div><div class=\"video-duration\">02:25<\/div><\/div><\/div><div class=\"infos_container\"><div class=\"video_extra_title\" style=\"color:#f19a2e\">Tony Meloto<\/div><div class=\"video_title\">J'ai sorti un million de Philippins de l'extr\u00eame pauvret\u00e9<\/div><\/div><\/a><a href=\"https:\/\/shamengo-vps1.tetedecom.pro\/fr\/chaine-tv-les-pionniers\/?video_id=14444\" class=\"video-item\" style=\"opacity:0;visibility:hidden;\"><div class=\"visual_container\"><div class=\"thumb_container\"><div style=\"background-image:url(\/\/shamengo-vps1.tetedecom.pro\/wp-content\/uploads\/2013\/09\/2970.jpg)\"><\/div><\/div><div class=\"thumb_overlay_container\"><div class=\"video-tag\">Portrait<\/div><div class=\"video-duration\">02:29<\/div><\/div><\/div><div class=\"infos_container\"><div class=\"video_extra_title\" style=\"color:#f19a2e\">Gonzalez Catalina<\/div><div class=\"video_title\">Je vous apprends \u00e0 lire avec des dominos<\/div><\/div><\/a><a href=\"https:\/\/shamengo-vps1.tetedecom.pro\/fr\/chaine-tv-les-pionniers\/?video_id=14374\" class=\"video-item\" style=\"opacity:0;visibility:hidden;\"><div class=\"visual_container\"><div class=\"thumb_container\"><div style=\"background-image:url(\/\/shamengo-vps1.tetedecom.pro\/wp-content\/uploads\/2013\/07\/2627.jpg)\"><\/div><\/div><div class=\"thumb_overlay_container\"><div class=\"video-tag\">Portrait<\/div><div class=\"video-duration\">02:07<\/div><\/div><\/div><div class=\"infos_container\"><div class=\"video_extra_title\" style=\"color:#95c030\">Olivier Desurmont<\/div><div class=\"video_title\">Je lave les voitures sans eau<\/div><\/div><\/a><a href=\"https:\/\/shamengo-vps1.tetedecom.pro\/fr\/chaine-tv-les-pionniers\/?video_id=14330\" class=\"video-item\" style=\"opacity:0;visibility:hidden;\"><div class=\"visual_container\"><div class=\"thumb_container\"><div style=\"background-image:url(\/\/shamengo-vps1.tetedecom.pro\/wp-content\/uploads\/2013\/04\/2437.jpg)\"><\/div><\/div><div class=\"thumb_overlay_container\"><div class=\"video-tag\">Portrait<\/div><div class=\"video-duration\">02:20<\/div><\/div><\/div><div class=\"infos_container\"><div class=\"video_extra_title\" style=\"color:#f19a2e\">Plernpis Thongklad<\/div><div class=\"video_title\">Ma banque ne pr\u00eate pas de l\u2019argent mais des buffles<\/div><\/div><\/a><a href=\"https:\/\/shamengo-vps1.tetedecom.pro\/fr\/chaine-tv-les-pionniers\/?video_id=14332\" class=\"video-item\" style=\"opacity:0;visibility:hidden;\"><div class=\"visual_container\"><div class=\"thumb_container\"><div style=\"background-image:url(\/\/shamengo-vps1.tetedecom.pro\/wp-content\/uploads\/2013\/04\/2445.jpg)\"><\/div><\/div><div class=\"thumb_overlay_container\"><div class=\"video-tag\">Portrait<\/div><div class=\"video-duration\">02:05<\/div><\/div><\/div><div class=\"infos_container\"><div class=\"video_extra_title\" style=\"color:#95c030\">Guilherme Bampi<\/div><div class=\"video_title\">j\u2019ai cr\u00e9\u00e9 une nouvelle mati\u00e8re avec les d\u00e9chets de bois et de plastique<\/div><\/div><\/a><a href=\"https:\/\/shamengo-vps1.tetedecom.pro\/fr\/chaine-tv-les-pionniers\/?video_id=13717\" class=\"video-item\" style=\"opacity:0;visibility:hidden;\"><div class=\"visual_container\"><div class=\"thumb_container\"><div style=\"background-image:url(\/\/shamengo-vps1.tetedecom.pro\/wp-content\/uploads\/2013\/03\/2532.jpg)\"><\/div><\/div><div class=\"thumb_overlay_container\"><div class=\"video-tag\">Portrait<\/div><div class=\"video-duration\">01:55<\/div><\/div><\/div><div class=\"infos_container\"><div class=\"video_extra_title\" style=\"color:#f19a2e\">Amit Chugh<\/div><div class=\"video_title\">J\u2019apporte la lumi\u00e8re solaire pour les oubli\u00e9s de la croissance<\/div><\/div><\/a><a href=\"https:\/\/shamengo-vps1.tetedecom.pro\/fr\/chaine-tv-les-pionniers\/?video_id=14440\" class=\"video-item\" style=\"opacity:0;visibility:hidden;\"><div class=\"visual_container\"><div class=\"thumb_container\"><div style=\"background-image:url(\/\/shamengo-vps1.tetedecom.pro\/wp-content\/uploads\/2013\/03\/2475.jpg)\"><\/div><\/div><div class=\"thumb_overlay_container\"><div class=\"video-tag\">Portrait<\/div><div class=\"video-duration\">02:12<\/div><\/div><\/div><div class=\"infos_container\"><div class=\"video_extra_title\" style=\"color:#25bced\">Carlos Espinosa<\/div><div class=\"video_title\">Je ramasse l\u2019eau des nuages dans mes filets<\/div><\/div><\/a><a href=\"https:\/\/shamengo-vps1.tetedecom.pro\/fr\/chaine-tv-les-pionniers\/?video_id=14438\" class=\"video-item\" style=\"opacity:0;visibility:hidden;\"><div class=\"visual_container\"><div class=\"thumb_container\"><div style=\"background-image:url(\/\/shamengo-vps1.tetedecom.pro\/wp-content\/uploads\/2013\/03\/2563.jpg)\"><\/div><\/div><div class=\"thumb_overlay_container\"><div class=\"video-tag\">Portrait<\/div><div class=\"video-duration\">02:14<\/div><\/div><\/div><div class=\"infos_container\"><div class=\"video_extra_title\" style=\"color:#f19a2e\">Natalie Killassy<\/div><div class=\"video_title\">J\u2019ai cr\u00e9\u00e9 un textile anti-\u00e9boulement<\/div><\/div><\/a><a href=\"https:\/\/shamengo-vps1.tetedecom.pro\/fr\/chaine-tv-les-pionniers\/?video_id=14256\" class=\"video-item\" style=\"opacity:0;visibility:hidden;\"><div class=\"visual_container\"><div class=\"thumb_container\"><div style=\"background-image:url(\/\/shamengo-vps1.tetedecom.pro\/wp-content\/uploads\/2013\/02\/2412.jpg)\"><\/div><\/div><div class=\"thumb_overlay_container\"><div class=\"video-tag\">Portrait<\/div><div class=\"video-duration\">02:16<\/div><\/div><\/div><div class=\"infos_container\"><div class=\"video_extra_title\" style=\"color:#25bced\">Pierfranco Midali &amp; Giacomo Bonzani<\/div><div class=\"video_title\">Nous apportons le soleil l\u00e0 o\u00f9 il ne brille pas<\/div><\/div><\/a><a href=\"https:\/\/shamengo-vps1.tetedecom.pro\/fr\/chaine-tv-les-pionniers\/?video_id=14258\" class=\"video-item\" style=\"opacity:0;visibility:hidden;\"><div class=\"visual_container\"><div class=\"thumb_container\"><div style=\"background-image:url(\/\/shamengo-vps1.tetedecom.pro\/wp-content\/uploads\/2013\/02\/2352.jpg)\"><\/div><\/div><div class=\"thumb_overlay_container\"><div class=\"video-tag\">Portrait<\/div><div class=\"video-duration\">02:18<\/div><\/div><\/div><div class=\"infos_container\"><div class=\"video_extra_title\" style=\"color:#95c030\">Tom Szaky<\/div><div class=\"video_title\">Je recycle tout ce que vous jetez<\/div><\/div><\/a><a href=\"https:\/\/shamengo-vps1.tetedecom.pro\/fr\/chaine-tv-les-pionniers\/?video_id=14260\" class=\"video-item\" style=\"opacity:0;visibility:hidden;\"><div class=\"visual_container\"><div class=\"thumb_container\"><div style=\"background-image:url(\/\/shamengo-vps1.tetedecom.pro\/wp-content\/uploads\/2013\/02\/2466.jpg)\"><\/div><\/div><div class=\"thumb_overlay_container\"><div class=\"video-tag\">Portrait<\/div><div class=\"video-duration\">02:05<\/div><\/div><\/div><div class=\"infos_container\"><div class=\"video_extra_title\" style=\"color:#cc096c\">Stiven Kerestegian<\/div><div class=\"video_title\">Je transforme la peau du saumon en cuir \u00e9quitable<\/div><\/div><\/a><a href=\"https:\/\/shamengo-vps1.tetedecom.pro\/fr\/chaine-tv-les-pionniers\/?video_id=14428\" class=\"video-item\" style=\"opacity:0;visibility:hidden;\"><div class=\"visual_container\"><div class=\"thumb_container\"><div style=\"background-image:url(\/\/shamengo-vps1.tetedecom.pro\/wp-content\/uploads\/2013\/01\/2415.jpg)\"><\/div><\/div><div class=\"thumb_overlay_container\"><div class=\"video-tag\">Portrait<\/div><div class=\"video-duration\">02:05<\/div><\/div><\/div><div class=\"infos_container\"><div class=\"video_extra_title\" style=\"color:#95c030\">Brent Schulkin<\/div><div class=\"video_title\">J\u2019ai cr\u00e9\u00e9 une nouvelle forme de mobilisation citoyenne<\/div><\/div><\/a><a href=\"https:\/\/shamengo-vps1.tetedecom.pro\/fr\/chaine-tv-les-pionniers\/?video_id=14426\" class=\"video-item\" style=\"opacity:0;visibility:hidden;\"><div class=\"visual_container\"><div class=\"thumb_container\"><div style=\"background-image:url(\/\/shamengo-vps1.tetedecom.pro\/wp-content\/uploads\/2013\/01\/2368.jpg)\"><\/div><\/div><div class=\"thumb_overlay_container\"><div class=\"video-tag\">Portrait<\/div><div class=\"video-duration\">02:05<\/div><\/div><\/div><div class=\"infos_container\"><div class=\"video_extra_title\" style=\"color:#25bced\">Mary Gordon<\/div><div class=\"video_title\">J\u2019enseigne l\u2019empathie gr\u00e2ce \u00e0 des b\u00e9b\u00e9s<\/div><\/div><\/a><a href=\"https:\/\/shamengo-vps1.tetedecom.pro\/fr\/chaine-tv-les-pionniers\/?video_id=14424\" class=\"video-item\" style=\"opacity:0;visibility:hidden;\"><div class=\"visual_container\"><div class=\"thumb_container\"><div style=\"background-image:url(\/\/shamengo-vps1.tetedecom.pro\/wp-content\/uploads\/2013\/01\/2459.jpg)\"><\/div><\/div><div class=\"thumb_overlay_container\"><div class=\"video-tag\">Portrait<\/div><div class=\"video-duration\">01:50<\/div><\/div><\/div><div class=\"infos_container\"><div class=\"video_extra_title\" style=\"color:#95c030\">Wolfram Palitzsch<\/div><div class=\"video_title\">Je recycle les terres rares<\/div><\/div><\/a><a href=\"https:\/\/shamengo-vps1.tetedecom.pro\/fr\/chaine-tv-les-pionniers\/?video_id=14442\" class=\"video-item\" style=\"opacity:0;visibility:hidden;\"><div class=\"visual_container\"><div class=\"thumb_container\"><div style=\"background-image:url(\/\/shamengo-vps1.tetedecom.pro\/wp-content\/uploads\/2012\/12\/2481.jpg)\"><\/div><\/div><div class=\"thumb_overlay_container\"><div class=\"video-tag\">Portrait<\/div><div class=\"video-duration\">02:08<\/div><\/div><\/div><div class=\"infos_container\"><div class=\"video_extra_title\" style=\"color:#f19a2e\">Laurent Gachet et Touraya Bouabid<\/div><div class=\"video_title\">J'ai cr\u00e9\u00e9 un cirque solidaire au Maroc<\/div><\/div><\/a><a href=\"https:\/\/shamengo-vps1.tetedecom.pro\/fr\/chaine-tv-les-pionniers\/?video_id=14422\" class=\"video-item\" style=\"opacity:0;visibility:hidden;\"><div class=\"visual_container\"><div class=\"thumb_container\"><div style=\"background-image:url(\/\/shamengo-vps1.tetedecom.pro\/wp-content\/uploads\/2012\/12\/2518.jpg)\"><\/div><\/div><div class=\"thumb_overlay_container\"><div class=\"video-tag\">Portrait<\/div><div class=\"video-duration\">02:19<\/div><\/div><\/div><div class=\"infos_container\"><div class=\"video_extra_title\" style=\"color:#f19a2e\">Alejandro Echeverri<\/div><div class=\"video_title\">je r\u00e9duis la criminalit\u00e9 gr\u00e2ce \u00e0 l\u2019urbanisme<\/div><\/div><\/a><a href=\"https:\/\/shamengo-vps1.tetedecom.pro\/fr\/chaine-tv-les-pionniers\/?video_id=14418\" class=\"video-item\" style=\"opacity:0;visibility:hidden;\"><div class=\"visual_container\"><div class=\"thumb_container\"><div style=\"background-image:url(\/\/shamengo-vps1.tetedecom.pro\/wp-content\/uploads\/2012\/12\/2535.jpg)\"><\/div><\/div><div class=\"thumb_overlay_container\"><div class=\"video-tag\">Portrait<\/div><div class=\"video-duration\">02:06<\/div><\/div><\/div><div class=\"infos_container\"><div class=\"video_extra_title\" style=\"color:#f19a2e\">Tortel Poltrona<\/div><div class=\"video_title\">Je redonne le sourire \u00e0 ceux qui l\u2019ont perdu<\/div><\/div><\/a><a href=\"https:\/\/shamengo-vps1.tetedecom.pro\/fr\/chaine-tv-les-pionniers\/?video_id=14414\" class=\"video-item\" style=\"opacity:0;visibility:hidden;\"><div class=\"visual_container\"><div class=\"thumb_container\"><div style=\"background-image:url(\/\/shamengo-vps1.tetedecom.pro\/wp-content\/uploads\/2012\/11\/2452.jpg)\"><\/div><\/div><div class=\"thumb_overlay_container\"><div class=\"video-tag\">Portrait<\/div><div class=\"video-duration\">02:06<\/div><\/div><\/div><div class=\"infos_container\"><div class=\"video_extra_title\" style=\"color:#95c030\">Peter Vadasz<\/div><div class=\"video_title\">J\u2019utilise la for\u00eat \u00e0 bon escient<\/div><\/div><\/a><a href=\"https:\/\/shamengo-vps1.tetedecom.pro\/fr\/chaine-tv-les-pionniers\/?video_id=14410\" class=\"video-item\" style=\"opacity:0;visibility:hidden;\"><div class=\"visual_container\"><div class=\"thumb_container\"><div style=\"background-image:url(\/\/shamengo-vps1.tetedecom.pro\/wp-content\/uploads\/2012\/11\/2330.jpg)\"><\/div><\/div><div class=\"thumb_overlay_container\"><div class=\"video-tag\">Portrait<\/div><div class=\"video-duration\">01:59<\/div><\/div><\/div><div class=\"infos_container\"><div class=\"video_extra_title\" style=\"color:#25bced\">Olivier Cussenot<\/div><div class=\"video_title\">je d\u00e9piste le cancer de la prostate gr\u00e2ce \u00e0 l\u2019odorat d\u2019un chien<\/div><\/div><\/a><a href=\"https:\/\/shamengo-vps1.tetedecom.pro\/fr\/chaine-tv-les-pionniers\/?video_id=14406\" class=\"video-item\" style=\"opacity:0;visibility:hidden;\"><div class=\"visual_container\"><div class=\"thumb_container\"><div style=\"background-image:url(\/\/shamengo-vps1.tetedecom.pro\/wp-content\/uploads\/2012\/10\/2446.jpg)\"><\/div><\/div><div class=\"thumb_overlay_container\"><div class=\"video-tag\">Portrait<\/div><div class=\"video-duration\">02:15<\/div><\/div><\/div><div class=\"infos_container\"><div class=\"video_extra_title\" style=\"color:#f19a2e\">Jamie Yang<\/div><div class=\"video_title\">J\u2019apporte l\u2019\u00e9lectricit\u00e9 l\u00e0 o\u00f9 elle fait d\u00e9faut<\/div><\/div><\/a><a href=\"https:\/\/shamengo-vps1.tetedecom.pro\/fr\/chaine-tv-les-pionniers\/?video_id=14404\" class=\"video-item\" style=\"opacity:0;visibility:hidden;\"><div class=\"visual_container\"><div class=\"thumb_container\"><div style=\"background-image:url(\/\/shamengo-vps1.tetedecom.pro\/wp-content\/uploads\/2012\/10\/2317.jpg)\"><\/div><\/div><div class=\"thumb_overlay_container\"><div class=\"video-tag\">Portrait<\/div><div class=\"video-duration\">01:56<\/div><\/div><\/div><div class=\"infos_container\"><div class=\"video_extra_title\" style=\"color:#f19a2e\">Robin Willner<\/div><div class=\"video_title\">Je fais travailler votre ordinateur pour la bonne cause<\/div><\/div><\/a><a href=\"https:\/\/shamengo-vps1.tetedecom.pro\/fr\/chaine-tv-les-pionniers\/?video_id=14402\" class=\"video-item\" style=\"opacity:0;visibility:hidden;\"><div class=\"visual_container\"><div class=\"thumb_container\"><div style=\"background-image:url(\/\/shamengo-vps1.tetedecom.pro\/wp-content\/uploads\/2012\/10\/2312.jpg)\"><\/div><\/div><div class=\"thumb_overlay_container\"><div class=\"video-tag\">Portrait<\/div><div class=\"video-duration\">02:05<\/div><\/div><\/div><div class=\"infos_container\"><div class=\"video_extra_title\" style=\"color:#f19a2e\">Alfredo Olivera<\/div><div class=\"video_title\">Ma radio est anim\u00e9e par des fous<\/div><\/div><\/a><a href=\"https:\/\/shamengo-vps1.tetedecom.pro\/fr\/chaine-tv-les-pionniers\/?video_id=14396\" class=\"video-item\" style=\"opacity:0;visibility:hidden;\"><div class=\"visual_container\"><div class=\"thumb_container\"><div style=\"background-image:url(\/\/shamengo-vps1.tetedecom.pro\/wp-content\/uploads\/2012\/09\/2301.jpg)\"><\/div><\/div><div class=\"thumb_overlay_container\"><div class=\"video-tag\">Portrait<\/div><div class=\"video-duration\">02:07<\/div><\/div><\/div><div class=\"infos_container\"><div class=\"video_extra_title\" style=\"color:#f19a2e\">Felipe Vergara<\/div><div class=\"video_title\">J\u2019ai lanc\u00e9 le pr\u00eat \u00e9tudiant \u00e9quitable<\/div><\/div><\/a><a href=\"https:\/\/shamengo-vps1.tetedecom.pro\/fr\/chaine-tv-les-pionniers\/?video_id=14394\" class=\"video-item\" style=\"opacity:0;visibility:hidden;\"><div class=\"visual_container\"><div class=\"thumb_container\"><div style=\"background-image:url(\/\/shamengo-vps1.tetedecom.pro\/wp-content\/uploads\/2012\/09\/2296.jpg)\"><\/div><\/div><div class=\"thumb_overlay_container\"><div class=\"video-tag\">Portrait<\/div><div class=\"video-duration\">02:09<\/div><\/div><\/div><div class=\"infos_container\"><div class=\"video_extra_title\" style=\"color:#95c030\">Eben Bayer<\/div><div class=\"video_title\">Je fais pousser l\u2019emballage du futur<\/div><\/div><\/a><a href=\"https:\/\/shamengo-vps1.tetedecom.pro\/fr\/chaine-tv-les-pionniers\/?video_id=14392\" class=\"video-item\" style=\"opacity:0;visibility:hidden;\"><div class=\"visual_container\"><div class=\"thumb_container\"><div style=\"background-image:url(\/\/shamengo-vps1.tetedecom.pro\/wp-content\/uploads\/2012\/09\/2292.jpg)\"><\/div><\/div><div class=\"thumb_overlay_container\"><div class=\"video-tag\">Portrait<\/div><div class=\"video-duration\">02:00<\/div><\/div><\/div><div class=\"infos_container\"><div class=\"video_extra_title\" style=\"color:#95c030\">Carlos Fernandez<\/div><div class=\"video_title\">J\u2019ai cr\u00e9\u00e9 une voiture \u00e9lectrique pliable<\/div><\/div><\/a><a href=\"https:\/\/shamengo-vps1.tetedecom.pro\/fr\/chaine-tv-les-pionniers\/?video_id=14390\" class=\"video-item\" style=\"opacity:0;visibility:hidden;\"><div class=\"visual_container\"><div class=\"thumb_container\"><div style=\"background-image:url(\/\/shamengo-vps1.tetedecom.pro\/wp-content\/uploads\/2012\/09\/2287.jpg)\"><\/div><\/div><div class=\"thumb_overlay_container\"><div class=\"video-tag\">Portrait<\/div><div class=\"video-duration\">02:11<\/div><\/div><\/div><div class=\"infos_container\"><div class=\"video_extra_title\" style=\"color:#f19a2e\">Jeremy Gilley<\/div><div class=\"video_title\">je me bats pour la paix<\/div><\/div><\/a><a href=\"https:\/\/shamengo-vps1.tetedecom.pro\/fr\/chaine-tv-les-pionniers\/?video_id=14432\" class=\"video-item\" style=\"opacity:0;visibility:hidden;\"><div class=\"visual_container\"><div class=\"thumb_container\"><div style=\"background-image:url(\/\/shamengo-vps1.tetedecom.pro\/wp-content\/uploads\/2012\/09\/2564.jpg)\"><\/div><\/div><div class=\"thumb_overlay_container\"><div class=\"video-tag\">Portrait<\/div><div class=\"video-duration\">02:03<\/div><\/div><\/div><div class=\"infos_container\"><div class=\"video_extra_title\" style=\"color:#cc096c\">Washington Cucurto<\/div><div class=\"video_title\">Mes livres font un carton<\/div><\/div><\/a><a href=\"https:\/\/shamengo-vps1.tetedecom.pro\/fr\/chaine-tv-les-pionniers\/?video_id=14270\" class=\"video-item\" style=\"opacity:0;visibility:hidden;\"><div class=\"visual_container\"><div class=\"thumb_container\"><div style=\"background-image:url(\/\/shamengo-vps1.tetedecom.pro\/wp-content\/uploads\/2012\/08\/2541.jpg)\"><\/div><\/div><div class=\"thumb_overlay_container\"><div class=\"video-tag\">Portrait<\/div><div class=\"video-duration\">02:08<\/div><\/div><\/div><div class=\"infos_container\"><div class=\"video_extra_title\" style=\"color:#f19a2e\">Beverly Blum<\/div><div class=\"video_title\">cuisinez \u00e9colo avec mon four solaire<\/div><\/div><\/a><a href=\"https:\/\/shamengo-vps1.tetedecom.pro\/fr\/chaine-tv-les-pionniers\/?video_id=14388\" class=\"video-item\" style=\"opacity:0;visibility:hidden;\"><div class=\"visual_container\"><div class=\"thumb_container\"><div style=\"background-image:url(\/\/shamengo-vps1.tetedecom.pro\/wp-content\/uploads\/2012\/08\/2561.jpg)\"><\/div><\/div><div class=\"thumb_overlay_container\"><div class=\"video-tag\">Portrait<\/div><div class=\"video-duration\">02:04<\/div><\/div><\/div><div class=\"infos_container\"><div class=\"video_extra_title\" style=\"color:#25bced\">Bright Simons<\/div><div class=\"video_title\">Je traque les faux m\u00e9dicaments<\/div><\/div><\/a><a href=\"https:\/\/shamengo-vps1.tetedecom.pro\/fr\/chaine-tv-les-pionniers\/?video_id=14386\" class=\"video-item\" style=\"opacity:0;visibility:hidden;\"><div class=\"visual_container\"><div class=\"thumb_container\"><div style=\"background-image:url(\/\/shamengo-vps1.tetedecom.pro\/wp-content\/uploads\/2012\/08\/2279.jpg)\"><\/div><\/div><div class=\"thumb_overlay_container\"><div class=\"video-tag\">Portrait<\/div><div class=\"video-duration\">02:00<\/div><\/div><\/div><div class=\"infos_container\"><div class=\"video_extra_title\" style=\"color:#25bced\">Francine Shapiro<\/div><div class=\"video_title\">Soignez vos traumatismes gr\u00e2ce \u00e0 vos yeux<\/div><\/div><\/a><a href=\"https:\/\/shamengo-vps1.tetedecom.pro\/fr\/chaine-tv-les-pionniers\/?video_id=14384\" class=\"video-item\" style=\"opacity:0;visibility:hidden;\"><div class=\"visual_container\"><div class=\"thumb_container\"><div style=\"background-image:url(\/\/shamengo-vps1.tetedecom.pro\/wp-content\/uploads\/2012\/08\/2380.jpg)\"><\/div><\/div><div class=\"thumb_overlay_container\"><div class=\"video-tag\">Portrait<\/div><div class=\"video-duration\">02:09<\/div><\/div><\/div><div class=\"infos_container\"><div class=\"video_extra_title\" style=\"color:#25bced\">Daniel Hoffer<\/div><div class=\"video_title\">Je viens dormir chez vous<\/div><\/div><\/a><a href=\"https:\/\/shamengo-vps1.tetedecom.pro\/fr\/chaine-tv-les-pionniers\/?video_id=14382\" class=\"video-item\" style=\"opacity:0;visibility:hidden;\"><div class=\"visual_container\"><div class=\"thumb_container\"><div style=\"background-image:url(\/\/shamengo-vps1.tetedecom.pro\/wp-content\/uploads\/2012\/08\/2274.jpg)\"><\/div><\/div><div class=\"thumb_overlay_container\"><div class=\"video-tag\">Portrait<\/div><div class=\"video-duration\">02:09<\/div><\/div><\/div><div class=\"infos_container\"><div class=\"video_extra_title\" style=\"color:#95c030\">Martine Le Lu<\/div><div class=\"video_title\">j'utilise des coquilles d'huitres pour faire de la peinture<\/div><\/div><\/a><a href=\"https:\/\/shamengo-vps1.tetedecom.pro\/fr\/chaine-tv-les-pionniers\/?video_id=14380\" class=\"video-item\" style=\"opacity:0;visibility:hidden;\"><div class=\"visual_container\"><div class=\"thumb_container\"><div style=\"background-image:url(\/\/shamengo-vps1.tetedecom.pro\/wp-content\/uploads\/2012\/07\/2268.jpg)\"><\/div><\/div><div class=\"thumb_overlay_container\"><div class=\"video-tag\">Portrait<\/div><div class=\"video-duration\">02:01<\/div><\/div><\/div><div class=\"infos_container\"><div class=\"video_extra_title\" style=\"color:#95c030\">Cl\u00e9ment Shala<\/div><div class=\"video_title\">Mon brasero n\u2019en perd pas une miette<\/div><\/div><\/a><a href=\"https:\/\/shamengo-vps1.tetedecom.pro\/fr\/chaine-tv-les-pionniers\/?video_id=14376\" class=\"video-item\" style=\"opacity:0;visibility:hidden;\"><div class=\"visual_container\"><div class=\"thumb_container\"><div style=\"background-image:url(\/\/shamengo-vps1.tetedecom.pro\/wp-content\/uploads\/2012\/07\/2260.jpg)\"><\/div><\/div><div class=\"thumb_overlay_container\"><div class=\"video-tag\">Portrait<\/div><div class=\"video-duration\">02:08<\/div><\/div><\/div><div class=\"infos_container\"><div class=\"video_extra_title\" style=\"color:#cc096c\">Jim Denevan<\/div><div class=\"video_title\">Mes oeuvres vivent au rythme des mar\u00e9es<\/div><\/div><\/a><a href=\"https:\/\/shamengo-vps1.tetedecom.pro\/fr\/chaine-tv-les-pionniers\/?video_id=14372\" class=\"video-item\" style=\"opacity:0;visibility:hidden;\"><div class=\"visual_container\"><div class=\"thumb_container\"><div style=\"background-image:url(\/\/shamengo-vps1.tetedecom.pro\/wp-content\/uploads\/2012\/07\/3953.jpg)\"><\/div><\/div><div class=\"thumb_overlay_container\"><div class=\"video-tag\">Portrait<\/div><div class=\"video-duration\">02:08<\/div><\/div><\/div><div class=\"infos_container\"><div class=\"video_extra_title\" style=\"color:#cc096c\">Oscar Dios<\/div><div class=\"video_title\">J\u2019ai reconverti un Boeing 747 en h\u00f4tel<\/div><\/div><\/a><a href=\"https:\/\/shamengo-vps1.tetedecom.pro\/fr\/chaine-tv-les-pionniers\/?video_id=14370\" class=\"video-item\" style=\"opacity:0;visibility:hidden;\"><div class=\"visual_container\"><div class=\"thumb_container\"><div style=\"background-image:url(\/\/shamengo-vps1.tetedecom.pro\/wp-content\/uploads\/2012\/06\/2242.jpg)\"><\/div><\/div><div class=\"thumb_overlay_container\"><div class=\"video-tag\">Portrait<\/div><div class=\"video-duration\">02:14<\/div><\/div><\/div><div class=\"infos_container\"><div class=\"video_extra_title\" style=\"color:#cc096c\">Britta Riley<\/div><div class=\"video_title\">Je cultive un potager vertical<\/div><\/div><\/a><a href=\"https:\/\/shamengo-vps1.tetedecom.pro\/fr\/chaine-tv-les-pionniers\/?video_id=14368\" class=\"video-item\" style=\"opacity:0;visibility:hidden;\"><div class=\"visual_container\"><div class=\"thumb_container\"><div style=\"background-image:url(\/\/shamengo-vps1.tetedecom.pro\/wp-content\/uploads\/2012\/06\/2378.jpg)\"><\/div><\/div><div class=\"thumb_overlay_container\"><div class=\"video-tag\">Portrait<\/div><div class=\"video-duration\">02:17<\/div><\/div><\/div><div class=\"infos_container\"><div class=\"video_extra_title\" style=\"color:#f19a2e\">Neil Harbisson<\/div><div class=\"video_title\">Mon troisi\u00e8me oeil traduit les couleurs en sons<\/div><\/div><\/a><a href=\"https:\/\/shamengo-vps1.tetedecom.pro\/fr\/chaine-tv-les-pionniers\/?video_id=14366\" class=\"video-item\" style=\"opacity:0;visibility:hidden;\"><div class=\"visual_container\"><div class=\"thumb_container\"><div style=\"background-image:url(\/\/shamengo-vps1.tetedecom.pro\/wp-content\/uploads\/2012\/06\/2453.jpg)\"><\/div><\/div><div class=\"thumb_overlay_container\"><div class=\"video-tag\">Portrait<\/div><div class=\"video-duration\">01:59<\/div><\/div><\/div><div class=\"infos_container\"><div class=\"video_extra_title\" style=\"color:#95c030\">Phil Morgan<\/div><div class=\"video_title\">Mon restaurant fonctionne \u00e0 l\u2019\u00e9nergie hydro\u00e9lectrique<\/div><\/div><\/a><a href=\"https:\/\/shamengo-vps1.tetedecom.pro\/fr\/chaine-tv-les-pionniers\/?video_id=14364\" class=\"video-item\" style=\"opacity:0;visibility:hidden;\"><div class=\"visual_container\"><div class=\"thumb_container\"><div style=\"background-image:url(\/\/shamengo-vps1.tetedecom.pro\/wp-content\/uploads\/2012\/05\/2421.jpg)\"><\/div><\/div><div class=\"thumb_overlay_container\"><div class=\"video-tag\">Portrait<\/div><div class=\"video-duration\">02:05<\/div><\/div><\/div><div class=\"infos_container\"><div class=\"video_extra_title\" style=\"color:#25bced\">Jean Kabuta<\/div><div class=\"video_title\">Faites votre auto-louange<\/div><\/div><\/a><a href=\"https:\/\/shamengo-vps1.tetedecom.pro\/fr\/chaine-tv-les-pionniers\/?video_id=14362\" class=\"video-item\" style=\"opacity:0;visibility:hidden;\"><div class=\"visual_container\"><div class=\"thumb_container\"><div style=\"background-image:url(\/\/shamengo-vps1.tetedecom.pro\/wp-content\/uploads\/2012\/05\/2225.jpg)\"><\/div><\/div><div class=\"thumb_overlay_container\"><div class=\"video-tag\">Portrait<\/div><div class=\"video-duration\">02:17<\/div><\/div><\/div><div class=\"infos_container\"><div class=\"video_extra_title\" style=\"color:#cc096c\">Daniel Charbonnier<\/div><div class=\"video_title\">Nous avons transform\u00e9 un bunker en h\u00f4tel<\/div><\/div><\/a><a href=\"https:\/\/shamengo-vps1.tetedecom.pro\/fr\/chaine-tv-les-pionniers\/?video_id=14356\" class=\"video-item\" style=\"opacity:0;visibility:hidden;\"><div class=\"visual_container\"><div class=\"thumb_container\"><div style=\"background-image:url(\/\/shamengo-vps1.tetedecom.pro\/wp-content\/uploads\/2012\/05\/2456.jpg)\"><\/div><\/div><div class=\"thumb_overlay_container\"><div class=\"video-tag\">Portrait<\/div><div class=\"video-duration\">02:04<\/div><\/div><\/div><div class=\"infos_container\"><div class=\"video_extra_title\" style=\"color:#cc096c\">Richard Reynolds<\/div><div class=\"video_title\">Je suis un guerillero du jardinage<\/div><\/div><\/a><a href=\"https:\/\/shamengo-vps1.tetedecom.pro\/fr\/chaine-tv-les-pionniers\/?video_id=14352\" class=\"video-item\" style=\"opacity:0;visibility:hidden;\"><div class=\"visual_container\"><div class=\"thumb_container\"><div style=\"background-image:url(\/\/shamengo-vps1.tetedecom.pro\/wp-content\/uploads\/2012\/04\/2463.jpg)\"><\/div><\/div><div class=\"thumb_overlay_container\"><div class=\"video-tag\">Portrait<\/div><div class=\"video-duration\">02:06<\/div><\/div><\/div><div class=\"infos_container\"><div class=\"video_extra_title\" style=\"color:#95c030\">Alan Heeger<\/div><div class=\"video_title\">J\u2019ai invent\u00e9 le panneau solaire flexible<\/div><\/div><\/a><a href=\"https:\/\/shamengo-vps1.tetedecom.pro\/fr\/chaine-tv-les-pionniers\/?video_id=14346\" class=\"video-item\" style=\"opacity:0;visibility:hidden;\"><div class=\"visual_container\"><div class=\"thumb_container\"><div style=\"background-image:url(\/\/shamengo-vps1.tetedecom.pro\/wp-content\/uploads\/2012\/03\/2193.jpg)\"><\/div><\/div><div class=\"thumb_overlay_container\"><div class=\"video-tag\">Portrait<\/div><div class=\"video-duration\">02:09<\/div><\/div><\/div><div class=\"infos_container\"><div class=\"video_extra_title\" style=\"color:#95c030\">Benoit Paget<\/div><div class=\"video_title\">je vous r\u00e9compense quand j\u2019avale votre gobelet<\/div><\/div><\/a><a href=\"https:\/\/shamengo-vps1.tetedecom.pro\/fr\/chaine-tv-les-pionniers\/?video_id=14344\" class=\"video-item\" style=\"opacity:0;visibility:hidden;\"><div class=\"visual_container\"><div class=\"thumb_container\"><div style=\"background-image:url(\/\/shamengo-vps1.tetedecom.pro\/wp-content\/uploads\/2012\/03\/2418.jpg)\"><\/div><\/div><div class=\"thumb_overlay_container\"><div class=\"video-tag\">Portrait<\/div><div class=\"video-duration\">02:08<\/div><\/div><\/div><div class=\"infos_container\"><div class=\"video_extra_title\" style=\"color:#f19a2e\">Serge Lareault<\/div><div class=\"video_title\">Je dirige le premier journal des rues pour SDF<\/div><\/div><\/a><a href=\"https:\/\/shamengo-vps1.tetedecom.pro\/fr\/chaine-tv-les-pionniers\/?video_id=14340\" class=\"video-item\" style=\"opacity:0;visibility:hidden;\"><div class=\"visual_container\"><div class=\"thumb_container\"><div style=\"background-image:url(\/\/shamengo-vps1.tetedecom.pro\/wp-content\/uploads\/2012\/03\/2182.jpg)\"><\/div><\/div><div class=\"thumb_overlay_container\"><div class=\"video-tag\">Portrait<\/div><div class=\"video-duration\">02:04<\/div><\/div><\/div><div class=\"infos_container\"><div class=\"video_extra_title\" style=\"color:#95c030\">pierre calleja<\/div><div class=\"video_title\">Je pi\u00e8ge le CO2 gr\u00e2ce \u00e0 des micro-algues<\/div><\/div><\/a><a href=\"https:\/\/shamengo-vps1.tetedecom.pro\/fr\/chaine-tv-les-pionniers\/?video_id=14338\" class=\"video-item\" style=\"opacity:0;visibility:hidden;\"><div class=\"visual_container\"><div class=\"thumb_container\"><div style=\"background-image:url(\/\/shamengo-vps1.tetedecom.pro\/wp-content\/uploads\/2012\/02\/2422.jpg)\"><\/div><\/div><div class=\"thumb_overlay_container\"><div class=\"video-tag\">Portrait<\/div><div class=\"video-duration\">02:07<\/div><\/div><\/div><div class=\"infos_container\"><div class=\"video_extra_title\" style=\"color:#f19a2e\">Radar Nishuli<\/div><div class=\"video_title\">Je prot\u00e8ge les gorilles contre les exploitants de coltan<\/div><\/div><\/a><a href=\"https:\/\/shamengo-vps1.tetedecom.pro\/fr\/chaine-tv-les-pionniers\/?video_id=14336\" class=\"video-item\" style=\"opacity:0;visibility:hidden;\"><div class=\"visual_container\"><div class=\"thumb_container\"><div style=\"background-image:url(\/\/shamengo-vps1.tetedecom.pro\/wp-content\/uploads\/2012\/02\/2172.jpg)\"><\/div><\/div><div class=\"thumb_overlay_container\"><div class=\"video-tag\">Portrait<\/div><div class=\"video-duration\">02:12<\/div><\/div><\/div><div class=\"infos_container\"><div class=\"video_extra_title\" style=\"color:#cc096c\">Anita Ahuja<\/div><div class=\"video_title\">Je recycle les sacs en plastique de New Delhi<\/div><\/div><\/a><a href=\"https:\/\/shamengo-vps1.tetedecom.pro\/fr\/chaine-tv-les-pionniers\/?video_id=14334\" class=\"video-item\" style=\"opacity:0;visibility:hidden;\"><div class=\"visual_container\"><div class=\"thumb_container\"><div style=\"background-image:url(\/\/shamengo-vps1.tetedecom.pro\/wp-content\/uploads\/2012\/02\/2170.jpg)\"><\/div><\/div><div class=\"thumb_overlay_container\"><div class=\"video-tag\">Portrait<\/div><div class=\"video-duration\">01:46<\/div><\/div><\/div><div class=\"infos_container\"><div class=\"video_extra_title\" style=\"color:#f19a2e\">Tommy Theberge<\/div><div class=\"video_title\">J\u2019ai cr\u00e9\u00e9 des cartes de m\u00e9tro en relief pour les d\u00e9ficients visuels<\/div><\/div><\/a><a href=\"https:\/\/shamengo-vps1.tetedecom.pro\/fr\/chaine-tv-les-pionniers\/?video_id=14316\" class=\"video-item\" style=\"opacity:0;visibility:hidden;\"><div class=\"visual_container\"><div class=\"thumb_container\"><div style=\"background-image:url(\/\/shamengo-vps1.tetedecom.pro\/wp-content\/uploads\/2012\/02\/2139.jpg)\"><\/div><\/div><div class=\"thumb_overlay_container\"><div class=\"video-tag\">Portrait<\/div><div class=\"video-duration\">01:58<\/div><\/div><\/div><div class=\"infos_container\"><div class=\"video_extra_title\" style=\"color:#f19a2e\">Jean Fran\u00e7ois Archambault<\/div><div class=\"video_title\">J\u2019offre des repas 3 \u00e9toiles aux plus modestes<\/div><\/div><\/a><a href=\"https:\/\/shamengo-vps1.tetedecom.pro\/fr\/chaine-tv-les-pionniers\/?video_id=14326\" class=\"video-item\" style=\"opacity:0;visibility:hidden;\"><div class=\"visual_container\"><div class=\"thumb_container\"><div style=\"background-image:url(\/\/shamengo-vps1.tetedecom.pro\/wp-content\/uploads\/2012\/01\/2562.jpg)\"><\/div><\/div><div class=\"thumb_overlay_container\"><div class=\"video-tag\">Portrait<\/div><div class=\"video-duration\">02:15<\/div><\/div><\/div><div class=\"infos_container\"><div class=\"video_extra_title\" style=\"color:#f19a2e\">Denis Mukwege<\/div><div class=\"video_title\">Je redonne aux femmes ce que le viol a d\u00e9truit<\/div><\/div><\/a><a href=\"https:\/\/shamengo-vps1.tetedecom.pro\/fr\/chaine-tv-les-pionniers\/?video_id=14322\" class=\"video-item\" style=\"opacity:0;visibility:hidden;\"><div class=\"visual_container\"><div class=\"thumb_container\"><div style=\"background-image:url(\/\/shamengo-vps1.tetedecom.pro\/wp-content\/uploads\/2019\/03\/152_2-256x144.jpg)\"><\/div><\/div><div class=\"thumb_overlay_container\"><div class=\"video-tag\">Portrait<\/div><div class=\"video-duration\">01:57<\/div><\/div><\/div><div class=\"infos_container\"><div class=\"video_extra_title\" style=\"color:#95c030\">Baruch Rinkevich<\/div><div class=\"video_title\">les coraux sont \u00e9ternels gr\u00e2ce \u00e0 mon invention<\/div><\/div><\/a><a href=\"https:\/\/shamengo-vps1.tetedecom.pro\/fr\/chaine-tv-les-pionniers\/?video_id=14320\" class=\"video-item\" style=\"opacity:0;visibility:hidden;\"><div class=\"visual_container\"><div class=\"thumb_container\"><div style=\"background-image:url(\/\/shamengo-vps1.tetedecom.pro\/wp-content\/uploads\/2019\/02\/178_1.jpeg)\"><\/div><\/div><div class=\"thumb_overlay_container\"><div class=\"video-tag\">Portrait<\/div><div class=\"video-duration\">02:01<\/div><\/div><\/div><div class=\"infos_container\"><div class=\"video_extra_title\" style=\"color:#f19a2e\">Claudia Hollm<\/div><div class=\"video_title\">J\u2019ai cr\u00e9\u00e9 les resto du coeur pour animaux<\/div><\/div><\/a><a href=\"https:\/\/shamengo-vps1.tetedecom.pro\/fr\/chaine-tv-les-pionniers\/?video_id=14318\" class=\"video-item\" style=\"opacity:0;visibility:hidden;\"><div class=\"visual_container\"><div class=\"thumb_container\"><div style=\"background-image:url(\/\/shamengo-vps1.tetedecom.pro\/wp-content\/uploads\/2012\/01\/2442.jpg)\"><\/div><\/div><div class=\"thumb_overlay_container\"><div class=\"video-tag\">Portrait<\/div><div class=\"video-duration\">02:18<\/div><\/div><\/div><div class=\"infos_container\"><div class=\"video_extra_title\" style=\"color:#cc096c\">Charlie Todd<\/div><div class=\"video_title\">J\u2019ai cr\u00e9\u00e9 les flash mob<\/div><\/div><\/a><a href=\"https:\/\/shamengo-vps1.tetedecom.pro\/fr\/chaine-tv-les-pionniers\/?video_id=14314\" class=\"video-item\" style=\"opacity:0;visibility:hidden;\"><div class=\"visual_container\"><div class=\"thumb_container\"><div style=\"background-image:url(\/\/shamengo-vps1.tetedecom.pro\/wp-content\/uploads\/2019\/02\/198_2.jpg)\"><\/div><\/div><div class=\"thumb_overlay_container\"><div class=\"video-tag\">Portrait<\/div><div class=\"video-duration\">01:59<\/div><\/div><\/div><div class=\"infos_container\"><div class=\"video_extra_title\" style=\"color:#cc096c\">Helen Evans &amp; Heiko Hansen<\/div><div class=\"video_title\">Nous colorons les fum\u00e9es d\u2019usine en vert<\/div><\/div><\/a><a href=\"https:\/\/shamengo-vps1.tetedecom.pro\/fr\/chaine-tv-les-pionniers\/?video_id=14312\" class=\"video-item\" style=\"opacity:0;visibility:hidden;\"><div class=\"visual_container\"><div class=\"thumb_container\"><div style=\"background-image:url(\/\/shamengo-vps1.tetedecom.pro\/wp-content\/uploads\/2019\/02\/306_2.jpg)\"><\/div><\/div><div class=\"thumb_overlay_container\"><div class=\"video-tag\">Portrait<\/div><div class=\"video-duration\">02:09<\/div><\/div><\/div><div class=\"infos_container\"><div class=\"video_extra_title\" style=\"color:#cc096c\">Soledad Pinero Misa<\/div><div class=\"video_title\">Les jouets que je conseille aux enfants ne sont pas fabriqu\u00e9s par d\u2019autres enfants<\/div><\/div><\/a><a href=\"https:\/\/shamengo-vps1.tetedecom.pro\/fr\/chaine-tv-les-pionniers\/?video_id=14436\" class=\"video-item\" style=\"opacity:0;visibility:hidden;\"><div class=\"visual_container\"><div class=\"thumb_container\"><div style=\"background-image:url(\/\/shamengo-vps1.tetedecom.pro\/wp-content\/uploads\/2011\/12\/2558.jpg)\"><\/div><\/div><div class=\"thumb_overlay_container\"><div class=\"video-tag\">Portrait<\/div><div class=\"video-duration\">02:05<\/div><\/div><\/div><div class=\"infos_container\"><div class=\"video_extra_title\" style=\"color:#95c030\">Pilgrim Beart<\/div><div class=\"video_title\">Je vous aide \u00e0 \u00e9conomiser votre \u00e9lectricit\u00e9<\/div><\/div><\/a><a href=\"https:\/\/shamengo-vps1.tetedecom.pro\/fr\/chaine-tv-les-pionniers\/?video_id=14308\" class=\"video-item\" style=\"opacity:0;visibility:hidden;\"><div class=\"visual_container\"><div class=\"thumb_container\"><div style=\"background-image:url(\/\/shamengo-vps1.tetedecom.pro\/wp-content\/uploads\/2011\/11\/2441.jpg)\"><\/div><\/div><div class=\"thumb_overlay_container\"><div class=\"video-tag\">Portrait<\/div><div class=\"video-duration\">02:10<\/div><\/div><\/div><div class=\"infos_container\"><div class=\"video_extra_title\" style=\"color:#f19a2e\">Bart Weetjens<\/div><div class=\"video_title\">Je forme des rats au d\u00e9minage<\/div><\/div><\/a><a href=\"https:\/\/shamengo-vps1.tetedecom.pro\/fr\/chaine-tv-les-pionniers\/?video_id=14306\" class=\"video-item\" style=\"opacity:0;visibility:hidden;\"><div class=\"visual_container\"><div class=\"thumb_container\"><div style=\"background-image:url(\/\/shamengo-vps1.tetedecom.pro\/wp-content\/uploads\/2011\/11\/2423.jpg)\"><\/div><\/div><div class=\"thumb_overlay_container\"><div class=\"video-tag\">Portrait<\/div><div class=\"video-duration\">02:14<\/div><\/div><\/div><div class=\"infos_container\"><div class=\"video_extra_title\" style=\"color:#cc096c\">Nina Raeber<\/div><div class=\"video_title\">Je transforme des sacs de nourriture \u00e0 poissons en cabas tr\u00e8s chics<\/div><\/div><\/a><a href=\"https:\/\/shamengo-vps1.tetedecom.pro\/fr\/chaine-tv-les-pionniers\/?video_id=14304\" class=\"video-item\" style=\"opacity:0;visibility:hidden;\"><div class=\"visual_container\"><div class=\"thumb_container\"><div style=\"background-image:url(\/\/shamengo-vps1.tetedecom.pro\/wp-content\/uploads\/2011\/11\/2447.jpg)\"><\/div><\/div><div class=\"thumb_overlay_container\"><div class=\"video-tag\">Portrait<\/div><div class=\"video-duration\">02:08<\/div><\/div><\/div><div class=\"infos_container\"><div class=\"video_extra_title\" style=\"color:#f19a2e\">Jan In't Veld<\/div><div class=\"video_title\">J\u2019ai cr\u00e9\u00e9 des lunettes universelles<\/div><\/div><\/a><a href=\"https:\/\/shamengo-vps1.tetedecom.pro\/fr\/chaine-tv-les-pionniers\/?video_id=14302\" class=\"video-item\" style=\"opacity:0;visibility:hidden;\"><div class=\"visual_container\"><div class=\"thumb_container\"><div style=\"background-image:url(\/\/shamengo-vps1.tetedecom.pro\/wp-content\/uploads\/2011\/10\/2559.jpg)\"><\/div><\/div><div class=\"thumb_overlay_container\"><div class=\"video-tag\">Portrait<\/div><div class=\"video-duration\">02:14<\/div><\/div><\/div><div class=\"infos_container\"><div class=\"video_extra_title\" style=\"color:#95c030\">Rainer Nolvak<\/div><div class=\"video_title\">J\u2019ai cr\u00e9\u00e9 le Clean up Day<\/div><\/div><\/a><a href=\"https:\/\/shamengo-vps1.tetedecom.pro\/fr\/chaine-tv-les-pionniers\/?video_id=14300\" class=\"video-item\" style=\"opacity:0;visibility:hidden;\"><div class=\"visual_container\"><div class=\"thumb_container\"><div style=\"background-image:url(\/\/shamengo-vps1.tetedecom.pro\/wp-content\/uploads\/2019\/02\/158_2.jpg)\"><\/div><\/div><div class=\"thumb_overlay_container\"><div class=\"video-tag\">Portrait<\/div><div class=\"video-duration\">02:13<\/div><\/div><\/div><div class=\"infos_container\"><div class=\"video_extra_title\" style=\"color:#f19a2e\">Bindeshwar Pathak<\/div><div class=\"video_title\">Les intouchables que je r\u00e9habilite ne ramassent plus les excr\u00e9ments humains<\/div><\/div><\/a><a href=\"https:\/\/shamengo-vps1.tetedecom.pro\/fr\/chaine-tv-les-pionniers\/?video_id=14296\" class=\"video-item\" style=\"opacity:0;visibility:hidden;\"><div class=\"visual_container\"><div class=\"thumb_container\"><div style=\"background-image:url(\/\/shamengo-vps1.tetedecom.pro\/wp-content\/uploads\/2011\/10\/2507.jpg)\"><\/div><\/div><div class=\"thumb_overlay_container\"><div class=\"video-tag\">Portrait<\/div><div class=\"video-duration\">02:05<\/div><\/div><\/div><div class=\"infos_container\"><div class=\"video_extra_title\" style=\"color:#cc096c\">Spencer Tunick<\/div><div class=\"video_title\">je photographie des milliers de personnes nues<\/div><\/div><\/a><a href=\"https:\/\/shamengo-vps1.tetedecom.pro\/fr\/chaine-tv-les-pionniers\/?video_id=14294\" class=\"video-item\" style=\"opacity:0;visibility:hidden;\"><div class=\"visual_container\"><div class=\"thumb_container\"><div style=\"background-image:url(\/\/shamengo-vps1.tetedecom.pro\/wp-content\/uploads\/2019\/02\/320_2.jpg)\"><\/div><\/div><div class=\"thumb_overlay_container\"><div class=\"video-tag\">Portrait<\/div><div class=\"video-duration\">01:58<\/div><\/div><\/div><div class=\"infos_container\"><div class=\"video_extra_title\" style=\"color:#25bced\">Tobias Leenaert<\/div><div class=\"video_title\">J\u2019ai converti ma ville au v\u00e9g\u00e9tarisme<\/div><\/div><\/a><a href=\"https:\/\/shamengo-vps1.tetedecom.pro\/fr\/chaine-tv-les-pionniers\/?video_id=14292\" class=\"video-item\" style=\"opacity:0;visibility:hidden;\"><div class=\"visual_container\"><div class=\"thumb_container\"><div style=\"background-image:url(\/\/shamengo-vps1.tetedecom.pro\/wp-content\/uploads\/2019\/02\/224_2.jpg)\"><\/div><\/div><div class=\"thumb_overlay_container\"><div class=\"video-tag\">Portrait<\/div><div class=\"video-duration\">01:55<\/div><\/div><\/div><div class=\"infos_container\"><div class=\"video_extra_title\" style=\"color:#25bced\">J\u00e9r\u00f4me Salom\u00e9<\/div><div class=\"video_title\">je d\u00e9fends le port de la jupe pour hommes<\/div><\/div><\/a><a href=\"https:\/\/shamengo-vps1.tetedecom.pro\/fr\/chaine-tv-les-pionniers\/?video_id=14290\" class=\"video-item\" style=\"opacity:0;visibility:hidden;\"><div class=\"visual_container\"><div class=\"thumb_container\"><div style=\"background-image:url(\/\/shamengo-vps1.tetedecom.pro\/wp-content\/uploads\/2019\/02\/124_2.jpg)\"><\/div><\/div><div class=\"thumb_overlay_container\"><div class=\"video-tag\">Portrait<\/div><div class=\"video-duration\">02:12<\/div><\/div><\/div><div class=\"infos_container\"><div class=\"video_extra_title\" style=\"color:#f19a2e\">Fran\u00e7ois Jaquenoud &amp; Lo Chay<\/div><div class=\"video_title\">Nous transformons l\u2019eau des marres en eau potable<\/div><\/div><\/a><a href=\"https:\/\/shamengo-vps1.tetedecom.pro\/fr\/chaine-tv-les-pionniers\/?video_id=14286\" class=\"video-item\" style=\"opacity:0;visibility:hidden;\"><div class=\"visual_container\"><div class=\"thumb_container\"><div style=\"background-image:url(\/\/shamengo-vps1.tetedecom.pro\/wp-content\/uploads\/2019\/02\/174_1.jpeg)\"><\/div><\/div><div class=\"thumb_overlay_container\"><div class=\"video-tag\">Portrait<\/div><div class=\"video-duration\">02:08<\/div><\/div><\/div><div class=\"infos_container\"><div class=\"video_extra_title\" style=\"color:#25bced\">Christian Boisard<\/div><div class=\"video_title\">Je supprime votre b\u00e9gaiement en moins de trois jours<\/div><\/div><\/a><a href=\"https:\/\/shamengo-vps1.tetedecom.pro\/fr\/chaine-tv-les-pionniers\/?video_id=14288\" class=\"video-item\" style=\"opacity:0;visibility:hidden;\"><div class=\"visual_container\"><div class=\"thumb_container\"><div style=\"background-image:url(\/\/shamengo-vps1.tetedecom.pro\/wp-content\/uploads\/2011\/09\/2465.jpg)\"><\/div><\/div><div class=\"thumb_overlay_container\"><div class=\"video-tag\">Portrait<\/div><div class=\"video-duration\">02:10<\/div><\/div><\/div><div class=\"infos_container\"><div class=\"video_extra_title\" style=\"color:#25bced\">Olivier Cousin<\/div><div class=\"video_title\">je cultive mes vignes avec des chevaux<\/div><\/div><\/a><a href=\"https:\/\/shamengo-vps1.tetedecom.pro\/fr\/chaine-tv-les-pionniers\/?video_id=14282\" class=\"video-item\" style=\"opacity:0;visibility:hidden;\"><div class=\"visual_container\"><div class=\"thumb_container\"><div style=\"background-image:url(\/\/shamengo-vps1.tetedecom.pro\/wp-content\/uploads\/2011\/08\/2061.png)\"><\/div><\/div><div class=\"thumb_overlay_container\"><div class=\"video-tag\">Portrait<\/div><div class=\"video-duration\">02:05<\/div><\/div><\/div><div class=\"infos_container\"><div class=\"video_extra_title\" style=\"color:#f19a2e\">Mel Young<\/div><div class=\"video_title\">J\u2019ai cr\u00e9\u00e9 la coupe du monde des sans-abris<\/div><\/div><\/a><a href=\"https:\/\/shamengo-vps1.tetedecom.pro\/fr\/chaine-tv-les-pionniers\/?video_id=14276\" class=\"video-item\" style=\"opacity:0;visibility:hidden;\"><div class=\"visual_container\"><div class=\"thumb_container\"><div style=\"background-image:url(\/\/shamengo-vps1.tetedecom.pro\/wp-content\/uploads\/2011\/07\/2029.jpg)\"><\/div><\/div><div class=\"thumb_overlay_container\"><div class=\"video-tag\">Portrait<\/div><div class=\"video-duration\">02:04<\/div><\/div><\/div><div class=\"infos_container\"><div class=\"video_extra_title\" style=\"color:#95c030\">Jan Peter Bergkvist<\/div><div class=\"video_title\">J'ai co-cr\u00e9\u00e9 la premi\u00e8re chaine d'\u00e9co-h\u00f4tels<\/div><\/div><\/a><a href=\"https:\/\/shamengo-vps1.tetedecom.pro\/fr\/chaine-tv-les-pionniers\/?video_id=14274\" class=\"video-item\" style=\"opacity:0;visibility:hidden;\"><div class=\"visual_container\"><div class=\"thumb_container\"><div style=\"background-image:url(\/\/shamengo-vps1.tetedecom.pro\/wp-content\/uploads\/2011\/07\/2025.jpg)\"><\/div><\/div><div class=\"thumb_overlay_container\"><div class=\"video-tag\">Portrait<\/div><div class=\"video-duration\">01:57<\/div><\/div><\/div><div class=\"infos_container\"><div class=\"video_extra_title\" style=\"color:#f19a2e\">Andreas Heinecke<\/div><div class=\"video_title\">Je vous plonge dans l\u2019obscurit\u00e9 pour d\u00e9couvrir un autre monde<\/div><\/div><\/a><a href=\"https:\/\/shamengo-vps1.tetedecom.pro\/fr\/chaine-tv-les-pionniers\/?video_id=14268\" class=\"video-item\" style=\"opacity:0;visibility:hidden;\"><div class=\"visual_container\"><div class=\"thumb_container\"><div style=\"background-image:url(\/\/shamengo-vps1.tetedecom.pro\/wp-content\/uploads\/2011\/07\/2018.jpg)\"><\/div><\/div><div class=\"thumb_overlay_container\"><div class=\"video-tag\">Portrait<\/div><div class=\"video-duration\">01:57<\/div><\/div><\/div><div class=\"infos_container\"><div class=\"video_extra_title\" style=\"color:#cc096c\">Ruskig<\/div><div class=\"video_title\">Je graffe votre CV pour vous aider \u00e0 trouver du travail<\/div><\/div><\/a><a href=\"https:\/\/shamengo-vps1.tetedecom.pro\/fr\/chaine-tv-les-pionniers\/?video_id=14266\" class=\"video-item\" style=\"opacity:0;visibility:hidden;\"><div class=\"visual_container\"><div class=\"thumb_container\"><div style=\"background-image:url(\/\/shamengo-vps1.tetedecom.pro\/wp-content\/uploads\/2011\/06\/2014.png)\"><\/div><\/div><div class=\"thumb_overlay_container\"><div class=\"video-tag\">Portrait<\/div><div class=\"video-duration\">02:01<\/div><\/div><\/div><div class=\"infos_container\"><div class=\"video_extra_title\" style=\"color:#95c030\">Harrison Dillon<\/div><div class=\"video_title\">J\u2019ai cr\u00e9\u00e9 du carburant \u00e0 base d\u2019algues<\/div><\/div><\/a><a href=\"https:\/\/shamengo-vps1.tetedecom.pro\/fr\/chaine-tv-les-pionniers\/?video_id=14264\" class=\"video-item\" style=\"opacity:0;visibility:hidden;\"><div class=\"visual_container\"><div class=\"thumb_container\"><div style=\"background-image:url(\/\/shamengo-vps1.tetedecom.pro\/wp-content\/uploads\/2011\/06\/2464.jpg)\"><\/div><\/div><div class=\"thumb_overlay_container\"><div class=\"video-tag\">Portrait<\/div><div class=\"video-duration\">01:57<\/div><\/div><\/div><div class=\"infos_container\"><div class=\"video_extra_title\" style=\"color:#25bced\">Madan Kataria<\/div><div class=\"video_title\">je vous fais rire \u00e0 gorge d\u00e9ploy\u00e9e<\/div><\/div><\/a><a href=\"https:\/\/shamengo-vps1.tetedecom.pro\/fr\/chaine-tv-les-pionniers\/?video_id=13737\" class=\"video-item\" style=\"opacity:0;visibility:hidden;\"><div class=\"visual_container\"><div class=\"thumb_container\"><div style=\"background-image:url(\/\/shamengo-vps1.tetedecom.pro\/wp-content\/uploads\/2011\/06\/2444.jpg)\"><\/div><\/div><div class=\"thumb_overlay_container\"><div class=\"video-tag\">Portrait<\/div><div class=\"video-duration\">02:15<\/div><\/div><\/div><div class=\"infos_container\"><div class=\"video_extra_title\" style=\"color:#f19a2e\">Christian Moullec<\/div><div class=\"video_title\">Je vole avec les oiseaux migrateurs<\/div><\/div><\/a><a href=\"https:\/\/shamengo-vps1.tetedecom.pro\/fr\/chaine-tv-les-pionniers\/?video_id=13733\" class=\"video-item\" style=\"opacity:0;visibility:hidden;\"><div class=\"visual_container\"><div class=\"thumb_container\"><div style=\"background-image:url(\/\/shamengo-vps1.tetedecom.pro\/wp-content\/uploads\/2011\/05\/2555.jpg)\"><\/div><\/div><div class=\"thumb_overlay_container\"><div class=\"video-tag\">Portrait<\/div><div class=\"video-duration\">02:03<\/div><\/div><\/div><div class=\"infos_container\"><div class=\"video_extra_title\" style=\"color:#95c030\">Michel Smit<\/div><div class=\"video_title\">Je transforme vos pas de danse en kilowatt\/heure<\/div><\/div><\/a><a href=\"https:\/\/shamengo-vps1.tetedecom.pro\/fr\/chaine-tv-les-pionniers\/?video_id=13723\" class=\"video-item\" style=\"opacity:0;visibility:hidden;\"><div class=\"visual_container\"><div class=\"thumb_container\"><div style=\"background-image:url(\/\/shamengo-vps1.tetedecom.pro\/wp-content\/uploads\/2011\/05\/2049.png)\"><\/div><\/div><div class=\"thumb_overlay_container\"><div class=\"video-tag\">Portrait<\/div><div class=\"video-duration\">02:11<\/div><\/div><\/div><div class=\"infos_container\"><div class=\"video_extra_title\" style=\"color:#25bced\">Atanase P\u00e9rifan<\/div><div class=\"video_title\">J'ai cr\u00e9\u00e9 la f\u00eate des voisins<\/div><\/div><\/a><a href=\"https:\/\/shamengo-vps1.tetedecom.pro\/fr\/chaine-tv-les-pionniers\/?video_id=13729\" class=\"video-item\" style=\"opacity:0;visibility:hidden;\"><div class=\"visual_container\"><div class=\"thumb_container\"><div style=\"background-image:url(\/\/shamengo-vps1.tetedecom.pro\/wp-content\/uploads\/2011\/05\/2448.jpg)\"><\/div><\/div><div class=\"thumb_overlay_container\"><div class=\"video-tag\">Portrait<\/div><div class=\"video-duration\">02:13<\/div><\/div><\/div><div class=\"infos_container\"><div class=\"video_extra_title\" style=\"color:#cc096c\">joe mangrum<\/div><div class=\"video_title\">Je vous invite \u00e0 m\u00e9diter dans les rues de New York<\/div><\/div><\/a><a href=\"https:\/\/shamengo-vps1.tetedecom.pro\/fr\/chaine-tv-les-pionniers\/?video_id=13721\" class=\"video-item\" style=\"opacity:0;visibility:hidden;\"><div class=\"visual_container\"><div class=\"thumb_container\"><div style=\"background-image:url(\/\/shamengo-vps1.tetedecom.pro\/wp-content\/uploads\/2011\/05\/1985.png)\"><\/div><\/div><div class=\"thumb_overlay_container\"><div class=\"video-tag\">Portrait<\/div><div class=\"video-duration\">02:15<\/div><\/div><\/div><div class=\"infos_container\"><div class=\"video_extra_title\" style=\"color:#f19a2e\">Major Ahluwalia<\/div><div class=\"video_title\">J\u2019ai cr\u00e9\u00e9 un h\u00f4pital, pour les gens paralys\u00e9s comme moi<\/div><\/div><\/a><a href=\"https:\/\/shamengo-vps1.tetedecom.pro\/fr\/chaine-tv-les-pionniers\/?video_id=4462\" class=\"video-item\" style=\"opacity:0;visibility:hidden;\"><div class=\"visual_container\"><div class=\"thumb_container\"><div style=\"background-image:url(\/\/shamengo-vps1.tetedecom.pro\/wp-content\/uploads\/2011\/04\/2454.jpg)\"><\/div><\/div><div class=\"thumb_overlay_container\"><div class=\"video-tag\">Portrait<\/div><div class=\"video-duration\">02:04<\/div><\/div><\/div><div class=\"infos_container\"><div class=\"video_extra_title\" style=\"color:#cc096c\">Philippe Brousseau<\/div><div class=\"video_title\">Les statues que je sculpte ne p\u00e8sent que quelques grammes<\/div><\/div><\/a><a href=\"https:\/\/shamengo-vps1.tetedecom.pro\/fr\/chaine-tv-les-pionniers\/?video_id=13715\" class=\"video-item\" style=\"opacity:0;visibility:hidden;\"><div class=\"visual_container\"><div class=\"thumb_container\"><div style=\"background-image:url(\/\/shamengo-vps1.tetedecom.pro\/wp-content\/uploads\/2011\/04\/1987.png)\"><\/div><\/div><div class=\"thumb_overlay_container\"><div class=\"video-tag\">Portrait<\/div><div class=\"video-duration\">02:03<\/div><\/div><\/div><div class=\"infos_container\"><div class=\"video_extra_title\" style=\"color:#f19a2e\">Gazi Babaiarova<\/div><div class=\"video_title\">Je lutte contre l\u2019enl\u00e8vement des fianc\u00e9es<\/div><\/div><\/a><a href=\"https:\/\/shamengo-vps1.tetedecom.pro\/fr\/chaine-tv-les-pionniers\/?video_id=4473\" class=\"video-item\" style=\"opacity:0;visibility:hidden;\"><div class=\"visual_container\"><div class=\"thumb_container\"><div style=\"background-image:url(\/\/shamengo-vps1.tetedecom.pro\/wp-content\/uploads\/2011\/04\/2430.png)\"><\/div><\/div><div class=\"thumb_overlay_container\"><div class=\"video-tag\">Portrait<\/div><div class=\"video-duration\">02:05<\/div><\/div><\/div><div class=\"infos_container\"><div class=\"video_extra_title\" style=\"color:#25bced\">Marie-Elisabeth Faymonville<\/div><div class=\"video_title\">Je vous op\u00e8re sous hypnose<\/div><\/div><\/a>\n\t\t<\/div>\n\n\t\t<\/div>\n\t\t[vc_separator]<style type=\"text\/css\">\n\t\t\tdiv#vc_so_video_list_channel_285009 .section_title {\n\t\t\t\tcolor: #25bced;\n\t\t\t}<\/style>\n\n\t\t<div id=\"vc_so_video_list_channel_285009\" class=\"vc_so_video_list_channel  \" data-elem-id=\"285009\" data-nb_videos_per_slide=\"10\">\n\n\t\t<div class=\"section_infos\">\n\t\t<div class=\"section_title\"><h2><span class=\"no-style\">Les pionniers<\/span> Prendre soin de soi<\/h2><\/div>\n\t\t<div class=\"section_link\"><a href=\"https:\/\/shamengo-vps1.tetedecom.pro\/fr\/chaine-tv-prendre-soin-de-soi\/\" target=\"\">TOUT REGARDER<\/a><\/div>\n\t\t<div class=\"section_description\">D\u00e9couvrez les derni\u00e8res innovations m\u00e9dicales, les futurs modes d\u2019alimentation, comment changer nos mentalit\u00e9s ou favoriser notre bien-\u00eatre gr\u00e2ce aux pionniers Shamengo.<\/div>\n\n\t\t<\/div>\n\n\t\t<div class=\"section_videos\" style=\"display:flex;\">\n\t\t<a href=\"https:\/\/shamengo-vps1.tetedecom.pro\/fr\/chaine-tv-prendre-soin-de-soi\/?video_id=86265\" class=\"video-item\" style=\"opacity:0;visibility:hidden;\"><div class=\"visual_container\"><div class=\"thumb_container\"><div style=\"background-image:url(\/\/shamengo-vps1.tetedecom.pro\/wp-content\/uploads\/2023\/09\/Image-16-6-JD-Muller-Ricard-256x144.png)\"><\/div><\/div><div class=\"thumb_overlay_container\"><div class=\"video-tag\">Portrait<\/div><div class=\"video-duration\">02:45<\/div><\/div><\/div><div class=\"infos_container\"><div class=\"video_extra_title\" style=\"color:#25bced\">Jean Daniel Muller et Jean Michel Ricard<\/div><div class=\"video_title\">Pratiquez avec nous l'activit\u00e9 physique adapt\u00e9e, le passeport sant\u00e9 du XXI\u00e8me si\u00e8cle\u00a0!<\/div><\/div><\/a><a href=\"https:\/\/shamengo-vps1.tetedecom.pro\/fr\/chaine-tv-prendre-soin-de-soi\/?video_id=80190\" class=\"video-item\" style=\"opacity:0;visibility:hidden;\"><div class=\"visual_container\"><div class=\"thumb_container\"><div style=\"background-image:url(\/\/shamengo-vps1.tetedecom.pro\/wp-content\/uploads\/2023\/01\/Photo-Patrick-Blanc-pour-site-256x144.jpeg)\"><\/div><\/div><div class=\"thumb_overlay_container\"><div class=\"video-tag\">Portrait<\/div><div class=\"video-duration\">02:56<\/div><\/div><\/div><div class=\"infos_container\"><div class=\"video_extra_title\" style=\"color:#95c030\">Patrick Blanc<\/div><div class=\"video_title\">J'ai invent\u00e9 le mur v\u00e9g\u00e9tal<\/div><\/div><\/a><a href=\"https:\/\/shamengo-vps1.tetedecom.pro\/fr\/chaine-tv-prendre-soin-de-soi\/?video_id=78963\" class=\"video-item\" style=\"opacity:0;visibility:hidden;\"><div class=\"visual_container\"><div class=\"thumb_container\"><div style=\"background-image:url(\/\/shamengo-vps1.tetedecom.pro\/wp-content\/uploads\/2022\/12\/Junior-Fritz-Jacquet-256x144.png)\"><\/div><\/div><div class=\"thumb_overlay_container\"><div class=\"video-tag\">Portrait<\/div><div class=\"video-duration\">02:31<\/div><\/div><\/div><div class=\"infos_container\"><div class=\"video_extra_title\" style=\"color:#25bced\">Junior Fritz Jacquet<\/div><div class=\"video_title\">Je sculpte du papier sulfuris\u00e9 en luminaire<\/div><\/div><\/a><a href=\"https:\/\/shamengo-vps1.tetedecom.pro\/fr\/chaine-tv-prendre-soin-de-soi\/?video_id=71813\" class=\"video-item\" style=\"opacity:0;visibility:hidden;\"><div class=\"visual_container\"><div class=\"thumb_container\"><div style=\"background-image:url(\/\/shamengo-vps1.tetedecom.pro\/wp-content\/uploads\/2022\/04\/Paul-Morey-16-9-2-scaled-e1649682436712-256x94.jpg)\"><\/div><\/div><div class=\"thumb_overlay_container\"><div class=\"video-tag\">Portrait<\/div><div class=\"video-duration\">02:36<\/div><\/div><\/div><div class=\"infos_container\"><div class=\"video_extra_title\" style=\"color:#cc096c\">Paul Morey<\/div><div class=\"video_title\">Mon radiateur s'inspire du soleil<\/div><\/div><\/a><a href=\"https:\/\/shamengo-vps1.tetedecom.pro\/fr\/chaine-tv-prendre-soin-de-soi\/?video_id=65146\" class=\"video-item\" style=\"opacity:0;visibility:hidden;\"><div class=\"visual_container\"><div class=\"thumb_container\"><div style=\"background-image:url(\/\/shamengo-vps1.tetedecom.pro\/wp-content\/uploads\/2021\/09\/unnamed-1-1-256x144.png)\"><\/div><\/div><div class=\"thumb_overlay_container\"><div class=\"video-tag\">Portrait<\/div><div class=\"video-duration\">02:22<\/div><\/div><\/div><div class=\"infos_container\"><div class=\"video_extra_title\" style=\"color:#f19a2e\">Ole Kassow<\/div><div class=\"video_title\">Je prom\u00e8ne les personnes \u00e2g\u00e9es sur des rickshaws<\/div><\/div><\/a><a href=\"https:\/\/shamengo-vps1.tetedecom.pro\/fr\/chaine-tv-prendre-soin-de-soi\/?video_id=62368\" class=\"video-item\" style=\"opacity:0;visibility:hidden;\"><div class=\"visual_container\"><div class=\"thumb_container\"><div style=\"background-image:url(\/\/shamengo-vps1.tetedecom.pro\/wp-content\/uploads\/2021\/07\/Video-port-de-la-lune-256x94.jpg)\"><\/div><\/div><div class=\"thumb_overlay_container\"><div class=\"video-tag\">Portrait<\/div><div class=\"video-duration\">02:18<\/div><\/div><\/div><div class=\"infos_container\"><div class=\"video_extra_title\" style=\"color:#25bced\">Laurent Bordes<\/div><div class=\"video_title\">Notre vin de garage bio est assembl\u00e9 dans un bunker<\/div><\/div><\/a><a href=\"https:\/\/shamengo-vps1.tetedecom.pro\/fr\/chaine-tv-prendre-soin-de-soi\/?video_id=59971\" class=\"video-item\" style=\"opacity:0;visibility:hidden;\"><div class=\"visual_container\"><div class=\"thumb_container\"><div style=\"background-image:url(\/\/shamengo-vps1.tetedecom.pro\/wp-content\/uploads\/2021\/03\/unnamed-254x144.png)\"><\/div><\/div><div class=\"thumb_overlay_container\"><div class=\"video-tag\">Portrait<\/div><div class=\"video-duration\">03:00<\/div><\/div><\/div><div class=\"infos_container\"><div class=\"video_extra_title\" style=\"color:#95c030\">Lo\u00efc Barbot et Jean-Fran\u00e7ois Paradeise<\/div><div class=\"video_title\">Int\u00e9grez une batterie chauffante ou refroidissante \u00e0 vos murs, gr\u00e2ce \u00e0 notre peinture r\u00e9volutionnaire<\/div><\/div><\/a><a href=\"https:\/\/shamengo-vps1.tetedecom.pro\/fr\/chaine-tv-prendre-soin-de-soi\/?video_id=53612\" class=\"video-item\" style=\"opacity:0;visibility:hidden;\"><div class=\"visual_container\"><div class=\"thumb_container\"><div style=\"background-image:url(\/\/shamengo-vps1.tetedecom.pro\/wp-content\/uploads\/2020\/04\/unnamed-1-256x144.jpg)\"><\/div><\/div><div class=\"thumb_overlay_container\"><div class=\"video-tag\">Portrait<\/div><div class=\"video-duration\">02:04<\/div><\/div><\/div><div class=\"infos_container\"><div class=\"video_extra_title\" style=\"color:#25bced\">Ludwick Marishane<\/div><div class=\"video_title\">J\u2019ai lanc\u00e9 la premi\u00e8re douche sans eau<\/div><\/div><\/a><a href=\"https:\/\/shamengo-vps1.tetedecom.pro\/fr\/chaine-tv-prendre-soin-de-soi\/?video_id=46323\" class=\"video-item\" style=\"opacity:0;visibility:hidden;\"><div class=\"visual_container\"><div class=\"thumb_container\"><div style=\"background-image:url(\/\/shamengo-vps1.tetedecom.pro\/wp-content\/uploads\/2019\/03\/Howard-Weinstein-16-9.jpg)\"><\/div><\/div><div class=\"thumb_overlay_container\"><div class=\"video-tag\">Portrait<\/div><div class=\"video-duration\">02:26<\/div><\/div><\/div><div class=\"infos_container\"><div class=\"video_extra_title\" style=\"color:#f19a2e\">Howard Weinstein<\/div><div class=\"video_title\">J\u2019aide les malentendants des pays pauvres \u00e0 s\u2019appareiller<\/div><\/div><\/a><a href=\"https:\/\/shamengo-vps1.tetedecom.pro\/fr\/chaine-tv-prendre-soin-de-soi\/?video_id=45882\" class=\"video-item\" style=\"opacity:0;visibility:hidden;\"><div class=\"visual_container\"><div class=\"thumb_container\"><div style=\"background-image:url(\/\/shamengo-vps1.tetedecom.pro\/wp-content\/uploads\/2019\/02\/Bertran-Auvert-16-9.jpg)\"><\/div><\/div><div class=\"thumb_overlay_container\"><div class=\"video-tag\">Portrait<\/div><\/div><\/div><div class=\"infos_container\"><div class=\"video_extra_title\" style=\"color:#25bced\">Bertran Auvert<\/div><div class=\"video_title\">Les quelques centim\u00e8tres de peau que j\u2019enl\u00e8ve vous aident \u00e0 vous prot\u00e9ger du SIDA<\/div><\/div><\/a><a href=\"https:\/\/shamengo-vps1.tetedecom.pro\/fr\/chaine-tv-prendre-soin-de-soi\/?video_id=22856\" class=\"video-item\" style=\"opacity:0;visibility:hidden;\"><div class=\"visual_container\"><div class=\"thumb_container\"><div style=\"background-image:url(\/\/shamengo-vps1.tetedecom.pro\/wp-content\/uploads\/2018\/03\/8100.jpg)\"><\/div><\/div><div class=\"thumb_overlay_container\"><div class=\"video-tag\">Portrait<\/div><div class=\"video-duration\">02:30<\/div><\/div><\/div><div class=\"infos_container\"><div class=\"video_extra_title\" style=\"color:#25bced\">Lucile Cornet-Vernet<\/div><div class=\"video_title\">Ma tisane gu\u00e9rit \u00e0 98 % le paludisme<\/div><\/div><\/a><a href=\"https:\/\/shamengo-vps1.tetedecom.pro\/fr\/chaine-tv-prendre-soin-de-soi\/?video_id=14619\" class=\"video-item\" style=\"opacity:0;visibility:hidden;\"><div class=\"visual_container\"><div class=\"thumb_container\"><div style=\"background-image:url(\/\/shamengo-vps1.tetedecom.pro\/wp-content\/uploads\/2017\/10\/7878.jpg)\"><\/div><\/div><div class=\"thumb_overlay_container\"><div class=\"video-tag\">Portrait<\/div><div class=\"video-duration\">02:29<\/div><\/div><\/div><div class=\"infos_container\"><div class=\"video_extra_title\" style=\"color:#25bced\">Vandana Shiva<\/div><div class=\"video_title\">Je redonne vie \u00e0 des semences ancestrales<\/div><\/div><\/a><a href=\"https:\/\/shamengo-vps1.tetedecom.pro\/fr\/chaine-tv-prendre-soin-de-soi\/?video_id=14563\" class=\"video-item\" style=\"opacity:0;visibility:hidden;\"><div class=\"visual_container\"><div class=\"thumb_container\"><div style=\"background-image:url(\/\/shamengo-vps1.tetedecom.pro\/wp-content\/uploads\/2016\/10\/6960.jpg)\"><\/div><\/div><div class=\"thumb_overlay_container\"><div class=\"video-tag\">Portrait<\/div><div class=\"video-duration\">02:28<\/div><\/div><\/div><div class=\"infos_container\"><div class=\"video_extra_title\" style=\"color:#f19a2e\">Andrew Bastawrous<\/div><div class=\"video_title\">Je d\u00e9tecte la cataracte gr\u00e2ce au t\u00e9l\u00e9phone portable<\/div><\/div><\/a><a href=\"https:\/\/shamengo-vps1.tetedecom.pro\/fr\/chaine-tv-prendre-soin-de-soi\/?video_id=14565\" class=\"video-item\" style=\"opacity:0;visibility:hidden;\"><div class=\"visual_container\"><div class=\"thumb_container\"><div style=\"background-image:url(\/\/shamengo-vps1.tetedecom.pro\/wp-content\/uploads\/2016\/08\/6965.jpg)\"><\/div><\/div><div class=\"thumb_overlay_container\"><div class=\"video-tag\">Portrait<\/div><div class=\"video-duration\">02:18<\/div><\/div><\/div><div class=\"infos_container\"><div class=\"video_extra_title\" style=\"color:#cc096c\">Aurelia Wolf<\/div><div class=\"video_title\">J\u2019ai cr\u00e9\u00e9 une machine open source pour faire des teintures naturelles<\/div><\/div><\/a><a href=\"https:\/\/shamengo-vps1.tetedecom.pro\/fr\/chaine-tv-prendre-soin-de-soi\/?video_id=14553\" class=\"video-item\" style=\"opacity:0;visibility:hidden;\"><div class=\"visual_container\"><div class=\"thumb_container\"><div style=\"background-image:url(\/\/shamengo-vps1.tetedecom.pro\/wp-content\/uploads\/2016\/05\/6790.jpg)\"><\/div><\/div><div class=\"thumb_overlay_container\"><div class=\"video-tag\">Portrait<\/div><div class=\"video-duration\">02:28<\/div><\/div><\/div><div class=\"infos_container\"><div class=\"video_extra_title\" style=\"color:#25bced\">David Edwards<\/div><div class=\"video_title\">Je confectionne des aliments \u00e0 emballage comestible<\/div><\/div><\/a><a href=\"https:\/\/shamengo-vps1.tetedecom.pro\/fr\/chaine-tv-prendre-soin-de-soi\/?video_id=14587\" class=\"video-item\" style=\"opacity:0;visibility:hidden;\"><div class=\"visual_container\"><div class=\"thumb_container\"><div style=\"background-image:url(\/\/shamengo-vps1.tetedecom.pro\/wp-content\/uploads\/2016\/04\/6627.jpg)\"><\/div><\/div><div class=\"thumb_overlay_container\"><div class=\"video-tag\">Portrait<\/div><div class=\"video-duration\">02:22<\/div><\/div><\/div><div class=\"infos_container\"><div class=\"video_extra_title\" style=\"color:#25bced\">Masaru Emoto<\/div><div class=\"video_title\">L\u2019eau parle \u00e0 travers les cristaux que je forme<\/div><\/div><\/a><a href=\"https:\/\/shamengo-vps1.tetedecom.pro\/fr\/chaine-tv-prendre-soin-de-soi\/?video_id=14577\" class=\"video-item\" style=\"opacity:0;visibility:hidden;\"><div class=\"visual_container\"><div class=\"thumb_container\"><div style=\"background-image:url(\/\/shamengo-vps1.tetedecom.pro\/wp-content\/uploads\/2015\/12\/6216.jpg)\"><\/div><\/div><div class=\"thumb_overlay_container\"><div class=\"video-tag\">Portrait<\/div><div class=\"video-duration\">02:25<\/div><\/div><\/div><div class=\"infos_container\"><div class=\"video_extra_title\" style=\"color:#25bced\">Herv\u00e9 Thomas &amp; Pierrick Cl\u00e9ment<\/div><div class=\"video_title\">Nous revalorisons un mollusque invasif en fruit de mer festif<\/div><\/div><\/a><a href=\"https:\/\/shamengo-vps1.tetedecom.pro\/fr\/chaine-tv-prendre-soin-de-soi\/?video_id=14607\" class=\"video-item\" style=\"opacity:0;visibility:hidden;\"><div class=\"visual_container\"><div class=\"thumb_container\"><div style=\"background-image:url(\/\/shamengo-vps1.tetedecom.pro\/wp-content\/uploads\/2019\/02\/509_3.jpg)\"><\/div><\/div><div class=\"thumb_overlay_container\"><div class=\"video-tag\">Portrait<\/div><div class=\"video-duration\">02:27<\/div><\/div><\/div><div class=\"infos_container\"><div class=\"video_extra_title\" style=\"color:#25bced\">C\u00e9dric Auriol<\/div><div class=\"video_title\">Je vous cuisine des insectes \u00e0 la place de votre steak !<\/div><\/div><\/a><a href=\"https:\/\/shamengo-vps1.tetedecom.pro\/fr\/chaine-tv-prendre-soin-de-soi\/?video_id=14603\" class=\"video-item\" style=\"opacity:0;visibility:hidden;\"><div class=\"visual_container\"><div class=\"thumb_container\"><div style=\"background-image:url(\/\/shamengo-vps1.tetedecom.pro\/wp-content\/uploads\/2019\/02\/465_3.jpg)\"><\/div><\/div><div class=\"thumb_overlay_container\"><div class=\"video-tag\">Portrait<\/div><div class=\"video-duration\">02:30<\/div><\/div><\/div><div class=\"infos_container\"><div class=\"video_extra_title\" style=\"color:#25bced\">Jes\u00fas Manuel Aldrete<\/div><div class=\"video_title\">Je fabrique des chewing-gums 100% bio d\u00e9gradables<\/div><\/div><\/a><a href=\"https:\/\/shamengo-vps1.tetedecom.pro\/fr\/chaine-tv-prendre-soin-de-soi\/?video_id=14599\" class=\"video-item\" style=\"opacity:0;visibility:hidden;\"><div class=\"visual_container\"><div class=\"thumb_container\"><div style=\"background-image:url(\/\/shamengo-vps1.tetedecom.pro\/wp-content\/uploads\/2019\/02\/485_3.jpg)\"><\/div><\/div><div class=\"thumb_overlay_container\"><div class=\"video-tag\">Portrait<\/div><div class=\"video-duration\">02:22<\/div><\/div><\/div><div class=\"infos_container\"><div class=\"video_extra_title\" style=\"color:#25bced\">Peggy Pascal<\/div><div class=\"video_title\">J'ai cr\u00e9\u00e9 l'agriculture en sac<\/div><\/div><\/a><a href=\"https:\/\/shamengo-vps1.tetedecom.pro\/fr\/chaine-tv-prendre-soin-de-soi\/?video_id=14454\" class=\"video-item\" style=\"opacity:0;visibility:hidden;\"><div class=\"visual_container\"><div class=\"thumb_container\"><div style=\"background-image:url(\/\/shamengo-vps1.tetedecom.pro\/wp-content\/uploads\/2015\/10\/5503.jpg)\"><\/div><\/div><div class=\"thumb_overlay_container\"><div class=\"video-tag\">Portrait<\/div><div class=\"video-duration\">02:17<\/div><\/div><\/div><div class=\"infos_container\"><div class=\"video_extra_title\" style=\"color:#25bced\">Georgie Delaney<\/div><div class=\"video_title\">En faisant du sport, je recharge mon t\u00e9l\u00e9phone portable<\/div><\/div><\/a><a href=\"https:\/\/shamengo-vps1.tetedecom.pro\/fr\/chaine-tv-prendre-soin-de-soi\/?video_id=14298\" class=\"video-item\" style=\"opacity:0;visibility:hidden;\"><div class=\"visual_container\"><div class=\"thumb_container\"><div style=\"background-image:url(\/\/shamengo-vps1.tetedecom.pro\/wp-content\/uploads\/2015\/08\/2560.jpg)\"><\/div><\/div><div class=\"thumb_overlay_container\"><div class=\"video-tag\">Portrait<\/div><div class=\"video-duration\">01:52<\/div><\/div><\/div><div class=\"infos_container\"><div class=\"video_extra_title\" style=\"color:#25bced\">Tal Ben Shahar<\/div><div class=\"video_title\">Je vous apprends le bonheur<\/div><\/div><\/a><a href=\"https:\/\/shamengo-vps1.tetedecom.pro\/fr\/chaine-tv-prendre-soin-de-soi\/?video_id=14378\" class=\"video-item\" style=\"opacity:0;visibility:hidden;\"><div class=\"visual_container\"><div class=\"thumb_container\"><div style=\"background-image:url(\/\/shamengo-vps1.tetedecom.pro\/wp-content\/uploads\/2015\/06\/2514.jpg)\"><\/div><\/div><div class=\"thumb_overlay_container\"><div class=\"video-tag\">Portrait<\/div><div class=\"video-duration\">02:10<\/div><\/div><\/div><div class=\"infos_container\"><div class=\"video_extra_title\" style=\"color:#25bced\">Ernesto Gramsh<\/div><div class=\"video_title\">Mon invention peut vous sauver la peau<\/div><\/div><\/a><a href=\"https:\/\/shamengo-vps1.tetedecom.pro\/fr\/chaine-tv-prendre-soin-de-soi\/?video_id=14350\" class=\"video-item\" style=\"opacity:0;visibility:hidden;\"><div class=\"visual_container\"><div class=\"thumb_container\"><div style=\"background-image:url(\/\/shamengo-vps1.tetedecom.pro\/wp-content\/uploads\/2015\/06\/2202.jpg)\"><\/div><\/div><div class=\"thumb_overlay_container\"><div class=\"video-tag\">Portrait<\/div><div class=\"video-duration\">02:13<\/div><\/div><\/div><div class=\"infos_container\"><div class=\"video_extra_title\" style=\"color:#25bced\">Shaktimat Om Mokshananda<\/div><div class=\"video_title\">D\u00e9tendez vous sur mon tapis \u00e0 clous<\/div><\/div><\/a><a href=\"https:\/\/shamengo-vps1.tetedecom.pro\/fr\/chaine-tv-prendre-soin-de-soi\/?video_id=14518\" class=\"video-item\" style=\"opacity:0;visibility:hidden;\"><div class=\"visual_container\"><div class=\"thumb_container\"><div style=\"background-image:url(\/\/shamengo-vps1.tetedecom.pro\/wp-content\/uploads\/2015\/06\/4903.jpg)\"><\/div><\/div><div class=\"thumb_overlay_container\"><div class=\"video-tag\">Portrait<\/div><div class=\"video-duration\">02:07<\/div><\/div><\/div><div class=\"infos_container\"><div class=\"video_extra_title\" style=\"color:#25bced\">Miguel Neiva<\/div><div class=\"video_title\">J\u2019aide les daltoniens \u00e0 voir les couleurs<\/div><\/div><\/a><a href=\"https:\/\/shamengo-vps1.tetedecom.pro\/fr\/chaine-tv-prendre-soin-de-soi\/?video_id=14516\" class=\"video-item\" style=\"opacity:0;visibility:hidden;\"><div class=\"visual_container\"><div class=\"thumb_container\"><div style=\"background-image:url(\/\/shamengo-vps1.tetedecom.pro\/wp-content\/uploads\/2015\/06\/4824.jpg)\"><\/div><\/div><div class=\"thumb_overlay_container\"><div class=\"video-tag\">Portrait<\/div><div class=\"video-duration\">02:13<\/div><\/div><\/div><div class=\"infos_container\"><div class=\"video_extra_title\" style=\"color:#25bced\">Andrea Coleman<\/div><div class=\"video_title\">Pour sauver des vies, mes pilotes sillonnent les pistes les plus improbables d\u2019Afrique<\/div><\/div><\/a><a href=\"https:\/\/shamengo-vps1.tetedecom.pro\/fr\/chaine-tv-prendre-soin-de-soi\/?video_id=14400\" class=\"video-item\" style=\"opacity:0;visibility:hidden;\"><div class=\"visual_container\"><div class=\"thumb_container\"><div style=\"background-image:url(\/\/shamengo-vps1.tetedecom.pro\/wp-content\/uploads\/2015\/05\/2310.jpg)\"><\/div><\/div><div class=\"thumb_overlay_container\"><div class=\"video-tag\">Portrait<\/div><div class=\"video-duration\">01:52<\/div><\/div><\/div><div class=\"infos_container\"><div class=\"video_extra_title\" style=\"color:#25bced\">Olivier Desmoulin<\/div><div class=\"video_title\">Viens chez moi, c\u2019est mon voisin qui cuisine<\/div><\/div><\/a><a href=\"https:\/\/shamengo-vps1.tetedecom.pro\/fr\/chaine-tv-prendre-soin-de-soi\/?video_id=14514\" class=\"video-item\" style=\"opacity:0;visibility:hidden;\"><div class=\"visual_container\"><div class=\"thumb_container\"><div style=\"background-image:url(\/\/shamengo-vps1.tetedecom.pro\/wp-content\/uploads\/2015\/05\/4780.jpg)\"><\/div><\/div><div class=\"thumb_overlay_container\"><div class=\"video-tag\">Portrait<\/div><div class=\"video-duration\">02:25<\/div><\/div><\/div><div class=\"infos_container\"><div class=\"video_extra_title\" style=\"color:#25bced\">Miguel Luengo<\/div><div class=\"video_title\">D\u00e9gommez le paludisme avec mon jeu vid\u00e9o<\/div><\/div><\/a><a href=\"https:\/\/shamengo-vps1.tetedecom.pro\/fr\/chaine-tv-prendre-soin-de-soi\/?video_id=14412\" class=\"video-item\" style=\"opacity:0;visibility:hidden;\"><div class=\"visual_container\"><div class=\"thumb_container\"><div style=\"background-image:url(\/\/shamengo-vps1.tetedecom.pro\/wp-content\/uploads\/2015\/05\/2334.jpg)\"><\/div><\/div><div class=\"thumb_overlay_container\"><div class=\"video-tag\">Portrait<\/div><div class=\"video-duration\">02:11<\/div><\/div><\/div><div class=\"infos_container\"><div class=\"video_extra_title\" style=\"color:#25bced\">Dara O'Rourke<\/div><div class=\"video_title\">Mon application responsabilise vos achats<\/div><\/div><\/a><a href=\"https:\/\/shamengo-vps1.tetedecom.pro\/fr\/chaine-tv-prendre-soin-de-soi\/?video_id=14512\" class=\"video-item\" style=\"opacity:0;visibility:hidden;\"><div class=\"visual_container\"><div class=\"thumb_container\"><div style=\"background-image:url(\/\/shamengo-vps1.tetedecom.pro\/wp-content\/uploads\/2015\/05\/4686.jpg)\"><\/div><\/div><div class=\"thumb_overlay_container\"><div class=\"video-tag\">Portrait<\/div><div class=\"video-duration\">02:09<\/div><\/div><\/div><div class=\"infos_container\"><div class=\"video_extra_title\" style=\"color:#25bced\">Mohammad Al-Ubaydli<\/div><div class=\"video_title\">J\u2019ai cr\u00e9\u00e9 le premier Facebook m\u00e9dical<\/div><\/div><\/a><a href=\"https:\/\/shamengo-vps1.tetedecom.pro\/fr\/chaine-tv-prendre-soin-de-soi\/?video_id=14510\" class=\"video-item\" style=\"opacity:0;visibility:hidden;\"><div class=\"visual_container\"><div class=\"thumb_container\"><div style=\"background-image:url(\/\/shamengo-vps1.tetedecom.pro\/wp-content\/uploads\/2015\/04\/4734.jpg)\"><\/div><\/div><div class=\"thumb_overlay_container\"><div class=\"video-tag\">Portrait<\/div><div class=\"video-duration\">02:07<\/div><\/div><\/div><div class=\"infos_container\"><div class=\"video_extra_title\" style=\"color:#25bced\">Luh Suriyani<\/div><div class=\"video_title\">Je lib\u00e8re des malades mentaux encha\u00een\u00e9s comme des animaux<\/div><\/div><\/a><a href=\"https:\/\/shamengo-vps1.tetedecom.pro\/fr\/chaine-tv-prendre-soin-de-soi\/?video_id=14508\" class=\"video-item\" style=\"opacity:0;visibility:hidden;\"><div class=\"visual_container\"><div class=\"thumb_container\"><div style=\"background-image:url(\/\/shamengo-vps1.tetedecom.pro\/wp-content\/uploads\/2015\/04\/4729.jpg)\"><\/div><\/div><div class=\"thumb_overlay_container\"><div class=\"video-tag\">Portrait<\/div><div class=\"video-duration\">02:00<\/div><\/div><\/div><div class=\"infos_container\"><div class=\"video_extra_title\" style=\"color:#25bced\">Josh Nesbit<\/div><div class=\"video_title\">Je sauve des vies gr\u00e2ce au t\u00e9l\u00e9phone portable<\/div><\/div><\/a><a href=\"https:\/\/shamengo-vps1.tetedecom.pro\/fr\/chaine-tv-prendre-soin-de-soi\/?video_id=14504\" class=\"video-item\" style=\"opacity:0;visibility:hidden;\"><div class=\"visual_container\"><div class=\"thumb_container\"><div style=\"background-image:url(\/\/shamengo-vps1.tetedecom.pro\/wp-content\/uploads\/2015\/03\/4745.jpg)\"><\/div><\/div><div class=\"thumb_overlay_container\"><div class=\"video-tag\">Portrait<\/div><div class=\"video-duration\">02:25<\/div><\/div><\/div><div class=\"infos_container\"><div class=\"video_extra_title\" style=\"color:#25bced\">Katherine Freund<\/div><div class=\"video_title\">J'ai fond\u00e9 la premi\u00e8re compagnie d'auto-partage pour les seniors<\/div><\/div><\/a><a href=\"https:\/\/shamengo-vps1.tetedecom.pro\/fr\/chaine-tv-prendre-soin-de-soi\/?video_id=14500\" class=\"video-item\" style=\"opacity:0;visibility:hidden;\"><div class=\"visual_container\"><div class=\"thumb_container\"><div style=\"background-image:url(\/\/shamengo-vps1.tetedecom.pro\/wp-content\/uploads\/2015\/02\/4445.jpg)\"><\/div><\/div><div class=\"thumb_overlay_container\"><div class=\"video-tag\">Portrait<\/div><div class=\"video-duration\">02:12<\/div><\/div><\/div><div class=\"infos_container\"><div class=\"video_extra_title\" style=\"color:#25bced\">Junto Ohki<\/div><div class=\"video_title\">J\u2019ai cr\u00e9\u00e9 un langage universel pour les sourds et muets<\/div><\/div><\/a><a href=\"https:\/\/shamengo-vps1.tetedecom.pro\/fr\/chaine-tv-prendre-soin-de-soi\/?video_id=14496\" class=\"video-item\" style=\"opacity:0;visibility:hidden;\"><div class=\"visual_container\"><div class=\"thumb_container\"><div style=\"background-image:url(\/\/shamengo-vps1.tetedecom.pro\/wp-content\/uploads\/2015\/01\/4486.jpg)\"><\/div><\/div><div class=\"thumb_overlay_container\"><div class=\"video-tag\">Portrait<\/div><div class=\"video-duration\">02:19<\/div><\/div><\/div><div class=\"infos_container\"><div class=\"video_extra_title\" style=\"color:#25bced\">Sam Agutu<\/div><div class=\"video_title\">J\u2019ai cr\u00e9\u00e9 une \u00e9pargne sant\u00e9 universelle pour les pays en d\u00e9veloppement<\/div><\/div><\/a><a href=\"https:\/\/shamengo-vps1.tetedecom.pro\/fr\/chaine-tv-prendre-soin-de-soi\/?video_id=14494\" class=\"video-item\" style=\"opacity:0;visibility:hidden;\"><div class=\"visual_container\"><div class=\"thumb_container\"><div style=\"background-image:url(\/\/shamengo-vps1.tetedecom.pro\/wp-content\/uploads\/2015\/01\/4284.jpg)\"><\/div><\/div><div class=\"thumb_overlay_container\"><div class=\"video-tag\">Portrait<\/div><div class=\"video-duration\">02:02<\/div><\/div><\/div><div class=\"infos_container\"><div class=\"video_extra_title\" style=\"color:#25bced\">Hisham Kharma<\/div><div class=\"video_title\">Je contourne la mafia du sang avec ma plateforme gratuite<\/div><\/div><\/a><a href=\"https:\/\/shamengo-vps1.tetedecom.pro\/fr\/chaine-tv-prendre-soin-de-soi\/?video_id=14272\" class=\"video-item\" style=\"opacity:0;visibility:hidden;\"><div class=\"visual_container\"><div class=\"thumb_container\"><div style=\"background-image:url(\/\/shamengo-vps1.tetedecom.pro\/wp-content\/uploads\/2014\/12\/4286.jpg)\"><\/div><\/div><div class=\"thumb_overlay_container\"><div class=\"video-tag\">Portrait<\/div><div class=\"video-duration\">02:12<\/div><\/div><\/div><div class=\"infos_container\"><div class=\"video_extra_title\" style=\"color:#f19a2e\">Veronica Khosa<\/div><div class=\"video_title\">J\u2019accompagne jusqu\u2019\u00e0 leur dernier souffle, les victimes du SIDA<\/div><\/div><\/a><a href=\"https:\/\/shamengo-vps1.tetedecom.pro\/fr\/chaine-tv-prendre-soin-de-soi\/?video_id=14490\" class=\"video-item\" style=\"opacity:0;visibility:hidden;\"><div class=\"visual_container\"><div class=\"thumb_container\"><div style=\"background-image:url(\/\/shamengo-vps1.tetedecom.pro\/wp-content\/uploads\/2014\/11\/4287.jpg)\"><\/div><\/div><div class=\"thumb_overlay_container\"><div class=\"video-tag\">Portrait<\/div><div class=\"video-duration\">02:22<\/div><\/div><\/div><div class=\"infos_container\"><div class=\"video_extra_title\" style=\"color:#f19a2e\">Sameer Sawarkar<\/div><div class=\"video_title\">Je fais des check-up complets en passant par une ligne t\u00e9l\u00e9phonique \u00e0 tr\u00e8s bas d\u00e9bit.<\/div><\/div><\/a><a href=\"https:\/\/shamengo-vps1.tetedecom.pro\/fr\/chaine-tv-prendre-soin-de-soi\/?video_id=14488\" class=\"video-item\" style=\"opacity:0;visibility:hidden;\"><div class=\"visual_container\"><div class=\"thumb_container\"><div style=\"background-image:url(\/\/shamengo-vps1.tetedecom.pro\/wp-content\/uploads\/2014\/09\/3804.jpg)\"><\/div><\/div><div class=\"thumb_overlay_container\"><div class=\"video-tag\">Portrait<\/div><div class=\"video-duration\">02:25<\/div><\/div><\/div><div class=\"infos_container\"><div class=\"video_extra_title\" style=\"color:#25bced\">C\u00e9dric P\u00e9chard<\/div><div class=\"video_title\">Mes champignons poussent gr\u00e2ce \u00e0 votre petit noir sur le zinc<\/div><\/div><\/a><a href=\"https:\/\/shamengo-vps1.tetedecom.pro\/fr\/chaine-tv-prendre-soin-de-soi\/?video_id=14420\" class=\"video-item\" style=\"opacity:0;visibility:hidden;\"><div class=\"visual_container\"><div class=\"thumb_container\"><div style=\"background-image:url(\/\/shamengo-vps1.tetedecom.pro\/wp-content\/uploads\/2014\/09\/2355.jpg)\"><\/div><\/div><div class=\"thumb_overlay_container\"><div class=\"video-tag\">Portrait<\/div><div class=\"video-duration\">02:10<\/div><\/div><\/div><div class=\"infos_container\"><div class=\"video_extra_title\" style=\"color:#25bced\">Jordi Marti<\/div><div class=\"video_title\">j\u2019ai invent\u00e9 la prise de sang sans aiguille<\/div><\/div><\/a><a href=\"https:\/\/shamengo-vps1.tetedecom.pro\/fr\/chaine-tv-prendre-soin-de-soi\/?video_id=14476\" class=\"video-item\" style=\"opacity:0;visibility:hidden;\"><div class=\"visual_container\"><div class=\"thumb_container\"><div style=\"background-image:url(\/\/shamengo-vps1.tetedecom.pro\/wp-content\/uploads\/2014\/06\/3615.jpg)\"><\/div><\/div><div class=\"thumb_overlay_container\"><div class=\"video-tag\">Portrait<\/div><div class=\"video-duration\">02:24<\/div><\/div><\/div><div class=\"infos_container\"><div class=\"video_extra_title\" style=\"color:#25bced\">Takao Furuno<\/div><div class=\"video_title\">Je mets des canards dans les rizi\u00e8res pour rendre le riz meilleur<\/div><\/div><\/a><a href=\"https:\/\/shamengo-vps1.tetedecom.pro\/fr\/chaine-tv-prendre-soin-de-soi\/?video_id=14310\" class=\"video-item\" style=\"opacity:0;visibility:hidden;\"><div class=\"visual_container\"><div class=\"thumb_container\"><div style=\"background-image:url(\/\/shamengo-vps1.tetedecom.pro\/wp-content\/uploads\/2013\/12\/2128.png)\"><\/div><\/div><div class=\"thumb_overlay_container\"><div class=\"video-tag\">Portrait<\/div><div class=\"video-duration\">02:05<\/div><\/div><\/div><div class=\"infos_container\"><div class=\"video_extra_title\" style=\"color:#25bced\">Amit Goffer<\/div><div class=\"video_title\">Je permets aux parapl\u00e9giques de remarcher<\/div><\/div><\/a><a href=\"https:\/\/shamengo-vps1.tetedecom.pro\/fr\/chaine-tv-prendre-soin-de-soi\/?video_id=14458\" class=\"video-item\" style=\"opacity:0;visibility:hidden;\"><div class=\"visual_container\"><div class=\"thumb_container\"><div style=\"background-image:url(\/\/shamengo-vps1.tetedecom.pro\/wp-content\/uploads\/2013\/10\/3069.jpg)\"><\/div><\/div><div class=\"thumb_overlay_container\"><div class=\"video-tag\">Portrait<\/div><div class=\"video-duration\">02:13<\/div><\/div><\/div><div class=\"infos_container\"><div class=\"video_extra_title\" style=\"color:#25bced\">Guilhem Cheron, Marc-David Choukroun<\/div><div class=\"video_title\">J\u2019ouvre de plus en plus de ruches pour vous permettre d\u2019acheter des produits fermiers bon march\u00e9<\/div><\/div><\/a><a href=\"https:\/\/shamengo-vps1.tetedecom.pro\/fr\/chaine-tv-prendre-soin-de-soi\/?video_id=14256\" class=\"video-item\" style=\"opacity:0;visibility:hidden;\"><div class=\"visual_container\"><div class=\"thumb_container\"><div style=\"background-image:url(\/\/shamengo-vps1.tetedecom.pro\/wp-content\/uploads\/2013\/02\/2412.jpg)\"><\/div><\/div><div class=\"thumb_overlay_container\"><div class=\"video-tag\">Portrait<\/div><div class=\"video-duration\">02:16<\/div><\/div><\/div><div class=\"infos_container\"><div class=\"video_extra_title\" style=\"color:#25bced\">Pierfranco Midali &amp; Giacomo Bonzani<\/div><div class=\"video_title\">Nous apportons le soleil l\u00e0 o\u00f9 il ne brille pas<\/div><\/div><\/a><a href=\"https:\/\/shamengo-vps1.tetedecom.pro\/fr\/chaine-tv-prendre-soin-de-soi\/?video_id=14426\" class=\"video-item\" style=\"opacity:0;visibility:hidden;\"><div class=\"visual_container\"><div class=\"thumb_container\"><div style=\"background-image:url(\/\/shamengo-vps1.tetedecom.pro\/wp-content\/uploads\/2013\/01\/2368.jpg)\"><\/div><\/div><div class=\"thumb_overlay_container\"><div class=\"video-tag\">Portrait<\/div><div class=\"video-duration\">02:05<\/div><\/div><\/div><div class=\"infos_container\"><div class=\"video_extra_title\" style=\"color:#25bced\">Mary Gordon<\/div><div class=\"video_title\">J\u2019enseigne l\u2019empathie gr\u00e2ce \u00e0 des b\u00e9b\u00e9s<\/div><\/div><\/a><a href=\"https:\/\/shamengo-vps1.tetedecom.pro\/fr\/chaine-tv-prendre-soin-de-soi\/?video_id=14410\" class=\"video-item\" style=\"opacity:0;visibility:hidden;\"><div class=\"visual_container\"><div class=\"thumb_container\"><div style=\"background-image:url(\/\/shamengo-vps1.tetedecom.pro\/wp-content\/uploads\/2012\/11\/2330.jpg)\"><\/div><\/div><div class=\"thumb_overlay_container\"><div class=\"video-tag\">Portrait<\/div><div class=\"video-duration\">01:59<\/div><\/div><\/div><div class=\"infos_container\"><div class=\"video_extra_title\" style=\"color:#25bced\">Olivier Cussenot<\/div><div class=\"video_title\">je d\u00e9piste le cancer de la prostate gr\u00e2ce \u00e0 l\u2019odorat d\u2019un chien<\/div><\/div><\/a><a href=\"https:\/\/shamengo-vps1.tetedecom.pro\/fr\/chaine-tv-prendre-soin-de-soi\/?video_id=14388\" class=\"video-item\" style=\"opacity:0;visibility:hidden;\"><div class=\"visual_container\"><div class=\"thumb_container\"><div style=\"background-image:url(\/\/shamengo-vps1.tetedecom.pro\/wp-content\/uploads\/2012\/08\/2561.jpg)\"><\/div><\/div><div class=\"thumb_overlay_container\"><div class=\"video-tag\">Portrait<\/div><div class=\"video-duration\">02:04<\/div><\/div><\/div><div class=\"infos_container\"><div class=\"video_extra_title\" style=\"color:#25bced\">Bright Simons<\/div><div class=\"video_title\">Je traque les faux m\u00e9dicaments<\/div><\/div><\/a><a href=\"https:\/\/shamengo-vps1.tetedecom.pro\/fr\/chaine-tv-prendre-soin-de-soi\/?video_id=14386\" class=\"video-item\" style=\"opacity:0;visibility:hidden;\"><div class=\"visual_container\"><div class=\"thumb_container\"><div style=\"background-image:url(\/\/shamengo-vps1.tetedecom.pro\/wp-content\/uploads\/2012\/08\/2279.jpg)\"><\/div><\/div><div class=\"thumb_overlay_container\"><div class=\"video-tag\">Portrait<\/div><div class=\"video-duration\">02:00<\/div><\/div><\/div><div class=\"infos_container\"><div class=\"video_extra_title\" style=\"color:#25bced\">Francine Shapiro<\/div><div class=\"video_title\">Soignez vos traumatismes gr\u00e2ce \u00e0 vos yeux<\/div><\/div><\/a><a href=\"https:\/\/shamengo-vps1.tetedecom.pro\/fr\/chaine-tv-prendre-soin-de-soi\/?video_id=14384\" class=\"video-item\" style=\"opacity:0;visibility:hidden;\"><div class=\"visual_container\"><div class=\"thumb_container\"><div style=\"background-image:url(\/\/shamengo-vps1.tetedecom.pro\/wp-content\/uploads\/2012\/08\/2380.jpg)\"><\/div><\/div><div class=\"thumb_overlay_container\"><div class=\"video-tag\">Portrait<\/div><div class=\"video-duration\">02:09<\/div><\/div><\/div><div class=\"infos_container\"><div class=\"video_extra_title\" style=\"color:#25bced\">Daniel Hoffer<\/div><div class=\"video_title\">Je viens dormir chez vous<\/div><\/div><\/a><a href=\"https:\/\/shamengo-vps1.tetedecom.pro\/fr\/chaine-tv-prendre-soin-de-soi\/?video_id=14364\" class=\"video-item\" style=\"opacity:0;visibility:hidden;\"><div class=\"visual_container\"><div class=\"thumb_container\"><div style=\"background-image:url(\/\/shamengo-vps1.tetedecom.pro\/wp-content\/uploads\/2012\/05\/2421.jpg)\"><\/div><\/div><div class=\"thumb_overlay_container\"><div class=\"video-tag\">Portrait<\/div><div class=\"video-duration\">02:05<\/div><\/div><\/div><div class=\"infos_container\"><div class=\"video_extra_title\" style=\"color:#25bced\">Jean Kabuta<\/div><div class=\"video_title\">Faites votre auto-louange<\/div><\/div><\/a><a href=\"https:\/\/shamengo-vps1.tetedecom.pro\/fr\/chaine-tv-prendre-soin-de-soi\/?video_id=14294\" class=\"video-item\" style=\"opacity:0;visibility:hidden;\"><div class=\"visual_container\"><div class=\"thumb_container\"><div style=\"background-image:url(\/\/shamengo-vps1.tetedecom.pro\/wp-content\/uploads\/2019\/02\/320_2.jpg)\"><\/div><\/div><div class=\"thumb_overlay_container\"><div class=\"video-tag\">Portrait<\/div><div class=\"video-duration\">01:58<\/div><\/div><\/div><div class=\"infos_container\"><div class=\"video_extra_title\" style=\"color:#25bced\">Tobias Leenaert<\/div><div class=\"video_title\">J\u2019ai converti ma ville au v\u00e9g\u00e9tarisme<\/div><\/div><\/a><a href=\"https:\/\/shamengo-vps1.tetedecom.pro\/fr\/chaine-tv-prendre-soin-de-soi\/?video_id=14292\" class=\"video-item\" style=\"opacity:0;visibility:hidden;\"><div class=\"visual_container\"><div class=\"thumb_container\"><div style=\"background-image:url(\/\/shamengo-vps1.tetedecom.pro\/wp-content\/uploads\/2019\/02\/224_2.jpg)\"><\/div><\/div><div class=\"thumb_overlay_container\"><div class=\"video-tag\">Portrait<\/div><div class=\"video-duration\">01:55<\/div><\/div><\/div><div class=\"infos_container\"><div class=\"video_extra_title\" style=\"color:#25bced\">J\u00e9r\u00f4me Salom\u00e9<\/div><div class=\"video_title\">je d\u00e9fends le port de la jupe pour hommes<\/div><\/div><\/a><a href=\"https:\/\/shamengo-vps1.tetedecom.pro\/fr\/chaine-tv-prendre-soin-de-soi\/?video_id=14286\" class=\"video-item\" style=\"opacity:0;visibility:hidden;\"><div class=\"visual_container\"><div class=\"thumb_container\"><div style=\"background-image:url(\/\/shamengo-vps1.tetedecom.pro\/wp-content\/uploads\/2019\/02\/174_1.jpeg)\"><\/div><\/div><div class=\"thumb_overlay_container\"><div class=\"video-tag\">Portrait<\/div><div class=\"video-duration\">02:08<\/div><\/div><\/div><div class=\"infos_container\"><div class=\"video_extra_title\" style=\"color:#25bced\">Christian Boisard<\/div><div class=\"video_title\">Je supprime votre b\u00e9gaiement en moins de trois jours<\/div><\/div><\/a><a href=\"https:\/\/shamengo-vps1.tetedecom.pro\/fr\/chaine-tv-prendre-soin-de-soi\/?video_id=14264\" class=\"video-item\" style=\"opacity:0;visibility:hidden;\"><div class=\"visual_container\"><div class=\"thumb_container\"><div style=\"background-image:url(\/\/shamengo-vps1.tetedecom.pro\/wp-content\/uploads\/2011\/06\/2464.jpg)\"><\/div><\/div><div class=\"thumb_overlay_container\"><div class=\"video-tag\">Portrait<\/div><div class=\"video-duration\">01:57<\/div><\/div><\/div><div class=\"infos_container\"><div class=\"video_extra_title\" style=\"color:#25bced\">Madan Kataria<\/div><div class=\"video_title\">je vous fais rire \u00e0 gorge d\u00e9ploy\u00e9e<\/div><\/div><\/a><a href=\"https:\/\/shamengo-vps1.tetedecom.pro\/fr\/chaine-tv-prendre-soin-de-soi\/?video_id=13723\" class=\"video-item\" style=\"opacity:0;visibility:hidden;\"><div class=\"visual_container\"><div class=\"thumb_container\"><div style=\"background-image:url(\/\/shamengo-vps1.tetedecom.pro\/wp-content\/uploads\/2011\/05\/2049.png)\"><\/div><\/div><div class=\"thumb_overlay_container\"><div class=\"video-tag\">Portrait<\/div><div class=\"video-duration\">02:11<\/div><\/div><\/div><div class=\"infos_container\"><div class=\"video_extra_title\" style=\"color:#25bced\">Atanase P\u00e9rifan<\/div><div class=\"video_title\">J'ai cr\u00e9\u00e9 la f\u00eate des voisins<\/div><\/div><\/a><a href=\"https:\/\/shamengo-vps1.tetedecom.pro\/fr\/chaine-tv-prendre-soin-de-soi\/?video_id=4473\" class=\"video-item\" style=\"opacity:0;visibility:hidden;\"><div class=\"visual_container\"><div class=\"thumb_container\"><div style=\"background-image:url(\/\/shamengo-vps1.tetedecom.pro\/wp-content\/uploads\/2011\/04\/2430.png)\"><\/div><\/div><div class=\"thumb_overlay_container\"><div class=\"video-tag\">Portrait<\/div><div class=\"video-duration\">02:05<\/div><\/div><\/div><div class=\"infos_container\"><div class=\"video_extra_title\" style=\"color:#25bced\">Marie-Elisabeth Faymonville<\/div><div class=\"video_title\">Je vous op\u00e8re sous hypnose<\/div><\/div><\/a>\n\t\t<\/div>\n\n\t\t<\/div>\n\t\t[vc_separator]<style type=\"text\/css\">\n\t\t\tdiv#vc_so_video_list_channel_299699 .section_title {\n\t\t\t\tcolor: #cc096c;\n\t\t\t}<\/style>\n\n\t\t<div id=\"vc_so_video_list_channel_299699\" class=\"vc_so_video_list_channel  \" data-elem-id=\"299699\" data-nb_videos_per_slide=\"10\">\n\n\t\t<div class=\"section_infos\">\n\t\t<div class=\"section_title\"><h2><span class=\"no-style\">Les pionniers<\/span> Cr\u00e9er dans l'\u00e9thique<\/h2><\/div>\n\t\t<div class=\"section_link\"><a href=\"https:\/\/shamengo-vps1.tetedecom.pro\/fr\/chaine-tv-creer-dans-lethique\/\" target=\"\">TOUT REGARDER<\/a><\/div>\n\t\t<div class=\"section_description\">Remettre l\u2019humain au c\u0153ur de l\u2019\u00e9conomie et respecter le travail de chacun\u2026 L\u2019\u00e9thique guide ces pionniers dans leurs choix de production et de consommation afin de redonner du sens \u00e0 l\u2019activit\u00e9 humaine et du bonheur au travail !<\/div>\n\n\t\t<\/div>\n\n\t\t<div class=\"section_videos\" style=\"display:flex;\">\n\t\t<a href=\"https:\/\/shamengo-vps1.tetedecom.pro\/fr\/chaine-tv-creer-dans-lethique\/?video_id=78963\" class=\"video-item\" style=\"opacity:0;visibility:hidden;\"><div class=\"visual_container\"><div class=\"thumb_container\"><div style=\"background-image:url(\/\/shamengo-vps1.tetedecom.pro\/wp-content\/uploads\/2022\/12\/Junior-Fritz-Jacquet-256x144.png)\"><\/div><\/div><div class=\"thumb_overlay_container\"><div class=\"video-tag\">Portrait<\/div><div class=\"video-duration\">02:31<\/div><\/div><\/div><div class=\"infos_container\"><div class=\"video_extra_title\" style=\"color:#25bced\">Junior Fritz Jacquet<\/div><div class=\"video_title\">Je sculpte du papier sulfuris\u00e9 en luminaire<\/div><\/div><\/a><a href=\"https:\/\/shamengo-vps1.tetedecom.pro\/fr\/chaine-tv-creer-dans-lethique\/?video_id=78784\" class=\"video-item\" style=\"opacity:0;visibility:hidden;\"><div class=\"visual_container\"><div class=\"thumb_container\"><div style=\"background-image:url(\/\/shamengo-vps1.tetedecom.pro\/wp-content\/uploads\/2022\/12\/Nigel-Stanfield-Gros-plan-2-256x144.jpg)\"><\/div><\/div><div class=\"thumb_overlay_container\"><div class=\"video-tag\">Portrait<\/div><div class=\"video-duration\">02:32<\/div><\/div><\/div><div class=\"infos_container\"><div class=\"video_extra_title\" style=\"color:#cc096c\">Nigel Stansfield<\/div><div class=\"video_title\">Nigel Stanfield - Interface<\/div><\/div><\/a><a href=\"https:\/\/shamengo-vps1.tetedecom.pro\/fr\/chaine-tv-creer-dans-lethique\/?video_id=73505\" class=\"video-item\" style=\"opacity:0;visibility:hidden;\"><div class=\"visual_container\"><div class=\"thumb_container\"><div style=\"background-image:url(\/\/shamengo-vps1.tetedecom.pro\/wp-content\/uploads\/2022\/06\/photo-16-9-RondCarre-scaled-e1660740419124-256x92.jpg)\"><\/div><\/div><div class=\"thumb_overlay_container\"><div class=\"video-tag\">Portrait<\/div><div class=\"video-duration\">02:35<\/div><\/div><\/div><div class=\"infos_container\"><div class=\"video_extra_title\" style=\"color:#cc096c\">Cyrille Mazet Benoit Dervieux<\/div><div class=\"video_title\">La construction de vos escaliers devient un jeu d'enfant gr\u00e2ce \u00e0 nous<\/div><\/div><\/a><a href=\"https:\/\/shamengo-vps1.tetedecom.pro\/fr\/chaine-tv-creer-dans-lethique\/?video_id=72086\" class=\"video-item\" style=\"opacity:0;visibility:hidden;\"><div class=\"visual_container\"><div class=\"thumb_container\"><div style=\"background-image:url(\/\/shamengo-vps1.tetedecom.pro\/wp-content\/uploads\/2022\/04\/Visuel-Servin-et-Cobb-16_9-plus-leger-1-e1650878456371-256x94.jpg)\"><\/div><\/div><div class=\"thumb_overlay_container\"><div class=\"video-duration\">02:46<\/div><\/div><\/div><div class=\"infos_container\"><div class=\"video_extra_title\" style=\"color:#95c030\">Paul Servin et Thomas Cobb<\/div><div class=\"video_title\">Vous allez faire d'\u00e9normes \u00e9conomies d'eau et de lessive avec notre machine \u00e0 laver<\/div><\/div><\/a><a href=\"https:\/\/shamengo-vps1.tetedecom.pro\/fr\/chaine-tv-creer-dans-lethique\/?video_id=71813\" class=\"video-item\" style=\"opacity:0;visibility:hidden;\"><div class=\"visual_container\"><div class=\"thumb_container\"><div style=\"background-image:url(\/\/shamengo-vps1.tetedecom.pro\/wp-content\/uploads\/2022\/04\/Paul-Morey-16-9-2-scaled-e1649682436712-256x94.jpg)\"><\/div><\/div><div class=\"thumb_overlay_container\"><div class=\"video-tag\">Portrait<\/div><div class=\"video-duration\">02:36<\/div><\/div><\/div><div class=\"infos_container\"><div class=\"video_extra_title\" style=\"color:#cc096c\">Paul Morey<\/div><div class=\"video_title\">Mon radiateur s'inspire du soleil<\/div><\/div><\/a><a href=\"https:\/\/shamengo-vps1.tetedecom.pro\/fr\/chaine-tv-creer-dans-lethique\/?video_id=71516\" class=\"video-item\" style=\"opacity:0;visibility:hidden;\"><div class=\"visual_container\"><div class=\"thumb_container\"><div style=\"background-image:url(\/\/shamengo-vps1.tetedecom.pro\/wp-content\/uploads\/2022\/03\/Serge-Conesa-16-9-1-e1648822128588-256x93.jpg)\"><\/div><\/div><div class=\"thumb_overlay_container\"><div class=\"video-tag\">Portrait<\/div><div class=\"video-duration\">02:29<\/div><\/div><\/div><div class=\"infos_container\"><div class=\"video_extra_title\" style=\"color:#95c030\">Serge Conesa<\/div><div class=\"video_title\">Vos serveurs sont refroidis par mon huile<\/div><\/div><\/a><a href=\"https:\/\/shamengo-vps1.tetedecom.pro\/fr\/chaine-tv-creer-dans-lethique\/?video_id=68966\" class=\"video-item\" style=\"opacity:0;visibility:hidden;\"><div class=\"visual_container\"><div class=\"thumb_container\"><div style=\"background-image:url(\/\/shamengo-vps1.tetedecom.pro\/wp-content\/uploads\/2022\/01\/Photo-Ulysse-16_9-pour-site-SO-e1641377576831-256x94.jpg)\"><\/div><\/div><div class=\"thumb_overlay_container\"><div class=\"video-tag\">Portrait<\/div><div class=\"video-duration\">02:25<\/div><\/div><\/div><div class=\"infos_container\"><div class=\"video_extra_title\" style=\"color:#95c030\">Ulysse Hellouin<\/div><div class=\"video_title\">Nous fabriquons des mat\u00e9riaux avec les biod\u00e9chets urbains<\/div><\/div><\/a><a href=\"https:\/\/shamengo-vps1.tetedecom.pro\/fr\/chaine-tv-creer-dans-lethique\/?video_id=65135\" class=\"video-item\" style=\"opacity:0;visibility:hidden;\"><div class=\"visual_container\"><div class=\"thumb_container\"><div style=\"background-image:url(\/\/shamengo-vps1.tetedecom.pro\/wp-content\/uploads\/2021\/09\/unnamed-3-256x144.jpg)\"><\/div><\/div><div class=\"thumb_overlay_container\"><div class=\"video-tag\">Portrait<\/div><div class=\"video-duration\">01:57<\/div><\/div><\/div><div class=\"infos_container\"><div class=\"video_extra_title\" style=\"color:#cc096c\">Janos Terbe<\/div><div class=\"video_title\">Mes meubles font un carton !<\/div><\/div><\/a><a href=\"https:\/\/shamengo-vps1.tetedecom.pro\/fr\/chaine-tv-creer-dans-lethique\/?video_id=62415\" class=\"video-item\" style=\"opacity:0;visibility:hidden;\"><div class=\"visual_container\"><div class=\"thumb_container\"><div style=\"background-image:url(\/\/shamengo-vps1.tetedecom.pro\/wp-content\/uploads\/2021\/07\/OLIKROM-VIDEO-256x94.jpg)\"><\/div><\/div><div class=\"thumb_overlay_container\"><div class=\"video-tag\">Portrait<\/div><div class=\"video-duration\">02:38<\/div><\/div><\/div><div class=\"infos_container\"><div class=\"video_extra_title\" style=\"color:#95c030\">Jean-Fran\u00e7ois L\u00e9tard<\/div><div class=\"video_title\">Ma peinture fait briller le soleil jusqu\u2019au bout de la nuit<\/div><\/div><\/a><a href=\"https:\/\/shamengo-vps1.tetedecom.pro\/fr\/chaine-tv-creer-dans-lethique\/?video_id=62403\" class=\"video-item\" style=\"opacity:0;visibility:hidden;\"><div class=\"visual_container\"><div class=\"thumb_container\"><div style=\"background-image:url(\/\/shamengo-vps1.tetedecom.pro\/wp-content\/uploads\/2021\/07\/wanderdries-video-256x94.jpg)\"><\/div><\/div><div class=\"thumb_overlay_container\"><div class=\"video-tag\">Portrait<\/div><div class=\"video-duration\">02:55<\/div><\/div><\/div><div class=\"infos_container\"><div class=\"video_extra_title\" style=\"color:#95c030\">Fran\u00e7ois Waendendries<\/div><div class=\"video_title\">Mon liant permet de fabriquer des pierres \u00e0 froid, comme dans la nature<\/div><\/div><\/a><a href=\"https:\/\/shamengo-vps1.tetedecom.pro\/fr\/chaine-tv-creer-dans-lethique\/?video_id=62391\" class=\"video-item\" style=\"opacity:0;visibility:hidden;\"><div class=\"visual_container\"><div class=\"thumb_container\"><div style=\"background-image:url(\/\/shamengo-vps1.tetedecom.pro\/wp-content\/uploads\/2021\/07\/CASUS-GRILL-VIDEO-256x94.jpg)\"><\/div><\/div><div class=\"thumb_overlay_container\"><div class=\"video-tag\">Portrait<\/div><div class=\"video-duration\">02:21<\/div><\/div><\/div><div class=\"infos_container\"><div class=\"video_extra_title\" style=\"color:#cc096c\">Carsten Br\u00f8gger<\/div><div class=\"video_title\">J\u2019ai cr\u00e9\u00e9 le premier grill \u00e0 usage unique en carton biod\u00e9gradable<\/div><\/div><\/a><a href=\"https:\/\/shamengo-vps1.tetedecom.pro\/fr\/chaine-tv-creer-dans-lethique\/?video_id=62383\" class=\"video-item\" style=\"opacity:0;visibility:hidden;\"><div class=\"visual_container\"><div class=\"thumb_container\"><div style=\"background-image:url(\/\/shamengo-vps1.tetedecom.pro\/wp-content\/uploads\/2021\/07\/TdB-gazelle-02-256x94.jpg)\"><\/div><\/div><div class=\"thumb_overlay_container\"><div class=\"video-tag\">Portrait<\/div><div class=\"video-duration\">02:29<\/div><\/div><\/div><div class=\"infos_container\"><div class=\"video_extra_title\" style=\"color:#cc096c\">Ga\u00ebl Lavaud<\/div><div class=\"video_title\">En all\u00e9geant son poids, ma voiture all\u00e8ge son empreinte carbone<\/div><\/div><\/a><a href=\"https:\/\/shamengo-vps1.tetedecom.pro\/fr\/chaine-tv-creer-dans-lethique\/?video_id=51859\" class=\"video-item\" style=\"opacity:0;visibility:hidden;\"><div class=\"visual_container\"><div class=\"thumb_container\"><div style=\"background-image:url(\/\/shamengo-vps1.tetedecom.pro\/wp-content\/uploads\/2019\/12\/unnamed-3-1-256x144.jpg)\"><\/div><\/div><div class=\"thumb_overlay_container\"><div class=\"video-tag\">Portrait<\/div><div class=\"video-duration\">02:29<\/div><\/div><\/div><div class=\"infos_container\"><div class=\"video_extra_title\" style=\"color:#cc096c\">Fran\u00e7ois Maurisse<\/div><div class=\"video_title\">Je revisite la beaut\u00e9 des petites herbes de prairie \u00e0 travers mon objectif<\/div><\/div><\/a><a href=\"https:\/\/shamengo-vps1.tetedecom.pro\/fr\/chaine-tv-creer-dans-lethique\/?video_id=51758\" class=\"video-item\" style=\"opacity:0;visibility:hidden;\"><div class=\"visual_container\"><div class=\"thumb_container\"><div style=\"background-image:url(\/\/shamengo-vps1.tetedecom.pro\/wp-content\/uploads\/2021\/03\/DUPONCHEL-1063X604-254x144.jpg)\"><\/div><\/div><div class=\"thumb_overlay_container\"><div class=\"video-tag\">Portrait<\/div><div class=\"video-duration\">02:34<\/div><\/div><\/div><div class=\"infos_container\"><div class=\"video_extra_title\" style=\"color:#95c030\">pierre duponchel<\/div><div class=\"video_title\">J'utilise vos vieux jeans pour isoler vos maisons<\/div><\/div><\/a><a href=\"https:\/\/shamengo-vps1.tetedecom.pro\/fr\/chaine-tv-creer-dans-lethique\/?video_id=22863\" class=\"video-item\" style=\"opacity:0;visibility:hidden;\"><div class=\"visual_container\"><div class=\"thumb_container\"><div style=\"background-image:url(\/\/shamengo-vps1.tetedecom.pro\/wp-content\/uploads\/2018\/05\/8174.jpg)\"><\/div><\/div><div class=\"thumb_overlay_container\"><div class=\"video-tag\">Portrait<\/div><div class=\"video-duration\">02:32<\/div><\/div><\/div><div class=\"infos_container\"><div class=\"video_extra_title\" style=\"color:#cc096c\">Pedro Reyes<\/div><div class=\"video_title\">Je transforme des armes \u00e0 feu en instruments de paix<\/div><\/div><\/a><a href=\"https:\/\/shamengo-vps1.tetedecom.pro\/fr\/chaine-tv-creer-dans-lethique\/?video_id=22848\" class=\"video-item\" style=\"opacity:0;visibility:hidden;\"><div class=\"visual_container\"><div class=\"thumb_container\"><div style=\"background-image:url(\/\/shamengo-vps1.tetedecom.pro\/wp-content\/uploads\/2018\/03\/8132.jpg)\"><\/div><\/div><div class=\"thumb_overlay_container\"><div class=\"video-tag\">Portrait<\/div><div class=\"video-duration\">02:25<\/div><\/div><\/div><div class=\"infos_container\"><div class=\"video_extra_title\" style=\"color:#cc096c\">Anke Domaske<\/div><div class=\"video_title\">Je fabrique du tissus avec les invendus de lait<\/div><\/div><\/a><a href=\"https:\/\/shamengo-vps1.tetedecom.pro\/fr\/chaine-tv-creer-dans-lethique\/?video_id=14542\" class=\"video-item\" style=\"opacity:0;visibility:hidden;\"><div class=\"visual_container\"><div class=\"thumb_container\"><div style=\"background-image:url(\/\/shamengo-vps1.tetedecom.pro\/wp-content\/uploads\/2017\/05\/7592.jpg)\"><\/div><\/div><div class=\"thumb_overlay_container\"><div class=\"video-tag\">Portrait<\/div><div class=\"video-duration\">02:11<\/div><\/div><\/div><div class=\"infos_container\"><div class=\"video_extra_title\" style=\"color:#cc096c\">C\u00e9dric Carles<\/div><div class=\"video_title\">J'utilise la nature pour faire tourner mes platines<\/div><\/div><\/a><a href=\"https:\/\/shamengo-vps1.tetedecom.pro\/fr\/chaine-tv-creer-dans-lethique\/?video_id=14538\" class=\"video-item\" style=\"opacity:0;visibility:hidden;\"><div class=\"visual_container\"><div class=\"thumb_container\"><div style=\"background-image:url(\/\/shamengo-vps1.tetedecom.pro\/wp-content\/uploads\/2017\/02\/7423.jpg)\"><\/div><\/div><div class=\"thumb_overlay_container\"><div class=\"video-tag\">Portrait<\/div><div class=\"video-duration\">02:09<\/div><\/div><\/div><div class=\"infos_container\"><div class=\"video_extra_title\" style=\"color:#cc096c\">Luc Jonveaux<\/div><div class=\"video_title\">J'exporte le Street Art Bangladais<\/div><\/div><\/a><a href=\"https:\/\/shamengo-vps1.tetedecom.pro\/fr\/chaine-tv-creer-dans-lethique\/?video_id=14536\" class=\"video-item\" style=\"opacity:0;visibility:hidden;\"><div class=\"visual_container\"><div class=\"thumb_container\"><div style=\"background-image:url(\/\/shamengo-vps1.tetedecom.pro\/wp-content\/uploads\/2017\/01\/7374.jpg)\"><\/div><\/div><div class=\"thumb_overlay_container\"><div class=\"video-tag\">Portrait<\/div><div class=\"video-duration\">02:28<\/div><\/div><\/div><div class=\"infos_container\"><div class=\"video_extra_title\" style=\"color:#95c030\">Martine Postma<\/div><div class=\"video_title\">J\u2019ai cr\u00e9\u00e9 les Repair Caf\u00e9<\/div><\/div><\/a><a href=\"https:\/\/shamengo-vps1.tetedecom.pro\/fr\/chaine-tv-creer-dans-lethique\/?video_id=14565\" class=\"video-item\" style=\"opacity:0;visibility:hidden;\"><div class=\"visual_container\"><div class=\"thumb_container\"><div style=\"background-image:url(\/\/shamengo-vps1.tetedecom.pro\/wp-content\/uploads\/2016\/08\/6965.jpg)\"><\/div><\/div><div class=\"thumb_overlay_container\"><div class=\"video-tag\">Portrait<\/div><div class=\"video-duration\">02:18<\/div><\/div><\/div><div class=\"infos_container\"><div class=\"video_extra_title\" style=\"color:#cc096c\">Aurelia Wolf<\/div><div class=\"video_title\">J\u2019ai cr\u00e9\u00e9 une machine open source pour faire des teintures naturelles<\/div><\/div><\/a><a href=\"https:\/\/shamengo-vps1.tetedecom.pro\/fr\/chaine-tv-creer-dans-lethique\/?video_id=14551\" class=\"video-item\" style=\"opacity:0;visibility:hidden;\"><div class=\"visual_container\"><div class=\"thumb_container\"><div style=\"background-image:url(\/\/shamengo-vps1.tetedecom.pro\/wp-content\/uploads\/2016\/05\/6709.jpg)\"><\/div><\/div><div class=\"thumb_overlay_container\"><div class=\"video-tag\">Portrait<\/div><div class=\"video-duration\">02:19<\/div><\/div><\/div><div class=\"infos_container\"><div class=\"video_extra_title\" style=\"color:#cc096c\">wong Mun Summ<\/div><div class=\"video_title\">J\u2019ai doubl\u00e9 la surface d\u2019un jardin en construisant un h\u00f4tel<\/div><\/div><\/a><a href=\"https:\/\/shamengo-vps1.tetedecom.pro\/fr\/chaine-tv-creer-dans-lethique\/?video_id=14589\" class=\"video-item\" style=\"opacity:0;visibility:hidden;\"><div class=\"visual_container\"><div class=\"thumb_container\"><div style=\"background-image:url(\/\/shamengo-vps1.tetedecom.pro\/wp-content\/uploads\/2016\/04\/6662.png)\"><\/div><\/div><div class=\"thumb_overlay_container\"><div class=\"video-tag\">Portrait<\/div><div class=\"video-duration\">02:24<\/div><\/div><\/div><div class=\"infos_container\"><div class=\"video_extra_title\" style=\"color:#f19a2e\">Salomon Raydan<\/div><div class=\"video_title\">J'ai cr\u00e9\u00e9 la banque des pauvres<\/div><\/div><\/a><a href=\"https:\/\/shamengo-vps1.tetedecom.pro\/fr\/chaine-tv-creer-dans-lethique\/?video_id=14609\" class=\"video-item\" style=\"opacity:0;visibility:hidden;\"><div class=\"visual_container\"><div class=\"thumb_container\"><div style=\"background-image:url(\/\/shamengo-vps1.tetedecom.pro\/wp-content\/uploads\/2016\/01\/6249.jpg)\"><\/div><\/div><div class=\"thumb_overlay_container\"><div class=\"video-tag\">Portrait<\/div><div class=\"video-duration\">02:19<\/div><\/div><\/div><div class=\"infos_container\"><div class=\"video_extra_title\" style=\"color:#f19a2e\">Lente Roode<\/div><div class=\"video_title\">J\u2019aide les gu\u00e9pards \u00e0 se reproduire<\/div><\/div><\/a><a href=\"https:\/\/shamengo-vps1.tetedecom.pro\/fr\/chaine-tv-creer-dans-lethique\/?video_id=14520\" class=\"video-item\" style=\"opacity:0;visibility:hidden;\"><div class=\"visual_container\"><div class=\"thumb_container\"><div style=\"background-image:url(\/\/shamengo-vps1.tetedecom.pro\/wp-content\/uploads\/2015\/07\/6922.jpg)\"><\/div><\/div><div class=\"thumb_overlay_container\"><div class=\"video-tag\">Portrait<\/div><div class=\"video-duration\">02:27<\/div><\/div><\/div><div class=\"infos_container\"><div class=\"video_extra_title\" style=\"color:#25bced\">Kanta Hani<\/div><div class=\"video_title\">J'ai cr\u00e9\u00e9 le festival zero d\u00e9chet<\/div><\/div><\/a><a href=\"https:\/\/shamengo-vps1.tetedecom.pro\/fr\/chaine-tv-creer-dans-lethique\/?video_id=14434\" class=\"video-item\" style=\"opacity:0;visibility:hidden;\"><div class=\"visual_container\"><div class=\"thumb_container\"><div style=\"background-image:url(\/\/shamengo-vps1.tetedecom.pro\/wp-content\/uploads\/2015\/06\/2485.jpg)\"><\/div><\/div><div class=\"thumb_overlay_container\"><div class=\"video-tag\">Portrait<\/div><div class=\"video-duration\">02:08<\/div><\/div><\/div><div class=\"infos_container\"><div class=\"video_extra_title\" style=\"color:#95c030\">Barth\u00e9l\u00e9my Dominici<\/div><div class=\"video_title\">J'installe des poubelles en mer<\/div><\/div><\/a><a href=\"https:\/\/shamengo-vps1.tetedecom.pro\/fr\/chaine-tv-creer-dans-lethique\/?video_id=14358\" class=\"video-item\" style=\"opacity:0;visibility:hidden;\"><div class=\"visual_container\"><div class=\"thumb_container\"><div style=\"background-image:url(\/\/shamengo-vps1.tetedecom.pro\/wp-content\/uploads\/2015\/04\/2218.jpg)\"><\/div><\/div><div class=\"thumb_overlay_container\"><div class=\"video-tag\">Portrait<\/div><div class=\"video-duration\">02:13<\/div><\/div><\/div><div class=\"infos_container\"><div class=\"video_extra_title\" style=\"color:#cc096c\">Nek Chand<\/div><div class=\"video_title\">J\u2019ai cr\u00e9\u00e9 la plus grande oeuvre d'art au monde, \u00e0 partir d\u2019objets recycl\u00e9s<\/div><\/div><\/a><a href=\"https:\/\/shamengo-vps1.tetedecom.pro\/fr\/chaine-tv-creer-dans-lethique\/?video_id=14324\" class=\"video-item\" style=\"opacity:0;visibility:hidden;\"><div class=\"visual_container\"><div class=\"thumb_container\"><div style=\"background-image:url(\/\/shamengo-vps1.tetedecom.pro\/wp-content\/uploads\/2013\/10\/3006.jpg)\"><\/div><\/div><div class=\"thumb_overlay_container\"><div class=\"video-tag\">Portrait<\/div><div class=\"video-duration\">02:08<\/div><\/div><\/div><div class=\"infos_container\"><div class=\"video_extra_title\" style=\"color:#cc096c\">Heath Nash<\/div><div class=\"video_title\">je transforme vos bouteilles de lait en luminaire design<\/div><\/div><\/a><a href=\"https:\/\/shamengo-vps1.tetedecom.pro\/fr\/chaine-tv-creer-dans-lethique\/?video_id=14260\" class=\"video-item\" style=\"opacity:0;visibility:hidden;\"><div class=\"visual_container\"><div class=\"thumb_container\"><div style=\"background-image:url(\/\/shamengo-vps1.tetedecom.pro\/wp-content\/uploads\/2013\/02\/2466.jpg)\"><\/div><\/div><div class=\"thumb_overlay_container\"><div class=\"video-tag\">Portrait<\/div><div class=\"video-duration\">02:05<\/div><\/div><\/div><div class=\"infos_container\"><div class=\"video_extra_title\" style=\"color:#cc096c\">Stiven Kerestegian<\/div><div class=\"video_title\">Je transforme la peau du saumon en cuir \u00e9quitable<\/div><\/div><\/a><a href=\"https:\/\/shamengo-vps1.tetedecom.pro\/fr\/chaine-tv-creer-dans-lethique\/?video_id=14432\" class=\"video-item\" style=\"opacity:0;visibility:hidden;\"><div class=\"visual_container\"><div class=\"thumb_container\"><div style=\"background-image:url(\/\/shamengo-vps1.tetedecom.pro\/wp-content\/uploads\/2012\/09\/2564.jpg)\"><\/div><\/div><div class=\"thumb_overlay_container\"><div class=\"video-tag\">Portrait<\/div><div class=\"video-duration\">02:03<\/div><\/div><\/div><div class=\"infos_container\"><div class=\"video_extra_title\" style=\"color:#cc096c\">Washington Cucurto<\/div><div class=\"video_title\">Mes livres font un carton<\/div><\/div><\/a><a href=\"https:\/\/shamengo-vps1.tetedecom.pro\/fr\/chaine-tv-creer-dans-lethique\/?video_id=14376\" class=\"video-item\" style=\"opacity:0;visibility:hidden;\"><div class=\"visual_container\"><div class=\"thumb_container\"><div style=\"background-image:url(\/\/shamengo-vps1.tetedecom.pro\/wp-content\/uploads\/2012\/07\/2260.jpg)\"><\/div><\/div><div class=\"thumb_overlay_container\"><div class=\"video-tag\">Portrait<\/div><div class=\"video-duration\">02:08<\/div><\/div><\/div><div class=\"infos_container\"><div class=\"video_extra_title\" style=\"color:#cc096c\">Jim Denevan<\/div><div class=\"video_title\">Mes oeuvres vivent au rythme des mar\u00e9es<\/div><\/div><\/a><a href=\"https:\/\/shamengo-vps1.tetedecom.pro\/fr\/chaine-tv-creer-dans-lethique\/?video_id=14356\" class=\"video-item\" style=\"opacity:0;visibility:hidden;\"><div class=\"visual_container\"><div class=\"thumb_container\"><div style=\"background-image:url(\/\/shamengo-vps1.tetedecom.pro\/wp-content\/uploads\/2012\/05\/2456.jpg)\"><\/div><\/div><div class=\"thumb_overlay_container\"><div class=\"video-tag\">Portrait<\/div><div class=\"video-duration\">02:04<\/div><\/div><\/div><div class=\"infos_container\"><div class=\"video_extra_title\" style=\"color:#cc096c\">Richard Reynolds<\/div><div class=\"video_title\">Je suis un guerillero du jardinage<\/div><\/div><\/a><a href=\"https:\/\/shamengo-vps1.tetedecom.pro\/fr\/chaine-tv-creer-dans-lethique\/?video_id=14336\" class=\"video-item\" style=\"opacity:0;visibility:hidden;\"><div class=\"visual_container\"><div class=\"thumb_container\"><div style=\"background-image:url(\/\/shamengo-vps1.tetedecom.pro\/wp-content\/uploads\/2012\/02\/2172.jpg)\"><\/div><\/div><div class=\"thumb_overlay_container\"><div class=\"video-tag\">Portrait<\/div><div class=\"video-duration\">02:12<\/div><\/div><\/div><div class=\"infos_container\"><div class=\"video_extra_title\" style=\"color:#cc096c\">Anita Ahuja<\/div><div class=\"video_title\">Je recycle les sacs en plastique de New Delhi<\/div><\/div><\/a><a href=\"https:\/\/shamengo-vps1.tetedecom.pro\/fr\/chaine-tv-creer-dans-lethique\/?video_id=14318\" class=\"video-item\" style=\"opacity:0;visibility:hidden;\"><div class=\"visual_container\"><div class=\"thumb_container\"><div style=\"background-image:url(\/\/shamengo-vps1.tetedecom.pro\/wp-content\/uploads\/2012\/01\/2442.jpg)\"><\/div><\/div><div class=\"thumb_overlay_container\"><div class=\"video-tag\">Portrait<\/div><div class=\"video-duration\">02:18<\/div><\/div><\/div><div class=\"infos_container\"><div class=\"video_extra_title\" style=\"color:#cc096c\">Charlie Todd<\/div><div class=\"video_title\">J\u2019ai cr\u00e9\u00e9 les flash mob<\/div><\/div><\/a><a href=\"https:\/\/shamengo-vps1.tetedecom.pro\/fr\/chaine-tv-creer-dans-lethique\/?video_id=14314\" class=\"video-item\" style=\"opacity:0;visibility:hidden;\"><div class=\"visual_container\"><div class=\"thumb_container\"><div style=\"background-image:url(\/\/shamengo-vps1.tetedecom.pro\/wp-content\/uploads\/2019\/02\/198_2.jpg)\"><\/div><\/div><div class=\"thumb_overlay_container\"><div class=\"video-tag\">Portrait<\/div><div class=\"video-duration\">01:59<\/div><\/div><\/div><div class=\"infos_container\"><div class=\"video_extra_title\" style=\"color:#cc096c\">Helen Evans &amp; Heiko Hansen<\/div><div class=\"video_title\">Nous colorons les fum\u00e9es d\u2019usine en vert<\/div><\/div><\/a><a href=\"https:\/\/shamengo-vps1.tetedecom.pro\/fr\/chaine-tv-creer-dans-lethique\/?video_id=14312\" class=\"video-item\" style=\"opacity:0;visibility:hidden;\"><div class=\"visual_container\"><div class=\"thumb_container\"><div style=\"background-image:url(\/\/shamengo-vps1.tetedecom.pro\/wp-content\/uploads\/2019\/02\/306_2.jpg)\"><\/div><\/div><div class=\"thumb_overlay_container\"><div class=\"video-tag\">Portrait<\/div><div class=\"video-duration\">02:09<\/div><\/div><\/div><div class=\"infos_container\"><div class=\"video_extra_title\" style=\"color:#cc096c\">Soledad Pinero Misa<\/div><div class=\"video_title\">Les jouets que je conseille aux enfants ne sont pas fabriqu\u00e9s par d\u2019autres enfants<\/div><\/div><\/a><a href=\"https:\/\/shamengo-vps1.tetedecom.pro\/fr\/chaine-tv-creer-dans-lethique\/?video_id=14306\" class=\"video-item\" style=\"opacity:0;visibility:hidden;\"><div class=\"visual_container\"><div class=\"thumb_container\"><div style=\"background-image:url(\/\/shamengo-vps1.tetedecom.pro\/wp-content\/uploads\/2011\/11\/2423.jpg)\"><\/div><\/div><div class=\"thumb_overlay_container\"><div class=\"video-tag\">Portrait<\/div><div class=\"video-duration\">02:14<\/div><\/div><\/div><div class=\"infos_container\"><div class=\"video_extra_title\" style=\"color:#cc096c\">Nina Raeber<\/div><div class=\"video_title\">Je transforme des sacs de nourriture \u00e0 poissons en cabas tr\u00e8s chics<\/div><\/div><\/a><a href=\"https:\/\/shamengo-vps1.tetedecom.pro\/fr\/chaine-tv-creer-dans-lethique\/?video_id=14296\" class=\"video-item\" style=\"opacity:0;visibility:hidden;\"><div class=\"visual_container\"><div class=\"thumb_container\"><div style=\"background-image:url(\/\/shamengo-vps1.tetedecom.pro\/wp-content\/uploads\/2011\/10\/2507.jpg)\"><\/div><\/div><div class=\"thumb_overlay_container\"><div class=\"video-tag\">Portrait<\/div><div class=\"video-duration\">02:05<\/div><\/div><\/div><div class=\"infos_container\"><div class=\"video_extra_title\" style=\"color:#cc096c\">Spencer Tunick<\/div><div class=\"video_title\">je photographie des milliers de personnes nues<\/div><\/div><\/a><a href=\"https:\/\/shamengo-vps1.tetedecom.pro\/fr\/chaine-tv-creer-dans-lethique\/?video_id=14276\" class=\"video-item\" style=\"opacity:0;visibility:hidden;\"><div class=\"visual_container\"><div class=\"thumb_container\"><div style=\"background-image:url(\/\/shamengo-vps1.tetedecom.pro\/wp-content\/uploads\/2011\/07\/2029.jpg)\"><\/div><\/div><div class=\"thumb_overlay_container\"><div class=\"video-tag\">Portrait<\/div><div class=\"video-duration\">02:04<\/div><\/div><\/div><div class=\"infos_container\"><div class=\"video_extra_title\" style=\"color:#95c030\">Jan Peter Bergkvist<\/div><div class=\"video_title\">J'ai co-cr\u00e9\u00e9 la premi\u00e8re chaine d'\u00e9co-h\u00f4tels<\/div><\/div><\/a><a href=\"https:\/\/shamengo-vps1.tetedecom.pro\/fr\/chaine-tv-creer-dans-lethique\/?video_id=14268\" class=\"video-item\" style=\"opacity:0;visibility:hidden;\"><div class=\"visual_container\"><div class=\"thumb_container\"><div style=\"background-image:url(\/\/shamengo-vps1.tetedecom.pro\/wp-content\/uploads\/2011\/07\/2018.jpg)\"><\/div><\/div><div class=\"thumb_overlay_container\"><div class=\"video-tag\">Portrait<\/div><div class=\"video-duration\">01:57<\/div><\/div><\/div><div class=\"infos_container\"><div class=\"video_extra_title\" style=\"color:#cc096c\">Ruskig<\/div><div class=\"video_title\">Je graffe votre CV pour vous aider \u00e0 trouver du travail<\/div><\/div><\/a><a href=\"https:\/\/shamengo-vps1.tetedecom.pro\/fr\/chaine-tv-creer-dans-lethique\/?video_id=13729\" class=\"video-item\" style=\"opacity:0;visibility:hidden;\"><div class=\"visual_container\"><div class=\"thumb_container\"><div style=\"background-image:url(\/\/shamengo-vps1.tetedecom.pro\/wp-content\/uploads\/2011\/05\/2448.jpg)\"><\/div><\/div><div class=\"thumb_overlay_container\"><div class=\"video-tag\">Portrait<\/div><div class=\"video-duration\">02:13<\/div><\/div><\/div><div class=\"infos_container\"><div class=\"video_extra_title\" style=\"color:#cc096c\">joe mangrum<\/div><div class=\"video_title\">Je vous invite \u00e0 m\u00e9diter dans les rues de New York<\/div><\/div><\/a><a href=\"https:\/\/shamengo-vps1.tetedecom.pro\/fr\/chaine-tv-creer-dans-lethique\/?video_id=4462\" class=\"video-item\" style=\"opacity:0;visibility:hidden;\"><div class=\"visual_container\"><div class=\"thumb_container\"><div style=\"background-image:url(\/\/shamengo-vps1.tetedecom.pro\/wp-content\/uploads\/2011\/04\/2454.jpg)\"><\/div><\/div><div class=\"thumb_overlay_container\"><div class=\"video-tag\">Portrait<\/div><div class=\"video-duration\">02:04<\/div><\/div><\/div><div class=\"infos_container\"><div class=\"video_extra_title\" style=\"color:#cc096c\">Philippe Brousseau<\/div><div class=\"video_title\">Les statues que je sculpte ne p\u00e8sent que quelques grammes<\/div><\/div><\/a>\n\t\t<\/div>\n\n\t\t<\/div>\n\t\t[vc_separator]<style type=\"text\/css\">\n\t\t\tdiv#vc_so_video_list_channel_234764 .section_title {\n\t\t\t\tcolor: #95c030;\n\t\t\t}<\/style>\n\n\t\t<div id=\"vc_so_video_list_channel_234764\" class=\"vc_so_video_list_channel  \" data-elem-id=\"234764\" data-nb_videos_per_slide=\"10\">\n\n\t\t<div class=\"section_infos\">\n\t\t<div class=\"section_title\"><h2><span class=\"no-style\">Les pionniers<\/span> Pr\u00e9server la plan\u00e8te<\/h2><\/div>\n\t\t<div class=\"section_link\"><a href=\"https:\/\/shamengo-vps1.tetedecom.pro\/fr\/chaine-tv-preserver-la-planete\/\" target=\"\">TOUT REGARDER<\/a><\/div>\n\t\t<div class=\"section_description\">Lutter contre le r\u00e9chauffement climatique, donner une deuxi\u00e8me vie \u00e0 nos d\u00e9chets, accro\u00eetre la mobilit\u00e9 durable ou pr\u00e9server la biodiversit\u00e9, c\u2019est possible ! Les pionniers Shamengo vous montrent comment\u2026<\/div>\n\n\t\t<\/div>\n\n\t\t<div class=\"section_videos\" style=\"display:flex;\">\n\t\t<a href=\"https:\/\/shamengo-vps1.tetedecom.pro\/fr\/chaine-tv-preserver-la-planete\/?video_id=82241\" class=\"video-item\" style=\"opacity:0;visibility:hidden;\"><div class=\"visual_container\"><div class=\"thumb_container\"><div style=\"background-image:url(\/\/shamengo-vps1.tetedecom.pro\/wp-content\/uploads\/2023\/03\/Olivier-Joffre-GP-234x144.png)\"><\/div><\/div><div class=\"thumb_overlay_container\"><div class=\"video-tag\">Portrait<\/div><div class=\"video-duration\">02:43<\/div><\/div><\/div><div class=\"infos_container\"><div class=\"video_extra_title\" style=\"color:#95c030\">Olivier Joffre<\/div><div class=\"video_title\">Je bloque naturellement vos remont\u00e9es capillaires<\/div><\/div><\/a><a href=\"https:\/\/shamengo-vps1.tetedecom.pro\/fr\/chaine-tv-preserver-la-planete\/?video_id=80190\" class=\"video-item\" style=\"opacity:0;visibility:hidden;\"><div class=\"visual_container\"><div class=\"thumb_container\"><div style=\"background-image:url(\/\/shamengo-vps1.tetedecom.pro\/wp-content\/uploads\/2023\/01\/Photo-Patrick-Blanc-pour-site-256x144.jpeg)\"><\/div><\/div><div class=\"thumb_overlay_container\"><div class=\"video-tag\">Portrait<\/div><div class=\"video-duration\">02:56<\/div><\/div><\/div><div class=\"infos_container\"><div class=\"video_extra_title\" style=\"color:#95c030\">Patrick Blanc<\/div><div class=\"video_title\">J'ai invent\u00e9 le mur v\u00e9g\u00e9tal<\/div><\/div><\/a><a href=\"https:\/\/shamengo-vps1.tetedecom.pro\/fr\/chaine-tv-preserver-la-planete\/?video_id=78963\" class=\"video-item\" style=\"opacity:0;visibility:hidden;\"><div class=\"visual_container\"><div class=\"thumb_container\"><div style=\"background-image:url(\/\/shamengo-vps1.tetedecom.pro\/wp-content\/uploads\/2022\/12\/Junior-Fritz-Jacquet-256x144.png)\"><\/div><\/div><div class=\"thumb_overlay_container\"><div class=\"video-tag\">Portrait<\/div><div class=\"video-duration\">02:31<\/div><\/div><\/div><div class=\"infos_container\"><div class=\"video_extra_title\" style=\"color:#25bced\">Junior Fritz Jacquet<\/div><div class=\"video_title\">Je sculpte du papier sulfuris\u00e9 en luminaire<\/div><\/div><\/a><a href=\"https:\/\/shamengo-vps1.tetedecom.pro\/fr\/chaine-tv-preserver-la-planete\/?video_id=78784\" class=\"video-item\" style=\"opacity:0;visibility:hidden;\"><div class=\"visual_container\"><div class=\"thumb_container\"><div style=\"background-image:url(\/\/shamengo-vps1.tetedecom.pro\/wp-content\/uploads\/2022\/12\/Nigel-Stanfield-Gros-plan-2-256x144.jpg)\"><\/div><\/div><div class=\"thumb_overlay_container\"><div class=\"video-tag\">Portrait<\/div><div class=\"video-duration\">02:32<\/div><\/div><\/div><div class=\"infos_container\"><div class=\"video_extra_title\" style=\"color:#cc096c\">Nigel Stansfield<\/div><div class=\"video_title\">Nigel Stanfield - Interface<\/div><\/div><\/a><a href=\"https:\/\/shamengo-vps1.tetedecom.pro\/fr\/chaine-tv-preserver-la-planete\/?video_id=73776\" class=\"video-item\" style=\"opacity:0;visibility:hidden;\"><div class=\"visual_container\"><div class=\"thumb_container\"><div style=\"background-image:url(\/\/shamengo-vps1.tetedecom.pro\/wp-content\/uploads\/2022\/06\/Michael-Roes-16_9-1-scaled-e1656348827841-256x93.jpg)\"><\/div><\/div><div class=\"thumb_overlay_container\"><div class=\"video-tag\">Portrait<\/div><div class=\"video-duration\">03:00<\/div><\/div><\/div><div class=\"infos_container\"><div class=\"video_extra_title\" style=\"color:#95c030\">Michael Roes<\/div><div class=\"video_title\">Je r\u00e9cup\u00e8re de l'urine pour faire de l'engrais<\/div><\/div><\/a><a href=\"https:\/\/shamengo-vps1.tetedecom.pro\/fr\/chaine-tv-preserver-la-planete\/?video_id=72086\" class=\"video-item\" style=\"opacity:0;visibility:hidden;\"><div class=\"visual_container\"><div class=\"thumb_container\"><div style=\"background-image:url(\/\/shamengo-vps1.tetedecom.pro\/wp-content\/uploads\/2022\/04\/Visuel-Servin-et-Cobb-16_9-plus-leger-1-e1650878456371-256x94.jpg)\"><\/div><\/div><div class=\"thumb_overlay_container\"><div class=\"video-duration\">02:46<\/div><\/div><\/div><div class=\"infos_container\"><div class=\"video_extra_title\" style=\"color:#95c030\">Paul Servin et Thomas Cobb<\/div><div class=\"video_title\">Vous allez faire d'\u00e9normes \u00e9conomies d'eau et de lessive avec notre machine \u00e0 laver<\/div><\/div><\/a><a href=\"https:\/\/shamengo-vps1.tetedecom.pro\/fr\/chaine-tv-preserver-la-planete\/?video_id=71813\" class=\"video-item\" style=\"opacity:0;visibility:hidden;\"><div class=\"visual_container\"><div class=\"thumb_container\"><div style=\"background-image:url(\/\/shamengo-vps1.tetedecom.pro\/wp-content\/uploads\/2022\/04\/Paul-Morey-16-9-2-scaled-e1649682436712-256x94.jpg)\"><\/div><\/div><div class=\"thumb_overlay_container\"><div class=\"video-tag\">Portrait<\/div><div class=\"video-duration\">02:36<\/div><\/div><\/div><div class=\"infos_container\"><div class=\"video_extra_title\" style=\"color:#cc096c\">Paul Morey<\/div><div class=\"video_title\">Mon radiateur s'inspire du soleil<\/div><\/div><\/a><a href=\"https:\/\/shamengo-vps1.tetedecom.pro\/fr\/chaine-tv-preserver-la-planete\/?video_id=71516\" class=\"video-item\" style=\"opacity:0;visibility:hidden;\"><div class=\"visual_container\"><div class=\"thumb_container\"><div style=\"background-image:url(\/\/shamengo-vps1.tetedecom.pro\/wp-content\/uploads\/2022\/03\/Serge-Conesa-16-9-1-e1648822128588-256x93.jpg)\"><\/div><\/div><div class=\"thumb_overlay_container\"><div class=\"video-tag\">Portrait<\/div><div class=\"video-duration\">02:29<\/div><\/div><\/div><div class=\"infos_container\"><div class=\"video_extra_title\" style=\"color:#95c030\">Serge Conesa<\/div><div class=\"video_title\">Vos serveurs sont refroidis par mon huile<\/div><\/div><\/a><a href=\"https:\/\/shamengo-vps1.tetedecom.pro\/fr\/chaine-tv-preserver-la-planete\/?video_id=71448\" class=\"video-item\" style=\"opacity:0;visibility:hidden;\"><div class=\"visual_container\"><div class=\"thumb_container\"><div style=\"background-image:url(\/\/shamengo-vps1.tetedecom.pro\/wp-content\/uploads\/2022\/03\/Julien-Maranon-1-scaled-e1647941449109-256x94.jpg)\"><\/div><\/div><div class=\"thumb_overlay_container\"><div class=\"video-tag\">Portrait<\/div><div class=\"video-duration\">02:56<\/div><\/div><\/div><div class=\"infos_container\"><div class=\"video_extra_title\" style=\"color:#95c030\">Julien Maxime Maranon<\/div><div class=\"video_title\">Je recycle tous les d\u00e9chets \u00e9lectroniques en fin de vie<\/div><\/div><\/a><a href=\"https:\/\/shamengo-vps1.tetedecom.pro\/fr\/chaine-tv-preserver-la-planete\/?video_id=71189\" class=\"video-item\" style=\"opacity:0;visibility:hidden;\"><div class=\"visual_container\"><div class=\"thumb_container\"><div style=\"background-image:url(\/\/shamengo-vps1.tetedecom.pro\/wp-content\/uploads\/2022\/03\/Capture-decran-2022-03-08-a-07.38.27-e1646731365838-256x144.png)\"><\/div><\/div><div class=\"thumb_overlay_container\"><div class=\"video-tag\">Portrait<\/div><div class=\"video-duration\">02:37<\/div><\/div><\/div><div class=\"infos_container\"><div class=\"video_extra_title\" style=\"color:#95c030\">Cl\u00e9ment Houllier<\/div><div class=\"video_title\">Je lave votre verre en dix secondes \u00e0 la vapeur<\/div><\/div><\/a><a href=\"https:\/\/shamengo-vps1.tetedecom.pro\/fr\/chaine-tv-preserver-la-planete\/?video_id=70320\" class=\"video-item\" style=\"opacity:0;visibility:hidden;\"><div class=\"visual_container\"><div class=\"thumb_container\"><div style=\"background-image:url(\/\/shamengo-vps1.tetedecom.pro\/wp-content\/uploads\/2022\/02\/Joaquim_Hasch-256x142.png)\"><\/div><\/div><div class=\"thumb_overlay_container\"><div class=\"video-tag\">Portrait<\/div><div class=\"video-duration\">02:27<\/div><\/div><\/div><div class=\"infos_container\"><div class=\"video_extra_title\" style=\"color:#95c030\">Joaquim Hasch<\/div><div class=\"video_title\">J'ai mis au point un agglom\u00e9r\u00e9 100% biosourc\u00e9<\/div><\/div><\/a><a href=\"https:\/\/shamengo-vps1.tetedecom.pro\/fr\/chaine-tv-preserver-la-planete\/?video_id=68995\" class=\"video-item\" style=\"opacity:0;visibility:hidden;\"><div class=\"visual_container\"><div class=\"thumb_container\"><div style=\"background-image:url(\/\/shamengo-vps1.tetedecom.pro\/wp-content\/uploads\/2022\/01\/Photo-JL-Louvel-pour-site-SO-256x144.jpeg)\"><\/div><\/div><div class=\"thumb_overlay_container\"><div class=\"video-tag\">Portrait<\/div><div class=\"video-duration\">02:46<\/div><\/div><\/div><div class=\"infos_container\"><div class=\"video_extra_title\" style=\"color:#95c030\">Jean-Louis Louvel<\/div><div class=\"video_title\">L'\u00e9cologie est une valeur vis\u00e9e \u00e0 mes palettes<\/div><\/div><\/a><a href=\"https:\/\/shamengo-vps1.tetedecom.pro\/fr\/chaine-tv-preserver-la-planete\/?video_id=68966\" class=\"video-item\" style=\"opacity:0;visibility:hidden;\"><div class=\"visual_container\"><div class=\"thumb_container\"><div style=\"background-image:url(\/\/shamengo-vps1.tetedecom.pro\/wp-content\/uploads\/2022\/01\/Photo-Ulysse-16_9-pour-site-SO-e1641377576831-256x94.jpg)\"><\/div><\/div><div class=\"thumb_overlay_container\"><div class=\"video-tag\">Portrait<\/div><div class=\"video-duration\">02:25<\/div><\/div><\/div><div class=\"infos_container\"><div class=\"video_extra_title\" style=\"color:#95c030\">Ulysse Hellouin<\/div><div class=\"video_title\">Nous fabriquons des mat\u00e9riaux avec les biod\u00e9chets urbains<\/div><\/div><\/a><a href=\"https:\/\/shamengo-vps1.tetedecom.pro\/fr\/chaine-tv-preserver-la-planete\/?video_id=65135\" class=\"video-item\" style=\"opacity:0;visibility:hidden;\"><div class=\"visual_container\"><div class=\"thumb_container\"><div style=\"background-image:url(\/\/shamengo-vps1.tetedecom.pro\/wp-content\/uploads\/2021\/09\/unnamed-3-256x144.jpg)\"><\/div><\/div><div class=\"thumb_overlay_container\"><div class=\"video-tag\">Portrait<\/div><div class=\"video-duration\">01:57<\/div><\/div><\/div><div class=\"infos_container\"><div class=\"video_extra_title\" style=\"color:#cc096c\">Janos Terbe<\/div><div class=\"video_title\">Mes meubles font un carton !<\/div><\/div><\/a><a href=\"https:\/\/shamengo-vps1.tetedecom.pro\/fr\/chaine-tv-preserver-la-planete\/?video_id=62415\" class=\"video-item\" style=\"opacity:0;visibility:hidden;\"><div class=\"visual_container\"><div class=\"thumb_container\"><div style=\"background-image:url(\/\/shamengo-vps1.tetedecom.pro\/wp-content\/uploads\/2021\/07\/OLIKROM-VIDEO-256x94.jpg)\"><\/div><\/div><div class=\"thumb_overlay_container\"><div class=\"video-tag\">Portrait<\/div><div class=\"video-duration\">02:38<\/div><\/div><\/div><div class=\"infos_container\"><div class=\"video_extra_title\" style=\"color:#95c030\">Jean-Fran\u00e7ois L\u00e9tard<\/div><div class=\"video_title\">Ma peinture fait briller le soleil jusqu\u2019au bout de la nuit<\/div><\/div><\/a><a href=\"https:\/\/shamengo-vps1.tetedecom.pro\/fr\/chaine-tv-preserver-la-planete\/?video_id=62403\" class=\"video-item\" style=\"opacity:0;visibility:hidden;\"><div class=\"visual_container\"><div class=\"thumb_container\"><div style=\"background-image:url(\/\/shamengo-vps1.tetedecom.pro\/wp-content\/uploads\/2021\/07\/wanderdries-video-256x94.jpg)\"><\/div><\/div><div class=\"thumb_overlay_container\"><div class=\"video-tag\">Portrait<\/div><div class=\"video-duration\">02:55<\/div><\/div><\/div><div class=\"infos_container\"><div class=\"video_extra_title\" style=\"color:#95c030\">Fran\u00e7ois Waendendries<\/div><div class=\"video_title\">Mon liant permet de fabriquer des pierres \u00e0 froid, comme dans la nature<\/div><\/div><\/a><a href=\"https:\/\/shamengo-vps1.tetedecom.pro\/fr\/chaine-tv-preserver-la-planete\/?video_id=62391\" class=\"video-item\" style=\"opacity:0;visibility:hidden;\"><div class=\"visual_container\"><div class=\"thumb_container\"><div style=\"background-image:url(\/\/shamengo-vps1.tetedecom.pro\/wp-content\/uploads\/2021\/07\/CASUS-GRILL-VIDEO-256x94.jpg)\"><\/div><\/div><div class=\"thumb_overlay_container\"><div class=\"video-tag\">Portrait<\/div><div class=\"video-duration\">02:21<\/div><\/div><\/div><div class=\"infos_container\"><div class=\"video_extra_title\" style=\"color:#cc096c\">Carsten Br\u00f8gger<\/div><div class=\"video_title\">J\u2019ai cr\u00e9\u00e9 le premier grill \u00e0 usage unique en carton biod\u00e9gradable<\/div><\/div><\/a><a href=\"https:\/\/shamengo-vps1.tetedecom.pro\/fr\/chaine-tv-preserver-la-planete\/?video_id=62383\" class=\"video-item\" style=\"opacity:0;visibility:hidden;\"><div class=\"visual_container\"><div class=\"thumb_container\"><div style=\"background-image:url(\/\/shamengo-vps1.tetedecom.pro\/wp-content\/uploads\/2021\/07\/TdB-gazelle-02-256x94.jpg)\"><\/div><\/div><div class=\"thumb_overlay_container\"><div class=\"video-tag\">Portrait<\/div><div class=\"video-duration\">02:29<\/div><\/div><\/div><div class=\"infos_container\"><div class=\"video_extra_title\" style=\"color:#cc096c\">Ga\u00ebl Lavaud<\/div><div class=\"video_title\">En all\u00e9geant son poids, ma voiture all\u00e8ge son empreinte carbone<\/div><\/div><\/a><a href=\"https:\/\/shamengo-vps1.tetedecom.pro\/fr\/chaine-tv-preserver-la-planete\/?video_id=62368\" class=\"video-item\" style=\"opacity:0;visibility:hidden;\"><div class=\"visual_container\"><div class=\"thumb_container\"><div style=\"background-image:url(\/\/shamengo-vps1.tetedecom.pro\/wp-content\/uploads\/2021\/07\/Video-port-de-la-lune-256x94.jpg)\"><\/div><\/div><div class=\"thumb_overlay_container\"><div class=\"video-tag\">Portrait<\/div><div class=\"video-duration\">02:18<\/div><\/div><\/div><div class=\"infos_container\"><div class=\"video_extra_title\" style=\"color:#25bced\">Laurent Bordes<\/div><div class=\"video_title\">Notre vin de garage bio est assembl\u00e9 dans un bunker<\/div><\/div><\/a><a href=\"https:\/\/shamengo-vps1.tetedecom.pro\/fr\/chaine-tv-preserver-la-planete\/?video_id=62112\" class=\"video-item\" style=\"opacity:0;visibility:hidden;\"><div class=\"visual_container\"><div class=\"thumb_container\"><div style=\"background-image:url(\/\/shamengo-vps1.tetedecom.pro\/wp-content\/uploads\/2021\/06\/50-nuances-de-vert-bandeau-256x94.jpg)\"><\/div><\/div><div class=\"thumb_overlay_container\"><div class=\"video-tag\">Reportage<\/div><div class=\"video-duration\">51:44<\/div><\/div><\/div><div class=\"infos_container\"><div class=\"video_title\">Bordeaux, 50 nuances de vert<\/div><\/div><\/a><a href=\"https:\/\/shamengo-vps1.tetedecom.pro\/fr\/chaine-tv-preserver-la-planete\/?video_id=60142\" class=\"video-item\" style=\"opacity:0;visibility:hidden;\"><div class=\"visual_container\"><div class=\"thumb_container\"><div style=\"background-image:url(\/\/shamengo-vps1.tetedecom.pro\/wp-content\/uploads\/2021\/03\/Tony-Toniutti-16-9--256x144.png)\"><\/div><\/div><div class=\"thumb_overlay_container\"><div class=\"video-tag\">Portrait<\/div><div class=\"video-duration\">02:31<\/div><\/div><\/div><div class=\"infos_container\"><div class=\"video_extra_title\" style=\"color:#95c030\">Thierry Toniutti<\/div><div class=\"video_title\">Je r\u00e9cup\u00e8re vos journaux pour en faire un isolant tr\u00e8s performant<\/div><\/div><\/a><a href=\"https:\/\/shamengo-vps1.tetedecom.pro\/fr\/chaine-tv-preserver-la-planete\/?video_id=59971\" class=\"video-item\" style=\"opacity:0;visibility:hidden;\"><div class=\"visual_container\"><div class=\"thumb_container\"><div style=\"background-image:url(\/\/shamengo-vps1.tetedecom.pro\/wp-content\/uploads\/2021\/03\/unnamed-254x144.png)\"><\/div><\/div><div class=\"thumb_overlay_container\"><div class=\"video-tag\">Portrait<\/div><div class=\"video-duration\">03:00<\/div><\/div><\/div><div class=\"infos_container\"><div class=\"video_extra_title\" style=\"color:#95c030\">Lo\u00efc Barbot et Jean-Fran\u00e7ois Paradeise<\/div><div class=\"video_title\">Int\u00e9grez une batterie chauffante ou refroidissante \u00e0 vos murs, gr\u00e2ce \u00e0 notre peinture r\u00e9volutionnaire<\/div><\/div><\/a><a href=\"https:\/\/shamengo-vps1.tetedecom.pro\/fr\/chaine-tv-preserver-la-planete\/?video_id=53207\" class=\"video-item\" style=\"opacity:0;visibility:hidden;\"><div class=\"visual_container\"><div class=\"thumb_container\"><div style=\"background-image:url(\/\/shamengo-vps1.tetedecom.pro\/wp-content\/uploads\/2020\/03\/unnamed-256x144.jpg)\"><\/div><\/div><div class=\"thumb_overlay_container\"><div class=\"video-tag\">Portrait<\/div><div class=\"video-duration\">02:24<\/div><\/div><\/div><div class=\"infos_container\"><div class=\"video_extra_title\" style=\"color:#f19a2e\">Anthony Mutua<\/div><div class=\"video_title\">Vos chaussures peuvent recharger votre t\u00e9l\u00e9phone portable<\/div><\/div><\/a><a href=\"https:\/\/shamengo-vps1.tetedecom.pro\/fr\/chaine-tv-preserver-la-planete\/?video_id=53186\" class=\"video-item\" style=\"opacity:0;visibility:hidden;\"><div class=\"visual_container\"><div class=\"thumb_container\"><div style=\"background-image:url(\/\/shamengo-vps1.tetedecom.pro\/wp-content\/uploads\/2020\/03\/unnamed-1-256x144.jpg)\"><\/div><\/div><div class=\"thumb_overlay_container\"><div class=\"video-tag\">Portrait<\/div><div class=\"video-duration\">02:21<\/div><\/div><\/div><div class=\"infos_container\"><div class=\"video_extra_title\" style=\"color:#f19a2e\">Muru Arunachalam<\/div><div class=\"video_title\">Je suis le premier homme \u00e0 tester des serviettes hygi\u00e9niques<\/div><\/div><\/a><a href=\"https:\/\/shamengo-vps1.tetedecom.pro\/fr\/chaine-tv-preserver-la-planete\/?video_id=51852\" class=\"video-item\" style=\"opacity:0;visibility:hidden;\"><div class=\"visual_container\"><div class=\"thumb_container\"><div style=\"background-image:url(\/\/shamengo-vps1.tetedecom.pro\/wp-content\/uploads\/2019\/12\/escriva-vignette-216x144.jpg)\"><\/div><\/div><div class=\"thumb_overlay_container\"><div class=\"video-tag\">Portrait<\/div><div class=\"video-duration\">02:25<\/div><\/div><\/div><div class=\"infos_container\"><div class=\"video_extra_title\" style=\"color:#95c030\">Jean-Claude Escriva<\/div><div class=\"video_title\">Je construis des maisons en palettes recycl\u00e9es<\/div><\/div><\/a><a href=\"https:\/\/shamengo-vps1.tetedecom.pro\/fr\/chaine-tv-preserver-la-planete\/?video_id=51767\" class=\"video-item\" style=\"opacity:0;visibility:hidden;\"><div class=\"visual_container\"><div class=\"thumb_container\"><div style=\"background-image:url(\/\/shamengo-vps1.tetedecom.pro\/wp-content\/uploads\/2019\/12\/unnamed-2-256x144.jpg)\"><\/div><\/div><div class=\"thumb_overlay_container\"><div class=\"video-tag\">Portrait<\/div><div class=\"video-duration\">02:28<\/div><\/div><\/div><div class=\"infos_container\"><div class=\"video_extra_title\" style=\"color:#95c030\">Alexandra Neyroud<\/div><div class=\"video_title\">Nous rendons \u00e0 la terre ce qu'elle vous a donn\u00e9, en r\u00e9cup\u00e9rant \u00e0 domicile vos biod\u00e9chets<\/div><\/div><\/a><a href=\"https:\/\/shamengo-vps1.tetedecom.pro\/fr\/chaine-tv-preserver-la-planete\/?video_id=51758\" class=\"video-item\" style=\"opacity:0;visibility:hidden;\"><div class=\"visual_container\"><div class=\"thumb_container\"><div style=\"background-image:url(\/\/shamengo-vps1.tetedecom.pro\/wp-content\/uploads\/2021\/03\/DUPONCHEL-1063X604-254x144.jpg)\"><\/div><\/div><div class=\"thumb_overlay_container\"><div class=\"video-tag\">Portrait<\/div><div class=\"video-duration\">02:34<\/div><\/div><\/div><div class=\"infos_container\"><div class=\"video_extra_title\" style=\"color:#95c030\">pierre duponchel<\/div><div class=\"video_title\">J'utilise vos vieux jeans pour isoler vos maisons<\/div><\/div><\/a><a href=\"https:\/\/shamengo-vps1.tetedecom.pro\/fr\/chaine-tv-preserver-la-planete\/?video_id=48052\" class=\"video-item\" style=\"opacity:0;visibility:hidden;\"><div class=\"visual_container\"><div class=\"thumb_container\"><div style=\"background-image:url(\/\/shamengo-vps1.tetedecom.pro\/wp-content\/uploads\/2019\/05\/video-streameo-675_1-256x144.jpg)\"><\/div><\/div><div class=\"thumb_overlay_container\"><div class=\"video-tag\">Portrait<\/div><div class=\"video-duration\">02:29<\/div><\/div><\/div><div class=\"infos_container\"><div class=\"video_extra_title\" style=\"color:#95c030\">JOSE CARLOS VARGAS<\/div><div class=\"video_title\">J\u2019absorbe toute tache d\u2019huile, essence et p\u00e9trole avec ma fibre \u00e9cologique.<\/div><\/div><\/a><a href=\"https:\/\/shamengo-vps1.tetedecom.pro\/fr\/chaine-tv-preserver-la-planete\/?video_id=47397\" class=\"video-item\" style=\"opacity:0;visibility:hidden;\"><div class=\"visual_container\"><div class=\"thumb_container\"><div style=\"background-image:url(\/\/shamengo-vps1.tetedecom.pro\/wp-content\/uploads\/2019\/04\/video-streameo-669_1-256x144.jpg)\"><\/div><\/div><div class=\"thumb_overlay_container\"><div class=\"video-tag\">Portrait<\/div><div class=\"video-duration\">02:31<\/div><\/div><\/div><div class=\"infos_container\"><div class=\"video_extra_title\" style=\"color:#95c030\">alexandre dubernard<\/div><div class=\"video_title\">J\u2019installe des climatisations naturelles au dessus de vos t\u00eates<\/div><\/div><\/a><a href=\"https:\/\/shamengo-vps1.tetedecom.pro\/fr\/chaine-tv-preserver-la-planete\/?video_id=46588\" class=\"video-item\" style=\"opacity:0;visibility:hidden;\"><div class=\"visual_container\"><div class=\"thumb_container\"><div style=\"background-image:url(\/\/shamengo-vps1.tetedecom.pro\/wp-content\/uploads\/2019\/03\/665_1-256x144.jpg)\"><\/div><\/div><div class=\"thumb_overlay_container\"><div class=\"video-tag\">Portrait<\/div><div class=\"video-duration\">02:27<\/div><\/div><\/div><div class=\"infos_container\"><div class=\"video_extra_title\" style=\"color:#f19a2e\">Damien Vergnaud<\/div><div class=\"video_title\">Mon innovation prot\u00e8ge les rhinoc\u00e9ros du braconnage<\/div><\/div><\/a><a href=\"https:\/\/shamengo-vps1.tetedecom.pro\/fr\/chaine-tv-preserver-la-planete\/?video_id=40008\" class=\"video-item\" style=\"opacity:0;visibility:hidden;\"><div class=\"visual_container\"><div class=\"thumb_container\"><div style=\"background-image:url(\/\/shamengo-vps1.tetedecom.pro\/wp-content\/uploads\/2019\/02\/640_1.jpg)\"><\/div><\/div><div class=\"thumb_overlay_container\"><div class=\"video-tag\">Portrait<\/div><div class=\"video-duration\">02:34<\/div><\/div><\/div><div class=\"infos_container\"><div class=\"video_extra_title\" style=\"color:#95c030\">benjamin CLOUET<\/div><div class=\"video_title\">Je valorise, gr\u00e2ce \u00e0 votre urine, le plus grand gisement de phosphate au monde<\/div><\/div><\/a><a href=\"https:\/\/shamengo-vps1.tetedecom.pro\/fr\/chaine-tv-preserver-la-planete\/?video_id=22848\" class=\"video-item\" style=\"opacity:0;visibility:hidden;\"><div class=\"visual_container\"><div class=\"thumb_container\"><div style=\"background-image:url(\/\/shamengo-vps1.tetedecom.pro\/wp-content\/uploads\/2018\/03\/8132.jpg)\"><\/div><\/div><div class=\"thumb_overlay_container\"><div class=\"video-tag\">Portrait<\/div><div class=\"video-duration\">02:25<\/div><\/div><\/div><div class=\"infos_container\"><div class=\"video_extra_title\" style=\"color:#cc096c\">Anke Domaske<\/div><div class=\"video_title\">Je fabrique du tissus avec les invendus de lait<\/div><\/div><\/a><a href=\"https:\/\/shamengo-vps1.tetedecom.pro\/fr\/chaine-tv-preserver-la-planete\/?video_id=22841\" class=\"video-item\" style=\"opacity:0;visibility:hidden;\"><div class=\"visual_container\"><div class=\"thumb_container\"><div style=\"background-image:url(\/\/shamengo-vps1.tetedecom.pro\/wp-content\/uploads\/2018\/02\/8059.jpg)\"><\/div><\/div><div class=\"thumb_overlay_container\"><div class=\"video-tag\">Portrait<\/div><div class=\"video-duration\">02:14<\/div><\/div><\/div><div class=\"infos_container\"><div class=\"video_extra_title\" style=\"color:#cc096c\">Renaud Josse<\/div><div class=\"video_title\">Vivez dans un jardin, gr\u00e2ce \u00e0 mes serres urbaines bioclimatiques<\/div><\/div><\/a><a href=\"https:\/\/shamengo-vps1.tetedecom.pro\/fr\/chaine-tv-preserver-la-planete\/?video_id=22833\" class=\"video-item\" style=\"opacity:0;visibility:hidden;\"><div class=\"visual_container\"><div class=\"thumb_container\"><div style=\"background-image:url(\/\/shamengo-vps1.tetedecom.pro\/wp-content\/uploads\/2017\/11\/7975.jpg)\"><\/div><\/div><div class=\"thumb_overlay_container\"><div class=\"video-tag\">Portrait<\/div><div class=\"video-duration\">02:26<\/div><\/div><\/div><div class=\"infos_container\"><div class=\"video_extra_title\" style=\"color:#95c030\">Francesca Miazzo Jessica Spadacini<\/div><div class=\"video_title\">Je transporte fruits et l\u00e9gumes sur le dernier kilom\u00e8tre<\/div><\/div><\/a><a href=\"https:\/\/shamengo-vps1.tetedecom.pro\/fr\/chaine-tv-preserver-la-planete\/?video_id=14619\" class=\"video-item\" style=\"opacity:0;visibility:hidden;\"><div class=\"visual_container\"><div class=\"thumb_container\"><div style=\"background-image:url(\/\/shamengo-vps1.tetedecom.pro\/wp-content\/uploads\/2017\/10\/7878.jpg)\"><\/div><\/div><div class=\"thumb_overlay_container\"><div class=\"video-tag\">Portrait<\/div><div class=\"video-duration\">02:29<\/div><\/div><\/div><div class=\"infos_container\"><div class=\"video_extra_title\" style=\"color:#25bced\">Vandana Shiva<\/div><div class=\"video_title\">Je redonne vie \u00e0 des semences ancestrales<\/div><\/div><\/a><a href=\"https:\/\/shamengo-vps1.tetedecom.pro\/fr\/chaine-tv-preserver-la-planete\/?video_id=14549\" class=\"video-item\" style=\"opacity:0;visibility:hidden;\"><div class=\"visual_container\"><div class=\"thumb_container\"><div style=\"background-image:url(\/\/shamengo-vps1.tetedecom.pro\/wp-content\/uploads\/2017\/10\/7873.jpg)\"><\/div><\/div><div class=\"thumb_overlay_container\"><div class=\"video-tag\">Portrait<\/div><div class=\"video-duration\">02:28<\/div><\/div><\/div><div class=\"infos_container\"><div class=\"video_extra_title\" style=\"color:#95c030\">Laurent Goudet<\/div><div class=\"video_title\">Je construis des maisons en b\u00e9ton v\u00e9g\u00e9tal<\/div><\/div><\/a><a href=\"https:\/\/shamengo-vps1.tetedecom.pro\/fr\/chaine-tv-preserver-la-planete\/?video_id=14546\" class=\"video-item\" style=\"opacity:0;visibility:hidden;\"><div class=\"visual_container\"><div class=\"thumb_container\"><div style=\"background-image:url(\/\/shamengo-vps1.tetedecom.pro\/wp-content\/uploads\/2017\/08\/7756.jpg)\"><\/div><\/div><div class=\"thumb_overlay_container\"><div class=\"video-tag\">Portrait<\/div><div class=\"video-duration\">02:29<\/div><\/div><\/div><div class=\"infos_container\"><div class=\"video_extra_title\" style=\"color:#95c030\">Alain Marois<\/div><div class=\"video_title\">J\u2019ai cr\u00e9\u00e9 le premier supermarch\u00e9 d\u2019objets recycl\u00e9s<\/div><\/div><\/a><a href=\"https:\/\/shamengo-vps1.tetedecom.pro\/fr\/chaine-tv-preserver-la-planete\/?video_id=14542\" class=\"video-item\" style=\"opacity:0;visibility:hidden;\"><div class=\"visual_container\"><div class=\"thumb_container\"><div style=\"background-image:url(\/\/shamengo-vps1.tetedecom.pro\/wp-content\/uploads\/2017\/05\/7592.jpg)\"><\/div><\/div><div class=\"thumb_overlay_container\"><div class=\"video-tag\">Portrait<\/div><div class=\"video-duration\">02:11<\/div><\/div><\/div><div class=\"infos_container\"><div class=\"video_extra_title\" style=\"color:#cc096c\">C\u00e9dric Carles<\/div><div class=\"video_title\">J'utilise la nature pour faire tourner mes platines<\/div><\/div><\/a><a href=\"https:\/\/shamengo-vps1.tetedecom.pro\/fr\/chaine-tv-preserver-la-planete\/?video_id=14540\" class=\"video-item\" style=\"opacity:0;visibility:hidden;\"><div class=\"visual_container\"><div class=\"thumb_container\"><div style=\"background-image:url(\/\/shamengo-vps1.tetedecom.pro\/wp-content\/uploads\/2017\/03\/7483.jpg)\"><\/div><\/div><div class=\"thumb_overlay_container\"><div class=\"video-tag\">Portrait<\/div><div class=\"video-duration\">02:19<\/div><\/div><\/div><div class=\"infos_container\"><div class=\"video_extra_title\" style=\"color:#95c030\">George Madhavan<\/div><div class=\"video_title\">Mon syst\u00e8me permet de boire l'eau des toilettes<\/div><\/div><\/a><a href=\"https:\/\/shamengo-vps1.tetedecom.pro\/fr\/chaine-tv-preserver-la-planete\/?video_id=14536\" class=\"video-item\" style=\"opacity:0;visibility:hidden;\"><div class=\"visual_container\"><div class=\"thumb_container\"><div style=\"background-image:url(\/\/shamengo-vps1.tetedecom.pro\/wp-content\/uploads\/2017\/01\/7374.jpg)\"><\/div><\/div><div class=\"thumb_overlay_container\"><div class=\"video-tag\">Portrait<\/div><div class=\"video-duration\">02:28<\/div><\/div><\/div><div class=\"infos_container\"><div class=\"video_extra_title\" style=\"color:#95c030\">Martine Postma<\/div><div class=\"video_title\">J\u2019ai cr\u00e9\u00e9 les Repair Caf\u00e9<\/div><\/div><\/a><a href=\"https:\/\/shamengo-vps1.tetedecom.pro\/fr\/chaine-tv-preserver-la-planete\/?video_id=14534\" class=\"video-item\" style=\"opacity:0;visibility:hidden;\"><div class=\"visual_container\"><div class=\"thumb_container\"><div style=\"background-image:url(\/\/shamengo-vps1.tetedecom.pro\/wp-content\/uploads\/2019\/03\/590_3-256x144.jpg)\"><\/div><\/div><div class=\"thumb_overlay_container\"><div class=\"video-tag\">Portrait<\/div><div class=\"video-duration\">02:17<\/div><\/div><\/div><div class=\"infos_container\"><div class=\"video_extra_title\" style=\"color:#95c030\">Anders Wilhelmson<\/div><div class=\"video_title\">J\u2019ai cr\u00e9\u00e9 les toilettes les plus simples du monde<\/div><\/div><\/a><a href=\"https:\/\/shamengo-vps1.tetedecom.pro\/fr\/chaine-tv-preserver-la-planete\/?video_id=14528\" class=\"video-item\" style=\"opacity:0;visibility:hidden;\"><div class=\"visual_container\"><div class=\"thumb_container\"><div style=\"background-image:url(\/\/shamengo-vps1.tetedecom.pro\/wp-content\/uploads\/2016\/12\/7132.jpg)\"><\/div><\/div><div class=\"thumb_overlay_container\"><div class=\"video-tag\">Portrait<\/div><div class=\"video-duration\">02:18<\/div><\/div><\/div><div class=\"infos_container\"><div class=\"video_extra_title\" style=\"color:#cc096c\">aurelia wolff<\/div><div class=\"video_title\">j'ai invent\u00e9 une machine pour teindre le tissus avec des d\u00e9chets organiques<\/div><\/div><\/a><a href=\"https:\/\/shamengo-vps1.tetedecom.pro\/fr\/chaine-tv-preserver-la-planete\/?video_id=14532\" class=\"video-item\" style=\"opacity:0;visibility:hidden;\"><div class=\"visual_container\"><div class=\"thumb_container\"><div style=\"background-image:url(\/\/shamengo-vps1.tetedecom.pro\/wp-content\/uploads\/2016\/11\/7241.jpg)\"><\/div><\/div><div class=\"thumb_overlay_container\"><div class=\"video-tag\">Portrait<\/div><div class=\"video-duration\">02:19<\/div><\/div><\/div><div class=\"infos_container\"><div class=\"video_extra_title\" style=\"color:#95c030\">Jacques Bremond<\/div><div class=\"video_title\">Ma technologie r\u00e9duit les \u00e9missions polluantes de la marine marchande<\/div><\/div><\/a><a href=\"https:\/\/shamengo-vps1.tetedecom.pro\/fr\/chaine-tv-preserver-la-planete\/?video_id=14530\" class=\"video-item\" style=\"opacity:0;visibility:hidden;\"><div class=\"visual_container\"><div class=\"thumb_container\"><div style=\"background-image:url(\/\/shamengo-vps1.tetedecom.pro\/wp-content\/uploads\/2016\/11\/7149.jpg)\"><\/div><\/div><div class=\"thumb_overlay_container\"><div class=\"video-tag\">Portrait<\/div><div class=\"video-duration\">02:35<\/div><\/div><\/div><div class=\"infos_container\"><div class=\"video_extra_title\" style=\"color:#95c030\">Patricia Dutreux<\/div><div class=\"video_title\">Mes briques en bois s'assemblent sans clou ni vis ni colle<\/div><\/div><\/a><a href=\"https:\/\/shamengo-vps1.tetedecom.pro\/fr\/chaine-tv-preserver-la-planete\/?video_id=14573\" class=\"video-item\" style=\"opacity:0;visibility:hidden;\"><div class=\"visual_container\"><div class=\"thumb_container\"><div style=\"background-image:url(\/\/shamengo-vps1.tetedecom.pro\/wp-content\/uploads\/2016\/09\/7016.jpg)\"><\/div><\/div><div class=\"thumb_overlay_container\"><div class=\"video-tag\">Portrait<\/div><div class=\"video-duration\">02:31<\/div><\/div><\/div><div class=\"infos_container\"><div class=\"video_extra_title\" style=\"color:#95c030\">R\u00e9mi Succoja<\/div><div class=\"video_title\">Mon v\u00e9lo \u00e9lectrique fonctionne \u00e0 l\u2019hydrog\u00e8ne<\/div><\/div><\/a><a href=\"https:\/\/shamengo-vps1.tetedecom.pro\/fr\/chaine-tv-preserver-la-planete\/?video_id=14559\" class=\"video-item\" style=\"opacity:0;visibility:hidden;\"><div class=\"visual_container\"><div class=\"thumb_container\"><div style=\"background-image:url(\/\/shamengo-vps1.tetedecom.pro\/wp-content\/uploads\/2016\/08\/6953.jpg)\"><\/div><\/div><div class=\"thumb_overlay_container\"><div class=\"video-tag\">Portrait<\/div><div class=\"video-duration\">02:31<\/div><\/div><\/div><div class=\"infos_container\"><div class=\"video_extra_title\" style=\"color:#95c030\">Javier Fernandez<\/div><div class=\"video_title\">J\u2019ai invent\u00e9 un bio-plastique \u00e0 base de crevettes<\/div><\/div><\/a><a href=\"https:\/\/shamengo-vps1.tetedecom.pro\/fr\/chaine-tv-preserver-la-planete\/?video_id=14565\" class=\"video-item\" style=\"opacity:0;visibility:hidden;\"><div class=\"visual_container\"><div class=\"thumb_container\"><div style=\"background-image:url(\/\/shamengo-vps1.tetedecom.pro\/wp-content\/uploads\/2016\/08\/6965.jpg)\"><\/div><\/div><div class=\"thumb_overlay_container\"><div class=\"video-tag\">Portrait<\/div><div class=\"video-duration\">02:18<\/div><\/div><\/div><div class=\"infos_container\"><div class=\"video_extra_title\" style=\"color:#cc096c\">Aurelia Wolf<\/div><div class=\"video_title\">J\u2019ai cr\u00e9\u00e9 une machine open source pour faire des teintures naturelles<\/div><\/div><\/a><a href=\"https:\/\/shamengo-vps1.tetedecom.pro\/fr\/chaine-tv-preserver-la-planete\/?video_id=14551\" class=\"video-item\" style=\"opacity:0;visibility:hidden;\"><div class=\"visual_container\"><div class=\"thumb_container\"><div style=\"background-image:url(\/\/shamengo-vps1.tetedecom.pro\/wp-content\/uploads\/2016\/05\/6709.jpg)\"><\/div><\/div><div class=\"thumb_overlay_container\"><div class=\"video-tag\">Portrait<\/div><div class=\"video-duration\">02:19<\/div><\/div><\/div><div class=\"infos_container\"><div class=\"video_extra_title\" style=\"color:#cc096c\">wong Mun Summ<\/div><div class=\"video_title\">J\u2019ai doubl\u00e9 la surface d\u2019un jardin en construisant un h\u00f4tel<\/div><\/div><\/a><a href=\"https:\/\/shamengo-vps1.tetedecom.pro\/fr\/chaine-tv-preserver-la-planete\/?video_id=14583\" class=\"video-item\" style=\"opacity:0;visibility:hidden;\"><div class=\"visual_container\"><div class=\"thumb_container\"><div style=\"background-image:url(\/\/shamengo-vps1.tetedecom.pro\/wp-content\/uploads\/2016\/03\/6483.jpg)\"><\/div><\/div><div class=\"thumb_overlay_container\"><div class=\"video-tag\">Portrait<\/div><div class=\"video-duration\">02:29<\/div><\/div><\/div><div class=\"infos_container\"><div class=\"video_extra_title\" style=\"color:#95c030\">Sten de Wit<\/div><div class=\"video_title\">J\u2019ai cr\u00e9\u00e9 la premi\u00e8re piste cyclable solaire au monde<\/div><\/div><\/a><a href=\"https:\/\/shamengo-vps1.tetedecom.pro\/fr\/chaine-tv-preserver-la-planete\/?video_id=14609\" class=\"video-item\" style=\"opacity:0;visibility:hidden;\"><div class=\"visual_container\"><div class=\"thumb_container\"><div style=\"background-image:url(\/\/shamengo-vps1.tetedecom.pro\/wp-content\/uploads\/2016\/01\/6249.jpg)\"><\/div><\/div><div class=\"thumb_overlay_container\"><div class=\"video-tag\">Portrait<\/div><div class=\"video-duration\">02:19<\/div><\/div><\/div><div class=\"infos_container\"><div class=\"video_extra_title\" style=\"color:#f19a2e\">Lente Roode<\/div><div class=\"video_title\">J\u2019aide les gu\u00e9pards \u00e0 se reproduire<\/div><\/div><\/a><a href=\"https:\/\/shamengo-vps1.tetedecom.pro\/fr\/chaine-tv-preserver-la-planete\/?video_id=14615\" class=\"video-item\" style=\"opacity:0;visibility:hidden;\"><div class=\"visual_container\"><div class=\"thumb_container\"><div style=\"background-image:url(\/\/shamengo-vps1.tetedecom.pro\/wp-content\/uploads\/2019\/02\/498_3.jpg)\"><\/div><\/div><div class=\"thumb_overlay_container\"><div class=\"video-tag\">Portrait<\/div><div class=\"video-duration\">02:26<\/div><\/div><\/div><div class=\"infos_container\"><div class=\"video_extra_title\" style=\"color:#95c030\">Paul Benoit<\/div><div class=\"video_title\">Je chauffe votre appartement gr\u00e2ce \u00e0 mes calculs<\/div><\/div><\/a><a href=\"https:\/\/shamengo-vps1.tetedecom.pro\/fr\/chaine-tv-preserver-la-planete\/?video_id=14617\" class=\"video-item\" style=\"opacity:0;visibility:hidden;\"><div class=\"visual_container\"><div class=\"thumb_container\"><div style=\"background-image:url(\/\/shamengo-vps1.tetedecom.pro\/wp-content\/uploads\/2015\/12\/6092.jpg)\"><\/div><\/div><div class=\"thumb_overlay_container\"><div class=\"video-tag\">Portrait<\/div><div class=\"video-duration\">02:24<\/div><\/div><\/div><div class=\"infos_container\"><div class=\"video_extra_title\" style=\"color:#95c030\">Pierfrancesco Maran<\/div><div class=\"video_title\">Je r\u00e9cup\u00e8re au bas de votre immeuble, vos d\u00e9chets alimentaires pour les transformer en compost<\/div><\/div><\/a><a href=\"https:\/\/shamengo-vps1.tetedecom.pro\/fr\/chaine-tv-preserver-la-planete\/?video_id=14607\" class=\"video-item\" style=\"opacity:0;visibility:hidden;\"><div class=\"visual_container\"><div class=\"thumb_container\"><div style=\"background-image:url(\/\/shamengo-vps1.tetedecom.pro\/wp-content\/uploads\/2019\/02\/509_3.jpg)\"><\/div><\/div><div class=\"thumb_overlay_container\"><div class=\"video-tag\">Portrait<\/div><div class=\"video-duration\">02:27<\/div><\/div><\/div><div class=\"infos_container\"><div class=\"video_extra_title\" style=\"color:#25bced\">C\u00e9dric Auriol<\/div><div class=\"video_title\">Je vous cuisine des insectes \u00e0 la place de votre steak !<\/div><\/div><\/a><a href=\"https:\/\/shamengo-vps1.tetedecom.pro\/fr\/chaine-tv-preserver-la-planete\/?video_id=14603\" class=\"video-item\" style=\"opacity:0;visibility:hidden;\"><div class=\"visual_container\"><div class=\"thumb_container\"><div style=\"background-image:url(\/\/shamengo-vps1.tetedecom.pro\/wp-content\/uploads\/2019\/02\/465_3.jpg)\"><\/div><\/div><div class=\"thumb_overlay_container\"><div class=\"video-tag\">Portrait<\/div><div class=\"video-duration\">02:30<\/div><\/div><\/div><div class=\"infos_container\"><div class=\"video_extra_title\" style=\"color:#25bced\">Jes\u00fas Manuel Aldrete<\/div><div class=\"video_title\">Je fabrique des chewing-gums 100% bio d\u00e9gradables<\/div><\/div><\/a><a href=\"https:\/\/shamengo-vps1.tetedecom.pro\/fr\/chaine-tv-preserver-la-planete\/?video_id=14601\" class=\"video-item\" style=\"opacity:0;visibility:hidden;\"><div class=\"visual_container\"><div class=\"thumb_container\"><div style=\"background-image:url(\/\/shamengo-vps1.tetedecom.pro\/wp-content\/uploads\/2015\/10\/5792.jpg)\"><\/div><\/div><div class=\"thumb_overlay_container\"><div class=\"video-tag\">Portrait<\/div><div class=\"video-duration\">02:29<\/div><\/div><\/div><div class=\"infos_container\"><div class=\"video_extra_title\" style=\"color:#95c030\">Henry Liang<\/div><div class=\"video_title\">Je fabrique du papier en pierre<\/div><\/div><\/a><a href=\"https:\/\/shamengo-vps1.tetedecom.pro\/fr\/chaine-tv-preserver-la-planete\/?video_id=14599\" class=\"video-item\" style=\"opacity:0;visibility:hidden;\"><div class=\"visual_container\"><div class=\"thumb_container\"><div style=\"background-image:url(\/\/shamengo-vps1.tetedecom.pro\/wp-content\/uploads\/2019\/02\/485_3.jpg)\"><\/div><\/div><div class=\"thumb_overlay_container\"><div class=\"video-tag\">Portrait<\/div><div class=\"video-duration\">02:22<\/div><\/div><\/div><div class=\"infos_container\"><div class=\"video_extra_title\" style=\"color:#25bced\">Peggy Pascal<\/div><div class=\"video_title\">J'ai cr\u00e9\u00e9 l'agriculture en sac<\/div><\/div><\/a><a href=\"https:\/\/shamengo-vps1.tetedecom.pro\/fr\/chaine-tv-preserver-la-planete\/?video_id=14597\" class=\"video-item\" style=\"opacity:0;visibility:hidden;\"><div class=\"visual_container\"><div class=\"thumb_container\"><div style=\"background-image:url(\/\/shamengo-vps1.tetedecom.pro\/wp-content\/uploads\/2019\/02\/494_3.jpg)\"><\/div><\/div><div class=\"thumb_overlay_container\"><div class=\"video-tag\">Portrait<\/div><div class=\"video-duration\">02:26<\/div><\/div><\/div><div class=\"infos_container\"><div class=\"video_extra_title\" style=\"color:#95c030\">Marcelo Villegas<\/div><div class=\"video_title\">J'ai cr\u00e9\u00e9 un bambou lamin\u00e9 moins cher que l'agglom\u00e9r\u00e9<\/div><\/div><\/a><a href=\"https:\/\/shamengo-vps1.tetedecom.pro\/fr\/chaine-tv-preserver-la-planete\/?video_id=14595\" class=\"video-item\" style=\"opacity:0;visibility:hidden;\"><div class=\"visual_container\"><div class=\"thumb_container\"><div style=\"background-image:url(\/\/shamengo-vps1.tetedecom.pro\/wp-content\/uploads\/2015\/09\/5450.jpg)\"><\/div><\/div><div class=\"thumb_overlay_container\"><div class=\"video-tag\">Portrait<\/div><div class=\"video-duration\">02:22<\/div><\/div><\/div><div class=\"infos_container\"><div class=\"video_extra_title\" style=\"color:#95c030\">Eric Scotto<\/div><div class=\"video_title\">Je construis des serres photovolta\u00efques pour marier \u00e9nergie verte et agriculture bio<\/div><\/div><\/a><a href=\"https:\/\/shamengo-vps1.tetedecom.pro\/fr\/chaine-tv-preserver-la-planete\/?video_id=14593\" class=\"video-item\" style=\"opacity:0;visibility:hidden;\"><div class=\"visual_container\"><div class=\"thumb_container\"><div style=\"background-image:url(\/\/shamengo-vps1.tetedecom.pro\/wp-content\/uploads\/2015\/09\/5394.jpg)\"><\/div><\/div><div class=\"thumb_overlay_container\"><div class=\"video-tag\">Portrait<\/div><div class=\"video-duration\">02:28<\/div><\/div><\/div><div class=\"infos_container\"><div class=\"video_extra_title\" style=\"color:#95c030\">Shane Chen<\/div><div class=\"video_title\">Mon invention r\u00e9volutionne vos d\u00e9placements individuels<\/div><\/div><\/a><a href=\"https:\/\/shamengo-vps1.tetedecom.pro\/fr\/chaine-tv-preserver-la-planete\/?video_id=14591\" class=\"video-item\" style=\"opacity:0;visibility:hidden;\"><div class=\"visual_container\"><div class=\"thumb_container\"><div style=\"background-image:url(\/\/shamengo-vps1.tetedecom.pro\/wp-content\/uploads\/2015\/09\/5327.jpg)\"><\/div><\/div><div class=\"thumb_overlay_container\"><div class=\"video-tag\">Portrait<\/div><div class=\"video-duration\">02:35<\/div><\/div><\/div><div class=\"infos_container\"><div class=\"video_extra_title\" style=\"color:#95c030\">Martha Delgado<\/div><div class=\"video_title\">J'\u00e9change vos d\u00e9chets contre de la nourriture bio<\/div><\/div><\/a><a href=\"https:\/\/shamengo-vps1.tetedecom.pro\/fr\/chaine-tv-preserver-la-planete\/?video_id=14524\" class=\"video-item\" style=\"opacity:0;visibility:hidden;\"><div class=\"visual_container\"><div class=\"thumb_container\"><div style=\"background-image:url(\/\/shamengo-vps1.tetedecom.pro\/wp-content\/uploads\/2015\/09\/5278.jpg)\"><\/div><\/div><div class=\"thumb_overlay_container\"><div class=\"video-tag\">Portrait<\/div><div class=\"video-duration\">02:26<\/div><\/div><\/div><div class=\"infos_container\"><div class=\"video_extra_title\" style=\"color:#95c030\">Catia Bastioli<\/div><div class=\"video_title\">Je r\u00e9colte des chardons en fleurs pour en faire du bio plastique<\/div><\/div><\/a><a href=\"https:\/\/shamengo-vps1.tetedecom.pro\/fr\/chaine-tv-preserver-la-planete\/?video_id=14482\" class=\"video-item\" style=\"opacity:0;visibility:hidden;\"><div class=\"visual_container\"><div class=\"thumb_container\"><div style=\"background-image:url(\/\/shamengo-vps1.tetedecom.pro\/wp-content\/uploads\/2015\/07\/3755.jpg)\"><\/div><\/div><div class=\"thumb_overlay_container\"><div class=\"video-tag\">Portrait<\/div><div class=\"video-duration\">02:29<\/div><\/div><\/div><div class=\"infos_container\"><div class=\"video_extra_title\" style=\"color:#95c030\">Mansukh Prajapati<\/div><div class=\"video_title\">Mon r\u00e9frig\u00e9rateur fonctionne sans \u00e9lectricit\u00e9<\/div><\/div><\/a><a href=\"https:\/\/shamengo-vps1.tetedecom.pro\/fr\/chaine-tv-preserver-la-planete\/?video_id=14520\" class=\"video-item\" style=\"opacity:0;visibility:hidden;\"><div class=\"visual_container\"><div class=\"thumb_container\"><div style=\"background-image:url(\/\/shamengo-vps1.tetedecom.pro\/wp-content\/uploads\/2015\/07\/6922.jpg)\"><\/div><\/div><div class=\"thumb_overlay_container\"><div class=\"video-tag\">Portrait<\/div><div class=\"video-duration\">02:27<\/div><\/div><\/div><div class=\"infos_container\"><div class=\"video_extra_title\" style=\"color:#25bced\">Kanta Hani<\/div><div class=\"video_title\">J'ai cr\u00e9\u00e9 le festival zero d\u00e9chet<\/div><\/div><\/a><a href=\"https:\/\/shamengo-vps1.tetedecom.pro\/fr\/chaine-tv-preserver-la-planete\/?video_id=14434\" class=\"video-item\" style=\"opacity:0;visibility:hidden;\"><div class=\"visual_container\"><div class=\"thumb_container\"><div style=\"background-image:url(\/\/shamengo-vps1.tetedecom.pro\/wp-content\/uploads\/2015\/06\/2485.jpg)\"><\/div><\/div><div class=\"thumb_overlay_container\"><div class=\"video-tag\">Portrait<\/div><div class=\"video-duration\">02:08<\/div><\/div><\/div><div class=\"infos_container\"><div class=\"video_extra_title\" style=\"color:#95c030\">Barth\u00e9l\u00e9my Dominici<\/div><div class=\"video_title\">J'installe des poubelles en mer<\/div><\/div><\/a><a href=\"https:\/\/shamengo-vps1.tetedecom.pro\/fr\/chaine-tv-preserver-la-planete\/?video_id=14358\" class=\"video-item\" style=\"opacity:0;visibility:hidden;\"><div class=\"visual_container\"><div class=\"thumb_container\"><div style=\"background-image:url(\/\/shamengo-vps1.tetedecom.pro\/wp-content\/uploads\/2015\/04\/2218.jpg)\"><\/div><\/div><div class=\"thumb_overlay_container\"><div class=\"video-tag\">Portrait<\/div><div class=\"video-duration\">02:13<\/div><\/div><\/div><div class=\"infos_container\"><div class=\"video_extra_title\" style=\"color:#cc096c\">Nek Chand<\/div><div class=\"video_title\">J\u2019ai cr\u00e9\u00e9 la plus grande oeuvre d'art au monde, \u00e0 partir d\u2019objets recycl\u00e9s<\/div><\/div><\/a><a href=\"https:\/\/shamengo-vps1.tetedecom.pro\/fr\/chaine-tv-preserver-la-planete\/?video_id=14280\" class=\"video-item\" style=\"opacity:0;visibility:hidden;\"><div class=\"visual_container\"><div class=\"thumb_container\"><div style=\"background-image:url(\/\/shamengo-vps1.tetedecom.pro\/wp-content\/uploads\/2015\/03\/2457.jpg)\"><\/div><\/div><div class=\"thumb_overlay_container\"><div class=\"video-tag\">Portrait<\/div><div class=\"video-duration\">02:06<\/div><\/div><\/div><div class=\"infos_container\"><div class=\"video_extra_title\" style=\"color:#95c030\">Stephan Wrage<\/div><div class=\"video_title\">j\u2019ai invent\u00e9 un cerf-volant pour tracter les cargos<\/div><\/div><\/a><a href=\"https:\/\/shamengo-vps1.tetedecom.pro\/fr\/chaine-tv-preserver-la-planete\/?video_id=14502\" class=\"video-item\" style=\"opacity:0;visibility:hidden;\"><div class=\"visual_container\"><div class=\"thumb_container\"><div style=\"background-image:url(\/\/shamengo-vps1.tetedecom.pro\/wp-content\/uploads\/2015\/02\/4743.jpg)\"><\/div><\/div><div class=\"thumb_overlay_container\"><div class=\"video-tag\">Portrait<\/div><div class=\"video-duration\">02:17<\/div><\/div><\/div><div class=\"infos_container\"><div class=\"video_extra_title\" style=\"color:#95c030\">Masaki Takao<\/div><div class=\"video_title\">Je fais du bio\u00e9thanol avec vos vieux v\u00eatements<\/div><\/div><\/a><a href=\"https:\/\/shamengo-vps1.tetedecom.pro\/fr\/chaine-tv-preserver-la-planete\/?video_id=14492\" class=\"video-item\" style=\"opacity:0;visibility:hidden;\"><div class=\"visual_container\"><div class=\"thumb_container\"><div style=\"background-image:url(\/\/shamengo-vps1.tetedecom.pro\/wp-content\/uploads\/2014\/12\/4285.jpg)\"><\/div><\/div><div class=\"thumb_overlay_container\"><div class=\"video-tag\">Portrait<\/div><div class=\"video-duration\">02:53<\/div><\/div><\/div><div class=\"infos_container\"><div class=\"video_extra_title\" style=\"color:#f19a2e\">Bunker Roy<\/div><div class=\"video_title\">J\u2019ai cr\u00e9\u00e9 l\u2019universit\u00e9 des va-nu-pieds<\/div><\/div><\/a><a href=\"https:\/\/shamengo-vps1.tetedecom.pro\/fr\/chaine-tv-preserver-la-planete\/?video_id=14486\" class=\"video-item\" style=\"opacity:0;visibility:hidden;\"><div class=\"visual_container\"><div class=\"thumb_container\"><div style=\"background-image:url(\/\/shamengo-vps1.tetedecom.pro\/wp-content\/uploads\/2014\/09\/3759.jpg)\"><\/div><\/div><div class=\"thumb_overlay_container\"><div class=\"video-tag\">Portrait<\/div><div class=\"video-duration\">02:24<\/div><\/div><\/div><div class=\"infos_container\"><div class=\"video_extra_title\" style=\"color:#95c030\">Yukihiro Kimura<\/div><div class=\"video_title\">Je recycle les couches culottes comme personne<\/div><\/div><\/a><a href=\"https:\/\/shamengo-vps1.tetedecom.pro\/fr\/chaine-tv-preserver-la-planete\/?video_id=14488\" class=\"video-item\" style=\"opacity:0;visibility:hidden;\"><div class=\"visual_container\"><div class=\"thumb_container\"><div style=\"background-image:url(\/\/shamengo-vps1.tetedecom.pro\/wp-content\/uploads\/2014\/09\/3804.jpg)\"><\/div><\/div><div class=\"thumb_overlay_container\"><div class=\"video-tag\">Portrait<\/div><div class=\"video-duration\">02:25<\/div><\/div><\/div><div class=\"infos_container\"><div class=\"video_extra_title\" style=\"color:#25bced\">C\u00e9dric P\u00e9chard<\/div><div class=\"video_title\">Mes champignons poussent gr\u00e2ce \u00e0 votre petit noir sur le zinc<\/div><\/div><\/a><a href=\"https:\/\/shamengo-vps1.tetedecom.pro\/fr\/chaine-tv-preserver-la-planete\/?video_id=14484\" class=\"video-item\" style=\"opacity:0;visibility:hidden;\"><div class=\"visual_container\"><div class=\"thumb_container\"><div style=\"background-image:url(\/\/shamengo-vps1.tetedecom.pro\/wp-content\/uploads\/2014\/09\/3757.jpg)\"><\/div><\/div><div class=\"thumb_overlay_container\"><div class=\"video-tag\">Portrait<\/div><div class=\"video-duration\">02:29<\/div><\/div><\/div><div class=\"infos_container\"><div class=\"video_extra_title\" style=\"color:#95c030\">Philippe Ouaki di Giorno<\/div><div class=\"video_title\">Mon eau s\u00e8che reverdit les d\u00e9serts<\/div><\/div><\/a><a href=\"https:\/\/shamengo-vps1.tetedecom.pro\/fr\/chaine-tv-preserver-la-planete\/?video_id=14480\" class=\"video-item\" style=\"opacity:0;visibility:hidden;\"><div class=\"visual_container\"><div class=\"thumb_container\"><div style=\"background-image:url(\/\/shamengo-vps1.tetedecom.pro\/wp-content\/uploads\/2014\/08\/4452.jpg)\"><\/div><\/div><div class=\"thumb_overlay_container\"><div class=\"video-tag\">Portrait<\/div><div class=\"video-duration\">02:29<\/div><\/div><\/div><div class=\"infos_container\"><div class=\"video_extra_title\" style=\"color:#cc096c\">Thomas Granier<\/div><div class=\"video_title\">Je construis des toits de terre pour remplacer la t\u00f4le ondul\u00e9e<\/div><\/div><\/a><a href=\"https:\/\/shamengo-vps1.tetedecom.pro\/fr\/chaine-tv-preserver-la-planete\/?video_id=14476\" class=\"video-item\" style=\"opacity:0;visibility:hidden;\"><div class=\"visual_container\"><div class=\"thumb_container\"><div style=\"background-image:url(\/\/shamengo-vps1.tetedecom.pro\/wp-content\/uploads\/2014\/06\/3615.jpg)\"><\/div><\/div><div class=\"thumb_overlay_container\"><div class=\"video-tag\">Portrait<\/div><div class=\"video-duration\">02:24<\/div><\/div><\/div><div class=\"infos_container\"><div class=\"video_extra_title\" style=\"color:#25bced\">Takao Furuno<\/div><div class=\"video_title\">Je mets des canards dans les rizi\u00e8res pour rendre le riz meilleur<\/div><\/div><\/a><a href=\"https:\/\/shamengo-vps1.tetedecom.pro\/fr\/chaine-tv-preserver-la-planete\/?video_id=13719\" class=\"video-item\" style=\"opacity:0;visibility:hidden;\"><div class=\"visual_container\"><div class=\"thumb_container\"><div style=\"background-image:url(\/\/shamengo-vps1.tetedecom.pro\/wp-content\/uploads\/2014\/04\/1983.png)\"><\/div><\/div><div class=\"thumb_overlay_container\"><div class=\"video-tag\">Portrait<\/div><div class=\"video-duration\">01:58<\/div><\/div><\/div><div class=\"infos_container\"><div class=\"video_extra_title\" style=\"color:#95c030\">Tammy Dunakin<\/div><div class=\"video_title\">Je loue mes ch\u00e8vres pour tondre vos pelouses<\/div><\/div><\/a><a href=\"https:\/\/shamengo-vps1.tetedecom.pro\/fr\/chaine-tv-preserver-la-planete\/?video_id=14470\" class=\"video-item\" style=\"opacity:0;visibility:hidden;\"><div class=\"visual_container\"><div class=\"thumb_container\"><div style=\"background-image:url(\/\/shamengo-vps1.tetedecom.pro\/wp-content\/uploads\/2014\/01\/3159.jpg)\"><\/div><\/div><div class=\"thumb_overlay_container\"><div class=\"video-tag\">Portrait<\/div><div class=\"video-duration\">02:18<\/div><\/div><\/div><div class=\"infos_container\"><div class=\"video_extra_title\" style=\"color:#95c030\">Yumi Somei<\/div><div class=\"video_title\">J\u2019ai d\u00e9couvert un in\u00e9puisable champs de p\u00e9trole \u00e0 Tokyo<\/div><\/div><\/a><a href=\"https:\/\/shamengo-vps1.tetedecom.pro\/fr\/chaine-tv-preserver-la-planete\/?video_id=14464\" class=\"video-item\" style=\"opacity:0;visibility:hidden;\"><div class=\"visual_container\"><div class=\"thumb_container\"><div style=\"background-image:url(\/\/shamengo-vps1.tetedecom.pro\/wp-content\/uploads\/2013\/11\/3102.jpg)\"><\/div><\/div><div class=\"thumb_overlay_container\"><div class=\"video-tag\">Portrait<\/div><div class=\"video-duration\">02:18<\/div><\/div><\/div><div class=\"infos_container\"><div class=\"video_extra_title\" style=\"color:#95c030\">Francisco Da Silva<\/div><div class=\"video_title\">Je fais du savon \u00e0 partir de vos huiles de friture<\/div><\/div><\/a><a href=\"https:\/\/shamengo-vps1.tetedecom.pro\/fr\/chaine-tv-preserver-la-planete\/?video_id=14460\" class=\"video-item\" style=\"opacity:0;visibility:hidden;\"><div class=\"visual_container\"><div class=\"thumb_container\"><div style=\"background-image:url(\/\/shamengo-vps1.tetedecom.pro\/wp-content\/uploads\/2013\/11\/3078.jpg)\"><\/div><\/div><div class=\"thumb_overlay_container\"><div class=\"video-tag\">Portrait<\/div><div class=\"video-duration\">02:15<\/div><\/div><\/div><div class=\"infos_container\"><div class=\"video_extra_title\" style=\"color:#95c030\">Simon V\u00e9lez<\/div><div class=\"video_title\">J\u2019utilise le bambou comme d\u2019autres l\u2019acier<\/div><\/div><\/a><a href=\"https:\/\/shamengo-vps1.tetedecom.pro\/fr\/chaine-tv-preserver-la-planete\/?video_id=14452\" class=\"video-item\" style=\"opacity:0;visibility:hidden;\"><div class=\"visual_container\"><div class=\"thumb_container\"><div style=\"background-image:url(\/\/shamengo-vps1.tetedecom.pro\/wp-content\/uploads\/2013\/10\/3030.jpg)\"><\/div><\/div><div class=\"thumb_overlay_container\"><div class=\"video-tag\">Portrait<\/div><div class=\"video-duration\">02:13<\/div><\/div><\/div><div class=\"infos_container\"><div class=\"video_extra_title\" style=\"color:#95c030\">Esteban Chornet<\/div><div class=\"video_title\">Je fais mon plein d\u2019essence dans vos poubelles<\/div><\/div><\/a><a href=\"https:\/\/shamengo-vps1.tetedecom.pro\/fr\/chaine-tv-preserver-la-planete\/?video_id=14450\" class=\"video-item\" style=\"opacity:0;visibility:hidden;\"><div class=\"visual_container\"><div class=\"thumb_container\"><div style=\"background-image:url(\/\/shamengo-vps1.tetedecom.pro\/wp-content\/uploads\/2013\/10\/3017.jpg)\"><\/div><\/div><div class=\"thumb_overlay_container\"><div class=\"video-tag\">Portrait<\/div><div class=\"video-duration\">02:12<\/div><\/div><\/div><div class=\"infos_container\"><div class=\"video_extra_title\" style=\"color:#95c030\">Thierry Jacquet<\/div><div class=\"video_title\">Je d\u00e9pollue les sols gr\u00e2ce aux plantes<\/div><\/div><\/a><a href=\"https:\/\/shamengo-vps1.tetedecom.pro\/fr\/chaine-tv-preserver-la-planete\/?video_id=14398\" class=\"video-item\" style=\"opacity:0;visibility:hidden;\"><div class=\"visual_container\"><div class=\"thumb_container\"><div style=\"background-image:url(\/\/shamengo-vps1.tetedecom.pro\/wp-content\/uploads\/2013\/10\/2305.jpg)\"><\/div><\/div><div class=\"thumb_overlay_container\"><div class=\"video-tag\">Portrait<\/div><div class=\"video-duration\">02:05<\/div><\/div><\/div><div class=\"infos_container\"><div class=\"video_extra_title\" style=\"color:#95c030\">Ursula Sladek<\/div><div class=\"video_title\">J\u2019ai cr\u00e9\u00e9 le premier r\u00e9seau d\u2019\u00e9nergie verte<\/div><\/div><\/a><a href=\"https:\/\/shamengo-vps1.tetedecom.pro\/fr\/chaine-tv-preserver-la-planete\/?video_id=14448\" class=\"video-item\" style=\"opacity:0;visibility:hidden;\"><div class=\"visual_container\"><div class=\"thumb_container\"><div style=\"background-image:url(\/\/shamengo-vps1.tetedecom.pro\/wp-content\/uploads\/2013\/09\/2987.jpg)\"><\/div><\/div><div class=\"thumb_overlay_container\"><div class=\"video-tag\">Portrait<\/div><div class=\"video-duration\">02:20<\/div><\/div><\/div><div class=\"infos_container\"><div class=\"video_extra_title\" style=\"color:#95c030\">Corentin de Chatelperron<\/div><div class=\"video_title\">Je traverse les oc\u00e9ans sur un bateau en fibre de jute<\/div><\/div><\/a><a href=\"https:\/\/shamengo-vps1.tetedecom.pro\/fr\/chaine-tv-preserver-la-planete\/?video_id=14374\" class=\"video-item\" style=\"opacity:0;visibility:hidden;\"><div class=\"visual_container\"><div class=\"thumb_container\"><div style=\"background-image:url(\/\/shamengo-vps1.tetedecom.pro\/wp-content\/uploads\/2013\/07\/2627.jpg)\"><\/div><\/div><div class=\"thumb_overlay_container\"><div class=\"video-tag\">Portrait<\/div><div class=\"video-duration\">02:07<\/div><\/div><\/div><div class=\"infos_container\"><div class=\"video_extra_title\" style=\"color:#95c030\">Olivier Desurmont<\/div><div class=\"video_title\">Je lave les voitures sans eau<\/div><\/div><\/a><a href=\"https:\/\/shamengo-vps1.tetedecom.pro\/fr\/chaine-tv-preserver-la-planete\/?video_id=14332\" class=\"video-item\" style=\"opacity:0;visibility:hidden;\"><div class=\"visual_container\"><div class=\"thumb_container\"><div style=\"background-image:url(\/\/shamengo-vps1.tetedecom.pro\/wp-content\/uploads\/2013\/04\/2445.jpg)\"><\/div><\/div><div class=\"thumb_overlay_container\"><div class=\"video-tag\">Portrait<\/div><div class=\"video-duration\">02:05<\/div><\/div><\/div><div class=\"infos_container\"><div class=\"video_extra_title\" style=\"color:#95c030\">Guilherme Bampi<\/div><div class=\"video_title\">j\u2019ai cr\u00e9\u00e9 une nouvelle mati\u00e8re avec les d\u00e9chets de bois et de plastique<\/div><\/div><\/a><a href=\"https:\/\/shamengo-vps1.tetedecom.pro\/fr\/chaine-tv-preserver-la-planete\/?video_id=14440\" class=\"video-item\" style=\"opacity:0;visibility:hidden;\"><div class=\"visual_container\"><div class=\"thumb_container\"><div style=\"background-image:url(\/\/shamengo-vps1.tetedecom.pro\/wp-content\/uploads\/2013\/03\/2475.jpg)\"><\/div><\/div><div class=\"thumb_overlay_container\"><div class=\"video-tag\">Portrait<\/div><div class=\"video-duration\">02:12<\/div><\/div><\/div><div class=\"infos_container\"><div class=\"video_extra_title\" style=\"color:#25bced\">Carlos Espinosa<\/div><div class=\"video_title\">Je ramasse l\u2019eau des nuages dans mes filets<\/div><\/div><\/a><a href=\"https:\/\/shamengo-vps1.tetedecom.pro\/fr\/chaine-tv-preserver-la-planete\/?video_id=14258\" class=\"video-item\" style=\"opacity:0;visibility:hidden;\"><div class=\"visual_container\"><div class=\"thumb_container\"><div style=\"background-image:url(\/\/shamengo-vps1.tetedecom.pro\/wp-content\/uploads\/2013\/02\/2352.jpg)\"><\/div><\/div><div class=\"thumb_overlay_container\"><div class=\"video-tag\">Portrait<\/div><div class=\"video-duration\">02:18<\/div><\/div><\/div><div class=\"infos_container\"><div class=\"video_extra_title\" style=\"color:#95c030\">Tom Szaky<\/div><div class=\"video_title\">Je recycle tout ce que vous jetez<\/div><\/div><\/a><a href=\"https:\/\/shamengo-vps1.tetedecom.pro\/fr\/chaine-tv-preserver-la-planete\/?video_id=14428\" class=\"video-item\" style=\"opacity:0;visibility:hidden;\"><div class=\"visual_container\"><div class=\"thumb_container\"><div style=\"background-image:url(\/\/shamengo-vps1.tetedecom.pro\/wp-content\/uploads\/2013\/01\/2415.jpg)\"><\/div><\/div><div class=\"thumb_overlay_container\"><div class=\"video-tag\">Portrait<\/div><div class=\"video-duration\">02:05<\/div><\/div><\/div><div class=\"infos_container\"><div class=\"video_extra_title\" style=\"color:#95c030\">Brent Schulkin<\/div><div class=\"video_title\">J\u2019ai cr\u00e9\u00e9 une nouvelle forme de mobilisation citoyenne<\/div><\/div><\/a><a href=\"https:\/\/shamengo-vps1.tetedecom.pro\/fr\/chaine-tv-preserver-la-planete\/?video_id=14424\" class=\"video-item\" style=\"opacity:0;visibility:hidden;\"><div class=\"visual_container\"><div class=\"thumb_container\"><div style=\"background-image:url(\/\/shamengo-vps1.tetedecom.pro\/wp-content\/uploads\/2013\/01\/2459.jpg)\"><\/div><\/div><div class=\"thumb_overlay_container\"><div class=\"video-tag\">Portrait<\/div><div class=\"video-duration\">01:50<\/div><\/div><\/div><div class=\"infos_container\"><div class=\"video_extra_title\" style=\"color:#95c030\">Wolfram Palitzsch<\/div><div class=\"video_title\">Je recycle les terres rares<\/div><\/div><\/a><a href=\"https:\/\/shamengo-vps1.tetedecom.pro\/fr\/chaine-tv-preserver-la-planete\/?video_id=14414\" class=\"video-item\" style=\"opacity:0;visibility:hidden;\"><div class=\"visual_container\"><div class=\"thumb_container\"><div style=\"background-image:url(\/\/shamengo-vps1.tetedecom.pro\/wp-content\/uploads\/2012\/11\/2452.jpg)\"><\/div><\/div><div class=\"thumb_overlay_container\"><div class=\"video-tag\">Portrait<\/div><div class=\"video-duration\">02:06<\/div><\/div><\/div><div class=\"infos_container\"><div class=\"video_extra_title\" style=\"color:#95c030\">Peter Vadasz<\/div><div class=\"video_title\">J\u2019utilise la for\u00eat \u00e0 bon escient<\/div><\/div><\/a><a href=\"https:\/\/shamengo-vps1.tetedecom.pro\/fr\/chaine-tv-preserver-la-planete\/?video_id=14394\" class=\"video-item\" style=\"opacity:0;visibility:hidden;\"><div class=\"visual_container\"><div class=\"thumb_container\"><div style=\"background-image:url(\/\/shamengo-vps1.tetedecom.pro\/wp-content\/uploads\/2012\/09\/2296.jpg)\"><\/div><\/div><div class=\"thumb_overlay_container\"><div class=\"video-tag\">Portrait<\/div><div class=\"video-duration\">02:09<\/div><\/div><\/div><div class=\"infos_container\"><div class=\"video_extra_title\" style=\"color:#95c030\">Eben Bayer<\/div><div class=\"video_title\">Je fais pousser l\u2019emballage du futur<\/div><\/div><\/a><a href=\"https:\/\/shamengo-vps1.tetedecom.pro\/fr\/chaine-tv-preserver-la-planete\/?video_id=14392\" class=\"video-item\" style=\"opacity:0;visibility:hidden;\"><div class=\"visual_container\"><div class=\"thumb_container\"><div style=\"background-image:url(\/\/shamengo-vps1.tetedecom.pro\/wp-content\/uploads\/2012\/09\/2292.jpg)\"><\/div><\/div><div class=\"thumb_overlay_container\"><div class=\"video-tag\">Portrait<\/div><div class=\"video-duration\">02:00<\/div><\/div><\/div><div class=\"infos_container\"><div class=\"video_extra_title\" style=\"color:#95c030\">Carlos Fernandez<\/div><div class=\"video_title\">J\u2019ai cr\u00e9\u00e9 une voiture \u00e9lectrique pliable<\/div><\/div><\/a><a href=\"https:\/\/shamengo-vps1.tetedecom.pro\/fr\/chaine-tv-preserver-la-planete\/?video_id=14382\" class=\"video-item\" style=\"opacity:0;visibility:hidden;\"><div class=\"visual_container\"><div class=\"thumb_container\"><div style=\"background-image:url(\/\/shamengo-vps1.tetedecom.pro\/wp-content\/uploads\/2012\/08\/2274.jpg)\"><\/div><\/div><div class=\"thumb_overlay_container\"><div class=\"video-tag\">Portrait<\/div><div class=\"video-duration\">02:09<\/div><\/div><\/div><div class=\"infos_container\"><div class=\"video_extra_title\" style=\"color:#95c030\">Martine Le Lu<\/div><div class=\"video_title\">j'utilise des coquilles d'huitres pour faire de la peinture<\/div><\/div><\/a><a href=\"https:\/\/shamengo-vps1.tetedecom.pro\/fr\/chaine-tv-preserver-la-planete\/?video_id=14380\" class=\"video-item\" style=\"opacity:0;visibility:hidden;\"><div class=\"visual_container\"><div class=\"thumb_container\"><div style=\"background-image:url(\/\/shamengo-vps1.tetedecom.pro\/wp-content\/uploads\/2012\/07\/2268.jpg)\"><\/div><\/div><div class=\"thumb_overlay_container\"><div class=\"video-tag\">Portrait<\/div><div class=\"video-duration\">02:01<\/div><\/div><\/div><div class=\"infos_container\"><div class=\"video_extra_title\" style=\"color:#95c030\">Cl\u00e9ment Shala<\/div><div class=\"video_title\">Mon brasero n\u2019en perd pas une miette<\/div><\/div><\/a><a href=\"https:\/\/shamengo-vps1.tetedecom.pro\/fr\/chaine-tv-preserver-la-planete\/?video_id=14372\" class=\"video-item\" style=\"opacity:0;visibility:hidden;\"><div class=\"visual_container\"><div class=\"thumb_container\"><div style=\"background-image:url(\/\/shamengo-vps1.tetedecom.pro\/wp-content\/uploads\/2012\/07\/3953.jpg)\"><\/div><\/div><div class=\"thumb_overlay_container\"><div class=\"video-tag\">Portrait<\/div><div class=\"video-duration\">02:08<\/div><\/div><\/div><div class=\"infos_container\"><div class=\"video_extra_title\" style=\"color:#cc096c\">Oscar Dios<\/div><div class=\"video_title\">J\u2019ai reconverti un Boeing 747 en h\u00f4tel<\/div><\/div><\/a><a href=\"https:\/\/shamengo-vps1.tetedecom.pro\/fr\/chaine-tv-preserver-la-planete\/?video_id=14370\" class=\"video-item\" style=\"opacity:0;visibility:hidden;\"><div class=\"visual_container\"><div class=\"thumb_container\"><div style=\"background-image:url(\/\/shamengo-vps1.tetedecom.pro\/wp-content\/uploads\/2012\/06\/2242.jpg)\"><\/div><\/div><div class=\"thumb_overlay_container\"><div class=\"video-tag\">Portrait<\/div><div class=\"video-duration\">02:14<\/div><\/div><\/div><div class=\"infos_container\"><div class=\"video_extra_title\" style=\"color:#cc096c\">Britta Riley<\/div><div class=\"video_title\">Je cultive un potager vertical<\/div><\/div><\/a><a href=\"https:\/\/shamengo-vps1.tetedecom.pro\/fr\/chaine-tv-preserver-la-planete\/?video_id=14366\" class=\"video-item\" style=\"opacity:0;visibility:hidden;\"><div class=\"visual_container\"><div class=\"thumb_container\"><div style=\"background-image:url(\/\/shamengo-vps1.tetedecom.pro\/wp-content\/uploads\/2012\/06\/2453.jpg)\"><\/div><\/div><div class=\"thumb_overlay_container\"><div class=\"video-tag\">Portrait<\/div><div class=\"video-duration\">01:59<\/div><\/div><\/div><div class=\"infos_container\"><div class=\"video_extra_title\" style=\"color:#95c030\">Phil Morgan<\/div><div class=\"video_title\">Mon restaurant fonctionne \u00e0 l\u2019\u00e9nergie hydro\u00e9lectrique<\/div><\/div><\/a><a href=\"https:\/\/shamengo-vps1.tetedecom.pro\/fr\/chaine-tv-preserver-la-planete\/?video_id=14362\" class=\"video-item\" style=\"opacity:0;visibility:hidden;\"><div class=\"visual_container\"><div class=\"thumb_container\"><div style=\"background-image:url(\/\/shamengo-vps1.tetedecom.pro\/wp-content\/uploads\/2012\/05\/2225.jpg)\"><\/div><\/div><div class=\"thumb_overlay_container\"><div class=\"video-tag\">Portrait<\/div><div class=\"video-duration\">02:17<\/div><\/div><\/div><div class=\"infos_container\"><div class=\"video_extra_title\" style=\"color:#cc096c\">Daniel Charbonnier<\/div><div class=\"video_title\">Nous avons transform\u00e9 un bunker en h\u00f4tel<\/div><\/div><\/a><a href=\"https:\/\/shamengo-vps1.tetedecom.pro\/fr\/chaine-tv-preserver-la-planete\/?video_id=14352\" class=\"video-item\" style=\"opacity:0;visibility:hidden;\"><div class=\"visual_container\"><div class=\"thumb_container\"><div style=\"background-image:url(\/\/shamengo-vps1.tetedecom.pro\/wp-content\/uploads\/2012\/04\/2463.jpg)\"><\/div><\/div><div class=\"thumb_overlay_container\"><div class=\"video-tag\">Portrait<\/div><div class=\"video-duration\">02:06<\/div><\/div><\/div><div class=\"infos_container\"><div class=\"video_extra_title\" style=\"color:#95c030\">Alan Heeger<\/div><div class=\"video_title\">J\u2019ai invent\u00e9 le panneau solaire flexible<\/div><\/div><\/a><a href=\"https:\/\/shamengo-vps1.tetedecom.pro\/fr\/chaine-tv-preserver-la-planete\/?video_id=14346\" class=\"video-item\" style=\"opacity:0;visibility:hidden;\"><div class=\"visual_container\"><div class=\"thumb_container\"><div style=\"background-image:url(\/\/shamengo-vps1.tetedecom.pro\/wp-content\/uploads\/2012\/03\/2193.jpg)\"><\/div><\/div><div class=\"thumb_overlay_container\"><div class=\"video-tag\">Portrait<\/div><div class=\"video-duration\">02:09<\/div><\/div><\/div><div class=\"infos_container\"><div class=\"video_extra_title\" style=\"color:#95c030\">Benoit Paget<\/div><div class=\"video_title\">je vous r\u00e9compense quand j\u2019avale votre gobelet<\/div><\/div><\/a><a href=\"https:\/\/shamengo-vps1.tetedecom.pro\/fr\/chaine-tv-preserver-la-planete\/?video_id=14340\" class=\"video-item\" style=\"opacity:0;visibility:hidden;\"><div class=\"visual_container\"><div class=\"thumb_container\"><div style=\"background-image:url(\/\/shamengo-vps1.tetedecom.pro\/wp-content\/uploads\/2012\/03\/2182.jpg)\"><\/div><\/div><div class=\"thumb_overlay_container\"><div class=\"video-tag\">Portrait<\/div><div class=\"video-duration\">02:04<\/div><\/div><\/div><div class=\"infos_container\"><div class=\"video_extra_title\" style=\"color:#95c030\">pierre calleja<\/div><div class=\"video_title\">Je pi\u00e8ge le CO2 gr\u00e2ce \u00e0 des micro-algues<\/div><\/div><\/a><a href=\"https:\/\/shamengo-vps1.tetedecom.pro\/fr\/chaine-tv-preserver-la-planete\/?video_id=14322\" class=\"video-item\" style=\"opacity:0;visibility:hidden;\"><div class=\"visual_container\"><div class=\"thumb_container\"><div style=\"background-image:url(\/\/shamengo-vps1.tetedecom.pro\/wp-content\/uploads\/2019\/03\/152_2-256x144.jpg)\"><\/div><\/div><div class=\"thumb_overlay_container\"><div class=\"video-tag\">Portrait<\/div><div class=\"video-duration\">01:57<\/div><\/div><\/div><div class=\"infos_container\"><div class=\"video_extra_title\" style=\"color:#95c030\">Baruch Rinkevich<\/div><div class=\"video_title\">les coraux sont \u00e9ternels gr\u00e2ce \u00e0 mon invention<\/div><\/div><\/a><a href=\"https:\/\/shamengo-vps1.tetedecom.pro\/fr\/chaine-tv-preserver-la-planete\/?video_id=14436\" class=\"video-item\" style=\"opacity:0;visibility:hidden;\"><div class=\"visual_container\"><div class=\"thumb_container\"><div style=\"background-image:url(\/\/shamengo-vps1.tetedecom.pro\/wp-content\/uploads\/2011\/12\/2558.jpg)\"><\/div><\/div><div class=\"thumb_overlay_container\"><div class=\"video-tag\">Portrait<\/div><div class=\"video-duration\">02:05<\/div><\/div><\/div><div class=\"infos_container\"><div class=\"video_extra_title\" style=\"color:#95c030\">Pilgrim Beart<\/div><div class=\"video_title\">Je vous aide \u00e0 \u00e9conomiser votre \u00e9lectricit\u00e9<\/div><\/div><\/a><a href=\"https:\/\/shamengo-vps1.tetedecom.pro\/fr\/chaine-tv-preserver-la-planete\/?video_id=14302\" class=\"video-item\" style=\"opacity:0;visibility:hidden;\"><div class=\"visual_container\"><div class=\"thumb_container\"><div style=\"background-image:url(\/\/shamengo-vps1.tetedecom.pro\/wp-content\/uploads\/2011\/10\/2559.jpg)\"><\/div><\/div><div class=\"thumb_overlay_container\"><div class=\"video-tag\">Portrait<\/div><div class=\"video-duration\">02:14<\/div><\/div><\/div><div class=\"infos_container\"><div class=\"video_extra_title\" style=\"color:#95c030\">Rainer Nolvak<\/div><div class=\"video_title\">J\u2019ai cr\u00e9\u00e9 le Clean up Day<\/div><\/div><\/a><a href=\"https:\/\/shamengo-vps1.tetedecom.pro\/fr\/chaine-tv-preserver-la-planete\/?video_id=14294\" class=\"video-item\" style=\"opacity:0;visibility:hidden;\"><div class=\"visual_container\"><div class=\"thumb_container\"><div style=\"background-image:url(\/\/shamengo-vps1.tetedecom.pro\/wp-content\/uploads\/2019\/02\/320_2.jpg)\"><\/div><\/div><div class=\"thumb_overlay_container\"><div class=\"video-tag\">Portrait<\/div><div class=\"video-duration\">01:58<\/div><\/div><\/div><div class=\"infos_container\"><div class=\"video_extra_title\" style=\"color:#25bced\">Tobias Leenaert<\/div><div class=\"video_title\">J\u2019ai converti ma ville au v\u00e9g\u00e9tarisme<\/div><\/div><\/a><a href=\"https:\/\/shamengo-vps1.tetedecom.pro\/fr\/chaine-tv-preserver-la-planete\/?video_id=14288\" class=\"video-item\" style=\"opacity:0;visibility:hidden;\"><div class=\"visual_container\"><div class=\"thumb_container\"><div style=\"background-image:url(\/\/shamengo-vps1.tetedecom.pro\/wp-content\/uploads\/2011\/09\/2465.jpg)\"><\/div><\/div><div class=\"thumb_overlay_container\"><div class=\"video-tag\">Portrait<\/div><div class=\"video-duration\">02:10<\/div><\/div><\/div><div class=\"infos_container\"><div class=\"video_extra_title\" style=\"color:#25bced\">Olivier Cousin<\/div><div class=\"video_title\">je cultive mes vignes avec des chevaux<\/div><\/div><\/a><a href=\"https:\/\/shamengo-vps1.tetedecom.pro\/fr\/chaine-tv-preserver-la-planete\/?video_id=14276\" class=\"video-item\" style=\"opacity:0;visibility:hidden;\"><div class=\"visual_container\"><div class=\"thumb_container\"><div style=\"background-image:url(\/\/shamengo-vps1.tetedecom.pro\/wp-content\/uploads\/2011\/07\/2029.jpg)\"><\/div><\/div><div class=\"thumb_overlay_container\"><div class=\"video-tag\">Portrait<\/div><div class=\"video-duration\">02:04<\/div><\/div><\/div><div class=\"infos_container\"><div class=\"video_extra_title\" style=\"color:#95c030\">Jan Peter Bergkvist<\/div><div class=\"video_title\">J'ai co-cr\u00e9\u00e9 la premi\u00e8re chaine d'\u00e9co-h\u00f4tels<\/div><\/div><\/a><a href=\"https:\/\/shamengo-vps1.tetedecom.pro\/fr\/chaine-tv-preserver-la-planete\/?video_id=14266\" class=\"video-item\" style=\"opacity:0;visibility:hidden;\"><div class=\"visual_container\"><div class=\"thumb_container\"><div style=\"background-image:url(\/\/shamengo-vps1.tetedecom.pro\/wp-content\/uploads\/2011\/06\/2014.png)\"><\/div><\/div><div class=\"thumb_overlay_container\"><div class=\"video-tag\">Portrait<\/div><div class=\"video-duration\">02:01<\/div><\/div><\/div><div class=\"infos_container\"><div class=\"video_extra_title\" style=\"color:#95c030\">Harrison Dillon<\/div><div class=\"video_title\">J\u2019ai cr\u00e9\u00e9 du carburant \u00e0 base d\u2019algues<\/div><\/div><\/a><a href=\"https:\/\/shamengo-vps1.tetedecom.pro\/fr\/chaine-tv-preserver-la-planete\/?video_id=13733\" class=\"video-item\" style=\"opacity:0;visibility:hidden;\"><div class=\"visual_container\"><div class=\"thumb_container\"><div style=\"background-image:url(\/\/shamengo-vps1.tetedecom.pro\/wp-content\/uploads\/2011\/05\/2555.jpg)\"><\/div><\/div><div class=\"thumb_overlay_container\"><div class=\"video-tag\">Portrait<\/div><div class=\"video-duration\">02:03<\/div><\/div><\/div><div class=\"infos_container\"><div class=\"video_extra_title\" style=\"color:#95c030\">Michel Smit<\/div><div class=\"video_title\">Je transforme vos pas de danse en kilowatt\/heure<\/div><\/div><\/a>\n\t\t<\/div>\n\n\t\t<\/div>\n\t\t[vc_separator]<style type=\"text\/css\">\n\t\t\tdiv#vc_so_video_list_channel_297916 .section_title {\n\t\t\t\tcolor: #f19a2e;\n\t\t\t}<\/style>\n\n\t\t<div id=\"vc_so_video_list_channel_297916\" class=\"vc_so_video_list_channel  \" data-elem-id=\"297916\" data-nb_videos_per_slide=\"10\">\n\n\t\t<div class=\"section_infos\">\n\t\t<div class=\"section_title\"><h2><span class=\"no-style\">Les pionniers<\/span> S'engager pour les autres<\/h2><\/div>\n\t\t<div class=\"section_link\"><a href=\"https:\/\/shamengo-vps1.tetedecom.pro\/fr\/chaine-tv-s-engager-pour-les-autres\/\" target=\"\">TOUT REGARDER<\/a><\/div>\n\t\t<div class=\"section_description\">Partout dans le monde, les pionniers Shamengo se mettent au service de leur prochain, d\u00e9fendent de grandes causes ou viennent en aide \u00e0 des populations menac\u00e9es\u2026 de mani\u00e8re particuli\u00e8rement efficace et originale. Regardez !<\/div>\n\n\t\t<\/div>\n\n\t\t<div class=\"section_videos\" style=\"display:flex;\">\n\t\t<a href=\"https:\/\/shamengo-vps1.tetedecom.pro\/fr\/chaine-tv-s-engager-pour-les-autres\/?video_id=86265\" class=\"video-item\" style=\"opacity:0;visibility:hidden;\"><div class=\"visual_container\"><div class=\"thumb_container\"><div style=\"background-image:url(\/\/shamengo-vps1.tetedecom.pro\/wp-content\/uploads\/2023\/09\/Image-16-6-JD-Muller-Ricard-256x144.png)\"><\/div><\/div><div class=\"thumb_overlay_container\"><div class=\"video-tag\">Portrait<\/div><div class=\"video-duration\">02:45<\/div><\/div><\/div><div class=\"infos_container\"><div class=\"video_extra_title\" style=\"color:#25bced\">Jean Daniel Muller et Jean Michel Ricard<\/div><div class=\"video_title\">Pratiquez avec nous l'activit\u00e9 physique adapt\u00e9e, le passeport sant\u00e9 du XXI\u00e8me si\u00e8cle\u00a0!<\/div><\/div><\/a><a href=\"https:\/\/shamengo-vps1.tetedecom.pro\/fr\/chaine-tv-s-engager-pour-les-autres\/?video_id=78963\" class=\"video-item\" style=\"opacity:0;visibility:hidden;\"><div class=\"visual_container\"><div class=\"thumb_container\"><div style=\"background-image:url(\/\/shamengo-vps1.tetedecom.pro\/wp-content\/uploads\/2022\/12\/Junior-Fritz-Jacquet-256x144.png)\"><\/div><\/div><div class=\"thumb_overlay_container\"><div class=\"video-tag\">Portrait<\/div><div class=\"video-duration\">02:31<\/div><\/div><\/div><div class=\"infos_container\"><div class=\"video_extra_title\" style=\"color:#25bced\">Junior Fritz Jacquet<\/div><div class=\"video_title\">Je sculpte du papier sulfuris\u00e9 en luminaire<\/div><\/div><\/a><a href=\"https:\/\/shamengo-vps1.tetedecom.pro\/fr\/chaine-tv-s-engager-pour-les-autres\/?video_id=70127\" class=\"video-item\" style=\"opacity:0;visibility:hidden;\"><div class=\"visual_container\"><div class=\"thumb_container\"><div style=\"background-image:url(\/\/shamengo-vps1.tetedecom.pro\/wp-content\/uploads\/2022\/02\/16-9-Kayli-Vee-Levitan-e1644317973336-256x110.png)\"><\/div><\/div><div class=\"thumb_overlay_container\"><div class=\"video-tag\">Portrait<\/div><div class=\"video-duration\">02:23<\/div><\/div><\/div><div class=\"infos_container\"><div class=\"video_extra_title\" style=\"color:#f19a2e\">Kayli Vee Levitan<\/div><div class=\"video_title\">Notre magasin de rue permet aux SDF de s'habiller gratuitement<\/div><\/div><\/a><a href=\"https:\/\/shamengo-vps1.tetedecom.pro\/fr\/chaine-tv-s-engager-pour-les-autres\/?video_id=65146\" class=\"video-item\" style=\"opacity:0;visibility:hidden;\"><div class=\"visual_container\"><div class=\"thumb_container\"><div style=\"background-image:url(\/\/shamengo-vps1.tetedecom.pro\/wp-content\/uploads\/2021\/09\/unnamed-1-1-256x144.png)\"><\/div><\/div><div class=\"thumb_overlay_container\"><div class=\"video-tag\">Portrait<\/div><div class=\"video-duration\">02:22<\/div><\/div><\/div><div class=\"infos_container\"><div class=\"video_extra_title\" style=\"color:#f19a2e\">Ole Kassow<\/div><div class=\"video_title\">Je prom\u00e8ne les personnes \u00e2g\u00e9es sur des rickshaws<\/div><\/div><\/a><a href=\"https:\/\/shamengo-vps1.tetedecom.pro\/fr\/chaine-tv-s-engager-pour-les-autres\/?video_id=53612\" class=\"video-item\" style=\"opacity:0;visibility:hidden;\"><div class=\"visual_container\"><div class=\"thumb_container\"><div style=\"background-image:url(\/\/shamengo-vps1.tetedecom.pro\/wp-content\/uploads\/2020\/04\/unnamed-1-256x144.jpg)\"><\/div><\/div><div class=\"thumb_overlay_container\"><div class=\"video-tag\">Portrait<\/div><div class=\"video-duration\">02:04<\/div><\/div><\/div><div class=\"infos_container\"><div class=\"video_extra_title\" style=\"color:#25bced\">Ludwick Marishane<\/div><div class=\"video_title\">J\u2019ai lanc\u00e9 la premi\u00e8re douche sans eau<\/div><\/div><\/a><a href=\"https:\/\/shamengo-vps1.tetedecom.pro\/fr\/chaine-tv-s-engager-pour-les-autres\/?video_id=53207\" class=\"video-item\" style=\"opacity:0;visibility:hidden;\"><div class=\"visual_container\"><div class=\"thumb_container\"><div style=\"background-image:url(\/\/shamengo-vps1.tetedecom.pro\/wp-content\/uploads\/2020\/03\/unnamed-256x144.jpg)\"><\/div><\/div><div class=\"thumb_overlay_container\"><div class=\"video-tag\">Portrait<\/div><div class=\"video-duration\">02:24<\/div><\/div><\/div><div class=\"infos_container\"><div class=\"video_extra_title\" style=\"color:#f19a2e\">Anthony Mutua<\/div><div class=\"video_title\">Vos chaussures peuvent recharger votre t\u00e9l\u00e9phone portable<\/div><\/div><\/a><a href=\"https:\/\/shamengo-vps1.tetedecom.pro\/fr\/chaine-tv-s-engager-pour-les-autres\/?video_id=53186\" class=\"video-item\" style=\"opacity:0;visibility:hidden;\"><div class=\"visual_container\"><div class=\"thumb_container\"><div style=\"background-image:url(\/\/shamengo-vps1.tetedecom.pro\/wp-content\/uploads\/2020\/03\/unnamed-1-256x144.jpg)\"><\/div><\/div><div class=\"thumb_overlay_container\"><div class=\"video-tag\">Portrait<\/div><div class=\"video-duration\">02:21<\/div><\/div><\/div><div class=\"infos_container\"><div class=\"video_extra_title\" style=\"color:#f19a2e\">Muru Arunachalam<\/div><div class=\"video_title\">Je suis le premier homme \u00e0 tester des serviettes hygi\u00e9niques<\/div><\/div><\/a><a href=\"https:\/\/shamengo-vps1.tetedecom.pro\/fr\/chaine-tv-s-engager-pour-les-autres\/?video_id=46588\" class=\"video-item\" style=\"opacity:0;visibility:hidden;\"><div class=\"visual_container\"><div class=\"thumb_container\"><div style=\"background-image:url(\/\/shamengo-vps1.tetedecom.pro\/wp-content\/uploads\/2019\/03\/665_1-256x144.jpg)\"><\/div><\/div><div class=\"thumb_overlay_container\"><div class=\"video-tag\">Portrait<\/div><div class=\"video-duration\">02:27<\/div><\/div><\/div><div class=\"infos_container\"><div class=\"video_extra_title\" style=\"color:#f19a2e\">Damien Vergnaud<\/div><div class=\"video_title\">Mon innovation prot\u00e8ge les rhinoc\u00e9ros du braconnage<\/div><\/div><\/a><a href=\"https:\/\/shamengo-vps1.tetedecom.pro\/fr\/chaine-tv-s-engager-pour-les-autres\/?video_id=46323\" class=\"video-item\" style=\"opacity:0;visibility:hidden;\"><div class=\"visual_container\"><div class=\"thumb_container\"><div style=\"background-image:url(\/\/shamengo-vps1.tetedecom.pro\/wp-content\/uploads\/2019\/03\/Howard-Weinstein-16-9.jpg)\"><\/div><\/div><div class=\"thumb_overlay_container\"><div class=\"video-tag\">Portrait<\/div><div class=\"video-duration\">02:26<\/div><\/div><\/div><div class=\"infos_container\"><div class=\"video_extra_title\" style=\"color:#f19a2e\">Howard Weinstein<\/div><div class=\"video_title\">J\u2019aide les malentendants des pays pauvres \u00e0 s\u2019appareiller<\/div><\/div><\/a><a href=\"https:\/\/shamengo-vps1.tetedecom.pro\/fr\/chaine-tv-s-engager-pour-les-autres\/?video_id=14548\" class=\"video-item\" style=\"opacity:0;visibility:hidden;\"><div class=\"visual_container\"><div class=\"thumb_container\"><div style=\"background-image:url(\/\/shamengo-vps1.tetedecom.pro\/wp-content\/uploads\/2017\/08\/7766.jpg)\"><\/div><\/div><div class=\"thumb_overlay_container\"><div class=\"video-tag\">Portrait<\/div><div class=\"video-duration\">02:08<\/div><\/div><\/div><div class=\"infos_container\"><div class=\"video_extra_title\" style=\"color:#f19a2e\">Grant Gibbs<\/div><div class=\"video_title\">L'eau roule gr\u00e2ce \u00e0 mon bidon<\/div><\/div><\/a><a href=\"https:\/\/shamengo-vps1.tetedecom.pro\/fr\/chaine-tv-s-engager-pour-les-autres\/?video_id=14544\" class=\"video-item\" style=\"opacity:0;visibility:hidden;\"><div class=\"visual_container\"><div class=\"thumb_container\"><div style=\"background-image:url(\/\/shamengo-vps1.tetedecom.pro\/wp-content\/uploads\/2017\/09\/7812.jpg)\"><\/div><\/div><div class=\"thumb_overlay_container\"><div class=\"video-tag\">Portrait<\/div><div class=\"video-duration\">02:30<\/div><\/div><\/div><div class=\"infos_container\"><div class=\"video_extra_title\" style=\"color:#f19a2e\">Rita Panicker<\/div><div class=\"video_title\">J'ai cr\u00e9\u00e9 la banque des enfants<\/div><\/div><\/a><a href=\"https:\/\/shamengo-vps1.tetedecom.pro\/fr\/chaine-tv-s-engager-pour-les-autres\/?video_id=14540\" class=\"video-item\" style=\"opacity:0;visibility:hidden;\"><div class=\"visual_container\"><div class=\"thumb_container\"><div style=\"background-image:url(\/\/shamengo-vps1.tetedecom.pro\/wp-content\/uploads\/2017\/03\/7483.jpg)\"><\/div><\/div><div class=\"thumb_overlay_container\"><div class=\"video-tag\">Portrait<\/div><div class=\"video-duration\">02:19<\/div><\/div><\/div><div class=\"infos_container\"><div class=\"video_extra_title\" style=\"color:#95c030\">George Madhavan<\/div><div class=\"video_title\">Mon syst\u00e8me permet de boire l'eau des toilettes<\/div><\/div><\/a><a href=\"https:\/\/shamengo-vps1.tetedecom.pro\/fr\/chaine-tv-s-engager-pour-les-autres\/?video_id=14538\" class=\"video-item\" style=\"opacity:0;visibility:hidden;\"><div class=\"visual_container\"><div class=\"thumb_container\"><div style=\"background-image:url(\/\/shamengo-vps1.tetedecom.pro\/wp-content\/uploads\/2017\/02\/7423.jpg)\"><\/div><\/div><div class=\"thumb_overlay_container\"><div class=\"video-tag\">Portrait<\/div><div class=\"video-duration\">02:09<\/div><\/div><\/div><div class=\"infos_container\"><div class=\"video_extra_title\" style=\"color:#cc096c\">Luc Jonveaux<\/div><div class=\"video_title\">J'exporte le Street Art Bangladais<\/div><\/div><\/a><a href=\"https:\/\/shamengo-vps1.tetedecom.pro\/fr\/chaine-tv-s-engager-pour-les-autres\/?video_id=14536\" class=\"video-item\" style=\"opacity:0;visibility:hidden;\"><div class=\"visual_container\"><div class=\"thumb_container\"><div style=\"background-image:url(\/\/shamengo-vps1.tetedecom.pro\/wp-content\/uploads\/2017\/01\/7374.jpg)\"><\/div><\/div><div class=\"thumb_overlay_container\"><div class=\"video-tag\">Portrait<\/div><div class=\"video-duration\">02:28<\/div><\/div><\/div><div class=\"infos_container\"><div class=\"video_extra_title\" style=\"color:#95c030\">Martine Postma<\/div><div class=\"video_title\">J\u2019ai cr\u00e9\u00e9 les Repair Caf\u00e9<\/div><\/div><\/a><a href=\"https:\/\/shamengo-vps1.tetedecom.pro\/fr\/chaine-tv-s-engager-pour-les-autres\/?video_id=14534\" class=\"video-item\" style=\"opacity:0;visibility:hidden;\"><div class=\"visual_container\"><div class=\"thumb_container\"><div style=\"background-image:url(\/\/shamengo-vps1.tetedecom.pro\/wp-content\/uploads\/2019\/03\/590_3-256x144.jpg)\"><\/div><\/div><div class=\"thumb_overlay_container\"><div class=\"video-tag\">Portrait<\/div><div class=\"video-duration\">02:17<\/div><\/div><\/div><div class=\"infos_container\"><div class=\"video_extra_title\" style=\"color:#95c030\">Anders Wilhelmson<\/div><div class=\"video_title\">J\u2019ai cr\u00e9\u00e9 les toilettes les plus simples du monde<\/div><\/div><\/a><a href=\"https:\/\/shamengo-vps1.tetedecom.pro\/fr\/chaine-tv-s-engager-pour-les-autres\/?video_id=14557\" class=\"video-item\" style=\"opacity:0;visibility:hidden;\"><div class=\"visual_container\"><div class=\"thumb_container\"><div style=\"background-image:url(\/\/shamengo-vps1.tetedecom.pro\/wp-content\/uploads\/2016\/06\/6866.jpg)\"><\/div><\/div><div class=\"thumb_overlay_container\"><div class=\"video-tag\">Portrait<\/div><div class=\"video-duration\">02:12<\/div><\/div><\/div><div class=\"infos_container\"><div class=\"video_extra_title\" style=\"color:#f19a2e\">Dhruv Lakra<\/div><div class=\"video_title\">Les coursiers que j\u2019embauche sont sourds et muets<\/div><\/div><\/a><a href=\"https:\/\/shamengo-vps1.tetedecom.pro\/fr\/chaine-tv-s-engager-pour-les-autres\/?video_id=14589\" class=\"video-item\" style=\"opacity:0;visibility:hidden;\"><div class=\"visual_container\"><div class=\"thumb_container\"><div style=\"background-image:url(\/\/shamengo-vps1.tetedecom.pro\/wp-content\/uploads\/2016\/04\/6662.png)\"><\/div><\/div><div class=\"thumb_overlay_container\"><div class=\"video-tag\">Portrait<\/div><div class=\"video-duration\">02:24<\/div><\/div><\/div><div class=\"infos_container\"><div class=\"video_extra_title\" style=\"color:#f19a2e\">Salomon Raydan<\/div><div class=\"video_title\">J'ai cr\u00e9\u00e9 la banque des pauvres<\/div><\/div><\/a><a href=\"https:\/\/shamengo-vps1.tetedecom.pro\/fr\/chaine-tv-s-engager-pour-les-autres\/?video_id=14585\" class=\"video-item\" style=\"opacity:0;visibility:hidden;\"><div class=\"visual_container\"><div class=\"thumb_container\"><div style=\"background-image:url(\/\/shamengo-vps1.tetedecom.pro\/wp-content\/uploads\/2016\/03\/6564.jpg)\"><\/div><\/div><div class=\"thumb_overlay_container\"><div class=\"video-tag\">Portrait<\/div><div class=\"video-duration\">02:21<\/div><\/div><\/div><div class=\"infos_container\"><div class=\"video_extra_title\" style=\"color:#f19a2e\">SANJAY SACHDEV &amp; HARSH MALHOTRA<\/div><div class=\"video_title\">Nous sauvons de la mort ceux qui s\u2019aiment<\/div><\/div><\/a><a href=\"https:\/\/shamengo-vps1.tetedecom.pro\/fr\/chaine-tv-s-engager-pour-les-autres\/?video_id=14579\" class=\"video-item\" style=\"opacity:0;visibility:hidden;\"><div class=\"visual_container\"><div class=\"thumb_container\"><div style=\"background-image:url(\/\/shamengo-vps1.tetedecom.pro\/wp-content\/uploads\/2016\/01\/7001.jpg)\"><\/div><\/div><div class=\"thumb_overlay_container\"><div class=\"video-tag\">Portrait<\/div><div class=\"video-duration\">02:15<\/div><\/div><\/div><div class=\"infos_container\"><div class=\"video_extra_title\" style=\"color:#f19a2e\">Arnoud Raskin &amp; Ann Van Hellemont<\/div><div class=\"video_title\">Nous faisons l\u2019\u00e9cole dans la rue<\/div><\/div><\/a><a href=\"https:\/\/shamengo-vps1.tetedecom.pro\/fr\/chaine-tv-s-engager-pour-les-autres\/?video_id=14609\" class=\"video-item\" style=\"opacity:0;visibility:hidden;\"><div class=\"visual_container\"><div class=\"thumb_container\"><div style=\"background-image:url(\/\/shamengo-vps1.tetedecom.pro\/wp-content\/uploads\/2016\/01\/6249.jpg)\"><\/div><\/div><div class=\"thumb_overlay_container\"><div class=\"video-tag\">Portrait<\/div><div class=\"video-duration\">02:19<\/div><\/div><\/div><div class=\"infos_container\"><div class=\"video_extra_title\" style=\"color:#f19a2e\">Lente Roode<\/div><div class=\"video_title\">J\u2019aide les gu\u00e9pards \u00e0 se reproduire<\/div><\/div><\/a><a href=\"https:\/\/shamengo-vps1.tetedecom.pro\/fr\/chaine-tv-s-engager-pour-les-autres\/?video_id=14605\" class=\"video-item\" style=\"opacity:0;visibility:hidden;\"><div class=\"visual_container\"><div class=\"thumb_container\"><div style=\"background-image:url(\/\/shamengo-vps1.tetedecom.pro\/wp-content\/uploads\/2019\/02\/482_3.jpg)\"><\/div><\/div><div class=\"thumb_overlay_container\"><div class=\"video-tag\">Portrait<\/div><div class=\"video-duration\">02:30<\/div><\/div><\/div><div class=\"infos_container\"><div class=\"video_extra_title\" style=\"color:#f19a2e\">Illac Diaz<\/div><div class=\"video_title\">J'\u00e9claire les bidonvilles avec nos vieilles bouteilles en plastique<\/div><\/div><\/a><a href=\"https:\/\/shamengo-vps1.tetedecom.pro\/fr\/chaine-tv-s-engager-pour-les-autres\/?video_id=14599\" class=\"video-item\" style=\"opacity:0;visibility:hidden;\"><div class=\"visual_container\"><div class=\"thumb_container\"><div style=\"background-image:url(\/\/shamengo-vps1.tetedecom.pro\/wp-content\/uploads\/2019\/02\/485_3.jpg)\"><\/div><\/div><div class=\"thumb_overlay_container\"><div class=\"video-tag\">Portrait<\/div><div class=\"video-duration\">02:22<\/div><\/div><\/div><div class=\"infos_container\"><div class=\"video_extra_title\" style=\"color:#25bced\">Peggy Pascal<\/div><div class=\"video_title\">J'ai cr\u00e9\u00e9 l'agriculture en sac<\/div><\/div><\/a><a href=\"https:\/\/shamengo-vps1.tetedecom.pro\/fr\/chaine-tv-s-engager-pour-les-autres\/?video_id=14348\" class=\"video-item\" style=\"opacity:0;visibility:hidden;\"><div class=\"visual_container\"><div class=\"thumb_container\"><div style=\"background-image:url(\/\/shamengo-vps1.tetedecom.pro\/wp-content\/uploads\/2015\/08\/2199.jpg)\"><\/div><\/div><div class=\"thumb_overlay_container\"><div class=\"video-tag\">Portrait<\/div><div class=\"video-duration\">02:03<\/div><\/div><\/div><div class=\"infos_container\"><div class=\"video_extra_title\" style=\"color:#f19a2e\">David Wadstr\u00f6m<\/div><div class=\"video_title\">je purifie l\u2019eau gr\u00e2ce \u00e0 l\u2019\u00e9nergie solaire<\/div><\/div><\/a><a href=\"https:\/\/shamengo-vps1.tetedecom.pro\/fr\/chaine-tv-s-engager-pour-les-autres\/?video_id=14408\" class=\"video-item\" style=\"opacity:0;visibility:hidden;\"><div class=\"visual_container\"><div class=\"thumb_container\"><div style=\"background-image:url(\/\/shamengo-vps1.tetedecom.pro\/wp-content\/uploads\/2015\/07\/2325.jpg)\"><\/div><\/div><div class=\"thumb_overlay_container\"><div class=\"video-tag\">Portrait<\/div><div class=\"video-duration\">02:07<\/div><\/div><\/div><div class=\"infos_container\"><div class=\"video_extra_title\" style=\"color:#f19a2e\">Agust\u00edn Wolff<\/div><div class=\"video_title\">J\u2019offre un toit \u00e0 des millions de personnes<\/div><\/div><\/a><a href=\"https:\/\/shamengo-vps1.tetedecom.pro\/fr\/chaine-tv-s-engager-pour-les-autres\/?video_id=14520\" class=\"video-item\" style=\"opacity:0;visibility:hidden;\"><div class=\"visual_container\"><div class=\"thumb_container\"><div style=\"background-image:url(\/\/shamengo-vps1.tetedecom.pro\/wp-content\/uploads\/2015\/07\/6922.jpg)\"><\/div><\/div><div class=\"thumb_overlay_container\"><div class=\"video-tag\">Portrait<\/div><div class=\"video-duration\">02:27<\/div><\/div><\/div><div class=\"infos_container\"><div class=\"video_extra_title\" style=\"color:#25bced\">Kanta Hani<\/div><div class=\"video_title\">J'ai cr\u00e9\u00e9 le festival zero d\u00e9chet<\/div><\/div><\/a><a href=\"https:\/\/shamengo-vps1.tetedecom.pro\/fr\/chaine-tv-s-engager-pour-les-autres\/?video_id=14518\" class=\"video-item\" style=\"opacity:0;visibility:hidden;\"><div class=\"visual_container\"><div class=\"thumb_container\"><div style=\"background-image:url(\/\/shamengo-vps1.tetedecom.pro\/wp-content\/uploads\/2015\/06\/4903.jpg)\"><\/div><\/div><div class=\"thumb_overlay_container\"><div class=\"video-tag\">Portrait<\/div><div class=\"video-duration\">02:07<\/div><\/div><\/div><div class=\"infos_container\"><div class=\"video_extra_title\" style=\"color:#25bced\">Miguel Neiva<\/div><div class=\"video_title\">J\u2019aide les daltoniens \u00e0 voir les couleurs<\/div><\/div><\/a><a href=\"https:\/\/shamengo-vps1.tetedecom.pro\/fr\/chaine-tv-s-engager-pour-les-autres\/?video_id=14508\" class=\"video-item\" style=\"opacity:0;visibility:hidden;\"><div class=\"visual_container\"><div class=\"thumb_container\"><div style=\"background-image:url(\/\/shamengo-vps1.tetedecom.pro\/wp-content\/uploads\/2015\/04\/4729.jpg)\"><\/div><\/div><div class=\"thumb_overlay_container\"><div class=\"video-tag\">Portrait<\/div><div class=\"video-duration\">02:00<\/div><\/div><\/div><div class=\"infos_container\"><div class=\"video_extra_title\" style=\"color:#25bced\">Josh Nesbit<\/div><div class=\"video_title\">Je sauve des vies gr\u00e2ce au t\u00e9l\u00e9phone portable<\/div><\/div><\/a><a href=\"https:\/\/shamengo-vps1.tetedecom.pro\/fr\/chaine-tv-s-engager-pour-les-autres\/?video_id=14506\" class=\"video-item\" style=\"opacity:0;visibility:hidden;\"><div class=\"visual_container\"><div class=\"thumb_container\"><div style=\"background-image:url(\/\/shamengo-vps1.tetedecom.pro\/wp-content\/uploads\/2015\/03\/4727.jpg)\"><\/div><\/div><div class=\"thumb_overlay_container\"><div class=\"video-tag\">Portrait<\/div><div class=\"video-duration\">02:10<\/div><\/div><\/div><div class=\"infos_container\"><div class=\"video_extra_title\" style=\"color:#f19a2e\">Ogo Maduewesi<\/div><div class=\"video_title\">Je lutte contre la maladie de Michael Jackson<\/div><\/div><\/a><a href=\"https:\/\/shamengo-vps1.tetedecom.pro\/fr\/chaine-tv-s-engager-pour-les-autres\/?video_id=14474\" class=\"video-item\" style=\"opacity:0;visibility:hidden;\"><div class=\"visual_container\"><div class=\"thumb_container\"><div style=\"background-image:url(\/\/shamengo-vps1.tetedecom.pro\/wp-content\/uploads\/2015\/03\/3444.jpg)\"><\/div><\/div><div class=\"thumb_overlay_container\"><div class=\"video-tag\">Portrait<\/div><div class=\"video-duration\">02:27<\/div><\/div><\/div><div class=\"infos_container\"><div class=\"video_extra_title\" style=\"color:#f19a2e\">Javier De Nicolo<\/div><div class=\"video_title\">J\u2019ai cr\u00e9\u00e9 la R\u00e9publique des Enfants pour les sortir de la rue<\/div><\/div><\/a><a href=\"https:\/\/shamengo-vps1.tetedecom.pro\/fr\/chaine-tv-s-engager-pour-les-autres\/?video_id=14498\" class=\"video-item\" style=\"opacity:0;visibility:hidden;\"><div class=\"visual_container\"><div class=\"thumb_container\"><div style=\"background-image:url(\/\/shamengo-vps1.tetedecom.pro\/wp-content\/uploads\/2015\/02\/4449.jpg)\"><\/div><\/div><div class=\"thumb_overlay_container\"><div class=\"video-tag\">Portrait<\/div><div class=\"video-duration\">02:06<\/div><\/div><\/div><div class=\"infos_container\"><div class=\"video_extra_title\" style=\"color:#f19a2e\">Guillaume Bapst<\/div><div class=\"video_title\">J\u2019ai cr\u00e9\u00e9 les \u00e9piceries solidaires<\/div><\/div><\/a><a href=\"https:\/\/shamengo-vps1.tetedecom.pro\/fr\/chaine-tv-s-engager-pour-les-autres\/?video_id=14492\" class=\"video-item\" style=\"opacity:0;visibility:hidden;\"><div class=\"visual_container\"><div class=\"thumb_container\"><div style=\"background-image:url(\/\/shamengo-vps1.tetedecom.pro\/wp-content\/uploads\/2014\/12\/4285.jpg)\"><\/div><\/div><div class=\"thumb_overlay_container\"><div class=\"video-tag\">Portrait<\/div><div class=\"video-duration\">02:53<\/div><\/div><\/div><div class=\"infos_container\"><div class=\"video_extra_title\" style=\"color:#f19a2e\">Bunker Roy<\/div><div class=\"video_title\">J\u2019ai cr\u00e9\u00e9 l\u2019universit\u00e9 des va-nu-pieds<\/div><\/div><\/a><a href=\"https:\/\/shamengo-vps1.tetedecom.pro\/fr\/chaine-tv-s-engager-pour-les-autres\/?video_id=14272\" class=\"video-item\" style=\"opacity:0;visibility:hidden;\"><div class=\"visual_container\"><div class=\"thumb_container\"><div style=\"background-image:url(\/\/shamengo-vps1.tetedecom.pro\/wp-content\/uploads\/2014\/12\/4286.jpg)\"><\/div><\/div><div class=\"thumb_overlay_container\"><div class=\"video-tag\">Portrait<\/div><div class=\"video-duration\">02:12<\/div><\/div><\/div><div class=\"infos_container\"><div class=\"video_extra_title\" style=\"color:#f19a2e\">Veronica Khosa<\/div><div class=\"video_title\">J\u2019accompagne jusqu\u2019\u00e0 leur dernier souffle, les victimes du SIDA<\/div><\/div><\/a><a href=\"https:\/\/shamengo-vps1.tetedecom.pro\/fr\/chaine-tv-s-engager-pour-les-autres\/?video_id=14490\" class=\"video-item\" style=\"opacity:0;visibility:hidden;\"><div class=\"visual_container\"><div class=\"thumb_container\"><div style=\"background-image:url(\/\/shamengo-vps1.tetedecom.pro\/wp-content\/uploads\/2014\/11\/4287.jpg)\"><\/div><\/div><div class=\"thumb_overlay_container\"><div class=\"video-tag\">Portrait<\/div><div class=\"video-duration\">02:22<\/div><\/div><\/div><div class=\"infos_container\"><div class=\"video_extra_title\" style=\"color:#f19a2e\">Sameer Sawarkar<\/div><div class=\"video_title\">Je fais des check-up complets en passant par une ligne t\u00e9l\u00e9phonique \u00e0 tr\u00e8s bas d\u00e9bit.<\/div><\/div><\/a><a href=\"https:\/\/shamengo-vps1.tetedecom.pro\/fr\/chaine-tv-s-engager-pour-les-autres\/?video_id=14466\" class=\"video-item\" style=\"opacity:0;visibility:hidden;\"><div class=\"visual_container\"><div class=\"thumb_container\"><div style=\"background-image:url(\/\/shamengo-vps1.tetedecom.pro\/wp-content\/uploads\/2013\/12\/3114.jpg)\"><\/div><\/div><div class=\"thumb_overlay_container\"><div class=\"video-tag\">Portrait<\/div><div class=\"video-duration\">02:23<\/div><\/div><\/div><div class=\"infos_container\"><div class=\"video_extra_title\" style=\"color:#f19a2e\">Aline Mathilde Pelsers<\/div><div class=\"video_title\">Nous avons lanc\u00e9 le concours \"Mr SDF\"<\/div><\/div><\/a><a href=\"https:\/\/shamengo-vps1.tetedecom.pro\/fr\/chaine-tv-s-engager-pour-les-autres\/?video_id=14462\" class=\"video-item\" style=\"opacity:0;visibility:hidden;\"><div class=\"visual_container\"><div class=\"thumb_container\"><div style=\"background-image:url(\/\/shamengo-vps1.tetedecom.pro\/wp-content\/uploads\/2013\/11\/3089.jpg)\"><\/div><\/div><div class=\"thumb_overlay_container\"><div class=\"video-tag\">Portrait<\/div><div class=\"video-duration\">02:09<\/div><\/div><\/div><div class=\"infos_container\"><div class=\"video_extra_title\" style=\"color:#f19a2e\">Trevor Field<\/div><div class=\"video_title\">Nos \u00e9coliers puisent de l\u2019eau potable en s\u2019amusant<\/div><\/div><\/a><a href=\"https:\/\/shamengo-vps1.tetedecom.pro\/fr\/chaine-tv-s-engager-pour-les-autres\/?video_id=14456\" class=\"video-item\" style=\"opacity:0;visibility:hidden;\"><div class=\"visual_container\"><div class=\"thumb_container\"><div style=\"background-image:url(\/\/shamengo-vps1.tetedecom.pro\/wp-content\/uploads\/2013\/10\/3053.jpg)\"><\/div><\/div><div class=\"thumb_overlay_container\"><div class=\"video-tag\">Portrait<\/div><div class=\"video-duration\">02:04<\/div><\/div><\/div><div class=\"infos_container\"><div class=\"video_extra_title\" style=\"color:#f19a2e\">Sandra Aguebor<\/div><div class=\"video_title\">Pour leur \u00e9viter le trottoir, je forme des femmes \u00e0 devenir m\u00e9caniciennes<\/div><\/div><\/a><a href=\"https:\/\/shamengo-vps1.tetedecom.pro\/fr\/chaine-tv-s-engager-pour-les-autres\/?video_id=14446\" class=\"video-item\" style=\"opacity:0;visibility:hidden;\"><div class=\"visual_container\"><div class=\"thumb_container\"><div style=\"background-image:url(\/\/shamengo-vps1.tetedecom.pro\/wp-content\/uploads\/2013\/09\/2975.jpg)\"><\/div><\/div><div class=\"thumb_overlay_container\"><div class=\"video-tag\">Portrait<\/div><div class=\"video-duration\">02:25<\/div><\/div><\/div><div class=\"infos_container\"><div class=\"video_extra_title\" style=\"color:#f19a2e\">Tony Meloto<\/div><div class=\"video_title\">J'ai sorti un million de Philippins de l'extr\u00eame pauvret\u00e9<\/div><\/div><\/a><a href=\"https:\/\/shamengo-vps1.tetedecom.pro\/fr\/chaine-tv-s-engager-pour-les-autres\/?video_id=14444\" class=\"video-item\" style=\"opacity:0;visibility:hidden;\"><div class=\"visual_container\"><div class=\"thumb_container\"><div style=\"background-image:url(\/\/shamengo-vps1.tetedecom.pro\/wp-content\/uploads\/2013\/09\/2970.jpg)\"><\/div><\/div><div class=\"thumb_overlay_container\"><div class=\"video-tag\">Portrait<\/div><div class=\"video-duration\">02:29<\/div><\/div><\/div><div class=\"infos_container\"><div class=\"video_extra_title\" style=\"color:#f19a2e\">Gonzalez Catalina<\/div><div class=\"video_title\">Je vous apprends \u00e0 lire avec des dominos<\/div><\/div><\/a><a href=\"https:\/\/shamengo-vps1.tetedecom.pro\/fr\/chaine-tv-s-engager-pour-les-autres\/?video_id=14330\" class=\"video-item\" style=\"opacity:0;visibility:hidden;\"><div class=\"visual_container\"><div class=\"thumb_container\"><div style=\"background-image:url(\/\/shamengo-vps1.tetedecom.pro\/wp-content\/uploads\/2013\/04\/2437.jpg)\"><\/div><\/div><div class=\"thumb_overlay_container\"><div class=\"video-tag\">Portrait<\/div><div class=\"video-duration\">02:20<\/div><\/div><\/div><div class=\"infos_container\"><div class=\"video_extra_title\" style=\"color:#f19a2e\">Plernpis Thongklad<\/div><div class=\"video_title\">Ma banque ne pr\u00eate pas de l\u2019argent mais des buffles<\/div><\/div><\/a><a href=\"https:\/\/shamengo-vps1.tetedecom.pro\/fr\/chaine-tv-s-engager-pour-les-autres\/?video_id=13717\" class=\"video-item\" style=\"opacity:0;visibility:hidden;\"><div class=\"visual_container\"><div class=\"thumb_container\"><div style=\"background-image:url(\/\/shamengo-vps1.tetedecom.pro\/wp-content\/uploads\/2013\/03\/2532.jpg)\"><\/div><\/div><div class=\"thumb_overlay_container\"><div class=\"video-tag\">Portrait<\/div><div class=\"video-duration\">01:55<\/div><\/div><\/div><div class=\"infos_container\"><div class=\"video_extra_title\" style=\"color:#f19a2e\">Amit Chugh<\/div><div class=\"video_title\">J\u2019apporte la lumi\u00e8re solaire pour les oubli\u00e9s de la croissance<\/div><\/div><\/a><a href=\"https:\/\/shamengo-vps1.tetedecom.pro\/fr\/chaine-tv-s-engager-pour-les-autres\/?video_id=14438\" class=\"video-item\" style=\"opacity:0;visibility:hidden;\"><div class=\"visual_container\"><div class=\"thumb_container\"><div style=\"background-image:url(\/\/shamengo-vps1.tetedecom.pro\/wp-content\/uploads\/2013\/03\/2563.jpg)\"><\/div><\/div><div class=\"thumb_overlay_container\"><div class=\"video-tag\">Portrait<\/div><div class=\"video-duration\">02:14<\/div><\/div><\/div><div class=\"infos_container\"><div class=\"video_extra_title\" style=\"color:#f19a2e\">Natalie Killassy<\/div><div class=\"video_title\">J\u2019ai cr\u00e9\u00e9 un textile anti-\u00e9boulement<\/div><\/div><\/a><a href=\"https:\/\/shamengo-vps1.tetedecom.pro\/fr\/chaine-tv-s-engager-pour-les-autres\/?video_id=14442\" class=\"video-item\" style=\"opacity:0;visibility:hidden;\"><div class=\"visual_container\"><div class=\"thumb_container\"><div style=\"background-image:url(\/\/shamengo-vps1.tetedecom.pro\/wp-content\/uploads\/2012\/12\/2481.jpg)\"><\/div><\/div><div class=\"thumb_overlay_container\"><div class=\"video-tag\">Portrait<\/div><div class=\"video-duration\">02:08<\/div><\/div><\/div><div class=\"infos_container\"><div class=\"video_extra_title\" style=\"color:#f19a2e\">Laurent Gachet et Touraya Bouabid<\/div><div class=\"video_title\">J'ai cr\u00e9\u00e9 un cirque solidaire au Maroc<\/div><\/div><\/a><a href=\"https:\/\/shamengo-vps1.tetedecom.pro\/fr\/chaine-tv-s-engager-pour-les-autres\/?video_id=14422\" class=\"video-item\" style=\"opacity:0;visibility:hidden;\"><div class=\"visual_container\"><div class=\"thumb_container\"><div style=\"background-image:url(\/\/shamengo-vps1.tetedecom.pro\/wp-content\/uploads\/2012\/12\/2518.jpg)\"><\/div><\/div><div class=\"thumb_overlay_container\"><div class=\"video-tag\">Portrait<\/div><div class=\"video-duration\">02:19<\/div><\/div><\/div><div class=\"infos_container\"><div class=\"video_extra_title\" style=\"color:#f19a2e\">Alejandro Echeverri<\/div><div class=\"video_title\">je r\u00e9duis la criminalit\u00e9 gr\u00e2ce \u00e0 l\u2019urbanisme<\/div><\/div><\/a><a href=\"https:\/\/shamengo-vps1.tetedecom.pro\/fr\/chaine-tv-s-engager-pour-les-autres\/?video_id=14418\" class=\"video-item\" style=\"opacity:0;visibility:hidden;\"><div class=\"visual_container\"><div class=\"thumb_container\"><div style=\"background-image:url(\/\/shamengo-vps1.tetedecom.pro\/wp-content\/uploads\/2012\/12\/2535.jpg)\"><\/div><\/div><div class=\"thumb_overlay_container\"><div class=\"video-tag\">Portrait<\/div><div class=\"video-duration\">02:06<\/div><\/div><\/div><div class=\"infos_container\"><div class=\"video_extra_title\" style=\"color:#f19a2e\">Tortel Poltrona<\/div><div class=\"video_title\">Je redonne le sourire \u00e0 ceux qui l\u2019ont perdu<\/div><\/div><\/a><a href=\"https:\/\/shamengo-vps1.tetedecom.pro\/fr\/chaine-tv-s-engager-pour-les-autres\/?video_id=14406\" class=\"video-item\" style=\"opacity:0;visibility:hidden;\"><div class=\"visual_container\"><div class=\"thumb_container\"><div style=\"background-image:url(\/\/shamengo-vps1.tetedecom.pro\/wp-content\/uploads\/2012\/10\/2446.jpg)\"><\/div><\/div><div class=\"thumb_overlay_container\"><div class=\"video-tag\">Portrait<\/div><div class=\"video-duration\">02:15<\/div><\/div><\/div><div class=\"infos_container\"><div class=\"video_extra_title\" style=\"color:#f19a2e\">Jamie Yang<\/div><div class=\"video_title\">J\u2019apporte l\u2019\u00e9lectricit\u00e9 l\u00e0 o\u00f9 elle fait d\u00e9faut<\/div><\/div><\/a><a href=\"https:\/\/shamengo-vps1.tetedecom.pro\/fr\/chaine-tv-s-engager-pour-les-autres\/?video_id=14404\" class=\"video-item\" style=\"opacity:0;visibility:hidden;\"><div class=\"visual_container\"><div class=\"thumb_container\"><div style=\"background-image:url(\/\/shamengo-vps1.tetedecom.pro\/wp-content\/uploads\/2012\/10\/2317.jpg)\"><\/div><\/div><div class=\"thumb_overlay_container\"><div class=\"video-tag\">Portrait<\/div><div class=\"video-duration\">01:56<\/div><\/div><\/div><div class=\"infos_container\"><div class=\"video_extra_title\" style=\"color:#f19a2e\">Robin Willner<\/div><div class=\"video_title\">Je fais travailler votre ordinateur pour la bonne cause<\/div><\/div><\/a><a href=\"https:\/\/shamengo-vps1.tetedecom.pro\/fr\/chaine-tv-s-engager-pour-les-autres\/?video_id=14402\" class=\"video-item\" style=\"opacity:0;visibility:hidden;\"><div class=\"visual_container\"><div class=\"thumb_container\"><div style=\"background-image:url(\/\/shamengo-vps1.tetedecom.pro\/wp-content\/uploads\/2012\/10\/2312.jpg)\"><\/div><\/div><div class=\"thumb_overlay_container\"><div class=\"video-tag\">Portrait<\/div><div class=\"video-duration\">02:05<\/div><\/div><\/div><div class=\"infos_container\"><div class=\"video_extra_title\" style=\"color:#f19a2e\">Alfredo Olivera<\/div><div class=\"video_title\">Ma radio est anim\u00e9e par des fous<\/div><\/div><\/a><a href=\"https:\/\/shamengo-vps1.tetedecom.pro\/fr\/chaine-tv-s-engager-pour-les-autres\/?video_id=14396\" class=\"video-item\" style=\"opacity:0;visibility:hidden;\"><div class=\"visual_container\"><div class=\"thumb_container\"><div style=\"background-image:url(\/\/shamengo-vps1.tetedecom.pro\/wp-content\/uploads\/2012\/09\/2301.jpg)\"><\/div><\/div><div class=\"thumb_overlay_container\"><div class=\"video-tag\">Portrait<\/div><div class=\"video-duration\">02:07<\/div><\/div><\/div><div class=\"infos_container\"><div class=\"video_extra_title\" style=\"color:#f19a2e\">Felipe Vergara<\/div><div class=\"video_title\">J\u2019ai lanc\u00e9 le pr\u00eat \u00e9tudiant \u00e9quitable<\/div><\/div><\/a><a href=\"https:\/\/shamengo-vps1.tetedecom.pro\/fr\/chaine-tv-s-engager-pour-les-autres\/?video_id=14390\" class=\"video-item\" style=\"opacity:0;visibility:hidden;\"><div class=\"visual_container\"><div class=\"thumb_container\"><div style=\"background-image:url(\/\/shamengo-vps1.tetedecom.pro\/wp-content\/uploads\/2012\/09\/2287.jpg)\"><\/div><\/div><div class=\"thumb_overlay_container\"><div class=\"video-tag\">Portrait<\/div><div class=\"video-duration\">02:11<\/div><\/div><\/div><div class=\"infos_container\"><div class=\"video_extra_title\" style=\"color:#f19a2e\">Jeremy Gilley<\/div><div class=\"video_title\">je me bats pour la paix<\/div><\/div><\/a><a href=\"https:\/\/shamengo-vps1.tetedecom.pro\/fr\/chaine-tv-s-engager-pour-les-autres\/?video_id=14270\" class=\"video-item\" style=\"opacity:0;visibility:hidden;\"><div class=\"visual_container\"><div class=\"thumb_container\"><div style=\"background-image:url(\/\/shamengo-vps1.tetedecom.pro\/wp-content\/uploads\/2012\/08\/2541.jpg)\"><\/div><\/div><div class=\"thumb_overlay_container\"><div class=\"video-tag\">Portrait<\/div><div class=\"video-duration\">02:08<\/div><\/div><\/div><div class=\"infos_container\"><div class=\"video_extra_title\" style=\"color:#f19a2e\">Beverly Blum<\/div><div class=\"video_title\">cuisinez \u00e9colo avec mon four solaire<\/div><\/div><\/a><a href=\"https:\/\/shamengo-vps1.tetedecom.pro\/fr\/chaine-tv-s-engager-pour-les-autres\/?video_id=14368\" class=\"video-item\" style=\"opacity:0;visibility:hidden;\"><div class=\"visual_container\"><div class=\"thumb_container\"><div style=\"background-image:url(\/\/shamengo-vps1.tetedecom.pro\/wp-content\/uploads\/2012\/06\/2378.jpg)\"><\/div><\/div><div class=\"thumb_overlay_container\"><div class=\"video-tag\">Portrait<\/div><div class=\"video-duration\">02:17<\/div><\/div><\/div><div class=\"infos_container\"><div class=\"video_extra_title\" style=\"color:#f19a2e\">Neil Harbisson<\/div><div class=\"video_title\">Mon troisi\u00e8me oeil traduit les couleurs en sons<\/div><\/div><\/a><a href=\"https:\/\/shamengo-vps1.tetedecom.pro\/fr\/chaine-tv-s-engager-pour-les-autres\/?video_id=14344\" class=\"video-item\" style=\"opacity:0;visibility:hidden;\"><div class=\"visual_container\"><div class=\"thumb_container\"><div style=\"background-image:url(\/\/shamengo-vps1.tetedecom.pro\/wp-content\/uploads\/2012\/03\/2418.jpg)\"><\/div><\/div><div class=\"thumb_overlay_container\"><div class=\"video-tag\">Portrait<\/div><div class=\"video-duration\">02:08<\/div><\/div><\/div><div class=\"infos_container\"><div class=\"video_extra_title\" style=\"color:#f19a2e\">Serge Lareault<\/div><div class=\"video_title\">Je dirige le premier journal des rues pour SDF<\/div><\/div><\/a><a href=\"https:\/\/shamengo-vps1.tetedecom.pro\/fr\/chaine-tv-s-engager-pour-les-autres\/?video_id=14338\" class=\"video-item\" style=\"opacity:0;visibility:hidden;\"><div class=\"visual_container\"><div class=\"thumb_container\"><div style=\"background-image:url(\/\/shamengo-vps1.tetedecom.pro\/wp-content\/uploads\/2012\/02\/2422.jpg)\"><\/div><\/div><div class=\"thumb_overlay_container\"><div class=\"video-tag\">Portrait<\/div><div class=\"video-duration\">02:07<\/div><\/div><\/div><div class=\"infos_container\"><div class=\"video_extra_title\" style=\"color:#f19a2e\">Radar Nishuli<\/div><div class=\"video_title\">Je prot\u00e8ge les gorilles contre les exploitants de coltan<\/div><\/div><\/a><a href=\"https:\/\/shamengo-vps1.tetedecom.pro\/fr\/chaine-tv-s-engager-pour-les-autres\/?video_id=14334\" class=\"video-item\" style=\"opacity:0;visibility:hidden;\"><div class=\"visual_container\"><div class=\"thumb_container\"><div style=\"background-image:url(\/\/shamengo-vps1.tetedecom.pro\/wp-content\/uploads\/2012\/02\/2170.jpg)\"><\/div><\/div><div class=\"thumb_overlay_container\"><div class=\"video-tag\">Portrait<\/div><div class=\"video-duration\">01:46<\/div><\/div><\/div><div class=\"infos_container\"><div class=\"video_extra_title\" style=\"color:#f19a2e\">Tommy Theberge<\/div><div class=\"video_title\">J\u2019ai cr\u00e9\u00e9 des cartes de m\u00e9tro en relief pour les d\u00e9ficients visuels<\/div><\/div><\/a><a href=\"https:\/\/shamengo-vps1.tetedecom.pro\/fr\/chaine-tv-s-engager-pour-les-autres\/?video_id=14316\" class=\"video-item\" style=\"opacity:0;visibility:hidden;\"><div class=\"visual_container\"><div class=\"thumb_container\"><div style=\"background-image:url(\/\/shamengo-vps1.tetedecom.pro\/wp-content\/uploads\/2012\/02\/2139.jpg)\"><\/div><\/div><div class=\"thumb_overlay_container\"><div class=\"video-tag\">Portrait<\/div><div class=\"video-duration\">01:58<\/div><\/div><\/div><div class=\"infos_container\"><div class=\"video_extra_title\" style=\"color:#f19a2e\">Jean Fran\u00e7ois Archambault<\/div><div class=\"video_title\">J\u2019offre des repas 3 \u00e9toiles aux plus modestes<\/div><\/div><\/a><a href=\"https:\/\/shamengo-vps1.tetedecom.pro\/fr\/chaine-tv-s-engager-pour-les-autres\/?video_id=14326\" class=\"video-item\" style=\"opacity:0;visibility:hidden;\"><div class=\"visual_container\"><div class=\"thumb_container\"><div style=\"background-image:url(\/\/shamengo-vps1.tetedecom.pro\/wp-content\/uploads\/2012\/01\/2562.jpg)\"><\/div><\/div><div class=\"thumb_overlay_container\"><div class=\"video-tag\">Portrait<\/div><div class=\"video-duration\">02:15<\/div><\/div><\/div><div class=\"infos_container\"><div class=\"video_extra_title\" style=\"color:#f19a2e\">Denis Mukwege<\/div><div class=\"video_title\">Je redonne aux femmes ce que le viol a d\u00e9truit<\/div><\/div><\/a><a href=\"https:\/\/shamengo-vps1.tetedecom.pro\/fr\/chaine-tv-s-engager-pour-les-autres\/?video_id=14320\" class=\"video-item\" style=\"opacity:0;visibility:hidden;\"><div class=\"visual_container\"><div class=\"thumb_container\"><div style=\"background-image:url(\/\/shamengo-vps1.tetedecom.pro\/wp-content\/uploads\/2019\/02\/178_1.jpeg)\"><\/div><\/div><div class=\"thumb_overlay_container\"><div class=\"video-tag\">Portrait<\/div><div class=\"video-duration\">02:01<\/div><\/div><\/div><div class=\"infos_container\"><div class=\"video_extra_title\" style=\"color:#f19a2e\">Claudia Hollm<\/div><div class=\"video_title\">J\u2019ai cr\u00e9\u00e9 les resto du coeur pour animaux<\/div><\/div><\/a><a href=\"https:\/\/shamengo-vps1.tetedecom.pro\/fr\/chaine-tv-s-engager-pour-les-autres\/?video_id=14308\" class=\"video-item\" style=\"opacity:0;visibility:hidden;\"><div class=\"visual_container\"><div class=\"thumb_container\"><div style=\"background-image:url(\/\/shamengo-vps1.tetedecom.pro\/wp-content\/uploads\/2011\/11\/2441.jpg)\"><\/div><\/div><div class=\"thumb_overlay_container\"><div class=\"video-tag\">Portrait<\/div><div class=\"video-duration\">02:10<\/div><\/div><\/div><div class=\"infos_container\"><div class=\"video_extra_title\" style=\"color:#f19a2e\">Bart Weetjens<\/div><div class=\"video_title\">Je forme des rats au d\u00e9minage<\/div><\/div><\/a><a href=\"https:\/\/shamengo-vps1.tetedecom.pro\/fr\/chaine-tv-s-engager-pour-les-autres\/?video_id=14304\" class=\"video-item\" style=\"opacity:0;visibility:hidden;\"><div class=\"visual_container\"><div class=\"thumb_container\"><div style=\"background-image:url(\/\/shamengo-vps1.tetedecom.pro\/wp-content\/uploads\/2011\/11\/2447.jpg)\"><\/div><\/div><div class=\"thumb_overlay_container\"><div class=\"video-tag\">Portrait<\/div><div class=\"video-duration\">02:08<\/div><\/div><\/div><div class=\"infos_container\"><div class=\"video_extra_title\" style=\"color:#f19a2e\">Jan In't Veld<\/div><div class=\"video_title\">J\u2019ai cr\u00e9\u00e9 des lunettes universelles<\/div><\/div><\/a><a href=\"https:\/\/shamengo-vps1.tetedecom.pro\/fr\/chaine-tv-s-engager-pour-les-autres\/?video_id=14300\" class=\"video-item\" style=\"opacity:0;visibility:hidden;\"><div class=\"visual_container\"><div class=\"thumb_container\"><div style=\"background-image:url(\/\/shamengo-vps1.tetedecom.pro\/wp-content\/uploads\/2019\/02\/158_2.jpg)\"><\/div><\/div><div class=\"thumb_overlay_container\"><div class=\"video-tag\">Portrait<\/div><div class=\"video-duration\">02:13<\/div><\/div><\/div><div class=\"infos_container\"><div class=\"video_extra_title\" style=\"color:#f19a2e\">Bindeshwar Pathak<\/div><div class=\"video_title\">Les intouchables que je r\u00e9habilite ne ramassent plus les excr\u00e9ments humains<\/div><\/div><\/a><a href=\"https:\/\/shamengo-vps1.tetedecom.pro\/fr\/chaine-tv-s-engager-pour-les-autres\/?video_id=14290\" class=\"video-item\" style=\"opacity:0;visibility:hidden;\"><div class=\"visual_container\"><div class=\"thumb_container\"><div style=\"background-image:url(\/\/shamengo-vps1.tetedecom.pro\/wp-content\/uploads\/2019\/02\/124_2.jpg)\"><\/div><\/div><div class=\"thumb_overlay_container\"><div class=\"video-tag\">Portrait<\/div><div class=\"video-duration\">02:12<\/div><\/div><\/div><div class=\"infos_container\"><div class=\"video_extra_title\" style=\"color:#f19a2e\">Fran\u00e7ois Jaquenoud &amp; Lo Chay<\/div><div class=\"video_title\">Nous transformons l\u2019eau des marres en eau potable<\/div><\/div><\/a><a href=\"https:\/\/shamengo-vps1.tetedecom.pro\/fr\/chaine-tv-s-engager-pour-les-autres\/?video_id=14282\" class=\"video-item\" style=\"opacity:0;visibility:hidden;\"><div class=\"visual_container\"><div class=\"thumb_container\"><div style=\"background-image:url(\/\/shamengo-vps1.tetedecom.pro\/wp-content\/uploads\/2011\/08\/2061.png)\"><\/div><\/div><div class=\"thumb_overlay_container\"><div class=\"video-tag\">Portrait<\/div><div class=\"video-duration\">02:05<\/div><\/div><\/div><div class=\"infos_container\"><div class=\"video_extra_title\" style=\"color:#f19a2e\">Mel Young<\/div><div class=\"video_title\">J\u2019ai cr\u00e9\u00e9 la coupe du monde des sans-abris<\/div><\/div><\/a><a href=\"https:\/\/shamengo-vps1.tetedecom.pro\/fr\/chaine-tv-s-engager-pour-les-autres\/?video_id=14274\" class=\"video-item\" style=\"opacity:0;visibility:hidden;\"><div class=\"visual_container\"><div class=\"thumb_container\"><div style=\"background-image:url(\/\/shamengo-vps1.tetedecom.pro\/wp-content\/uploads\/2011\/07\/2025.jpg)\"><\/div><\/div><div class=\"thumb_overlay_container\"><div class=\"video-tag\">Portrait<\/div><div class=\"video-duration\">01:57<\/div><\/div><\/div><div class=\"infos_container\"><div class=\"video_extra_title\" style=\"color:#f19a2e\">Andreas Heinecke<\/div><div class=\"video_title\">Je vous plonge dans l\u2019obscurit\u00e9 pour d\u00e9couvrir un autre monde<\/div><\/div><\/a><a href=\"https:\/\/shamengo-vps1.tetedecom.pro\/fr\/chaine-tv-s-engager-pour-les-autres\/?video_id=13737\" class=\"video-item\" style=\"opacity:0;visibility:hidden;\"><div class=\"visual_container\"><div class=\"thumb_container\"><div style=\"background-image:url(\/\/shamengo-vps1.tetedecom.pro\/wp-content\/uploads\/2011\/06\/2444.jpg)\"><\/div><\/div><div class=\"thumb_overlay_container\"><div class=\"video-tag\">Portrait<\/div><div class=\"video-duration\">02:15<\/div><\/div><\/div><div class=\"infos_container\"><div class=\"video_extra_title\" style=\"color:#f19a2e\">Christian Moullec<\/div><div class=\"video_title\">Je vole avec les oiseaux migrateurs<\/div><\/div><\/a><a href=\"https:\/\/shamengo-vps1.tetedecom.pro\/fr\/chaine-tv-s-engager-pour-les-autres\/?video_id=13721\" class=\"video-item\" style=\"opacity:0;visibility:hidden;\"><div class=\"visual_container\"><div class=\"thumb_container\"><div style=\"background-image:url(\/\/shamengo-vps1.tetedecom.pro\/wp-content\/uploads\/2011\/05\/1985.png)\"><\/div><\/div><div class=\"thumb_overlay_container\"><div class=\"video-tag\">Portrait<\/div><div class=\"video-duration\">02:15<\/div><\/div><\/div><div class=\"infos_container\"><div class=\"video_extra_title\" style=\"color:#f19a2e\">Major Ahluwalia<\/div><div class=\"video_title\">J\u2019ai cr\u00e9\u00e9 un h\u00f4pital, pour les gens paralys\u00e9s comme moi<\/div><\/div><\/a><a href=\"https:\/\/shamengo-vps1.tetedecom.pro\/fr\/chaine-tv-s-engager-pour-les-autres\/?video_id=13715\" class=\"video-item\" style=\"opacity:0;visibility:hidden;\"><div class=\"visual_container\"><div class=\"thumb_container\"><div style=\"background-image:url(\/\/shamengo-vps1.tetedecom.pro\/wp-content\/uploads\/2011\/04\/1987.png)\"><\/div><\/div><div class=\"thumb_overlay_container\"><div class=\"video-tag\">Portrait<\/div><div class=\"video-duration\">02:03<\/div><\/div><\/div><div class=\"infos_container\"><div class=\"video_extra_title\" style=\"color:#f19a2e\">Gazi Babaiarova<\/div><div class=\"video_title\">Je lutte contre l\u2019enl\u00e8vement des fianc\u00e9es<\/div><\/div><\/a>\n\t\t<\/div>\n\n\t\t<\/div>\n\t\t[\/vc_column][\/vc_row][vc_row][vc_column][vc_separator]<style type=\"text\/css\"><\/style>\n\n\t\t<div id=\"vc_so_video_list_channel_409503\" class=\"vc_so_video_list_channel  \" data-elem-id=\"409503\" data-nb_videos_per_slide=\"5\">\n\n\t\t<div class=\"section_infos\">\n\t\t<div class=\"section_title\"><h2>Les apprentis de l'\u00e9cole Shamengo<\/h2><\/div>\n\t\t<div class=\"section_link\"><a href=\"https:\/\/shamengo-vps1.tetedecom.pro\/fr\/chaine-tv-les-apprentis-ecole-shamengo\" target=\"\">TOUT REGARDER<\/a><\/div>\n\t\t\n\n\t\t<\/div>\n\n\t\t<div class=\"section_videos\" style=\"display:flex;\">\n\t\t<a href=\"https:\/\/shamengo-vps1.tetedecom.pro\/fr\/chaine-tv-les-apprentis-ecole-shamengo?video_id=87371\" class=\"video-item\" style=\"opacity:0;visibility:hidden;\"><div class=\"visual_container\"><div class=\"thumb_container\"><div style=\"background-image:url(\/\/shamengo-vps1.tetedecom.pro\/wp-content\/uploads\/2019\/03\/video-default-thumb.jpg)\"><\/div><\/div><div class=\"thumb_overlay_container\"><div class=\"video-tag\">Ev\u00e8nement<\/div><\/div><\/div><div class=\"infos_container\"><div class=\"video_title\">Video of eco-delegates from High School Fran\u00e7ois Mauriac<\/div><\/div><\/a><a href=\"https:\/\/shamengo-vps1.tetedecom.pro\/fr\/chaine-tv-les-apprentis-ecole-shamengo?video_id=82822\" class=\"video-item\" style=\"opacity:0;visibility:hidden;\"><div class=\"visual_container\"><div class=\"thumb_container\"><div style=\"background-image:url(\/\/shamengo-vps1.tetedecom.pro\/wp-content\/uploads\/2023\/03\/Chasse-aux-innovations-2-Se-loger-256x144.png)\"><\/div><\/div><div class=\"thumb_overlay_container\"><\/div><\/div><div class=\"infos_container\"><div class=\"video_title\">La chasse aux innovations avec les \u00e9co-d\u00e9l\u00e9gu\u00e9s<\/div><\/div><\/a><a href=\"https:\/\/shamengo-vps1.tetedecom.pro\/fr\/chaine-tv-les-apprentis-ecole-shamengo?video_id=69042\" class=\"video-item\" style=\"opacity:0;visibility:hidden;\"><div class=\"visual_container\"><div class=\"thumb_container\"><div style=\"background-image:url(\/\/shamengo-vps1.tetedecom.pro\/wp-content\/uploads\/2022\/01\/Capture-decran-2022-01-10-a-20.45.30-256x144.png)\"><\/div><\/div><div class=\"thumb_overlay_container\"><div class=\"video-tag\">T\u00e9moignage<\/div><div class=\"video-duration\">00:42<\/div><\/div><\/div><div class=\"infos_container\"><div class=\"video_title\">T\u00e9moignage d'H\u00e9l\u00e8ne (Promo Bonheur)<\/div><\/div><\/a><a href=\"https:\/\/shamengo-vps1.tetedecom.pro\/fr\/chaine-tv-les-apprentis-ecole-shamengo?video_id=69039\" class=\"video-item\" style=\"opacity:0;visibility:hidden;\"><div class=\"visual_container\"><div class=\"thumb_container\"><div style=\"background-image:url(\/\/shamengo-vps1.tetedecom.pro\/wp-content\/uploads\/2022\/01\/Capture-decran-2022-01-10-a-17.31.51-246x144.png)\"><\/div><\/div><div class=\"thumb_overlay_container\"><div class=\"video-tag\">T\u00e9moignage<\/div><div class=\"video-duration\">01:00<\/div><\/div><\/div><div class=\"infos_container\"><div class=\"video_title\">T\u00e9moignage de Laura (Promo Bonheur)<\/div><\/div><\/a><a href=\"https:\/\/shamengo-vps1.tetedecom.pro\/fr\/chaine-tv-les-apprentis-ecole-shamengo?video_id=66989\" class=\"video-item\" style=\"opacity:0;visibility:hidden;\"><div class=\"visual_container\"><div class=\"thumb_container\"><div style=\"background-image:url(\/\/shamengo-vps1.tetedecom.pro\/wp-content\/uploads\/2021\/10\/Temoignage-de-Pablo-Promo-Baobab-256x144.jpg)\"><\/div><\/div><div class=\"thumb_overlay_container\"><div class=\"video-duration\">01:22<\/div><\/div><\/div><div class=\"infos_container\"><div class=\"video_title\">T\u00e9moignage de Pablo (promo Baobab)<\/div><\/div><\/a><a href=\"https:\/\/shamengo-vps1.tetedecom.pro\/fr\/chaine-tv-les-apprentis-ecole-shamengo?video_id=66988\" class=\"video-item\" style=\"opacity:0;visibility:hidden;\"><div class=\"visual_container\"><div class=\"thumb_container\"><div style=\"background-image:url(\/\/shamengo-vps1.tetedecom.pro\/wp-content\/uploads\/2021\/10\/Temoignage-de-Clara-Promo-Bichons-256x144.jpg)\"><\/div><\/div><div class=\"thumb_overlay_container\"><div class=\"video-duration\">01:11<\/div><\/div><\/div><div class=\"infos_container\"><div class=\"video_title\">T\u00e9moignage de Clara (promo Bichons)<\/div><\/div><\/a><a href=\"https:\/\/shamengo-vps1.tetedecom.pro\/fr\/chaine-tv-les-apprentis-ecole-shamengo?video_id=66987\" class=\"video-item\" style=\"opacity:0;visibility:hidden;\"><div class=\"visual_container\"><div class=\"thumb_container\"><div style=\"background-image:url(\/\/shamengo-vps1.tetedecom.pro\/wp-content\/uploads\/2021\/10\/Temoignage-de-David-Promo-Blairoo-256x144.jpg)\"><\/div><\/div><div class=\"thumb_overlay_container\"><div class=\"video-duration\">01:19<\/div><\/div><\/div><div class=\"infos_container\"><div class=\"video_title\">T\u00e9moignage de David (promo Blairoo)<\/div><\/div><\/a><a href=\"https:\/\/shamengo-vps1.tetedecom.pro\/fr\/chaine-tv-les-apprentis-ecole-shamengo?video_id=65903\" class=\"video-item\" style=\"opacity:0;visibility:hidden;\"><div class=\"visual_container\"><div class=\"thumb_container\"><div style=\"background-image:url(\/\/shamengo-vps1.tetedecom.pro\/wp-content\/uploads\/2021\/10\/temoignage-caroline-abeille-256x144.jpg)\"><\/div><\/div><div class=\"thumb_overlay_container\"><div class=\"video-duration\">01:41<\/div><\/div><\/div><div class=\"infos_container\"><div class=\"video_title\">T\u00e9moignage de Caroline sur l'\u00e9cole Shamengo (promo Abeille)<\/div><\/div><\/a><a href=\"https:\/\/shamengo-vps1.tetedecom.pro\/fr\/chaine-tv-les-apprentis-ecole-shamengo?video_id=65902\" class=\"video-item\" style=\"opacity:0;visibility:hidden;\"><div class=\"visual_container\"><div class=\"thumb_container\"><div style=\"background-image:url(\/\/shamengo-vps1.tetedecom.pro\/wp-content\/uploads\/2021\/10\/temoignage-Karine-bonobo-256x144.jpg)\"><\/div><\/div><div class=\"thumb_overlay_container\"><div class=\"video-tag\">T\u00e9moignage<\/div><div class=\"video-duration\">01:05<\/div><\/div><\/div><div class=\"infos_container\"><div class=\"video_title\">T\u00e9moignage de Karine sur l'\u00e9cole Shamengo (promo Bo.No.Bo)<\/div><\/div><\/a><a href=\"https:\/\/shamengo-vps1.tetedecom.pro\/fr\/chaine-tv-les-apprentis-ecole-shamengo?video_id=57501\" class=\"video-item\" style=\"opacity:0;visibility:hidden;\"><div class=\"visual_container\"><div class=\"thumb_container\"><div style=\"background-image:url(\/\/shamengo-vps1.tetedecom.pro\/wp-content\/uploads\/2020\/11\/Capture-d\u2019e\u0301cran-2020-11-26-a\u0300-13.29.51-231x144.png)\"><\/div><\/div><div class=\"thumb_overlay_container\"><div class=\"video-tag\">T\u00e9moignage<\/div><div class=\"video-duration\">02:31<\/div><\/div><\/div><div class=\"infos_container\"><div class=\"video_title\">La premi\u00e8re promo t\u00e9moigne<\/div><\/div><\/a>\n\t\t<\/div>\n\n\t\t<\/div>\n\t\t[\/vc_column][\/vc_row][vc_row disable_element=&#8221;yes&#8221;][vc_column][vc_separator]<style type=\"text\/css\"><\/style>\n\n\t\t<div id=\"vc_so_video_list_channel_580580\" class=\"vc_so_video_list_channel  \" data-elem-id=\"580580\" data-nb_videos_per_slide=\"5\">\n\n\t\t<div class=\"section_infos\">\n\t\t<div class=\"section_title\"><h2>In Vivo Shamengo<\/h2><\/div>\n\t\t<div class=\"section_link\"><a href=\"https:\/\/shamengo-vps1.tetedecom.pro\/fr\/chaine-tv-in-vivo-shamengo\/\" target=\"\">TOUT REGARDER<\/a><\/div>\n\t\t<div class=\"section_description\">20 volontaires exp\u00e9rimentent pendant six mois un nouvel art de vivre \u00e0 la Villa Shamengo et tentent de relever le double d\u00e9fi de sauver du naufrage Homo Sapiens et trouver le bonheur en chemin.<\/div>\n\n\t\t<\/div>\n\n\t\t<div class=\"section_videos\" style=\"display:flex;\">\n\t\t<a href=\"https:\/\/shamengo-vps1.tetedecom.pro\/fr\/chaine-tv-in-vivo-shamengo\/?video_id=86322\" class=\"video-item\" style=\"opacity:0;visibility:hidden;\"><div class=\"visual_container\"><div class=\"thumb_container\"><div style=\"background-image:url(\/\/shamengo-vps1.tetedecom.pro\/wp-content\/uploads\/2023\/09\/Capture-decran-2023-10-03-a-15.17.45-256x144.png)\"><\/div><\/div><div class=\"thumb_overlay_container\"><\/div><\/div><div class=\"infos_container\"><div class=\"video_title\">Lancement du chantier de la Maison \u00c9cole Shamengo !<\/div><\/div><\/a>\n\t\t<\/div>\n\n\t\t<\/div>\n\t\t[\/vc_column][\/vc_row][vc_row][vc_column][vc_separator]<style type=\"text\/css\"><\/style>\n\n\t\t<div id=\"vc_so_video_list_channel_634850\" class=\"vc_so_video_list_channel  \" data-elem-id=\"634850\" data-nb_videos_per_slide=\"5\">\n\n\t\t<div class=\"section_infos\">\n\t\t<div class=\"section_title\"><h2>Se loger<\/h2><\/div>\n\t\t<div class=\"section_link\"><a href=\"https:\/\/shamengo-vps1.tetedecom.pro\/fr\/chaine-tv-se-loger\/\" target=\"\">TOUT REGARDER<\/a><\/div>\n\t\t\n\n\t\t<\/div>\n\n\t\t<div class=\"section_videos\" style=\"display:flex;\">\n\t\t<a href=\"https:\/\/shamengo-vps1.tetedecom.pro\/fr\/chaine-tv-se-loger\/?video_id=86464\" class=\"video-item\" style=\"opacity:0;visibility:hidden;\"><div class=\"visual_container\"><div class=\"thumb_container\"><div style=\"background-image:url(\/\/shamengo-vps1.tetedecom.pro\/wp-content\/uploads\/2019\/03\/video-default-thumb.jpg)\"><\/div><\/div><div class=\"thumb_overlay_container\"><div class=\"video-tag\">Reportage<\/div><div class=\"video-duration\">02:29<\/div><\/div><\/div><div class=\"infos_container\"><div class=\"video_title\">Philippe Ouaki Di Giorno - Skyverde<\/div><\/div><\/a><a href=\"https:\/\/shamengo-vps1.tetedecom.pro\/fr\/chaine-tv-se-loger\/?video_id=82241\" class=\"video-item\" style=\"opacity:0;visibility:hidden;\"><div class=\"visual_container\"><div class=\"thumb_container\"><div style=\"background-image:url(\/\/shamengo-vps1.tetedecom.pro\/wp-content\/uploads\/2023\/03\/Olivier-Joffre-GP-234x144.png)\"><\/div><\/div><div class=\"thumb_overlay_container\"><div class=\"video-tag\">Portrait<\/div><div class=\"video-duration\">02:43<\/div><\/div><\/div><div class=\"infos_container\"><div class=\"video_extra_title\" style=\"color:#95c030\">Olivier Joffre<\/div><div class=\"video_title\">Je bloque naturellement vos remont\u00e9es capillaires<\/div><\/div><\/a><a href=\"https:\/\/shamengo-vps1.tetedecom.pro\/fr\/chaine-tv-se-loger\/?video_id=81550\" class=\"video-item\" style=\"opacity:0;visibility:hidden;\"><div class=\"visual_container\"><div class=\"thumb_container\"><div style=\"background-image:url(\/\/shamengo-vps1.tetedecom.pro\/wp-content\/uploads\/2023\/02\/La-chasse-aux-innovations-pdf.jpg)\"><\/div><\/div><div class=\"thumb_overlay_container\"><\/div><\/div><div class=\"infos_container\"><div class=\"video_title\">La chasse aux innovations<\/div><\/div><\/a><a href=\"https:\/\/shamengo-vps1.tetedecom.pro\/fr\/chaine-tv-se-loger\/?video_id=80190\" class=\"video-item\" style=\"opacity:0;visibility:hidden;\"><div class=\"visual_container\"><div class=\"thumb_container\"><div style=\"background-image:url(\/\/shamengo-vps1.tetedecom.pro\/wp-content\/uploads\/2023\/01\/Photo-Patrick-Blanc-pour-site-256x144.jpeg)\"><\/div><\/div><div class=\"thumb_overlay_container\"><div class=\"video-tag\">Portrait<\/div><div class=\"video-duration\">02:56<\/div><\/div><\/div><div class=\"infos_container\"><div class=\"video_extra_title\" style=\"color:#95c030\">Patrick Blanc<\/div><div class=\"video_title\">J'ai invent\u00e9 le mur v\u00e9g\u00e9tal<\/div><\/div><\/a><a href=\"https:\/\/shamengo-vps1.tetedecom.pro\/fr\/chaine-tv-se-loger\/?video_id=78963\" class=\"video-item\" style=\"opacity:0;visibility:hidden;\"><div class=\"visual_container\"><div class=\"thumb_container\"><div style=\"background-image:url(\/\/shamengo-vps1.tetedecom.pro\/wp-content\/uploads\/2022\/12\/Junior-Fritz-Jacquet-256x144.png)\"><\/div><\/div><div class=\"thumb_overlay_container\"><div class=\"video-tag\">Portrait<\/div><div class=\"video-duration\">02:31<\/div><\/div><\/div><div class=\"infos_container\"><div class=\"video_extra_title\" style=\"color:#25bced\">Junior Fritz Jacquet<\/div><div class=\"video_title\">Je sculpte du papier sulfuris\u00e9 en luminaire<\/div><\/div><\/a><a href=\"https:\/\/shamengo-vps1.tetedecom.pro\/fr\/chaine-tv-se-loger\/?video_id=78784\" class=\"video-item\" style=\"opacity:0;visibility:hidden;\"><div class=\"visual_container\"><div class=\"thumb_container\"><div style=\"background-image:url(\/\/shamengo-vps1.tetedecom.pro\/wp-content\/uploads\/2022\/12\/Nigel-Stanfield-Gros-plan-2-256x144.jpg)\"><\/div><\/div><div class=\"thumb_overlay_container\"><div class=\"video-tag\">Portrait<\/div><div class=\"video-duration\">02:32<\/div><\/div><\/div><div class=\"infos_container\"><div class=\"video_extra_title\" style=\"color:#cc096c\">Nigel Stansfield<\/div><div class=\"video_title\">Nigel Stanfield - Interface<\/div><\/div><\/a><a href=\"https:\/\/shamengo-vps1.tetedecom.pro\/fr\/chaine-tv-se-loger\/?video_id=73505\" class=\"video-item\" style=\"opacity:0;visibility:hidden;\"><div class=\"visual_container\"><div class=\"thumb_container\"><div style=\"background-image:url(\/\/shamengo-vps1.tetedecom.pro\/wp-content\/uploads\/2022\/06\/photo-16-9-RondCarre-scaled-e1660740419124-256x92.jpg)\"><\/div><\/div><div class=\"thumb_overlay_container\"><div class=\"video-tag\">Portrait<\/div><div class=\"video-duration\">02:35<\/div><\/div><\/div><div class=\"infos_container\"><div class=\"video_extra_title\" style=\"color:#cc096c\">Cyrille Mazet Benoit Dervieux<\/div><div class=\"video_title\">La construction de vos escaliers devient un jeu d'enfant gr\u00e2ce \u00e0 nous<\/div><\/div><\/a><a href=\"https:\/\/shamengo-vps1.tetedecom.pro\/fr\/chaine-tv-se-loger\/?video_id=71813\" class=\"video-item\" style=\"opacity:0;visibility:hidden;\"><div class=\"visual_container\"><div class=\"thumb_container\"><div style=\"background-image:url(\/\/shamengo-vps1.tetedecom.pro\/wp-content\/uploads\/2022\/04\/Paul-Morey-16-9-2-scaled-e1649682436712-256x94.jpg)\"><\/div><\/div><div class=\"thumb_overlay_container\"><div class=\"video-tag\">Portrait<\/div><div class=\"video-duration\">02:36<\/div><\/div><\/div><div class=\"infos_container\"><div class=\"video_extra_title\" style=\"color:#cc096c\">Paul Morey<\/div><div class=\"video_title\">Mon radiateur s'inspire du soleil<\/div><\/div><\/a><a href=\"https:\/\/shamengo-vps1.tetedecom.pro\/fr\/chaine-tv-se-loger\/?video_id=70320\" class=\"video-item\" style=\"opacity:0;visibility:hidden;\"><div class=\"visual_container\"><div class=\"thumb_container\"><div style=\"background-image:url(\/\/shamengo-vps1.tetedecom.pro\/wp-content\/uploads\/2022\/02\/Joaquim_Hasch-256x142.png)\"><\/div><\/div><div class=\"thumb_overlay_container\"><div class=\"video-tag\">Portrait<\/div><div class=\"video-duration\">02:27<\/div><\/div><\/div><div class=\"infos_container\"><div class=\"video_extra_title\" style=\"color:#95c030\">Joaquim Hasch<\/div><div class=\"video_title\">J'ai mis au point un agglom\u00e9r\u00e9 100% biosourc\u00e9<\/div><\/div><\/a><a href=\"https:\/\/shamengo-vps1.tetedecom.pro\/fr\/chaine-tv-se-loger\/?video_id=68966\" class=\"video-item\" style=\"opacity:0;visibility:hidden;\"><div class=\"visual_container\"><div class=\"thumb_container\"><div style=\"background-image:url(\/\/shamengo-vps1.tetedecom.pro\/wp-content\/uploads\/2022\/01\/Photo-Ulysse-16_9-pour-site-SO-e1641377576831-256x94.jpg)\"><\/div><\/div><div class=\"thumb_overlay_container\"><div class=\"video-tag\">Portrait<\/div><div class=\"video-duration\">02:25<\/div><\/div><\/div><div class=\"infos_container\"><div class=\"video_extra_title\" style=\"color:#95c030\">Ulysse Hellouin<\/div><div class=\"video_title\">Nous fabriquons des mat\u00e9riaux avec les biod\u00e9chets urbains<\/div><\/div><\/a><a href=\"https:\/\/shamengo-vps1.tetedecom.pro\/fr\/chaine-tv-se-loger\/?video_id=67841\" class=\"video-item\" style=\"opacity:0;visibility:hidden;\"><div class=\"visual_container\"><div class=\"thumb_container\"><div style=\"background-image:url(\/\/shamengo-vps1.tetedecom.pro\/wp-content\/uploads\/2021\/12\/Visuel-Pionnier-Michael-Stausholm-e1639479119546-256x98.png)\"><\/div><\/div><div class=\"thumb_overlay_container\"><div class=\"video-duration\">02:28<\/div><\/div><\/div><div class=\"infos_container\"><div class=\"video_extra_title\" style=\"color:#cc096c\">Michael Stausholm<\/div><div class=\"video_title\">Mes crayons \u00e0 papier font pousser des plantes<\/div><\/div><\/a><a href=\"https:\/\/shamengo-vps1.tetedecom.pro\/fr\/chaine-tv-se-loger\/?video_id=62415\" class=\"video-item\" style=\"opacity:0;visibility:hidden;\"><div class=\"visual_container\"><div class=\"thumb_container\"><div style=\"background-image:url(\/\/shamengo-vps1.tetedecom.pro\/wp-content\/uploads\/2021\/07\/OLIKROM-VIDEO-256x94.jpg)\"><\/div><\/div><div class=\"thumb_overlay_container\"><div class=\"video-tag\">Portrait<\/div><div class=\"video-duration\">02:38<\/div><\/div><\/div><div class=\"infos_container\"><div class=\"video_extra_title\" style=\"color:#95c030\">Jean-Fran\u00e7ois L\u00e9tard<\/div><div class=\"video_title\">Ma peinture fait briller le soleil jusqu\u2019au bout de la nuit<\/div><\/div><\/a><a href=\"https:\/\/shamengo-vps1.tetedecom.pro\/fr\/chaine-tv-se-loger\/?video_id=62403\" class=\"video-item\" style=\"opacity:0;visibility:hidden;\"><div class=\"visual_container\"><div class=\"thumb_container\"><div style=\"background-image:url(\/\/shamengo-vps1.tetedecom.pro\/wp-content\/uploads\/2021\/07\/wanderdries-video-256x94.jpg)\"><\/div><\/div><div class=\"thumb_overlay_container\"><div class=\"video-tag\">Portrait<\/div><div class=\"video-duration\">02:55<\/div><\/div><\/div><div class=\"infos_container\"><div class=\"video_extra_title\" style=\"color:#95c030\">Fran\u00e7ois Waendendries<\/div><div class=\"video_title\">Mon liant permet de fabriquer des pierres \u00e0 froid, comme dans la nature<\/div><\/div><\/a><a href=\"https:\/\/shamengo-vps1.tetedecom.pro\/fr\/chaine-tv-se-loger\/?video_id=60142\" class=\"video-item\" style=\"opacity:0;visibility:hidden;\"><div class=\"visual_container\"><div class=\"thumb_container\"><div style=\"background-image:url(\/\/shamengo-vps1.tetedecom.pro\/wp-content\/uploads\/2021\/03\/Tony-Toniutti-16-9--256x144.png)\"><\/div><\/div><div class=\"thumb_overlay_container\"><div class=\"video-tag\">Portrait<\/div><div class=\"video-duration\">02:31<\/div><\/div><\/div><div class=\"infos_container\"><div class=\"video_extra_title\" style=\"color:#95c030\">Thierry Toniutti<\/div><div class=\"video_title\">Je r\u00e9cup\u00e8re vos journaux pour en faire un isolant tr\u00e8s performant<\/div><\/div><\/a><a href=\"https:\/\/shamengo-vps1.tetedecom.pro\/fr\/chaine-tv-se-loger\/?video_id=59971\" class=\"video-item\" style=\"opacity:0;visibility:hidden;\"><div class=\"visual_container\"><div class=\"thumb_container\"><div style=\"background-image:url(\/\/shamengo-vps1.tetedecom.pro\/wp-content\/uploads\/2021\/03\/unnamed-254x144.png)\"><\/div><\/div><div class=\"thumb_overlay_container\"><div class=\"video-tag\">Portrait<\/div><div class=\"video-duration\">03:00<\/div><\/div><\/div><div class=\"infos_container\"><div class=\"video_extra_title\" style=\"color:#95c030\">Lo\u00efc Barbot et Jean-Fran\u00e7ois Paradeise<\/div><div class=\"video_title\">Int\u00e9grez une batterie chauffante ou refroidissante \u00e0 vos murs, gr\u00e2ce \u00e0 notre peinture r\u00e9volutionnaire<\/div><\/div><\/a><a href=\"https:\/\/shamengo-vps1.tetedecom.pro\/fr\/chaine-tv-se-loger\/?video_id=51767\" class=\"video-item\" style=\"opacity:0;visibility:hidden;\"><div class=\"visual_container\"><div class=\"thumb_container\"><div style=\"background-image:url(\/\/shamengo-vps1.tetedecom.pro\/wp-content\/uploads\/2019\/12\/unnamed-2-256x144.jpg)\"><\/div><\/div><div class=\"thumb_overlay_container\"><div class=\"video-tag\">Portrait<\/div><div class=\"video-duration\">02:28<\/div><\/div><\/div><div class=\"infos_container\"><div class=\"video_extra_title\" style=\"color:#95c030\">Alexandra Neyroud<\/div><div class=\"video_title\">Nous rendons \u00e0 la terre ce qu'elle vous a donn\u00e9, en r\u00e9cup\u00e9rant \u00e0 domicile vos biod\u00e9chets<\/div><\/div><\/a><a href=\"https:\/\/shamengo-vps1.tetedecom.pro\/fr\/chaine-tv-se-loger\/?video_id=51758\" class=\"video-item\" style=\"opacity:0;visibility:hidden;\"><div class=\"visual_container\"><div class=\"thumb_container\"><div style=\"background-image:url(\/\/shamengo-vps1.tetedecom.pro\/wp-content\/uploads\/2021\/03\/DUPONCHEL-1063X604-254x144.jpg)\"><\/div><\/div><div class=\"thumb_overlay_container\"><div class=\"video-tag\">Portrait<\/div><div class=\"video-duration\">02:34<\/div><\/div><\/div><div class=\"infos_container\"><div class=\"video_extra_title\" style=\"color:#95c030\">pierre duponchel<\/div><div class=\"video_title\">J'utilise vos vieux jeans pour isoler vos maisons<\/div><\/div><\/a><a href=\"https:\/\/shamengo-vps1.tetedecom.pro\/fr\/chaine-tv-se-loger\/?video_id=14484\" class=\"video-item\" style=\"opacity:0;visibility:hidden;\"><div class=\"visual_container\"><div class=\"thumb_container\"><div style=\"background-image:url(\/\/shamengo-vps1.tetedecom.pro\/wp-content\/uploads\/2014\/09\/3757.jpg)\"><\/div><\/div><div class=\"thumb_overlay_container\"><div class=\"video-tag\">Portrait<\/div><div class=\"video-duration\">02:29<\/div><\/div><\/div><div class=\"infos_container\"><div class=\"video_extra_title\" style=\"color:#95c030\">Philippe Ouaki di Giorno<\/div><div class=\"video_title\">Mon eau s\u00e8che reverdit les d\u00e9serts<\/div><\/div><\/a><a href=\"https:\/\/shamengo-vps1.tetedecom.pro\/fr\/chaine-tv-se-loger\/?video_id=4462\" class=\"video-item\" style=\"opacity:0;visibility:hidden;\"><div class=\"visual_container\"><div class=\"thumb_container\"><div style=\"background-image:url(\/\/shamengo-vps1.tetedecom.pro\/wp-content\/uploads\/2011\/04\/2454.jpg)\"><\/div><\/div><div class=\"thumb_overlay_container\"><div class=\"video-tag\">Portrait<\/div><div class=\"video-duration\">02:04<\/div><\/div><\/div><div class=\"infos_container\"><div class=\"video_extra_title\" style=\"color:#cc096c\">Philippe Brousseau<\/div><div class=\"video_title\">Les statues que je sculpte ne p\u00e8sent que quelques grammes<\/div><\/div><\/a>\n\t\t<\/div>\n\n\t\t<\/div>\n\t\t[\/vc_column][\/vc_row][vc_row][vc_column][vc_separator]<style type=\"text\/css\"><\/style>\n\n\t\t<div id=\"vc_so_video_list_channel_909486\" class=\"vc_so_video_list_channel  \" data-elem-id=\"909486\" data-nb_videos_per_slide=\"5\">\n\n\t\t<div class=\"section_infos\">\n\t\t<div class=\"section_title\"><h2>Shamengo Events<\/h2><\/div>\n\t\t<div class=\"section_link\"><a href=\"https:\/\/shamengo-vps1.tetedecom.pro\/fr\/chaine-tv-shamengo-events\/\" target=\"\">TOUT REGARDER<\/a><\/div>\n\t\t<div class=\"section_description\">Plongez par curiosit\u00e9 ou nostalgie dans l\u2019histoire de Shamengo et laissez-vous porter par le petit grain de folie qui irrigue une grande partie des \u00e9v\u00e8nements que nous organisons.<\/div>\n\n\t\t<\/div>\n\n\t\t<div class=\"section_videos\" style=\"display:flex;\">\n\t\t<a href=\"https:\/\/shamengo-vps1.tetedecom.pro\/fr\/chaine-tv-shamengo-events\/?video_id=90403\" class=\"video-item\" style=\"opacity:0;visibility:hidden;\"><div class=\"visual_container\"><div class=\"thumb_container\"><div style=\"background-image:url(\/\/shamengo-vps1.tetedecom.pro\/wp-content\/uploads\/2024\/03\/Evenement-Region-24-Janvier-2024-192x144.jpg)\"><\/div><\/div><div class=\"thumb_overlay_container\"><div class=\"video-tag\">Ev\u00e8nement<\/div><\/div><\/div><div class=\"infos_container\"><div class=\"video_title\">\u00c0 la d\u00e9couverte des innovations durables pour \u00e9co-r\u00e9nover le foncier de la Nouvelle-Aquitaine<\/div><\/div><\/a><a href=\"https:\/\/shamengo-vps1.tetedecom.pro\/fr\/chaine-tv-shamengo-events\/?video_id=87371\" class=\"video-item\" style=\"opacity:0;visibility:hidden;\"><div class=\"visual_container\"><div class=\"thumb_container\"><div style=\"background-image:url(\/\/shamengo-vps1.tetedecom.pro\/wp-content\/uploads\/2019\/03\/video-default-thumb.jpg)\"><\/div><\/div><div class=\"thumb_overlay_container\"><div class=\"video-tag\">Ev\u00e8nement<\/div><\/div><\/div><div class=\"infos_container\"><div class=\"video_title\">Video of eco-delegates from High School Fran\u00e7ois Mauriac<\/div><\/div><\/a><a href=\"https:\/\/shamengo-vps1.tetedecom.pro\/fr\/chaine-tv-shamengo-events\/?video_id=84500\" class=\"video-item\" style=\"opacity:0;visibility:hidden;\"><div class=\"visual_container\"><div class=\"thumb_container\"><div style=\"background-image:url(\/\/shamengo-vps1.tetedecom.pro\/wp-content\/uploads\/2019\/03\/video-default-thumb.jpg)\"><\/div><\/div><div class=\"thumb_overlay_container\"><\/div><\/div><div class=\"infos_container\"><div class=\"video_title\">Pr\u00e9sentation des \u00e9co-d\u00e9l\u00e9gu\u00e9s du module Se loger<\/div><\/div><\/a><a href=\"https:\/\/shamengo-vps1.tetedecom.pro\/fr\/chaine-tv-shamengo-events\/?video_id=84497\" class=\"video-item\" style=\"opacity:0;visibility:hidden;\"><div class=\"visual_container\"><div class=\"thumb_container\"><div style=\"background-image:url(\/\/shamengo-vps1.tetedecom.pro\/wp-content\/uploads\/2023\/05\/Booster-son-ecocitoyennete-couverture-256x144.jpg)\"><\/div><\/div><div class=\"thumb_overlay_container\"><\/div><\/div><div class=\"infos_container\"><div class=\"video_title\">Booster son \u00e9cocitoyennet\u00e9 \u00e0 travers 8 activit\u00e9s de la vie quotidienne<\/div><\/div><\/a><a href=\"https:\/\/shamengo-vps1.tetedecom.pro\/fr\/chaine-tv-shamengo-events\/?video_id=83217\" class=\"video-item\" style=\"opacity:0;visibility:hidden;\"><div class=\"visual_container\"><div class=\"thumb_container\"><div style=\"background-image:url(\/\/shamengo-vps1.tetedecom.pro\/wp-content\/uploads\/2023\/04\/Greentour-avec-les-eco-delegues-e1680629368426-256x103.png)\"><\/div><\/div><div class=\"thumb_overlay_container\"><div class=\"video-tag\">Ev\u00e8nement<\/div><\/div><\/div><div class=\"infos_container\"><div class=\"video_title\">Greentour avec les \u00e9co-d\u00e9l\u00e9gu\u00e9s du lyc\u00e9e Fran\u00e7ois Mauriac<\/div><\/div><\/a><a href=\"https:\/\/shamengo-vps1.tetedecom.pro\/fr\/chaine-tv-shamengo-events\/?video_id=83093\" class=\"video-item\" style=\"opacity:0;visibility:hidden;\"><div class=\"visual_container\"><div class=\"thumb_container\"><div style=\"background-image:url(\/\/shamengo-vps1.tetedecom.pro\/wp-content\/uploads\/2023\/03\/Latelier-shamengo-256x144.png)\"><\/div><\/div><div class=\"thumb_overlay_container\"><div class=\"video-tag\">Ev\u00e8nement<\/div><div class=\"video-duration\">00:49<\/div><\/div><\/div><div class=\"infos_container\"><div class=\"video_title\">Trailer de l'atelier shamengo<\/div><\/div><\/a><a href=\"https:\/\/shamengo-vps1.tetedecom.pro\/fr\/chaine-tv-shamengo-events\/?video_id=80574\" class=\"video-item\" style=\"opacity:0;visibility:hidden;\"><div class=\"visual_container\"><div class=\"thumb_container\"><div style=\"background-image:url(\/\/shamengo-vps1.tetedecom.pro\/wp-content\/uploads\/2023\/01\/Booster-votre-ecocitoyennete-256x144.png)\"><\/div><\/div><div class=\"thumb_overlay_container\"><\/div><\/div><div class=\"infos_container\"><div class=\"video_title\">Introduction pour Booster son \u00e9cocitoyennet\u00e9<\/div><\/div><\/a><a href=\"https:\/\/shamengo-vps1.tetedecom.pro\/fr\/chaine-tv-shamengo-events\/?video_id=80565\" class=\"video-item\" style=\"opacity:0;visibility:hidden;\"><div class=\"visual_container\"><div class=\"thumb_container\"><div style=\"background-image:url(\/\/shamengo-vps1.tetedecom.pro\/wp-content\/uploads\/2023\/01\/Capture-decran-2023-01-17-a-23.26.11-256x144.png)\"><\/div><\/div><div class=\"thumb_overlay_container\"><div class=\"video-tag\">T\u00e9moignage<\/div><\/div><\/div><div class=\"infos_container\"><div class=\"video_title\">Atelier Se loger avec les lyc\u00e9ens de Fran\u00e7ois Mauriac<\/div><\/div><\/a><a href=\"https:\/\/shamengo-vps1.tetedecom.pro\/fr\/chaine-tv-shamengo-events\/?video_id=80524\" class=\"video-item\" style=\"opacity:0;visibility:hidden;\"><div class=\"visual_container\"><div class=\"thumb_container\"><div style=\"background-image:url(\/\/shamengo-vps1.tetedecom.pro\/wp-content\/uploads\/2023\/01\/Capture-decran-2023-01-17-a-23.16.57-256x129.png)\"><\/div><\/div><div class=\"thumb_overlay_container\"><div class=\"video-tag\">T\u00e9moignage<\/div><\/div><\/div><div class=\"infos_container\"><div class=\"video_title\">Atelier \u00e9cocitoyen au Lyc\u00e9e Fran\u00e7ois Mauriac<\/div><\/div><\/a><a href=\"https:\/\/shamengo-vps1.tetedecom.pro\/fr\/chaine-tv-shamengo-events\/?video_id=65903\" class=\"video-item\" style=\"opacity:0;visibility:hidden;\"><div class=\"visual_container\"><div class=\"thumb_container\"><div style=\"background-image:url(\/\/shamengo-vps1.tetedecom.pro\/wp-content\/uploads\/2021\/10\/temoignage-caroline-abeille-256x144.jpg)\"><\/div><\/div><div class=\"thumb_overlay_container\"><div class=\"video-duration\">01:41<\/div><\/div><\/div><div class=\"infos_container\"><div class=\"video_title\">T\u00e9moignage de Caroline sur l'\u00e9cole Shamengo (promo Abeille)<\/div><\/div><\/a><a href=\"https:\/\/shamengo-vps1.tetedecom.pro\/fr\/chaine-tv-shamengo-events\/?video_id=65902\" class=\"video-item\" style=\"opacity:0;visibility:hidden;\"><div class=\"visual_container\"><div class=\"thumb_container\"><div style=\"background-image:url(\/\/shamengo-vps1.tetedecom.pro\/wp-content\/uploads\/2021\/10\/temoignage-Karine-bonobo-256x144.jpg)\"><\/div><\/div><div class=\"thumb_overlay_container\"><div class=\"video-tag\">T\u00e9moignage<\/div><div class=\"video-duration\">01:05<\/div><\/div><\/div><div class=\"infos_container\"><div class=\"video_title\">T\u00e9moignage de Karine sur l'\u00e9cole Shamengo (promo Bo.No.Bo)<\/div><\/div><\/a><a href=\"https:\/\/shamengo-vps1.tetedecom.pro\/fr\/chaine-tv-shamengo-events\/?video_id=62112\" class=\"video-item\" style=\"opacity:0;visibility:hidden;\"><div class=\"visual_container\"><div class=\"thumb_container\"><div style=\"background-image:url(\/\/shamengo-vps1.tetedecom.pro\/wp-content\/uploads\/2021\/06\/50-nuances-de-vert-bandeau-256x94.jpg)\"><\/div><\/div><div class=\"thumb_overlay_container\"><div class=\"video-tag\">Reportage<\/div><div class=\"video-duration\">51:44<\/div><\/div><\/div><div class=\"infos_container\"><div class=\"video_title\">Bordeaux, 50 nuances de vert<\/div><\/div><\/a><a href=\"https:\/\/shamengo-vps1.tetedecom.pro\/fr\/chaine-tv-shamengo-events\/?video_id=58103\" class=\"video-item\" style=\"opacity:0;visibility:hidden;\"><div class=\"visual_container\"><div class=\"thumb_container\"><div style=\"background-image:url(\/\/shamengo-vps1.tetedecom.pro\/wp-content\/uploads\/2021\/01\/presentation-ok-256x144.jpg)\"><\/div><\/div><div class=\"thumb_overlay_container\"><div class=\"video-duration\">03:15<\/div><\/div><\/div><div class=\"infos_container\"><div class=\"video_title\">Pr\u00e9sentation de l'\u00e9cole Shamengo<\/div><\/div><\/a><a href=\"https:\/\/shamengo-vps1.tetedecom.pro\/fr\/chaine-tv-shamengo-events\/?video_id=58003\" class=\"video-item\" style=\"opacity:0;visibility:hidden;\"><div class=\"visual_container\"><div class=\"thumb_container\"><div style=\"background-image:url(\/\/shamengo-vps1.tetedecom.pro\/wp-content\/uploads\/2020\/12\/salut-les-bichons-256x144.jpg)\"><\/div><\/div><div class=\"thumb_overlay_container\"><div class=\"video-duration\">03:26<\/div><\/div><\/div><div class=\"infos_container\"><div class=\"video_title\">Le kit d'initiation de l'\u00e9cole Shamengo par \"Salut les Bichons\"<\/div><\/div><\/a><a href=\"https:\/\/shamengo-vps1.tetedecom.pro\/fr\/chaine-tv-shamengo-events\/?video_id=51046\" class=\"video-item\" style=\"opacity:0;visibility:hidden;\"><div class=\"visual_container\"><div class=\"thumb_container\"><div style=\"background-image:url(\/\/shamengo-vps1.tetedecom.pro\/wp-content\/uploads\/2019\/10\/FireShot-Capture-166-VOD-Video_collecte_ONGCONSEIL.mp4-shamengo.streameo.tv_-256x144.png)\"><\/div><\/div><div class=\"thumb_overlay_container\"><div class=\"video-tag\">T\u00e9moignage<\/div><div class=\"video-duration\">03:40<\/div><\/div><\/div><div class=\"infos_container\"><div class=\"video_title\">\" Shamengo, vous connaissez ? \"<\/div><\/div><\/a><a href=\"https:\/\/shamengo-vps1.tetedecom.pro\/fr\/chaine-tv-shamengo-events\/?video_id=50410\" class=\"video-item\" style=\"opacity:0;visibility:hidden;\"><div class=\"visual_container\"><div class=\"thumb_container\"><div style=\"background-image:url(\/\/shamengo-vps1.tetedecom.pro\/wp-content\/uploads\/2019\/03\/video-default-thumb.jpg)\"><\/div><\/div><div class=\"thumb_overlay_container\"><div class=\"video-duration\">01:52<\/div><\/div><\/div><div class=\"infos_container\"><div class=\"video_title\">Ateliers DIY avec les Ambassadeurs de l'innovation SNCF R\u00e9seau<\/div><\/div><\/a><a href=\"https:\/\/shamengo-vps1.tetedecom.pro\/fr\/chaine-tv-shamengo-events\/?video_id=48831\" class=\"video-item\" style=\"opacity:0;visibility:hidden;\"><div class=\"visual_container\"><div class=\"thumb_container\"><div style=\"background-image:url(\/\/shamengo-vps1.tetedecom.pro\/wp-content\/uploads\/2019\/06\/barri\u00e8res-256x135.png)\"><\/div><\/div><div class=\"thumb_overlay_container\"><div class=\"video-tag\">Ev\u00e8nement<\/div><div class=\"video-duration\">00:25<\/div><\/div><\/div><div class=\"infos_container\"><div class=\"video_title\">Pose des barri\u00e8res du chantier Villa Shamengo<\/div><\/div><\/a><a href=\"https:\/\/shamengo-vps1.tetedecom.pro\/fr\/chaine-tv-shamengo-events\/?video_id=48669\" class=\"video-item\" style=\"opacity:0;visibility:hidden;\"><div class=\"visual_container\"><div class=\"thumb_container\"><div style=\"background-image:url(\/\/shamengo-vps1.tetedecom.pro\/wp-content\/uploads\/2019\/06\/vignette-video-5-juin-216x144.jpg)\"><\/div><\/div><div class=\"thumb_overlay_container\"><div class=\"video-tag\">Ev\u00e8nement<\/div><div class=\"video-duration\">03:35<\/div><\/div><\/div><div class=\"infos_container\"><div class=\"video_title\">Pose de la \"premi\u00e8re pierre\" de la villa Shamengo<\/div><\/div><\/a><a href=\"https:\/\/shamengo-vps1.tetedecom.pro\/fr\/chaine-tv-shamengo-events\/?video_id=48687\" class=\"video-item\" style=\"opacity:0;visibility:hidden;\"><div class=\"visual_container\"><div class=\"thumb_container\"><div style=\"background-image:url(\/\/shamengo-vps1.tetedecom.pro\/wp-content\/uploads\/2019\/06\/vignette-256x144.jpg)\"><\/div><\/div><div class=\"thumb_overlay_container\"><div class=\"video-tag\">Ev\u00e8nement<\/div><div class=\"video-duration\">01:25<\/div><\/div><\/div><div class=\"infos_container\"><div class=\"video_title\">Une premi\u00e8re mondiale<\/div><\/div><\/a><a href=\"https:\/\/shamengo-vps1.tetedecom.pro\/fr\/chaine-tv-shamengo-events\/?video_id=47599\" class=\"video-item\" style=\"opacity:0;visibility:hidden;\"><div class=\"visual_container\"><div class=\"thumb_container\"><div style=\"background-image:url(\/\/shamengo-vps1.tetedecom.pro\/wp-content\/uploads\/2019\/04\/Capture-de\u0301cran-2019-04-14-22.00.31-254x144.png)\"><\/div><\/div><div class=\"thumb_overlay_container\"><div class=\"video-tag\">Ev\u00e8nement<\/div><div class=\"video-duration\">02:08<\/div><\/div><\/div><div class=\"infos_container\"><div class=\"video_title\">Clip Villa Shamengo COP 21<\/div><\/div><\/a><a href=\"https:\/\/shamengo-vps1.tetedecom.pro\/fr\/chaine-tv-shamengo-events\/?video_id=47584\" class=\"video-item\" style=\"opacity:0;visibility:hidden;\"><div class=\"visual_container\"><div class=\"thumb_container\"><div style=\"background-image:url(\/\/shamengo-vps1.tetedecom.pro\/wp-content\/uploads\/2019\/04\/Capture-de\u0301cran-2019-04-14-21.42.59-256x138.jpg)\"><\/div><\/div><div class=\"thumb_overlay_container\"><div class=\"video-tag\">Ev\u00e8nement<\/div><div class=\"video-duration\">05:22<\/div><\/div><\/div><div class=\"infos_container\"><div class=\"video_title\">Clip Villa Shamengo \u00e0 Bordeaux<\/div><\/div><\/a><a href=\"https:\/\/shamengo-vps1.tetedecom.pro\/fr\/chaine-tv-shamengo-events\/?video_id=47579\" class=\"video-item\" style=\"opacity:0;visibility:hidden;\"><div class=\"visual_container\"><div class=\"thumb_container\"><div style=\"background-image:url(\/\/shamengo-vps1.tetedecom.pro\/wp-content\/uploads\/2019\/04\/p3Xp0cchCNE-mqdefault-256x144.jpg)\"><\/div><\/div><div class=\"thumb_overlay_container\"><div class=\"video-tag\">Ev\u00e8nement<\/div><div class=\"video-duration\">02:52<\/div><\/div><\/div><div class=\"infos_container\"><div class=\"video_title\">La Nuit du Clean Tag<\/div><\/div><\/a><a href=\"https:\/\/shamengo-vps1.tetedecom.pro\/fr\/chaine-tv-shamengo-events\/?video_id=47063\" class=\"video-item\" style=\"opacity:0;visibility:hidden;\"><div class=\"visual_container\"><div class=\"thumb_container\"><div style=\"background-image:url(\/\/shamengo-vps1.tetedecom.pro\/wp-content\/uploads\/2019\/04\/yt7z2V5xRVE-mqdefault-256x144.jpg)\"><\/div><\/div><div class=\"thumb_overlay_container\"><div class=\"video-tag\">Partenariat<\/div><div class=\"video-duration\">01:46<\/div><\/div><\/div><div class=\"infos_container\"><div class=\"video_title\">ESD & Ecole de Cond\u00e9 - Projet Peinture v\u00e9g\u00e9tale pour Villa Shamengo<\/div><\/div><\/a><a href=\"https:\/\/shamengo-vps1.tetedecom.pro\/fr\/chaine-tv-shamengo-events\/?video_id=47062\" class=\"video-item\" style=\"opacity:0;visibility:hidden;\"><div class=\"visual_container\"><div class=\"thumb_container\"><div style=\"background-image:url(\/\/shamengo-vps1.tetedecom.pro\/wp-content\/uploads\/2019\/04\/3_rMc_SUC3A-mqdefault-256x144.jpg)\"><\/div><\/div><div class=\"thumb_overlay_container\"><div class=\"video-tag\">Partenariat<\/div><div class=\"video-duration\">01:25<\/div><\/div><\/div><div class=\"infos_container\"><div class=\"video_title\">ESD & Ecole de Cond\u00e9 - Projet Bistrot pour Villa Shamengo<\/div><\/div><\/a><a href=\"https:\/\/shamengo-vps1.tetedecom.pro\/fr\/chaine-tv-shamengo-events\/?video_id=47055\" class=\"video-item\" style=\"opacity:0;visibility:hidden;\"><div class=\"visual_container\"><div class=\"thumb_container\"><div style=\"background-image:url(\/\/shamengo-vps1.tetedecom.pro\/wp-content\/uploads\/2019\/04\/e8Pl52LodIE-mqdefault-256x144.jpg)\"><\/div><\/div><div class=\"thumb_overlay_container\"><div class=\"video-tag\">Partenariat<\/div><div class=\"video-duration\">02:35<\/div><\/div><\/div><div class=\"infos_container\"><div class=\"video_title\">ESD & Ecole de Cond\u00e9 - Projet Make&Go pour Villa Shamengo<\/div><\/div><\/a><a href=\"https:\/\/shamengo-vps1.tetedecom.pro\/fr\/chaine-tv-shamengo-events\/?video_id=39924\" class=\"video-item\" style=\"opacity:0;visibility:hidden;\"><div class=\"visual_container\"><div class=\"thumb_container\"><div style=\"background-image:url(\/\/shamengo-vps1.tetedecom.pro\/wp-content\/uploads\/2019\/02\/512_2.jpg)\"><\/div><\/div><div class=\"thumb_overlay_container\"><div class=\"video-duration\">01:02<\/div><\/div><\/div><div class=\"infos_container\"><div class=\"video_title\">COP21 - Rejoignez l'aventure Shamengo<\/div><\/div><\/a><a href=\"https:\/\/shamengo-vps1.tetedecom.pro\/fr\/chaine-tv-shamengo-events\/?video_id=39915\" class=\"video-item\" style=\"opacity:0;visibility:hidden;\"><div class=\"visual_container\"><div class=\"thumb_container\"><div style=\"background-image:url(\/\/shamengo-vps1.tetedecom.pro\/wp-content\/uploads\/2019\/03\/mqdefault-256x144.jpg)\"><\/div><\/div><div class=\"thumb_overlay_container\"><div class=\"video-duration\">02:33<\/div><\/div><\/div><div class=\"infos_container\"><div class=\"video_title\">We are Happy from Paris by Newmanity - Journ\u00e9e internationale du bonheur du 20 mars<\/div><\/div><\/a>\n\t\t<\/div>\n\n\t\t<\/div>\n\t\t[\/vc_column][\/vc_row][vc_row][vc_column][vc_separator]<style type=\"text\/css\"><\/style>\n\n\t\t<div id=\"vc_so_video_list_channel_656218\" class=\"vc_so_video_list_channel  \" data-elem-id=\"656218\" data-nb_videos_per_slide=\"5\">\n\n\t\t<div class=\"section_infos\">\n\t\t<div class=\"section_title\"><h2>Un chantier compl\u00e8tement fou !<\/h2><\/div>\n\t\t<div class=\"section_link\"><a href=\"https:\/\/shamengo-vps1.tetedecom.pro\/fr\/chaine-tv-un-chantier-completement-fou\/\" target=\"\">TOUT REGARDER<\/a><\/div>\n\t\t<div class=\"section_description\">Les 24 et 25 octobre 2019, le gros \u0153uvre de la base vie de la Villa Shamengo a \u00e9t\u00e9 construit en 12 h chrono.<\/div>\n\n\t\t<\/div>\n\n\t\t<div class=\"section_videos\" style=\"display:flex;\">\n\t\t<a href=\"https:\/\/shamengo-vps1.tetedecom.pro\/fr\/chaine-tv-un-chantier-completement-fou\/?video_id=52439\" class=\"video-item\" style=\"opacity:0;visibility:hidden;\"><div class=\"visual_container\"><div class=\"thumb_container\"><div style=\"background-image:url(\/\/shamengo-vps1.tetedecom.pro\/wp-content\/uploads\/2020\/02\/miniature3-256x144.jpg)\"><\/div><\/div><div class=\"thumb_overlay_container\"><\/div><\/div><div class=\"infos_container\"><div class=\"video_title\">Signez notre p\u00e9tition et partagez-la !<\/div><\/div><\/a><a href=\"https:\/\/shamengo-vps1.tetedecom.pro\/fr\/chaine-tv-un-chantier-completement-fou\/?video_id=52360\" class=\"video-item\" style=\"opacity:0;visibility:hidden;\"><div class=\"visual_container\"><div class=\"thumb_container\"><div style=\"background-image:url(\/\/shamengo-vps1.tetedecom.pro\/wp-content\/uploads\/2020\/01\/MINIATURE-CHANTIER-FOU-METISSE-256x144.jpg)\"><\/div><\/div><div class=\"thumb_overlay_container\"><div class=\"video-duration\">02:34<\/div><\/div><\/div><div class=\"infos_container\"><div class=\"video_title\">Un chantier compl\u00e8tement fou ! #2<\/div><\/div><\/a><a href=\"https:\/\/shamengo-vps1.tetedecom.pro\/fr\/chaine-tv-un-chantier-completement-fou\/?video_id=51095\" class=\"video-item\" style=\"opacity:0;visibility:hidden;\"><div class=\"visual_container\"><div class=\"thumb_container\"><div style=\"background-image:url(\/\/shamengo-vps1.tetedecom.pro\/wp-content\/uploads\/2019\/11\/FireShot-Capture-169-VOD-Construction-de-la-base-vie-Shamengo-shamengo.streameo.tv_-256x141.png)\"><\/div><\/div><div class=\"thumb_overlay_container\"><div class=\"video-duration\">04:06<\/div><\/div><\/div><div class=\"infos_container\"><div class=\"video_title\">Un chantier compl\u00e8tement fou !<\/div><\/div><\/a>\n\t\t<\/div>\n\n\t\t<\/div>\n\t\t[\/vc_column][\/vc_row][vc_row disable_element=&#8221;yes&#8221;][vc_column][vc_separator]<style type=\"text\/css\"><\/style>\n\n\t\t<div id=\"vc_so_video_list_channel_112582\" class=\"vc_so_video_list_channel  \" data-elem-id=\"112582\" data-nb_videos_per_slide=\"5\">\n\n\t\t<div class=\"section_infos\">\n\t\t<div class=\"section_title\"><h2>Ils partagent leurs connaissances<\/h2><\/div>\n\t\t<div class=\"section_link\"><a href=\"https:\/\/shamengo-vps1.tetedecom.pro\/fr\/chaine-tv-ils-partagent-leurs-connaissances\/\" target=\"\">TOUT REGARDER<\/a><\/div>\n\t\t<div class=\"section_description\">Formez-vous aupr\u00e8s des plus grands, nos TOP pionniers Shamengo et gagnez un temps inestimable en b\u00e9n\u00e9ficiant de leurs exp\u00e9riences uniques et leurs savoirs encyclop\u00e9diques.<\/div>\n\n\t\t<\/div>\n\n\t\t<div class=\"section_videos\" style=\"display:flex;\">\n\t\t<a href=\"https:\/\/shamengo-vps1.tetedecom.pro\/fr\/chaine-tv-ils-partagent-leurs-connaissances\/?video_id=58103\" class=\"video-item\" style=\"opacity:0;visibility:hidden;\"><div class=\"visual_container\"><div class=\"thumb_container\"><div style=\"background-image:url(\/\/shamengo-vps1.tetedecom.pro\/wp-content\/uploads\/2021\/01\/presentation-ok-256x144.jpg)\"><\/div><\/div><div class=\"thumb_overlay_container\"><div class=\"video-duration\">03:15<\/div><\/div><\/div><div class=\"infos_container\"><div class=\"video_title\">Pr\u00e9sentation de l'\u00e9cole Shamengo<\/div><\/div><\/a>\n\t\t<\/div>\n\n\t\t<\/div>\n\t\t[\/vc_column][\/vc_row][\/vc_section]<\/p>\n","protected":false},"excerpt":{"rendered":"<p>[vc_section full_width=&#8221;stretch_row_content&#8221; el_class=&#8221;header-image-section&#8221; css=&#8221;.vc_custom_1532454310136{background-image: url(\/\/shamengo-vps1.tetedecom.pro\/wp-content\/uploads\/2018\/04\/Laure-Meryam-Afrique-Sud.jpg?id=22030) !important;}&#8221;][vc_row][vc_column][smartslider3 slider=&#8221;16&#8243;][\/vc_column][\/vc_row][\/vc_section][vc_section][vc_row el_id=&#8221;site-title&#8221;][vc_column][vc_column_text] LES CHAINES TV Une minute ou une heure devant vous ? Faites une pause inspirante ! [\/vc_column_text][\/vc_column][\/vc_row][\/vc_section][vc_section el_id=&#8221;video_search_form&#8221;][vc_row][vc_column][vc_icon icon_fontawesome=&#8221;fas fa-search&#8221; color=&#8221;custom&#8221; size=&#8221;lg&#8221; align=&#8221;center&#8221; custom_color=&#8221;#666462&#8243; css=&#8221;.vc_custom_1655197355072{margin-bottom: 0px !important;}&#8221;][vc_column_text css=&#8221;.vc_custom_1655125292466{margin-bottom: 0px !important;}&#8221;] Recherchez des vid\u00e9os parmi tout notre catalogue [\/vc_column_text][vc_column_text][\/vc_column_text][\/vc_column][\/vc_row][\/vc_section][vc_section][vc_row][vc_column][vc_separator][\/vc_column][\/vc_row][\/vc_section][vc_section][vc_row disable_element=&#8221;yes&#8221;][vc_column][\/vc_column][\/vc_row][vc_row disable_element=&#8221;yes&#8221;][vc_column][vc_separator][\/vc_column][\/vc_row][vc_row][vc_column][vc_separator][vc_separator][vc_separator][vc_separator][vc_separator][\/vc_column][\/vc_row][vc_row][vc_column][vc_separator][\/vc_column][\/vc_row][vc_row disable_element=&#8221;yes&#8221;][vc_column][vc_separator][\/vc_column][\/vc_row][vc_row][vc_column][vc_separator][\/vc_column][\/vc_row][vc_row][vc_column][vc_separator][\/vc_column][\/vc_row][vc_row][vc_column][vc_separator][\/vc_column][\/vc_row][vc_row disable_element=&#8221;yes&#8221;][vc_column][vc_separator][\/vc_column][\/vc_row][\/vc_section]<\/p>\n","protected":false},"author":12337,"featured_media":0,"parent":0,"menu_order":0,"comment_status":"closed","ping_status":"closed","template":"","meta":{"_acf_changed":false,"footnotes":""},"thematique":[],"class_list":["post-80618","page","type-page","status-publish","hentry"],"acf":{"top_page":false},"_links":{"self":[{"href":"https:\/\/shamengo-vps1.tetedecom.pro\/fr\/wp-json\/wp\/v2\/pages\/80618"}],"collection":[{"href":"https:\/\/shamengo-vps1.tetedecom.pro\/fr\/wp-json\/wp\/v2\/pages"}],"about":[{"href":"https:\/\/shamengo-vps1.tetedecom.pro\/fr\/wp-json\/wp\/v2\/types\/page"}],"author":[{"embeddable":true,"href":"https:\/\/shamengo-vps1.tetedecom.pro\/fr\/wp-json\/wp\/v2\/users\/12337"}],"replies":[{"embeddable":true,"href":"https:\/\/shamengo-vps1.tetedecom.pro\/fr\/wp-json\/wp\/v2\/comments?post=80618"}],"version-history":[{"count":4,"href":"https:\/\/shamengo-vps1.tetedecom.pro\/fr\/wp-json\/wp\/v2\/pages\/80618\/revisions"}],"predecessor-version":[{"id":88287,"href":"https:\/\/shamengo-vps1.tetedecom.pro\/fr\/wp-json\/wp\/v2\/pages\/80618\/revisions\/88287"}],"wp:attachment":[{"href":"https:\/\/shamengo-vps1.tetedecom.pro\/fr\/wp-json\/wp\/v2\/media?parent=80618"}],"wp:term":[{"taxonomy":"thematique","embeddable":true,"href":"https:\/\/shamengo-vps1.tetedecom.pro\/fr\/wp-json\/wp\/v2\/thematique?post=80618"}],"curies":[{"name":"wp","href":"https:\/\/api.w.org\/{rel}","templated":true}]}}